{"id":185317,"date":"2024-07-10T14:50:37","date_gmt":"2024-07-10T12:50:37","guid":{"rendered":"https:\/\/www.centraldevacaciones.com\/blog\/?page_id=185317"},"modified":"2025-03-28T12:32:58","modified_gmt":"2025-03-28T11:32:58","slug":"todos-los-posts-de-christian-lucas","status":"publish","type":"page","link":"https:\/\/www.centraldevacaciones.com\/blog\/todos-los-posts-de-christian-lucas\/","title":{"rendered":"Todos los posts de Christian Lucas"},"content":{"rendered":"\t\t<div data-elementor-type=\"wp-page\" data-elementor-id=\"185317\" class=\"elementor elementor-185317\" data-elementor-post-type=\"page\">\n\t\t\t\t\t\t<section class=\"elementor-section elementor-top-section elementor-element elementor-element-075e051 elementor-section-boxed elementor-section-height-default elementor-section-height-default\" data-id=\"075e051\" data-element_type=\"section\">\n\t\t\t\t\t\t<div class=\"elementor-container elementor-column-gap-default\">\n\t\t\t\t\t<div class=\"elementor-column elementor-col-100 elementor-top-column elementor-element elementor-element-6918919\" data-id=\"6918919\" data-element_type=\"column\">\n\t\t\t<div class=\"elementor-widget-wrap elementor-element-populated\">\n\t\t\t\t\t\t<div class=\"elementor-element elementor-element-9f249c9 elementor-grid-3 elementor-grid-tablet-2 elementor-grid-mobile-1 elementor-posts--thumbnail-top elementor-widget elementor-widget-posts\" data-id=\"9f249c9\" data-element_type=\"widget\" data-settings=\"{&quot;classic_columns&quot;:&quot;3&quot;,&quot;classic_columns_tablet&quot;:&quot;2&quot;,&quot;classic_columns_mobile&quot;:&quot;1&quot;,&quot;classic_row_gap&quot;:{&quot;unit&quot;:&quot;px&quot;,&quot;size&quot;:35,&quot;sizes&quot;:[]},&quot;classic_row_gap_tablet&quot;:{&quot;unit&quot;:&quot;px&quot;,&quot;size&quot;:&quot;&quot;,&quot;sizes&quot;:[]},&quot;classic_row_gap_mobile&quot;:{&quot;unit&quot;:&quot;px&quot;,&quot;size&quot;:&quot;&quot;,&quot;sizes&quot;:[]}}\" data-widget_type=\"posts.classic\">\n\t\t\t\t<div class=\"elementor-widget-container\">\n\t\t\t\t\t\t\t<div class=\"elementor-posts-container elementor-posts elementor-posts--skin-classic elementor-grid\" role=\"list\">\n\t\t\t\t<article class=\"elementor-post elementor-grid-item post-194205 post type-post status-publish format-standard has-post-thumbnail hentry category-noticias-central-de-vacaciones\" role=\"listitem\">\n\t\t\t\t<a class=\"elementor-post__thumbnail__link\" href=\"https:\/\/www.centraldevacaciones.com\/blog\/central-de-vacaciones-detecta-un-mayor-uso-de-la-ia-para-planificar-viajes-complejos-y-multidestino\/\" tabindex=\"-1\" >\n\t\t\t<div class=\"elementor-post__thumbnail\"><img fetchpriority=\"high\" decoding=\"async\" width=\"300\" height=\"169\" src=\"https:\/\/www.centraldevacaciones.com\/blog\/wp-content\/uploads\/2026\/04\/banner-central-de-vacaciones-300x169.jpg\" class=\"attachment-medium size-medium wp-image-194207\" alt=\"\" srcset=\"https:\/\/www.centraldevacaciones.com\/blog\/wp-content\/uploads\/2026\/04\/banner-central-de-vacaciones-300x169.jpg 300w, https:\/\/www.centraldevacaciones.com\/blog\/wp-content\/uploads\/2026\/04\/banner-central-de-vacaciones-1024x576.jpg 1024w, https:\/\/www.centraldevacaciones.com\/blog\/wp-content\/uploads\/2026\/04\/banner-central-de-vacaciones-768x432.jpg 768w, https:\/\/www.centraldevacaciones.com\/blog\/wp-content\/uploads\/2026\/04\/banner-central-de-vacaciones-1536x864.jpg 1536w, https:\/\/www.centraldevacaciones.com\/blog\/wp-content\/uploads\/2026\/04\/banner-central-de-vacaciones.jpg 1672w\" sizes=\"(max-width: 300px) 100vw, 300px\" \/><\/div>\n\t\t<\/a>\n\t\t\t\t<div class=\"elementor-post__text\">\n\t\t\t\t<h3 class=\"elementor-post__title\">\n\t\t\t<a href=\"https:\/\/www.centraldevacaciones.com\/blog\/central-de-vacaciones-detecta-un-mayor-uso-de-la-ia-para-planificar-viajes-complejos-y-multidestino\/\" >\n\t\t\t\tCentral de Vacaciones detecta un mayor uso de la IA para planificar viajes complejos y multidestino\t\t\t<\/a>\n\t\t<\/h3>\n\t\t\t\t<\/div>\n\t\t\t\t<\/article>\n\t\t\t\t<article class=\"elementor-post elementor-grid-item post-191784 post type-post status-publish format-standard has-post-thumbnail hentry category-noticias-central-de-vacaciones\" role=\"listitem\">\n\t\t\t\t<a class=\"elementor-post__thumbnail__link\" href=\"https:\/\/www.centraldevacaciones.com\/blog\/centraldevacaciones-com-premiada-por-su-liderazgo-en-la-implementacion-de-la-ia-en-otas\/\" tabindex=\"-1\" >\n\t\t\t<div class=\"elementor-post__thumbnail\"><img decoding=\"async\" width=\"300\" height=\"256\" src=\"https:\/\/www.centraldevacaciones.com\/blog\/wp-content\/uploads\/2025\/11\/1761656894797-300x256.jpg\" class=\"attachment-medium size-medium wp-image-191785\" alt=\"\" srcset=\"https:\/\/www.centraldevacaciones.com\/blog\/wp-content\/uploads\/2025\/11\/1761656894797-300x256.jpg 300w, https:\/\/www.centraldevacaciones.com\/blog\/wp-content\/uploads\/2025\/11\/1761656894797-768x656.jpg 768w, https:\/\/www.centraldevacaciones.com\/blog\/wp-content\/uploads\/2025\/11\/1761656894797.jpg 871w\" sizes=\"(max-width: 300px) 100vw, 300px\" \/><\/div>\n\t\t<\/a>\n\t\t\t\t<div class=\"elementor-post__text\">\n\t\t\t\t<h3 class=\"elementor-post__title\">\n\t\t\t<a href=\"https:\/\/www.centraldevacaciones.com\/blog\/centraldevacaciones-com-premiada-por-su-liderazgo-en-la-implementacion-de-la-ia-en-otas\/\" >\n\t\t\t\tCentraldevacaciones.com, premiada por su liderazgo en la implementaci\u00f3n de la IA en OTAs\t\t\t<\/a>\n\t\t<\/h3>\n\t\t\t\t<\/div>\n\t\t\t\t<\/article>\n\t\t\t\t<article class=\"elementor-post elementor-grid-item post-191778 post type-post status-publish format-standard has-post-thumbnail hentry category-noticias-central-de-vacaciones\" role=\"listitem\">\n\t\t\t\t<a class=\"elementor-post__thumbnail__link\" href=\"https:\/\/www.centraldevacaciones.com\/blog\/central-de-vacaciones-suscribe-un-acuerdo-de-colaboracion-con-expedia-group\/\" tabindex=\"-1\" >\n\t\t\t<div class=\"elementor-post__thumbnail\"><img decoding=\"async\" width=\"300\" height=\"191\" src=\"https:\/\/www.centraldevacaciones.com\/blog\/wp-content\/uploads\/2025\/11\/1758713500427-300x191.jpg\" class=\"attachment-medium size-medium wp-image-191779\" alt=\"\" srcset=\"https:\/\/www.centraldevacaciones.com\/blog\/wp-content\/uploads\/2025\/11\/1758713500427-300x191.jpg 300w, https:\/\/www.centraldevacaciones.com\/blog\/wp-content\/uploads\/2025\/11\/1758713500427-768x490.jpg 768w, https:\/\/www.centraldevacaciones.com\/blog\/wp-content\/uploads\/2025\/11\/1758713500427.jpg 946w\" sizes=\"(max-width: 300px) 100vw, 300px\" \/><\/div>\n\t\t<\/a>\n\t\t\t\t<div class=\"elementor-post__text\">\n\t\t\t\t<h3 class=\"elementor-post__title\">\n\t\t\t<a href=\"https:\/\/www.centraldevacaciones.com\/blog\/central-de-vacaciones-suscribe-un-acuerdo-de-colaboracion-con-expedia-group\/\" >\n\t\t\t\tCentral de Vacaciones suscribe un acuerdo de colaboraci\u00f3n con Expedia Group\t\t\t<\/a>\n\t\t<\/h3>\n\t\t\t\t<\/div>\n\t\t\t\t<\/article>\n\t\t\t\t<article class=\"elementor-post elementor-grid-item post-191768 post type-post status-publish format-standard has-post-thumbnail hentry category-noticias-central-de-vacaciones\" role=\"listitem\">\n\t\t\t\t<a class=\"elementor-post__thumbnail__link\" href=\"https:\/\/www.centraldevacaciones.com\/blog\/central-de-vacaciones-se-consolida-entre-las-10-otas-lideres-de-espana-por-facturacion\/\" tabindex=\"-1\" >\n\t\t\t<div class=\"elementor-post__thumbnail\"><img loading=\"lazy\" decoding=\"async\" width=\"300\" height=\"200\" src=\"https:\/\/www.centraldevacaciones.com\/blog\/wp-content\/uploads\/2025\/11\/jakub-zerdzicki-ykgLX_CwtDw-unsplash-1-300x200.jpg\" class=\"attachment-medium size-medium wp-image-191769\" alt=\"\" srcset=\"https:\/\/www.centraldevacaciones.com\/blog\/wp-content\/uploads\/2025\/11\/jakub-zerdzicki-ykgLX_CwtDw-unsplash-1-300x200.jpg 300w, https:\/\/www.centraldevacaciones.com\/blog\/wp-content\/uploads\/2025\/11\/jakub-zerdzicki-ykgLX_CwtDw-unsplash-1-1024x683.jpg 1024w, https:\/\/www.centraldevacaciones.com\/blog\/wp-content\/uploads\/2025\/11\/jakub-zerdzicki-ykgLX_CwtDw-unsplash-1-768x512.jpg 768w, https:\/\/www.centraldevacaciones.com\/blog\/wp-content\/uploads\/2025\/11\/jakub-zerdzicki-ykgLX_CwtDw-unsplash-1-1536x1025.jpg 1536w, https:\/\/www.centraldevacaciones.com\/blog\/wp-content\/uploads\/2025\/11\/jakub-zerdzicki-ykgLX_CwtDw-unsplash-1.jpg 1920w\" sizes=\"(max-width: 300px) 100vw, 300px\" \/><\/div>\n\t\t<\/a>\n\t\t\t\t<div class=\"elementor-post__text\">\n\t\t\t\t<h3 class=\"elementor-post__title\">\n\t\t\t<a href=\"https:\/\/www.centraldevacaciones.com\/blog\/central-de-vacaciones-se-consolida-entre-las-10-otas-lideres-de-espana-por-facturacion\/\" >\n\t\t\t\tCentral de Vacaciones se consolida entre las 10 OTAs l\u00edderes de Espa\u00f1a por facturaci\u00f3n\t\t\t<\/a>\n\t\t<\/h3>\n\t\t\t\t<\/div>\n\t\t\t\t<\/article>\n\t\t\t\t<article class=\"elementor-post elementor-grid-item post-191759 post type-post status-publish format-standard has-post-thumbnail hentry category-noticias-central-de-vacaciones\" role=\"listitem\">\n\t\t\t\t<a class=\"elementor-post__thumbnail__link\" href=\"https:\/\/www.centraldevacaciones.com\/blog\/un-ano-revolucionando-la-planificacion-de-viajes-trip-planner-en-centraldevacaciones-com\/\" tabindex=\"-1\" >\n\t\t\t<div class=\"elementor-post__thumbnail\"><img loading=\"lazy\" decoding=\"async\" width=\"300\" height=\"179\" src=\"https:\/\/www.centraldevacaciones.com\/blog\/wp-content\/uploads\/2025\/11\/1756374394792-300x179.jpg\" class=\"attachment-medium size-medium wp-image-191761\" alt=\"\" srcset=\"https:\/\/www.centraldevacaciones.com\/blog\/wp-content\/uploads\/2025\/11\/1756374394792-300x179.jpg 300w, https:\/\/www.centraldevacaciones.com\/blog\/wp-content\/uploads\/2025\/11\/1756374394792-1024x612.jpg 1024w, https:\/\/www.centraldevacaciones.com\/blog\/wp-content\/uploads\/2025\/11\/1756374394792-768x459.jpg 768w, https:\/\/www.centraldevacaciones.com\/blog\/wp-content\/uploads\/2025\/11\/1756374394792-1536x917.jpg 1536w, https:\/\/www.centraldevacaciones.com\/blog\/wp-content\/uploads\/2025\/11\/1756374394792.jpg 1778w\" sizes=\"(max-width: 300px) 100vw, 300px\" \/><\/div>\n\t\t<\/a>\n\t\t\t\t<div class=\"elementor-post__text\">\n\t\t\t\t<h3 class=\"elementor-post__title\">\n\t\t\t<a href=\"https:\/\/www.centraldevacaciones.com\/blog\/un-ano-revolucionando-la-planificacion-de-viajes-trip-planner-en-centraldevacaciones-com\/\" >\n\t\t\t\tUn a\u00f1o revolucionando la planificaci\u00f3n de viajes: Trip Planner en Centraldevacaciones.com\t\t\t<\/a>\n\t\t<\/h3>\n\t\t\t\t<\/div>\n\t\t\t\t<\/article>\n\t\t\t\t<article class=\"elementor-post elementor-grid-item post-191753 post type-post status-publish format-standard has-post-thumbnail hentry category-noticias-central-de-vacaciones\" role=\"listitem\">\n\t\t\t\t<a class=\"elementor-post__thumbnail__link\" href=\"https:\/\/www.centraldevacaciones.com\/blog\/buy-now-pay-later-la-nueva-tendencia-en-turismo-que-centraldevacaciones-com-pone-al-alcance-de-sus-viajeros\/\" tabindex=\"-1\" >\n\t\t\t<div class=\"elementor-post__thumbnail\"><img loading=\"lazy\" decoding=\"async\" width=\"300\" height=\"254\" src=\"https:\/\/www.centraldevacaciones.com\/blog\/wp-content\/uploads\/2025\/11\/1755596405744-300x254.jpg\" class=\"attachment-medium size-medium wp-image-191754\" alt=\"\" srcset=\"https:\/\/www.centraldevacaciones.com\/blog\/wp-content\/uploads\/2025\/11\/1755596405744-300x254.jpg 300w, https:\/\/www.centraldevacaciones.com\/blog\/wp-content\/uploads\/2025\/11\/1755596405744-768x651.jpg 768w, https:\/\/www.centraldevacaciones.com\/blog\/wp-content\/uploads\/2025\/11\/1755596405744.jpg 788w\" sizes=\"(max-width: 300px) 100vw, 300px\" \/><\/div>\n\t\t<\/a>\n\t\t\t\t<div class=\"elementor-post__text\">\n\t\t\t\t<h3 class=\"elementor-post__title\">\n\t\t\t<a href=\"https:\/\/www.centraldevacaciones.com\/blog\/buy-now-pay-later-la-nueva-tendencia-en-turismo-que-centraldevacaciones-com-pone-al-alcance-de-sus-viajeros\/\" >\n\t\t\t\tBuy Now, Pay Later: la nueva tendencia en turismo que Central de Vacaciones pone al alcance de sus viajeros\t\t\t<\/a>\n\t\t<\/h3>\n\t\t\t\t<\/div>\n\t\t\t\t<\/article>\n\t\t\t\t<article class=\"elementor-post elementor-grid-item post-191838 post type-post status-publish format-standard has-post-thumbnail hentry category-noticias-central-de-vacaciones\" role=\"listitem\">\n\t\t\t\t<a class=\"elementor-post__thumbnail__link\" href=\"https:\/\/www.centraldevacaciones.com\/blog\/central-de-vacaciones-scalapay-como-nuevo-metodo-de-pago-flexible-para-sus-clientes\/\" tabindex=\"-1\" >\n\t\t\t<div class=\"elementor-post__thumbnail\"><img loading=\"lazy\" decoding=\"async\" width=\"300\" height=\"169\" src=\"https:\/\/www.centraldevacaciones.com\/blog\/wp-content\/uploads\/2025\/11\/Diseno-sin-titulo-2-300x169.png\" class=\"attachment-medium size-medium wp-image-191810\" alt=\"\" srcset=\"https:\/\/www.centraldevacaciones.com\/blog\/wp-content\/uploads\/2025\/11\/Diseno-sin-titulo-2-300x169.png 300w, https:\/\/www.centraldevacaciones.com\/blog\/wp-content\/uploads\/2025\/11\/Diseno-sin-titulo-2-1024x576.png 1024w, https:\/\/www.centraldevacaciones.com\/blog\/wp-content\/uploads\/2025\/11\/Diseno-sin-titulo-2-768x432.png 768w, https:\/\/www.centraldevacaciones.com\/blog\/wp-content\/uploads\/2025\/11\/Diseno-sin-titulo-2-1536x864.png 1536w, https:\/\/www.centraldevacaciones.com\/blog\/wp-content\/uploads\/2025\/11\/Diseno-sin-titulo-2.png 1920w\" sizes=\"(max-width: 300px) 100vw, 300px\" \/><\/div>\n\t\t<\/a>\n\t\t\t\t<div class=\"elementor-post__text\">\n\t\t\t\t<h3 class=\"elementor-post__title\">\n\t\t\t<a href=\"https:\/\/www.centraldevacaciones.com\/blog\/central-de-vacaciones-scalapay-como-nuevo-metodo-de-pago-flexible-para-sus-clientes\/\" >\n\t\t\t\tCentral de Vacaciones incorpora Scalapay como nuevo m\u00e9todo de pago flexible para sus clientes\t\t\t<\/a>\n\t\t<\/h3>\n\t\t\t\t<\/div>\n\t\t\t\t<\/article>\n\t\t\t\t<article class=\"elementor-post elementor-grid-item post-191729 post type-post status-publish format-standard has-post-thumbnail hentry category-noticias-central-de-vacaciones\" role=\"listitem\">\n\t\t\t\t<a class=\"elementor-post__thumbnail__link\" href=\"https:\/\/www.centraldevacaciones.com\/blog\/de-espana-a-portugal-una-decada-de-confianza-y-agradecimiento\/\" tabindex=\"-1\" >\n\t\t\t<div class=\"elementor-post__thumbnail\"><img loading=\"lazy\" decoding=\"async\" width=\"300\" height=\"169\" src=\"https:\/\/www.centraldevacaciones.com\/blog\/wp-content\/uploads\/2025\/11\/98-300x169.webp\" class=\"attachment-medium size-medium wp-image-191884\" alt=\"\" srcset=\"https:\/\/www.centraldevacaciones.com\/blog\/wp-content\/uploads\/2025\/11\/98-300x169.webp 300w, https:\/\/www.centraldevacaciones.com\/blog\/wp-content\/uploads\/2025\/11\/98-1024x576.webp 1024w, https:\/\/www.centraldevacaciones.com\/blog\/wp-content\/uploads\/2025\/11\/98-768x432.webp 768w, https:\/\/www.centraldevacaciones.com\/blog\/wp-content\/uploads\/2025\/11\/98-1536x864.webp 1536w, https:\/\/www.centraldevacaciones.com\/blog\/wp-content\/uploads\/2025\/11\/98.webp 1900w\" sizes=\"(max-width: 300px) 100vw, 300px\" \/><\/div>\n\t\t<\/a>\n\t\t\t\t<div class=\"elementor-post__text\">\n\t\t\t\t<h3 class=\"elementor-post__title\">\n\t\t\t<a href=\"https:\/\/www.centraldevacaciones.com\/blog\/de-espana-a-portugal-una-decada-de-confianza-y-agradecimiento\/\" >\n\t\t\t\tDe Espa\u00f1a a Portugal: una d\u00e9cada de confianza y agradecimiento\t\t\t<\/a>\n\t\t<\/h3>\n\t\t\t\t<\/div>\n\t\t\t\t<\/article>\n\t\t\t\t<article class=\"elementor-post elementor-grid-item post-191722 post type-post status-publish format-standard has-post-thumbnail hentry category-noticias-central-de-vacaciones\" role=\"listitem\">\n\t\t\t\t<a class=\"elementor-post__thumbnail__link\" href=\"https:\/\/www.centraldevacaciones.com\/blog\/la-oficina-de-centraldevacaciones-com-en-benidorm-cumple-un-ano-operando-a-pleno-rendimiento\/\" tabindex=\"-1\" >\n\t\t\t<div class=\"elementor-post__thumbnail\"><img loading=\"lazy\" decoding=\"async\" width=\"300\" height=\"200\" src=\"https:\/\/www.centraldevacaciones.com\/blog\/wp-content\/uploads\/2025\/11\/wmremove-transformed-2-1-300x200.png\" class=\"attachment-medium size-medium wp-image-191723\" alt=\"\" srcset=\"https:\/\/www.centraldevacaciones.com\/blog\/wp-content\/uploads\/2025\/11\/wmremove-transformed-2-1-300x200.png 300w, https:\/\/www.centraldevacaciones.com\/blog\/wp-content\/uploads\/2025\/11\/wmremove-transformed-2-1.png 747w\" sizes=\"(max-width: 300px) 100vw, 300px\" \/><\/div>\n\t\t<\/a>\n\t\t\t\t<div class=\"elementor-post__text\">\n\t\t\t\t<h3 class=\"elementor-post__title\">\n\t\t\t<a href=\"https:\/\/www.centraldevacaciones.com\/blog\/la-oficina-de-centraldevacaciones-com-en-benidorm-cumple-un-ano-operando-a-pleno-rendimiento\/\" >\n\t\t\t\tLa oficina de Centraldevacaciones.com en Benidorm cumple un a\u00f1o operando a pleno rendimiento\t\t\t<\/a>\n\t\t<\/h3>\n\t\t\t\t<\/div>\n\t\t\t\t<\/article>\n\t\t\t\t<article class=\"elementor-post elementor-grid-item post-191710 post type-post status-publish format-standard has-post-thumbnail hentry category-noticias-central-de-vacaciones\" role=\"listitem\">\n\t\t\t\t<a class=\"elementor-post__thumbnail__link\" href=\"https:\/\/www.centraldevacaciones.com\/blog\/central-de-vacaciones-recibe-el-sello-de-oro-ekomi\/\" tabindex=\"-1\" >\n\t\t\t<div class=\"elementor-post__thumbnail\"><img loading=\"lazy\" decoding=\"async\" width=\"271\" height=\"271\" src=\"https:\/\/www.centraldevacaciones.com\/blog\/wp-content\/uploads\/2025\/11\/ekomi_gold.png\" class=\"attachment-medium size-medium wp-image-191711\" alt=\"\" srcset=\"https:\/\/www.centraldevacaciones.com\/blog\/wp-content\/uploads\/2025\/11\/ekomi_gold.png 271w, https:\/\/www.centraldevacaciones.com\/blog\/wp-content\/uploads\/2025\/11\/ekomi_gold-150x150.png 150w\" sizes=\"(max-width: 271px) 100vw, 271px\" \/><\/div>\n\t\t<\/a>\n\t\t\t\t<div class=\"elementor-post__text\">\n\t\t\t\t<h3 class=\"elementor-post__title\">\n\t\t\t<a href=\"https:\/\/www.centraldevacaciones.com\/blog\/central-de-vacaciones-recibe-el-sello-de-oro-ekomi\/\" >\n\t\t\t\tCentral de Vacaciones recibe el sello de oro eKomi\t\t\t<\/a>\n\t\t<\/h3>\n\t\t\t\t<\/div>\n\t\t\t\t<\/article>\n\t\t\t\t<article class=\"elementor-post elementor-grid-item post-191700 post type-post status-publish format-standard has-post-thumbnail hentry category-noticias-central-de-vacaciones\" role=\"listitem\">\n\t\t\t\t<a class=\"elementor-post__thumbnail__link\" href=\"https:\/\/www.centraldevacaciones.com\/blog\/se-cumple-un-ano-%f0%9f%8e%82-de-la-firma-de-la-alianza-estrategica-con-los-consolidadores-de-iag7-viajes\/\" tabindex=\"-1\" >\n\t\t\t<div class=\"elementor-post__thumbnail\"><img loading=\"lazy\" decoding=\"async\" width=\"300\" height=\"200\" src=\"https:\/\/www.centraldevacaciones.com\/blog\/wp-content\/uploads\/2025\/11\/cropped-1749201141501-300x200.jpg\" class=\"attachment-medium size-medium wp-image-191739\" alt=\"\" srcset=\"https:\/\/www.centraldevacaciones.com\/blog\/wp-content\/uploads\/2025\/11\/cropped-1749201141501-300x200.jpg 300w, https:\/\/www.centraldevacaciones.com\/blog\/wp-content\/uploads\/2025\/11\/cropped-1749201141501.jpg 646w\" sizes=\"(max-width: 300px) 100vw, 300px\" \/><\/div>\n\t\t<\/a>\n\t\t\t\t<div class=\"elementor-post__text\">\n\t\t\t\t<h3 class=\"elementor-post__title\">\n\t\t\t<a href=\"https:\/\/www.centraldevacaciones.com\/blog\/se-cumple-un-ano-%f0%9f%8e%82-de-la-firma-de-la-alianza-estrategica-con-los-consolidadores-de-iag7-viajes\/\" >\n\t\t\t\tSe cumple un a\u00f1o \ud83c\udf82 de la firma de la alianza estrat\u00e9gica con los consolidadores de IAG7 Viajes\t\t\t<\/a>\n\t\t<\/h3>\n\t\t\t\t<\/div>\n\t\t\t\t<\/article>\n\t\t\t\t<article class=\"elementor-post elementor-grid-item post-191683 post type-post status-publish format-standard has-post-thumbnail hentry category-noticias-central-de-vacaciones\" role=\"listitem\">\n\t\t\t\t<a class=\"elementor-post__thumbnail__link\" href=\"https:\/\/www.centraldevacaciones.com\/blog\/la-venta-online-de-viajes-sigue-su-ritmo-creciente\/\" tabindex=\"-1\" >\n\t\t\t<div class=\"elementor-post__thumbnail\"><img loading=\"lazy\" decoding=\"async\" width=\"300\" height=\"226\" src=\"https:\/\/www.centraldevacaciones.com\/blog\/wp-content\/uploads\/2025\/11\/wmremove-transformed-1-1-300x226.png\" class=\"attachment-medium size-medium wp-image-191694\" alt=\"\" srcset=\"https:\/\/www.centraldevacaciones.com\/blog\/wp-content\/uploads\/2025\/11\/wmremove-transformed-1-1-300x226.png 300w, https:\/\/www.centraldevacaciones.com\/blog\/wp-content\/uploads\/2025\/11\/wmremove-transformed-1-1.png 745w\" sizes=\"(max-width: 300px) 100vw, 300px\" \/><\/div>\n\t\t<\/a>\n\t\t\t\t<div class=\"elementor-post__text\">\n\t\t\t\t<h3 class=\"elementor-post__title\">\n\t\t\t<a href=\"https:\/\/www.centraldevacaciones.com\/blog\/la-venta-online-de-viajes-sigue-su-ritmo-creciente\/\" >\n\t\t\t\tLa venta online de viajes sigue su ritmo creciente\t\t\t<\/a>\n\t\t<\/h3>\n\t\t\t\t<\/div>\n\t\t\t\t<\/article>\n\t\t\t\t<article class=\"elementor-post elementor-grid-item post-191503 post type-post status-publish format-standard has-post-thumbnail hentry category-noticias-central-de-vacaciones\" role=\"listitem\">\n\t\t\t\t<a class=\"elementor-post__thumbnail__link\" href=\"https:\/\/www.centraldevacaciones.com\/blog\/se-cumplen-62-anos-de-la-declaracion-de-hashtagcentralpark-como-lugar-historico-nacional-de-los-estados-unidos\/\" tabindex=\"-1\" >\n\t\t\t<div class=\"elementor-post__thumbnail\"><img loading=\"lazy\" decoding=\"async\" width=\"300\" height=\"200\" src=\"https:\/\/www.centraldevacaciones.com\/blog\/wp-content\/uploads\/2025\/11\/diego-allen-DWdh1fB7dus-unsplash-1-300x200.jpg\" class=\"attachment-medium size-medium wp-image-191681\" alt=\"\" srcset=\"https:\/\/www.centraldevacaciones.com\/blog\/wp-content\/uploads\/2025\/11\/diego-allen-DWdh1fB7dus-unsplash-1-300x200.jpg 300w, https:\/\/www.centraldevacaciones.com\/blog\/wp-content\/uploads\/2025\/11\/diego-allen-DWdh1fB7dus-unsplash-1-1024x683.jpg 1024w, https:\/\/www.centraldevacaciones.com\/blog\/wp-content\/uploads\/2025\/11\/diego-allen-DWdh1fB7dus-unsplash-1-768x512.jpg 768w, https:\/\/www.centraldevacaciones.com\/blog\/wp-content\/uploads\/2025\/11\/diego-allen-DWdh1fB7dus-unsplash-1-1536x1024.jpg 1536w, https:\/\/www.centraldevacaciones.com\/blog\/wp-content\/uploads\/2025\/11\/diego-allen-DWdh1fB7dus-unsplash-1.jpg 1920w\" sizes=\"(max-width: 300px) 100vw, 300px\" \/><\/div>\n\t\t<\/a>\n\t\t\t\t<div class=\"elementor-post__text\">\n\t\t\t\t<h3 class=\"elementor-post__title\">\n\t\t\t<a href=\"https:\/\/www.centraldevacaciones.com\/blog\/se-cumplen-62-anos-de-la-declaracion-de-hashtagcentralpark-como-lugar-historico-nacional-de-los-estados-unidos\/\" >\n\t\t\t\tSe cumplen 62 a\u00f1os de la declaraci\u00f3n de #CentralPark como Lugar Hist\u00f3rico Nacional de los Estados Unidos\t\t\t<\/a>\n\t\t<\/h3>\n\t\t\t\t<\/div>\n\t\t\t\t<\/article>\n\t\t\t\t<article class=\"elementor-post elementor-grid-item post-191476 post type-post status-publish format-standard has-post-thumbnail hentry category-noticias-central-de-vacaciones\" role=\"listitem\">\n\t\t\t\t<a class=\"elementor-post__thumbnail__link\" href=\"https:\/\/www.centraldevacaciones.com\/blog\/prueba-noticia\/\" tabindex=\"-1\" >\n\t\t\t<div class=\"elementor-post__thumbnail\"><img loading=\"lazy\" decoding=\"async\" width=\"240\" height=\"300\" src=\"https:\/\/www.centraldevacaciones.com\/blog\/wp-content\/uploads\/2025\/10\/cash-macanaya-X9Cemmq4YjM-unsplash-1-240x300.jpg\" class=\"attachment-medium size-medium wp-image-191489\" alt=\"\" srcset=\"https:\/\/www.centraldevacaciones.com\/blog\/wp-content\/uploads\/2025\/10\/cash-macanaya-X9Cemmq4YjM-unsplash-1-240x300.jpg 240w, https:\/\/www.centraldevacaciones.com\/blog\/wp-content\/uploads\/2025\/10\/cash-macanaya-X9Cemmq4YjM-unsplash-1-819x1024.jpg 819w, https:\/\/www.centraldevacaciones.com\/blog\/wp-content\/uploads\/2025\/10\/cash-macanaya-X9Cemmq4YjM-unsplash-1-768x960.jpg 768w, https:\/\/www.centraldevacaciones.com\/blog\/wp-content\/uploads\/2025\/10\/cash-macanaya-X9Cemmq4YjM-unsplash-1-1229x1536.jpg 1229w, https:\/\/www.centraldevacaciones.com\/blog\/wp-content\/uploads\/2025\/10\/cash-macanaya-X9Cemmq4YjM-unsplash-1-1638x2048.jpg 1638w, https:\/\/www.centraldevacaciones.com\/blog\/wp-content\/uploads\/2025\/10\/cash-macanaya-X9Cemmq4YjM-unsplash-1.jpg 1920w\" sizes=\"(max-width: 240px) 100vw, 240px\" \/><\/div>\n\t\t<\/a>\n\t\t\t\t<div class=\"elementor-post__text\">\n\t\t\t\t<h3 class=\"elementor-post__title\">\n\t\t\t<a href=\"https:\/\/www.centraldevacaciones.com\/blog\/prueba-noticia\/\" >\n\t\t\t\tCentraldevacaciones.com celebra hoy el primer aniversario del primer viaje comercializado por nuestra agencia con IA\t\t\t<\/a>\n\t\t<\/h3>\n\t\t\t\t<\/div>\n\t\t\t\t<\/article>\n\t\t\t\t<article class=\"elementor-post elementor-grid-item post-188402 post type-post status-publish format-standard has-post-thumbnail hentry category-noticias-central-de-vacaciones\" role=\"listitem\">\n\t\t\t\t<a class=\"elementor-post__thumbnail__link\" href=\"https:\/\/www.centraldevacaciones.com\/blog\/importante-repercusion-sobre-el-comportamiento-del-viajero-digital-espanol-en-el-ano-2024-2\/\" tabindex=\"-1\" >\n\t\t\t<div class=\"elementor-post__thumbnail\"><img loading=\"lazy\" decoding=\"async\" width=\"206\" height=\"300\" src=\"https:\/\/www.centraldevacaciones.com\/blog\/wp-content\/uploads\/2025\/04\/Central-VC-Semana-Santa-25.1-206x300.jpeg\" class=\"attachment-medium size-medium wp-image-188403\" alt=\"\" srcset=\"https:\/\/www.centraldevacaciones.com\/blog\/wp-content\/uploads\/2025\/04\/Central-VC-Semana-Santa-25.1-206x300.jpeg 206w, https:\/\/www.centraldevacaciones.com\/blog\/wp-content\/uploads\/2025\/04\/Central-VC-Semana-Santa-25.1-703x1024.jpeg 703w, https:\/\/www.centraldevacaciones.com\/blog\/wp-content\/uploads\/2025\/04\/Central-VC-Semana-Santa-25.1-768x1119.jpeg 768w, https:\/\/www.centraldevacaciones.com\/blog\/wp-content\/uploads\/2025\/04\/Central-VC-Semana-Santa-25.1-1054x1536.jpeg 1054w, https:\/\/www.centraldevacaciones.com\/blog\/wp-content\/uploads\/2025\/04\/Central-VC-Semana-Santa-25.1.jpeg 1152w\" sizes=\"(max-width: 206px) 100vw, 206px\" \/><\/div>\n\t\t<\/a>\n\t\t\t\t<div class=\"elementor-post__text\">\n\t\t\t\t<h3 class=\"elementor-post__title\">\n\t\t\t<a href=\"https:\/\/www.centraldevacaciones.com\/blog\/importante-repercusion-sobre-el-comportamiento-del-viajero-digital-espanol-en-el-ano-2024-2\/\" >\n\t\t\t\tLos destinos nacionales concentran las reservas de \u00faltima hora de los viajeros digitales esta Semana Santa\t\t\t<\/a>\n\t\t<\/h3>\n\t\t\t\t<\/div>\n\t\t\t\t<\/article>\n\t\t\t\t<article class=\"elementor-post elementor-grid-item post-186911 post type-post status-publish format-standard has-post-thumbnail hentry category-vacaciones tag-centraldevacaciones-2 tag-destinosinstagrameables tag-instagramtravel tag-lugaresmagicos tag-travelphotography tag-turismo2024 tag-vacacionesdeensueno tag-viajarporelmundo tag-viajes\" role=\"listitem\">\n\t\t\t\t<a class=\"elementor-post__thumbnail__link\" href=\"https:\/\/www.centraldevacaciones.com\/blog\/destinos-mas-instagrameables-centraldevacaciones\/\" tabindex=\"-1\" >\n\t\t\t<div class=\"elementor-post__thumbnail\"><img loading=\"lazy\" decoding=\"async\" width=\"300\" height=\"200\" src=\"https:\/\/www.centraldevacaciones.com\/blog\/wp-content\/uploads\/2025\/02\/woman-6965145_1280-300x200.jpg\" class=\"attachment-medium size-medium wp-image-186912\" alt=\"\" srcset=\"https:\/\/www.centraldevacaciones.com\/blog\/wp-content\/uploads\/2025\/02\/woman-6965145_1280-300x200.jpg 300w, https:\/\/www.centraldevacaciones.com\/blog\/wp-content\/uploads\/2025\/02\/woman-6965145_1280-1024x682.jpg 1024w, https:\/\/www.centraldevacaciones.com\/blog\/wp-content\/uploads\/2025\/02\/woman-6965145_1280-768x512.jpg 768w, https:\/\/www.centraldevacaciones.com\/blog\/wp-content\/uploads\/2025\/02\/woman-6965145_1280.jpg 1280w\" sizes=\"(max-width: 300px) 100vw, 300px\" \/><\/div>\n\t\t<\/a>\n\t\t\t\t<div class=\"elementor-post__text\">\n\t\t\t\t<h3 class=\"elementor-post__title\">\n\t\t\t<a href=\"https:\/\/www.centraldevacaciones.com\/blog\/destinos-mas-instagrameables-centraldevacaciones\/\" >\n\t\t\t\t8 Destinos Internacionales M\u00e1s Instagrameables Seg\u00fan Nuestros Viajeros\t\t\t<\/a>\n\t\t<\/h3>\n\t\t\t\t<\/div>\n\t\t\t\t<\/article>\n\t\t\t\t<article class=\"elementor-post elementor-grid-item post-186555 post type-post status-publish format-standard has-post-thumbnail hentry category-noticias-central-de-vacaciones tag-agencia-de-viajes-online tag-agencias-de-viajes-en-espana tag-central-de-vacaciones tag-el-confidencial-digital tag-europa-press tag-experiencia-de-viaje-personalizada tag-hosteltur tag-innovaciones-turisticas tag-la-gaceta-del-turismo tag-medios-de-comunicacion tag-merca2 tag-nexotur tag-noticias-de-turismo tag-planificacion-de-viajes tag-planificacion-de-viajes-avanzada tag-smart-travel-news tag-tecnologia-de-viajes\" role=\"listitem\">\n\t\t\t\t<a class=\"elementor-post__thumbnail__link\" href=\"https:\/\/www.centraldevacaciones.com\/blog\/importante-repercusion-sobre-el-comportamiento-del-viajero-digital-espanol-en-el-ano-2024\/\" tabindex=\"-1\" >\n\t\t\t<div class=\"elementor-post__thumbnail\"><img loading=\"lazy\" decoding=\"async\" width=\"300\" height=\"169\" src=\"https:\/\/www.centraldevacaciones.com\/blog\/wp-content\/uploads\/2024\/12\/architecture-3068402_1280-300x169.jpg\" class=\"attachment-medium size-medium wp-image-186330\" alt=\"\" srcset=\"https:\/\/www.centraldevacaciones.com\/blog\/wp-content\/uploads\/2024\/12\/architecture-3068402_1280-300x169.jpg 300w, https:\/\/www.centraldevacaciones.com\/blog\/wp-content\/uploads\/2024\/12\/architecture-3068402_1280-1024x575.jpg 1024w, https:\/\/www.centraldevacaciones.com\/blog\/wp-content\/uploads\/2024\/12\/architecture-3068402_1280-768x431.jpg 768w, https:\/\/www.centraldevacaciones.com\/blog\/wp-content\/uploads\/2024\/12\/architecture-3068402_1280.jpg 1280w\" sizes=\"(max-width: 300px) 100vw, 300px\" \/><\/div>\n\t\t<\/a>\n\t\t\t\t<div class=\"elementor-post__text\">\n\t\t\t\t<h3 class=\"elementor-post__title\">\n\t\t\t<a href=\"https:\/\/www.centraldevacaciones.com\/blog\/importante-repercusion-sobre-el-comportamiento-del-viajero-digital-espanol-en-el-ano-2024\/\" >\n\t\t\t\tImportante repercusi\u00f3n sobre el Comportamiento del Viajero Digital espa\u00f1ol en el a\u00f1o 2024\t\t\t<\/a>\n\t\t<\/h3>\n\t\t\t\t<\/div>\n\t\t\t\t<\/article>\n\t\t\t\t<article class=\"elementor-post elementor-grid-item post-186257 post type-post status-publish format-standard has-post-thumbnail hentry category-noticias-central-de-vacaciones tag-agencia-de-viajes-online tag-agencias-de-viajes-en-espana tag-bolsamania tag-central-de-vacaciones tag-diario-siglo-xxi tag-el-confidencial-digital tag-europa-press tag-experiencia-de-viaje-personalizada tag-innovaciones-turisticas tag-medios-de-comunicacion tag-merca2 tag-noticias-de-turismo tag-planificacion-de-viajes tag-planificacion-de-viajes-avanzada tag-smart-travel-news tag-tecnologia-de-viajes tag-tendencias-de-viaje tag-transformacion-del-turismo tag-travel-compositor tag-trip-planner\" role=\"listitem\">\n\t\t\t\t<a class=\"elementor-post__thumbnail__link\" href=\"https:\/\/www.centraldevacaciones.com\/blog\/central-de-vacaciones-recibe-el-premio-de-travelance-por-parte-de-intermundial\/\" tabindex=\"-1\" >\n\t\t\t<div class=\"elementor-post__thumbnail\"><img loading=\"lazy\" decoding=\"async\" width=\"300\" height=\"200\" src=\"https:\/\/www.centraldevacaciones.com\/blog\/wp-content\/uploads\/2024\/11\/1732614501758-300x200.jpg\" class=\"attachment-medium size-medium wp-image-186258\" alt=\"Premios Travelance Centraldevacaciones.com\" srcset=\"https:\/\/www.centraldevacaciones.com\/blog\/wp-content\/uploads\/2024\/11\/1732614501758-300x200.jpg 300w, https:\/\/www.centraldevacaciones.com\/blog\/wp-content\/uploads\/2024\/11\/1732614501758-1024x683.jpg 1024w, https:\/\/www.centraldevacaciones.com\/blog\/wp-content\/uploads\/2024\/11\/1732614501758-768x512.jpg 768w, https:\/\/www.centraldevacaciones.com\/blog\/wp-content\/uploads\/2024\/11\/1732614501758.jpg 1200w\" sizes=\"(max-width: 300px) 100vw, 300px\" \/><\/div>\n\t\t<\/a>\n\t\t\t\t<div class=\"elementor-post__text\">\n\t\t\t\t<h3 class=\"elementor-post__title\">\n\t\t\t<a href=\"https:\/\/www.centraldevacaciones.com\/blog\/central-de-vacaciones-recibe-el-premio-de-travelance-por-parte-de-intermundial\/\" >\n\t\t\t\tCentral de Vacaciones recibe el premio de Travelance por parte de Intermundial.\t\t\t<\/a>\n\t\t<\/h3>\n\t\t\t\t<\/div>\n\t\t\t\t<\/article>\n\t\t\t\t<article class=\"elementor-post elementor-grid-item post-185628 post type-post status-publish format-standard has-post-thumbnail hentry category-noticias-central-de-vacaciones tag-agencia-de-viajes-online tag-agencias-de-viajes-en-espana tag-central-de-vacaciones tag-experiencia-de-viaje-personalizada tag-innovaciones-turisticas tag-ladevi tag-medios-de-comunicacion tag-merca2 tag-noticias-de-turismo tag-planificacion-de-viajes tag-planificacion-de-viajes-avanzada tag-tecnologia-de-viajes tag-tendencias-de-viaje\" role=\"listitem\">\n\t\t\t\t<a class=\"elementor-post__thumbnail__link\" href=\"https:\/\/www.centraldevacaciones.com\/blog\/entrevista-a-nuestro-ceo-en-el-portal-lider-en-turismo-de-habla-hispana-ladevi\/\" tabindex=\"-1\" >\n\t\t\t<div class=\"elementor-post__thumbnail\"><img loading=\"lazy\" decoding=\"async\" width=\"300\" height=\"170\" src=\"https:\/\/www.centraldevacaciones.com\/blog\/wp-content\/uploads\/2024\/09\/1726739468440-1-e1726819473326-300x170.jpg\" class=\"attachment-medium size-medium wp-image-185629\" alt=\"\" srcset=\"https:\/\/www.centraldevacaciones.com\/blog\/wp-content\/uploads\/2024\/09\/1726739468440-1-e1726819473326-300x170.jpg 300w, https:\/\/www.centraldevacaciones.com\/blog\/wp-content\/uploads\/2024\/09\/1726739468440-1-e1726819473326.jpg 569w\" sizes=\"(max-width: 300px) 100vw, 300px\" \/><\/div>\n\t\t<\/a>\n\t\t\t\t<div class=\"elementor-post__text\">\n\t\t\t\t<h3 class=\"elementor-post__title\">\n\t\t\t<a href=\"https:\/\/www.centraldevacaciones.com\/blog\/entrevista-a-nuestro-ceo-en-el-portal-lider-en-turismo-de-habla-hispana-ladevi\/\" >\n\t\t\t\tEntrevista a nuestro CEO en el portal l\u00edder en turismo de habla hispana Ladevi\t\t\t<\/a>\n\t\t<\/h3>\n\t\t\t\t<\/div>\n\t\t\t\t<\/article>\n\t\t\t\t<article class=\"elementor-post elementor-grid-item post-185596 post type-post status-publish format-standard has-post-thumbnail hentry category-noticias-central-de-vacaciones tag-agencia-de-viajes-online tag-agencias-de-viajes-en-espana tag-bolsamania tag-central-de-vacaciones tag-diario-siglo-xxi tag-el-confidencial-digital tag-europa-press tag-experiencia-de-viaje-personalizada tag-innovaciones-turisticas tag-medios-de-comunicacion tag-merca2 tag-noticias-de-turismo tag-planificacion-de-viajes tag-planificacion-de-viajes-avanzada tag-smart-travel-news tag-tecnologia-de-viajes tag-tendencias-de-viaje tag-transformacion-del-turismo tag-travel-compositor tag-trip-planner\" role=\"listitem\">\n\t\t\t\t<a class=\"elementor-post__thumbnail__link\" href=\"https:\/\/www.centraldevacaciones.com\/blog\/central-vacaciones-medios-incorporacion-trip-planner\/\" tabindex=\"-1\" >\n\t\t\t<div class=\"elementor-post__thumbnail\"><img loading=\"lazy\" decoding=\"async\" width=\"300\" height=\"124\" src=\"https:\/\/www.centraldevacaciones.com\/blog\/wp-content\/uploads\/2024\/08\/Prensa-trip-planner-300x124.jpg\" class=\"attachment-medium size-medium wp-image-185598\" alt=\"\" srcset=\"https:\/\/www.centraldevacaciones.com\/blog\/wp-content\/uploads\/2024\/08\/Prensa-trip-planner-300x124.jpg 300w, https:\/\/www.centraldevacaciones.com\/blog\/wp-content\/uploads\/2024\/08\/Prensa-trip-planner-1024x422.jpg 1024w, https:\/\/www.centraldevacaciones.com\/blog\/wp-content\/uploads\/2024\/08\/Prensa-trip-planner-768x316.jpg 768w, https:\/\/www.centraldevacaciones.com\/blog\/wp-content\/uploads\/2024\/08\/Prensa-trip-planner-1536x633.jpg 1536w, https:\/\/www.centraldevacaciones.com\/blog\/wp-content\/uploads\/2024\/08\/Prensa-trip-planner.jpg 2000w\" sizes=\"(max-width: 300px) 100vw, 300px\" \/><\/div>\n\t\t<\/a>\n\t\t\t\t<div class=\"elementor-post__text\">\n\t\t\t\t<h3 class=\"elementor-post__title\">\n\t\t\t<a href=\"https:\/\/www.centraldevacaciones.com\/blog\/central-vacaciones-medios-incorporacion-trip-planner\/\" >\n\t\t\t\tCentral de Vacaciones en la Mira de los Medios por la Incorporaci\u00f3n de Trip Planner\t\t\t<\/a>\n\t\t<\/h3>\n\t\t\t\t<\/div>\n\t\t\t\t<\/article>\n\t\t\t\t<article class=\"elementor-post elementor-grid-item post-185582 post type-post status-publish format-standard has-post-thumbnail hentry category-noticias-central-de-vacaciones tag-agencia-de-viajes-online tag-ai-trips tag-central-de-vacaciones tag-colaboracion-estrategica tag-cross-selling tag-cruceros tag-cuenca tag-destinos-turisticos tag-experiencias-de-usuario tag-innovacion-en-viajes tag-inteligencia-artificial tag-motor-de-reservas tag-motor-de-reservas-avanzado tag-multi-destino tag-ota-espana tag-paquetes-vacacionales tag-planificacion-de-viajes tag-servicios-de-viaje tag-tecnologia-de-viajes tag-travel-compositor tag-travelsoft tag-tripplanner tag-viajes-a-medida tag-viajes-dinamicos tag-viajes-internacionales tag-viajes-personalizados\" role=\"listitem\">\n\t\t\t\t<a class=\"elementor-post__thumbnail__link\" href=\"https:\/\/www.centraldevacaciones.com\/blog\/nuevo-motor-de-reservas-trip-planner\/\" tabindex=\"-1\" >\n\t\t\t<div class=\"elementor-post__thumbnail\"><img loading=\"lazy\" decoding=\"async\" width=\"300\" height=\"124\" src=\"https:\/\/www.centraldevacaciones.com\/blog\/wp-content\/uploads\/2024\/08\/Trip-Planner-2-300x124.jpg\" class=\"attachment-medium size-medium wp-image-185592\" alt=\"\" srcset=\"https:\/\/www.centraldevacaciones.com\/blog\/wp-content\/uploads\/2024\/08\/Trip-Planner-2-300x124.jpg 300w, https:\/\/www.centraldevacaciones.com\/blog\/wp-content\/uploads\/2024\/08\/Trip-Planner-2-1024x422.jpg 1024w, https:\/\/www.centraldevacaciones.com\/blog\/wp-content\/uploads\/2024\/08\/Trip-Planner-2-768x316.jpg 768w, https:\/\/www.centraldevacaciones.com\/blog\/wp-content\/uploads\/2024\/08\/Trip-Planner-2-1536x633.jpg 1536w, https:\/\/www.centraldevacaciones.com\/blog\/wp-content\/uploads\/2024\/08\/Trip-Planner-2.jpg 2000w\" sizes=\"(max-width: 300px) 100vw, 300px\" \/><\/div>\n\t\t<\/a>\n\t\t\t\t<div class=\"elementor-post__text\">\n\t\t\t\t<h3 class=\"elementor-post__title\">\n\t\t\t<a href=\"https:\/\/www.centraldevacaciones.com\/blog\/nuevo-motor-de-reservas-trip-planner\/\" >\n\t\t\t\tCentral de Vacaciones, primera agencia online de viajes de Espa\u00f1a que incorpora el nuevo motor de reservas de Travel Compositor para el mercado mundial\t\t\t<\/a>\n\t\t<\/h3>\n\t\t\t\t<\/div>\n\t\t\t\t<\/article>\n\t\t\t\t<article class=\"elementor-post elementor-grid-item post-185449 post type-post status-publish format-standard has-post-thumbnail hentry category-noticias-central-de-vacaciones tag-artesania-mauricio tag-cap-malhereux tag-cascada-chamarel tag-catamaran-en-isla-mauricio tag-caudan-waterfront tag-destinos-top-2024 tag-fuerte-adelaida tag-isla-de-los-ciervos tag-isla-mauricio tag-islas-coralinas tag-jardin-botanico-de-pamplemousses tag-lago-sagrado-gran-bassin tag-mercados-locales-mauricio tag-playas-de-ensueno tag-port-louis tag-razones-para-visitar-isla-mauricio tag-tierra-de-los-siete-colores tag-turismo-en-isla-mauricio tag-turismo-exotico tag-vacaciones-en-mauricio tag-viaje-al-oceano-indico\" role=\"listitem\">\n\t\t\t\t<a class=\"elementor-post__thumbnail__link\" href=\"https:\/\/www.centraldevacaciones.com\/blog\/seis-razones-para-visitar-isla-mauricio\/\" tabindex=\"-1\" >\n\t\t\t<div class=\"elementor-post__thumbnail\"><img loading=\"lazy\" decoding=\"async\" width=\"300\" height=\"124\" src=\"https:\/\/www.centraldevacaciones.com\/blog\/wp-content\/uploads\/2024\/08\/Isla-Mauricio-300x124.jpg\" class=\"attachment-medium size-medium wp-image-185456\" alt=\"\" srcset=\"https:\/\/www.centraldevacaciones.com\/blog\/wp-content\/uploads\/2024\/08\/Isla-Mauricio-300x124.jpg 300w, https:\/\/www.centraldevacaciones.com\/blog\/wp-content\/uploads\/2024\/08\/Isla-Mauricio-1024x422.jpg 1024w, https:\/\/www.centraldevacaciones.com\/blog\/wp-content\/uploads\/2024\/08\/Isla-Mauricio-768x316.jpg 768w, https:\/\/www.centraldevacaciones.com\/blog\/wp-content\/uploads\/2024\/08\/Isla-Mauricio-1536x633.jpg 1536w, https:\/\/www.centraldevacaciones.com\/blog\/wp-content\/uploads\/2024\/08\/Isla-Mauricio.jpg 2000w\" sizes=\"(max-width: 300px) 100vw, 300px\" \/><\/div>\n\t\t<\/a>\n\t\t\t\t<div class=\"elementor-post__text\">\n\t\t\t\t<h3 class=\"elementor-post__title\">\n\t\t\t<a href=\"https:\/\/www.centraldevacaciones.com\/blog\/seis-razones-para-visitar-isla-mauricio\/\" >\n\t\t\t\tLas recomendaciones de Centraldevacaciones.com: 6 razones para visitar Isla Mauricio\t\t\t<\/a>\n\t\t<\/h3>\n\t\t\t\t<\/div>\n\t\t\t\t<\/article>\n\t\t\t\t<article class=\"elementor-post elementor-grid-item post-185403 post type-post status-publish format-standard has-post-thumbnail hentry category-noticias-central-de-vacaciones tag-actividades-en-destino tag-alquiler-de-coches tag-aumento-gasto-vacaciones tag-baleares tag-central-de-vacaciones tag-comportamiento-viajero-online tag-corfu tag-costa-de-almeria tag-costa-de-la-luz tag-cuba tag-destinos-favoritos-agosto tag-disneyland-paris tag-duracion-de-las-vacaciones tag-estados-unidos-caribe tag-fuerteventura tag-gran-canaria tag-ibiza tag-islas-griegas tag-japon tag-londres tag-nueva-york tag-nuevas-tendencias-de-viaje-agosto tag-paquetes-multidestino tag-paris tag-punta-cana tag-riviera-maya tag-roma tag-seguros-de-viaje tag-sharm-el-sheik tag-tunez tag-viajes-largos-y-completos tag-viajes-todo-incluido\" role=\"listitem\">\n\t\t\t\t<a class=\"elementor-post__thumbnail__link\" href=\"https:\/\/www.centraldevacaciones.com\/blog\/nuevas-tendencias-de-viaje-en-agosto\/\" tabindex=\"-1\" >\n\t\t\t<div class=\"elementor-post__thumbnail\"><img loading=\"lazy\" decoding=\"async\" width=\"300\" height=\"124\" src=\"https:\/\/www.centraldevacaciones.com\/blog\/wp-content\/uploads\/2024\/07\/Tendencias_agosto-1-300x124.jpg\" class=\"attachment-medium size-medium wp-image-185416\" alt=\"\" srcset=\"https:\/\/www.centraldevacaciones.com\/blog\/wp-content\/uploads\/2024\/07\/Tendencias_agosto-1-300x124.jpg 300w, https:\/\/www.centraldevacaciones.com\/blog\/wp-content\/uploads\/2024\/07\/Tendencias_agosto-1-1024x422.jpg 1024w, https:\/\/www.centraldevacaciones.com\/blog\/wp-content\/uploads\/2024\/07\/Tendencias_agosto-1-768x316.jpg 768w, https:\/\/www.centraldevacaciones.com\/blog\/wp-content\/uploads\/2024\/07\/Tendencias_agosto-1-1536x633.jpg 1536w, https:\/\/www.centraldevacaciones.com\/blog\/wp-content\/uploads\/2024\/07\/Tendencias_agosto-1.jpg 2000w\" sizes=\"(max-width: 300px) 100vw, 300px\" \/><\/div>\n\t\t<\/a>\n\t\t\t\t<div class=\"elementor-post__text\">\n\t\t\t\t<h3 class=\"elementor-post__title\">\n\t\t\t<a href=\"https:\/\/www.centraldevacaciones.com\/blog\/nuevas-tendencias-de-viaje-en-agosto\/\" >\n\t\t\t\tNuevas Tendencias de Viaje en Agosto: Aumentan Gasto y Duraci\u00f3n de las Vacaciones\t\t\t<\/a>\n\t\t<\/h3>\n\t\t\t\t<\/div>\n\t\t\t\t<\/article>\n\t\t\t\t<article class=\"elementor-post elementor-grid-item post-185358 post type-post status-publish format-standard has-post-thumbnail hentry category-noticias-central-de-vacaciones tag-aguas-cristalinas tag-aguas-turquesas tag-buceo tag-calo-des-moro tag-central-de-vacaciones tag-destinos-internacionales tag-destinos-turisticos tag-islas-virgenes tag-mallorca tag-mejores-playas-del-mundo-2024 tag-paraisos-naturales tag-parque-nacional-de-las-islas-virgenes tag-playas-espanolas tag-playas-paradisiacas tag-snorkeling tag-the-worlds-best-beaches tag-trunk-bay tag-turismo-de-playa tag-vacaciones-en-la-playa tag-viajes-de-ensueno\" role=\"listitem\">\n\t\t\t\t<a class=\"elementor-post__thumbnail__link\" href=\"https:\/\/www.centraldevacaciones.com\/blog\/las-mejores-playas-del-mundo-2025\/\" tabindex=\"-1\" >\n\t\t\t<div class=\"elementor-post__thumbnail\"><img loading=\"lazy\" decoding=\"async\" width=\"300\" height=\"129\" src=\"https:\/\/www.centraldevacaciones.com\/blog\/wp-content\/uploads\/2024\/07\/Playa-Trunk-Bay-300x129.jpg\" class=\"attachment-medium size-medium wp-image-185360\" alt=\"\" srcset=\"https:\/\/www.centraldevacaciones.com\/blog\/wp-content\/uploads\/2024\/07\/Playa-Trunk-Bay-300x129.jpg 300w, https:\/\/www.centraldevacaciones.com\/blog\/wp-content\/uploads\/2024\/07\/Playa-Trunk-Bay-1024x439.jpg 1024w, https:\/\/www.centraldevacaciones.com\/blog\/wp-content\/uploads\/2024\/07\/Playa-Trunk-Bay-768x330.jpg 768w, https:\/\/www.centraldevacaciones.com\/blog\/wp-content\/uploads\/2024\/07\/Playa-Trunk-Bay-1536x659.jpg 1536w, https:\/\/www.centraldevacaciones.com\/blog\/wp-content\/uploads\/2024\/07\/Playa-Trunk-Bay.jpg 1920w\" sizes=\"(max-width: 300px) 100vw, 300px\" \/><\/div>\n\t\t<\/a>\n\t\t\t\t<div class=\"elementor-post__text\">\n\t\t\t\t<h3 class=\"elementor-post__title\">\n\t\t\t<a href=\"https:\/\/www.centraldevacaciones.com\/blog\/las-mejores-playas-del-mundo-2025\/\" >\n\t\t\t\tLas 50 mejores playas del mundo en 2025\t\t\t<\/a>\n\t\t<\/h3>\n\t\t\t\t<\/div>\n\t\t\t\t<\/article>\n\t\t\t\t<article class=\"elementor-post elementor-grid-item post-185197 post type-post status-publish format-standard has-post-thumbnail hentry category-noticias-central-de-vacaciones tag-agencias-de-viajes tag-albania tag-caribe tag-central-de-vacaciones tag-costa-bulgara tag-cruceros tag-destinos-emergentes tag-destinos-europeos tag-destinos-internacionales tag-gastronomia-caribena tag-informe-de-temporada tag-isla-mauricio tag-observatur tag-playas-del-caribe tag-promociones-de-viaje tag-turismo-arqueologico tag-unav tag-verano-2024 tag-viajeros-nacionales tag-viajes-15-aniversario tag-viajes-de-larga-distancia\" role=\"listitem\">\n\t\t\t\t<a class=\"elementor-post__thumbnail__link\" href=\"https:\/\/www.centraldevacaciones.com\/blog\/el-caribe-destino-favorito-verano-2025\/\" tabindex=\"-1\" >\n\t\t\t<div class=\"elementor-post__thumbnail\"><img loading=\"lazy\" decoding=\"async\" width=\"300\" height=\"124\" src=\"https:\/\/www.centraldevacaciones.com\/blog\/wp-content\/uploads\/2024\/06\/caribe2-4-300x124.jpg\" class=\"attachment-medium size-medium wp-image-185231\" alt=\"\" srcset=\"https:\/\/www.centraldevacaciones.com\/blog\/wp-content\/uploads\/2024\/06\/caribe2-4-300x124.jpg 300w, https:\/\/www.centraldevacaciones.com\/blog\/wp-content\/uploads\/2024\/06\/caribe2-4-1024x422.jpg 1024w, https:\/\/www.centraldevacaciones.com\/blog\/wp-content\/uploads\/2024\/06\/caribe2-4-768x316.jpg 768w, https:\/\/www.centraldevacaciones.com\/blog\/wp-content\/uploads\/2024\/06\/caribe2-4-1536x633.jpg 1536w, https:\/\/www.centraldevacaciones.com\/blog\/wp-content\/uploads\/2024\/06\/caribe2-4.jpg 2000w\" sizes=\"(max-width: 300px) 100vw, 300px\" \/><\/div>\n\t\t<\/a>\n\t\t\t\t<div class=\"elementor-post__text\">\n\t\t\t\t<h3 class=\"elementor-post__title\">\n\t\t\t<a href=\"https:\/\/www.centraldevacaciones.com\/blog\/el-caribe-destino-favorito-verano-2025\/\" >\n\t\t\t\tEl Caribe, uno de los destinos internacionales favoritos de los viajeros nacionales este verano\t\t\t<\/a>\n\t\t<\/h3>\n\t\t\t\t<\/div>\n\t\t\t\t<\/article>\n\t\t\t\t<article class=\"elementor-post elementor-grid-item post-184967 post type-post status-publish format-standard has-post-thumbnail hentry category-noticias-central-de-vacaciones tag-agencia-de-viajes-online tag-comportamiento-viajero-espanol tag-dia-mundial-de-internet tag-ota tag-proceso-de-reserva-online tag-reserva-de-vacaciones tag-reserva-de-viajes\" role=\"listitem\">\n\t\t\t\t<a class=\"elementor-post__thumbnail__link\" href=\"https:\/\/www.centraldevacaciones.com\/blog\/comportamientos-viajero-digital-espanol\/\" tabindex=\"-1\" >\n\t\t\t<div class=\"elementor-post__thumbnail\"><img loading=\"lazy\" decoding=\"async\" width=\"300\" height=\"124\" src=\"https:\/\/www.centraldevacaciones.com\/blog\/wp-content\/uploads\/2024\/05\/Dia-de-internet-300x124.jpg\" class=\"attachment-medium size-medium wp-image-184973\" alt=\"\" srcset=\"https:\/\/www.centraldevacaciones.com\/blog\/wp-content\/uploads\/2024\/05\/Dia-de-internet-300x124.jpg 300w, https:\/\/www.centraldevacaciones.com\/blog\/wp-content\/uploads\/2024\/05\/Dia-de-internet-1024x422.jpg 1024w, https:\/\/www.centraldevacaciones.com\/blog\/wp-content\/uploads\/2024\/05\/Dia-de-internet-768x316.jpg 768w, https:\/\/www.centraldevacaciones.com\/blog\/wp-content\/uploads\/2024\/05\/Dia-de-internet-1536x633.jpg 1536w, https:\/\/www.centraldevacaciones.com\/blog\/wp-content\/uploads\/2024\/05\/Dia-de-internet.jpg 2000w\" sizes=\"(max-width: 300px) 100vw, 300px\" \/><\/div>\n\t\t<\/a>\n\t\t\t\t<div class=\"elementor-post__text\">\n\t\t\t\t<h3 class=\"elementor-post__title\">\n\t\t\t<a href=\"https:\/\/www.centraldevacaciones.com\/blog\/comportamientos-viajero-digital-espanol\/\" >\n\t\t\t\tD\u00eda Mundial de Internet: h\u00e1bitos y comportamientos del viajero digital espa\u00f1ol\t\t\t<\/a>\n\t\t<\/h3>\n\t\t\t\t<\/div>\n\t\t\t\t<\/article>\n\t\t\t\t<article class=\"elementor-post elementor-grid-item post-184936 post type-post status-publish format-standard has-post-thumbnail hentry category-noticias-central-de-vacaciones tag-destinos-de-viaje-verano-2024 tag-destinos-mas-demandados tag-tendencias-2024-en-viajes tag-top-destinos-2024 tag-viajes-verano-2024\" role=\"listitem\">\n\t\t\t\t<a class=\"elementor-post__thumbnail__link\" href=\"https:\/\/www.centraldevacaciones.com\/blog\/destinos-tendencia-verano-2024\/\" tabindex=\"-1\" >\n\t\t\t<div class=\"elementor-post__thumbnail\"><img loading=\"lazy\" decoding=\"async\" width=\"300\" height=\"124\" src=\"https:\/\/www.centraldevacaciones.com\/blog\/wp-content\/uploads\/2024\/05\/Destinos-2024-300x124.jpg\" class=\"attachment-medium size-medium wp-image-184938\" alt=\"\" srcset=\"https:\/\/www.centraldevacaciones.com\/blog\/wp-content\/uploads\/2024\/05\/Destinos-2024-300x124.jpg 300w, https:\/\/www.centraldevacaciones.com\/blog\/wp-content\/uploads\/2024\/05\/Destinos-2024-1024x422.jpg 1024w, https:\/\/www.centraldevacaciones.com\/blog\/wp-content\/uploads\/2024\/05\/Destinos-2024-768x316.jpg 768w, https:\/\/www.centraldevacaciones.com\/blog\/wp-content\/uploads\/2024\/05\/Destinos-2024-1536x633.jpg 1536w, https:\/\/www.centraldevacaciones.com\/blog\/wp-content\/uploads\/2024\/05\/Destinos-2024.jpg 2000w\" sizes=\"(max-width: 300px) 100vw, 300px\" \/><\/div>\n\t\t<\/a>\n\t\t\t\t<div class=\"elementor-post__text\">\n\t\t\t\t<h3 class=\"elementor-post__title\">\n\t\t\t<a href=\"https:\/\/www.centraldevacaciones.com\/blog\/destinos-tendencia-verano-2024\/\" >\n\t\t\t\tDestinos que ser\u00e1n tendencia en el verano de 2025\t\t\t<\/a>\n\t\t<\/h3>\n\t\t\t\t<\/div>\n\t\t\t\t<\/article>\n\t\t\t\t<article class=\"elementor-post elementor-grid-item post-184209 post type-post status-publish format-standard has-post-thumbnail hentry category-test-playas category-europa tag-playas\" role=\"listitem\">\n\t\t\t\t<a class=\"elementor-post__thumbnail__link\" href=\"https:\/\/www.centraldevacaciones.com\/blog\/mejores-playas-costa-dorada\/\" tabindex=\"-1\" >\n\t\t\t<div class=\"elementor-post__thumbnail\"><img loading=\"lazy\" decoding=\"async\" width=\"300\" height=\"200\" src=\"https:\/\/www.centraldevacaciones.com\/blog\/wp-content\/uploads\/2024\/02\/m2-300x200.jpg\" class=\"attachment-medium size-medium wp-image-184402\" alt=\"\" srcset=\"https:\/\/www.centraldevacaciones.com\/blog\/wp-content\/uploads\/2024\/02\/m2-300x200.jpg 300w, https:\/\/www.centraldevacaciones.com\/blog\/wp-content\/uploads\/2024\/02\/m2.jpg 612w\" sizes=\"(max-width: 300px) 100vw, 300px\" \/><\/div>\n\t\t<\/a>\n\t\t\t\t<div class=\"elementor-post__text\">\n\t\t\t\t<h3 class=\"elementor-post__title\">\n\t\t\t<a href=\"https:\/\/www.centraldevacaciones.com\/blog\/mejores-playas-costa-dorada\/\" >\n\t\t\t\tLas mejores playas en la Costa Dorada\t\t\t<\/a>\n\t\t<\/h3>\n\t\t\t\t<\/div>\n\t\t\t\t<\/article>\n\t\t\t\t<article class=\"elementor-post elementor-grid-item post-183745 post type-post status-publish format-standard has-post-thumbnail hentry category-test-playas category-europa tag-italia\" role=\"listitem\">\n\t\t\t\t<a class=\"elementor-post__thumbnail__link\" href=\"https:\/\/www.centraldevacaciones.com\/blog\/las-mejores-playas-en-la-costa-amalfitana\/\" tabindex=\"-1\" >\n\t\t\t<div class=\"elementor-post__thumbnail\"><img loading=\"lazy\" decoding=\"async\" width=\"300\" height=\"200\" src=\"https:\/\/www.centraldevacaciones.com\/blog\/wp-content\/uploads\/2023\/11\/atrani-italy-along-the-amalfi-coast-2022-06-03-17-07-10-utc-min-300x200.jpg\" class=\"attachment-medium size-medium wp-image-183746\" alt=\"\" srcset=\"https:\/\/www.centraldevacaciones.com\/blog\/wp-content\/uploads\/2023\/11\/atrani-italy-along-the-amalfi-coast-2022-06-03-17-07-10-utc-min-300x200.jpg 300w, https:\/\/www.centraldevacaciones.com\/blog\/wp-content\/uploads\/2023\/11\/atrani-italy-along-the-amalfi-coast-2022-06-03-17-07-10-utc-min-1024x683.jpg 1024w, https:\/\/www.centraldevacaciones.com\/blog\/wp-content\/uploads\/2023\/11\/atrani-italy-along-the-amalfi-coast-2022-06-03-17-07-10-utc-min-768x512.jpg 768w, https:\/\/www.centraldevacaciones.com\/blog\/wp-content\/uploads\/2023\/11\/atrani-italy-along-the-amalfi-coast-2022-06-03-17-07-10-utc-min-1536x1024.jpg 1536w, https:\/\/www.centraldevacaciones.com\/blog\/wp-content\/uploads\/2023\/11\/atrani-italy-along-the-amalfi-coast-2022-06-03-17-07-10-utc-min-2048x1365.jpg 2048w\" sizes=\"(max-width: 300px) 100vw, 300px\" \/><\/div>\n\t\t<\/a>\n\t\t\t\t<div class=\"elementor-post__text\">\n\t\t\t\t<h3 class=\"elementor-post__title\">\n\t\t\t<a href=\"https:\/\/www.centraldevacaciones.com\/blog\/las-mejores-playas-en-la-costa-amalfitana\/\" >\n\t\t\t\tLas mejores playas en la Costa Amalfitana\t\t\t<\/a>\n\t\t<\/h3>\n\t\t\t\t<\/div>\n\t\t\t\t<\/article>\n\t\t\t\t<article class=\"elementor-post elementor-grid-item post-183741 post type-post status-publish format-standard has-post-thumbnail hentry category-ideas-viajes-verano category-caribe category-islas-paradisiacas category-test-playas category-vacaciones tag-caribe tag-mexico tag-punta-cana tag-republica-dominicana\" role=\"listitem\">\n\t\t\t\t<a class=\"elementor-post__thumbnail__link\" href=\"https:\/\/www.centraldevacaciones.com\/blog\/costas-del-caribe-playas-sin-sargazo\/\" tabindex=\"-1\" >\n\t\t\t<div class=\"elementor-post__thumbnail\"><img loading=\"lazy\" decoding=\"async\" width=\"300\" height=\"200\" src=\"https:\/\/www.centraldevacaciones.com\/blog\/wp-content\/uploads\/2023\/11\/sargasso-accumulated-sand-in-the-caribbean-sea-so-2023-11-27-05-17-08-utc-1-300x200.jpg\" class=\"attachment-medium size-medium wp-image-184516\" alt=\"playa con sargazo en el Caribe\" srcset=\"https:\/\/www.centraldevacaciones.com\/blog\/wp-content\/uploads\/2023\/11\/sargasso-accumulated-sand-in-the-caribbean-sea-so-2023-11-27-05-17-08-utc-1-300x200.jpg 300w, https:\/\/www.centraldevacaciones.com\/blog\/wp-content\/uploads\/2023\/11\/sargasso-accumulated-sand-in-the-caribbean-sea-so-2023-11-27-05-17-08-utc-1-1024x683.jpg 1024w, https:\/\/www.centraldevacaciones.com\/blog\/wp-content\/uploads\/2023\/11\/sargasso-accumulated-sand-in-the-caribbean-sea-so-2023-11-27-05-17-08-utc-1-768x512.jpg 768w, https:\/\/www.centraldevacaciones.com\/blog\/wp-content\/uploads\/2023\/11\/sargasso-accumulated-sand-in-the-caribbean-sea-so-2023-11-27-05-17-08-utc-1-1536x1024.jpg 1536w, https:\/\/www.centraldevacaciones.com\/blog\/wp-content\/uploads\/2023\/11\/sargasso-accumulated-sand-in-the-caribbean-sea-so-2023-11-27-05-17-08-utc-1-2048x1366.jpg 2048w\" sizes=\"(max-width: 300px) 100vw, 300px\" \/><\/div>\n\t\t<\/a>\n\t\t\t\t<div class=\"elementor-post__text\">\n\t\t\t\t<h3 class=\"elementor-post__title\">\n\t\t\t<a href=\"https:\/\/www.centraldevacaciones.com\/blog\/costas-del-caribe-playas-sin-sargazo\/\" >\n\t\t\t\tCOSTAS DEL CARIBE: PLAYAS SIN SARGAZO\t\t\t<\/a>\n\t\t<\/h3>\n\t\t\t\t<\/div>\n\t\t\t\t<\/article>\n\t\t\t\t<article class=\"elementor-post elementor-grid-item post-146510 post type-post status-publish format-standard has-post-thumbnail hentry category-test-playas category-espana category-europa tag-portugal\" role=\"listitem\">\n\t\t\t\t<a class=\"elementor-post__thumbnail__link\" href=\"https:\/\/www.centraldevacaciones.com\/blog\/las-mejores-playas-del-algarve\/\" tabindex=\"-1\" >\n\t\t\t<div class=\"elementor-post__thumbnail\"><img loading=\"lazy\" decoding=\"async\" width=\"300\" height=\"200\" src=\"https:\/\/www.centraldevacaciones.com\/blog\/wp-content\/uploads\/2023\/07\/beach-of-algarve-2021-08-26-16-31-15-utc-1-300x200.jpg\" class=\"attachment-medium size-medium wp-image-146514\" alt=\"playa del Algarve, Portugal\" srcset=\"https:\/\/www.centraldevacaciones.com\/blog\/wp-content\/uploads\/2023\/07\/beach-of-algarve-2021-08-26-16-31-15-utc-1-300x200.jpg 300w, https:\/\/www.centraldevacaciones.com\/blog\/wp-content\/uploads\/2023\/07\/beach-of-algarve-2021-08-26-16-31-15-utc-1-1024x683.jpg 1024w, https:\/\/www.centraldevacaciones.com\/blog\/wp-content\/uploads\/2023\/07\/beach-of-algarve-2021-08-26-16-31-15-utc-1-768x512.jpg 768w, https:\/\/www.centraldevacaciones.com\/blog\/wp-content\/uploads\/2023\/07\/beach-of-algarve-2021-08-26-16-31-15-utc-1-1536x1024.jpg 1536w, https:\/\/www.centraldevacaciones.com\/blog\/wp-content\/uploads\/2023\/07\/beach-of-algarve-2021-08-26-16-31-15-utc-1-2048x1365.jpg 2048w\" sizes=\"(max-width: 300px) 100vw, 300px\" \/><\/div>\n\t\t<\/a>\n\t\t\t\t<div class=\"elementor-post__text\">\n\t\t\t\t<h3 class=\"elementor-post__title\">\n\t\t\t<a href=\"https:\/\/www.centraldevacaciones.com\/blog\/las-mejores-playas-del-algarve\/\" >\n\t\t\t\tLas mejores playas del Algarve\t\t\t<\/a>\n\t\t<\/h3>\n\t\t\t\t<\/div>\n\t\t\t\t<\/article>\n\t\t\t\t<article class=\"elementor-post elementor-grid-item post-133505 post type-post status-publish format-standard has-post-thumbnail hentry category-vacaciones\" role=\"listitem\">\n\t\t\t\t<a class=\"elementor-post__thumbnail__link\" href=\"https:\/\/www.centraldevacaciones.com\/blog\/consejos-para-encontrar-vuelos-baratos-en-temporada-alta\/\" tabindex=\"-1\" >\n\t\t\t<div class=\"elementor-post__thumbnail\"><img loading=\"lazy\" decoding=\"async\" width=\"300\" height=\"107\" src=\"https:\/\/www.centraldevacaciones.com\/blog\/wp-content\/uploads\/2023\/06\/gettyimages-1356117641-612x612-1-e1687280877972-300x107.jpg\" class=\"attachment-medium size-medium wp-image-133512\" alt=\"\" srcset=\"https:\/\/www.centraldevacaciones.com\/blog\/wp-content\/uploads\/2023\/06\/gettyimages-1356117641-612x612-1-e1687280877972-300x107.jpg 300w, https:\/\/www.centraldevacaciones.com\/blog\/wp-content\/uploads\/2023\/06\/gettyimages-1356117641-612x612-1-e1687280877972.jpg 612w\" sizes=\"(max-width: 300px) 100vw, 300px\" \/><\/div>\n\t\t<\/a>\n\t\t\t\t<div class=\"elementor-post__text\">\n\t\t\t\t<h3 class=\"elementor-post__title\">\n\t\t\t<a href=\"https:\/\/www.centraldevacaciones.com\/blog\/consejos-para-encontrar-vuelos-baratos-en-temporada-alta\/\" >\n\t\t\t\tConsejos para encontrar vuelos baratos en temporada alta.\t\t\t<\/a>\n\t\t<\/h3>\n\t\t\t\t<\/div>\n\t\t\t\t<\/article>\n\t\t\t\t<article class=\"elementor-post elementor-grid-item post-133489 post type-post status-publish format-standard has-post-thumbnail hentry category-vacaciones\" role=\"listitem\">\n\t\t\t\t<a class=\"elementor-post__thumbnail__link\" href=\"https:\/\/www.centraldevacaciones.com\/blog\/destinos-para-los-amantes-de-la-fotografia\/\" tabindex=\"-1\" >\n\t\t\t<div class=\"elementor-post__thumbnail\"><img loading=\"lazy\" decoding=\"async\" width=\"300\" height=\"131\" src=\"https:\/\/www.centraldevacaciones.com\/blog\/wp-content\/uploads\/2023\/06\/4_dest-300x131.png\" class=\"attachment-medium size-medium wp-image-133503\" alt=\"\" srcset=\"https:\/\/www.centraldevacaciones.com\/blog\/wp-content\/uploads\/2023\/06\/4_dest-300x131.png 300w, https:\/\/www.centraldevacaciones.com\/blog\/wp-content\/uploads\/2023\/06\/4_dest-1024x446.png 1024w, https:\/\/www.centraldevacaciones.com\/blog\/wp-content\/uploads\/2023\/06\/4_dest-768x335.png 768w, https:\/\/www.centraldevacaciones.com\/blog\/wp-content\/uploads\/2023\/06\/4_dest.png 1170w\" sizes=\"(max-width: 300px) 100vw, 300px\" \/><\/div>\n\t\t<\/a>\n\t\t\t\t<div class=\"elementor-post__text\">\n\t\t\t\t<h3 class=\"elementor-post__title\">\n\t\t\t<a href=\"https:\/\/www.centraldevacaciones.com\/blog\/destinos-para-los-amantes-de-la-fotografia\/\" >\n\t\t\t\tDestinos para los amantes de la fotograf\u00eda\t\t\t<\/a>\n\t\t<\/h3>\n\t\t\t\t<\/div>\n\t\t\t\t<\/article>\n\t\t\t\t<article class=\"elementor-post elementor-grid-item post-133469 post type-post status-publish format-standard has-post-thumbnail hentry category-vacaciones\" role=\"listitem\">\n\t\t\t\t<a class=\"elementor-post__thumbnail__link\" href=\"https:\/\/www.centraldevacaciones.com\/blog\/maravillas-gastronomicas-de-cuba\/\" tabindex=\"-1\" >\n\t\t\t<div class=\"elementor-post__thumbnail\"><img loading=\"lazy\" decoding=\"async\" width=\"300\" height=\"83\" src=\"https:\/\/www.centraldevacaciones.com\/blog\/wp-content\/uploads\/2023\/06\/dc9b01e3-d0de-4572-bf12-c0125bfa5ebd_16-9-discover-aspect-ratio_default_0-e1687275466437-300x83.jpg\" class=\"attachment-medium size-medium wp-image-133487\" alt=\"\" srcset=\"https:\/\/www.centraldevacaciones.com\/blog\/wp-content\/uploads\/2023\/06\/dc9b01e3-d0de-4572-bf12-c0125bfa5ebd_16-9-discover-aspect-ratio_default_0-e1687275466437-300x83.jpg 300w, https:\/\/www.centraldevacaciones.com\/blog\/wp-content\/uploads\/2023\/06\/dc9b01e3-d0de-4572-bf12-c0125bfa5ebd_16-9-discover-aspect-ratio_default_0-e1687275466437-1024x282.jpg 1024w, https:\/\/www.centraldevacaciones.com\/blog\/wp-content\/uploads\/2023\/06\/dc9b01e3-d0de-4572-bf12-c0125bfa5ebd_16-9-discover-aspect-ratio_default_0-e1687275466437-768x211.jpg 768w, https:\/\/www.centraldevacaciones.com\/blog\/wp-content\/uploads\/2023\/06\/dc9b01e3-d0de-4572-bf12-c0125bfa5ebd_16-9-discover-aspect-ratio_default_0-e1687275466437.jpg 1200w\" sizes=\"(max-width: 300px) 100vw, 300px\" \/><\/div>\n\t\t<\/a>\n\t\t\t\t<div class=\"elementor-post__text\">\n\t\t\t\t<h3 class=\"elementor-post__title\">\n\t\t\t<a href=\"https:\/\/www.centraldevacaciones.com\/blog\/maravillas-gastronomicas-de-cuba\/\" >\n\t\t\t\tMaravillas gastron\u00f3micas de Cuba\t\t\t<\/a>\n\t\t<\/h3>\n\t\t\t\t<\/div>\n\t\t\t\t<\/article>\n\t\t\t\t<article class=\"elementor-post elementor-grid-item post-133462 post type-post status-publish format-standard has-post-thumbnail hentry category-vacaciones\" role=\"listitem\">\n\t\t\t\t<a class=\"elementor-post__thumbnail__link\" href=\"https:\/\/www.centraldevacaciones.com\/blog\/como-aprovechar-al-maximo-tus-vacaciones\/\" tabindex=\"-1\" >\n\t\t\t<div class=\"elementor-post__thumbnail\"><img loading=\"lazy\" decoding=\"async\" width=\"224\" height=\"300\" src=\"https:\/\/www.centraldevacaciones.com\/blog\/wp-content\/uploads\/2022\/01\/Vacaciones-en-Mallorca-224x300.jpg\" class=\"attachment-medium size-medium wp-image-22615\" alt=\"\" srcset=\"https:\/\/www.centraldevacaciones.com\/blog\/wp-content\/uploads\/2022\/01\/Vacaciones-en-Mallorca-224x300.jpg 224w, https:\/\/www.centraldevacaciones.com\/blog\/wp-content\/uploads\/2022\/01\/Vacaciones-en-Mallorca.jpg 538w\" sizes=\"(max-width: 224px) 100vw, 224px\" \/><\/div>\n\t\t<\/a>\n\t\t\t\t<div class=\"elementor-post__text\">\n\t\t\t\t<h3 class=\"elementor-post__title\">\n\t\t\t<a href=\"https:\/\/www.centraldevacaciones.com\/blog\/como-aprovechar-al-maximo-tus-vacaciones\/\" >\n\t\t\t\tC\u00f3mo aprovechar al m\u00e1ximo tus vacaciones\t\t\t<\/a>\n\t\t<\/h3>\n\t\t\t\t<\/div>\n\t\t\t\t<\/article>\n\t\t\t\t<article class=\"elementor-post elementor-grid-item post-133433 post type-post status-publish format-standard has-post-thumbnail hentry category-vacaciones\" role=\"listitem\">\n\t\t\t\t<a class=\"elementor-post__thumbnail__link\" href=\"https:\/\/www.centraldevacaciones.com\/blog\/mejores-destinos-de-playa-para-tus-vacaciones\/\" tabindex=\"-1\" >\n\t\t\t<div class=\"elementor-post__thumbnail\"><img loading=\"lazy\" decoding=\"async\" width=\"300\" height=\"117\" src=\"https:\/\/www.centraldevacaciones.com\/blog\/wp-content\/uploads\/2023\/06\/caption-e1687253069933-300x117.jpg\" class=\"attachment-medium size-medium wp-image-133434\" alt=\"\" srcset=\"https:\/\/www.centraldevacaciones.com\/blog\/wp-content\/uploads\/2023\/06\/caption-e1687253069933-300x117.jpg 300w, https:\/\/www.centraldevacaciones.com\/blog\/wp-content\/uploads\/2023\/06\/caption-e1687253069933-1024x399.jpg 1024w, https:\/\/www.centraldevacaciones.com\/blog\/wp-content\/uploads\/2023\/06\/caption-e1687253069933-768x300.jpg 768w, https:\/\/www.centraldevacaciones.com\/blog\/wp-content\/uploads\/2023\/06\/caption-e1687253069933.jpg 1200w\" sizes=\"(max-width: 300px) 100vw, 300px\" \/><\/div>\n\t\t<\/a>\n\t\t\t\t<div class=\"elementor-post__text\">\n\t\t\t\t<h3 class=\"elementor-post__title\">\n\t\t\t<a href=\"https:\/\/www.centraldevacaciones.com\/blog\/mejores-destinos-de-playa-para-tus-vacaciones\/\" >\n\t\t\t\tMejores destinos de playa para tus vacaciones\t\t\t<\/a>\n\t\t<\/h3>\n\t\t\t\t<\/div>\n\t\t\t\t<\/article>\n\t\t\t\t<article class=\"elementor-post elementor-grid-item post-133400 post type-post status-publish format-standard has-post-thumbnail hentry category-vacaciones\" role=\"listitem\">\n\t\t\t\t<a class=\"elementor-post__thumbnail__link\" href=\"https:\/\/www.centraldevacaciones.com\/blog\/los-mejores-destinos-para-una-luna-de-miel-romantica\/\" tabindex=\"-1\" >\n\t\t\t<div class=\"elementor-post__thumbnail\"><img loading=\"lazy\" decoding=\"async\" width=\"300\" height=\"111\" src=\"https:\/\/www.centraldevacaciones.com\/blog\/wp-content\/uploads\/2023\/06\/wedding-in-maldives-10-1-e1687251663688-300x111.jpg\" class=\"attachment-medium size-medium wp-image-133425\" alt=\"\" srcset=\"https:\/\/www.centraldevacaciones.com\/blog\/wp-content\/uploads\/2023\/06\/wedding-in-maldives-10-1-e1687251663688-300x111.jpg 300w, https:\/\/www.centraldevacaciones.com\/blog\/wp-content\/uploads\/2023\/06\/wedding-in-maldives-10-1-e1687251663688-1024x378.jpg 1024w, https:\/\/www.centraldevacaciones.com\/blog\/wp-content\/uploads\/2023\/06\/wedding-in-maldives-10-1-e1687251663688-768x284.jpg 768w, https:\/\/www.centraldevacaciones.com\/blog\/wp-content\/uploads\/2023\/06\/wedding-in-maldives-10-1-e1687251663688.jpg 1180w\" sizes=\"(max-width: 300px) 100vw, 300px\" \/><\/div>\n\t\t<\/a>\n\t\t\t\t<div class=\"elementor-post__text\">\n\t\t\t\t<h3 class=\"elementor-post__title\">\n\t\t\t<a href=\"https:\/\/www.centraldevacaciones.com\/blog\/los-mejores-destinos-para-una-luna-de-miel-romantica\/\" >\n\t\t\t\tLos mejores destinos para una luna de miel rom\u00e1ntica\t\t\t<\/a>\n\t\t<\/h3>\n\t\t\t\t<\/div>\n\t\t\t\t<\/article>\n\t\t\t\t<article class=\"elementor-post elementor-grid-item post-133056 post type-post status-publish format-standard has-post-thumbnail hentry category-vacaciones\" role=\"listitem\">\n\t\t\t\t<a class=\"elementor-post__thumbnail__link\" href=\"https:\/\/www.centraldevacaciones.com\/blog\/como-evitar-el-jet-lag-y-disfrutar-de-tus-vacaciones\/\" tabindex=\"-1\" >\n\t\t\t<div class=\"elementor-post__thumbnail\"><img loading=\"lazy\" decoding=\"async\" width=\"300\" height=\"129\" src=\"https:\/\/www.centraldevacaciones.com\/blog\/wp-content\/uploads\/2023\/06\/gettyimages-537266466-612x612-1-e1687195255362-300x129.jpg\" class=\"attachment-medium size-medium wp-image-133092\" alt=\"\" srcset=\"https:\/\/www.centraldevacaciones.com\/blog\/wp-content\/uploads\/2023\/06\/gettyimages-537266466-612x612-1-e1687195255362-300x129.jpg 300w, https:\/\/www.centraldevacaciones.com\/blog\/wp-content\/uploads\/2023\/06\/gettyimages-537266466-612x612-1-e1687195255362.jpg 612w\" sizes=\"(max-width: 300px) 100vw, 300px\" \/><\/div>\n\t\t<\/a>\n\t\t\t\t<div class=\"elementor-post__text\">\n\t\t\t\t<h3 class=\"elementor-post__title\">\n\t\t\t<a href=\"https:\/\/www.centraldevacaciones.com\/blog\/como-evitar-el-jet-lag-y-disfrutar-de-tus-vacaciones\/\" >\n\t\t\t\t\u00bfC\u00f3mo evitar el jet lag y disfrutar de tus vacaciones?\t\t\t<\/a>\n\t\t<\/h3>\n\t\t\t\t<\/div>\n\t\t\t\t<\/article>\n\t\t\t\t<article class=\"elementor-post elementor-grid-item post-133046 post type-post status-publish format-standard has-post-thumbnail hentry category-vacaciones\" role=\"listitem\">\n\t\t\t\t<a class=\"elementor-post__thumbnail__link\" href=\"https:\/\/www.centraldevacaciones.com\/blog\/consejos-para-viajar-con-ninos-y-disfrutar-las-vacaciones\/\" tabindex=\"-1\" >\n\t\t\t<div class=\"elementor-post__thumbnail\"><img loading=\"lazy\" decoding=\"async\" width=\"300\" height=\"144\" src=\"https:\/\/www.centraldevacaciones.com\/blog\/wp-content\/uploads\/2023\/06\/Viajar-con-ninos-300x144.jpg\" class=\"attachment-medium size-medium wp-image-133055\" alt=\"\" srcset=\"https:\/\/www.centraldevacaciones.com\/blog\/wp-content\/uploads\/2023\/06\/Viajar-con-ninos-300x144.jpg 300w, https:\/\/www.centraldevacaciones.com\/blog\/wp-content\/uploads\/2023\/06\/Viajar-con-ninos-1024x493.jpg 1024w, https:\/\/www.centraldevacaciones.com\/blog\/wp-content\/uploads\/2023\/06\/Viajar-con-ninos-768x370.jpg 768w, https:\/\/www.centraldevacaciones.com\/blog\/wp-content\/uploads\/2023\/06\/Viajar-con-ninos-1536x740.jpg 1536w, https:\/\/www.centraldevacaciones.com\/blog\/wp-content\/uploads\/2023\/06\/Viajar-con-ninos-2048x986.jpg 2048w\" sizes=\"(max-width: 300px) 100vw, 300px\" \/><\/div>\n\t\t<\/a>\n\t\t\t\t<div class=\"elementor-post__text\">\n\t\t\t\t<h3 class=\"elementor-post__title\">\n\t\t\t<a href=\"https:\/\/www.centraldevacaciones.com\/blog\/consejos-para-viajar-con-ninos-y-disfrutar-las-vacaciones\/\" >\n\t\t\t\tConsejos para viajar con ni\u00f1os y disfrutar las vacaciones\t\t\t<\/a>\n\t\t<\/h3>\n\t\t\t\t<\/div>\n\t\t\t\t<\/article>\n\t\t\t\t<article class=\"elementor-post elementor-grid-item post-133028 post type-post status-publish format-standard has-post-thumbnail hentry category-vacaciones\" role=\"listitem\">\n\t\t\t\t<a class=\"elementor-post__thumbnail__link\" href=\"https:\/\/www.centraldevacaciones.com\/blog\/destinos-exoticos-para-los-amantes-de-la-aventura\/\" tabindex=\"-1\" >\n\t\t\t<div class=\"elementor-post__thumbnail\"><img loading=\"lazy\" decoding=\"async\" width=\"300\" height=\"109\" src=\"https:\/\/www.centraldevacaciones.com\/blog\/wp-content\/uploads\/2023\/06\/KP3YQ5OE5JLMNLRWHDQRUJTTO4-e1687172941254-300x109.jpg\" class=\"attachment-medium size-medium wp-image-133029\" alt=\"\" srcset=\"https:\/\/www.centraldevacaciones.com\/blog\/wp-content\/uploads\/2023\/06\/KP3YQ5OE5JLMNLRWHDQRUJTTO4-e1687172941254-300x109.jpg 300w, https:\/\/www.centraldevacaciones.com\/blog\/wp-content\/uploads\/2023\/06\/KP3YQ5OE5JLMNLRWHDQRUJTTO4-e1687172941254-1024x371.jpg 1024w, https:\/\/www.centraldevacaciones.com\/blog\/wp-content\/uploads\/2023\/06\/KP3YQ5OE5JLMNLRWHDQRUJTTO4-e1687172941254-768x278.jpg 768w, https:\/\/www.centraldevacaciones.com\/blog\/wp-content\/uploads\/2023\/06\/KP3YQ5OE5JLMNLRWHDQRUJTTO4-e1687172941254.jpg 1200w\" sizes=\"(max-width: 300px) 100vw, 300px\" \/><\/div>\n\t\t<\/a>\n\t\t\t\t<div class=\"elementor-post__text\">\n\t\t\t\t<h3 class=\"elementor-post__title\">\n\t\t\t<a href=\"https:\/\/www.centraldevacaciones.com\/blog\/destinos-exoticos-para-los-amantes-de-la-aventura\/\" >\n\t\t\t\tDestinos ex\u00f3ticos para los amantes de la aventura\t\t\t<\/a>\n\t\t<\/h3>\n\t\t\t\t<\/div>\n\t\t\t\t<\/article>\n\t\t\t\t<article class=\"elementor-post elementor-grid-item post-132997 post type-post status-publish format-standard has-post-thumbnail hentry category-vacaciones\" role=\"listitem\">\n\t\t\t\t<a class=\"elementor-post__thumbnail__link\" href=\"https:\/\/www.centraldevacaciones.com\/blog\/como-planificar-unas-vacaciones-economicas-sin-sacrificar-la-diversion\/\" tabindex=\"-1\" >\n\t\t\t<div class=\"elementor-post__thumbnail\"><img loading=\"lazy\" decoding=\"async\" width=\"300\" height=\"135\" src=\"https:\/\/www.centraldevacaciones.com\/blog\/wp-content\/uploads\/2023\/06\/adolescentes-verano-salir-e1687168065433-300x135.jpg\" class=\"attachment-medium size-medium wp-image-132998\" alt=\"\" srcset=\"https:\/\/www.centraldevacaciones.com\/blog\/wp-content\/uploads\/2023\/06\/adolescentes-verano-salir-e1687168065433-300x135.jpg 300w, https:\/\/www.centraldevacaciones.com\/blog\/wp-content\/uploads\/2023\/06\/adolescentes-verano-salir-e1687168065433.jpg 690w\" sizes=\"(max-width: 300px) 100vw, 300px\" \/><\/div>\n\t\t<\/a>\n\t\t\t\t<div class=\"elementor-post__text\">\n\t\t\t\t<h3 class=\"elementor-post__title\">\n\t\t\t<a href=\"https:\/\/www.centraldevacaciones.com\/blog\/como-planificar-unas-vacaciones-economicas-sin-sacrificar-la-diversion\/\" >\n\t\t\t\tC\u00f3mo planificar unas vacaciones econ\u00f3micas sin sacrificar la diversi\u00f3n\t\t\t<\/a>\n\t\t<\/h3>\n\t\t\t\t<\/div>\n\t\t\t\t<\/article>\n\t\t\t\t<article class=\"elementor-post elementor-grid-item post-132951 post type-post status-publish format-standard has-post-thumbnail hentry category-vacaciones\" role=\"listitem\">\n\t\t\t\t<a class=\"elementor-post__thumbnail__link\" href=\"https:\/\/www.centraldevacaciones.com\/blog\/rutas-de-senderismo-para-los-amantes-de-la-naturaleza\/\" tabindex=\"-1\" >\n\t\t\t<div class=\"elementor-post__thumbnail\"><img loading=\"lazy\" decoding=\"async\" width=\"300\" height=\"83\" src=\"https:\/\/www.centraldevacaciones.com\/blog\/wp-content\/uploads\/2023\/06\/DEST_SPAIN_OURENSE_GALICIA_THEME_PEOPLE_FAMILY_MAN_KIDS_HIKE_FOREST_HIKING_GettyImages-1309954705-e1687160867949-300x83.jpg\" class=\"attachment-medium size-medium wp-image-132954\" alt=\"\" srcset=\"https:\/\/www.centraldevacaciones.com\/blog\/wp-content\/uploads\/2023\/06\/DEST_SPAIN_OURENSE_GALICIA_THEME_PEOPLE_FAMILY_MAN_KIDS_HIKE_FOREST_HIKING_GettyImages-1309954705-e1687160867949-300x83.jpg 300w, https:\/\/www.centraldevacaciones.com\/blog\/wp-content\/uploads\/2023\/06\/DEST_SPAIN_OURENSE_GALICIA_THEME_PEOPLE_FAMILY_MAN_KIDS_HIKE_FOREST_HIKING_GettyImages-1309954705-e1687160867949-1024x284.jpg 1024w, https:\/\/www.centraldevacaciones.com\/blog\/wp-content\/uploads\/2023\/06\/DEST_SPAIN_OURENSE_GALICIA_THEME_PEOPLE_FAMILY_MAN_KIDS_HIKE_FOREST_HIKING_GettyImages-1309954705-e1687160867949-768x213.jpg 768w, https:\/\/www.centraldevacaciones.com\/blog\/wp-content\/uploads\/2023\/06\/DEST_SPAIN_OURENSE_GALICIA_THEME_PEOPLE_FAMILY_MAN_KIDS_HIKE_FOREST_HIKING_GettyImages-1309954705-e1687160867949-1536x426.jpg 1536w, https:\/\/www.centraldevacaciones.com\/blog\/wp-content\/uploads\/2023\/06\/DEST_SPAIN_OURENSE_GALICIA_THEME_PEOPLE_FAMILY_MAN_KIDS_HIKE_FOREST_HIKING_GettyImages-1309954705-e1687160867949.jpg 1920w\" sizes=\"(max-width: 300px) 100vw, 300px\" \/><\/div>\n\t\t<\/a>\n\t\t\t\t<div class=\"elementor-post__text\">\n\t\t\t\t<h3 class=\"elementor-post__title\">\n\t\t\t<a href=\"https:\/\/www.centraldevacaciones.com\/blog\/rutas-de-senderismo-para-los-amantes-de-la-naturaleza\/\" >\n\t\t\t\tRutas de senderismo para los amantes de la naturaleza\t\t\t<\/a>\n\t\t<\/h3>\n\t\t\t\t<\/div>\n\t\t\t\t<\/article>\n\t\t\t\t<article class=\"elementor-post elementor-grid-item post-132065 post type-post status-publish format-standard has-post-thumbnail hentry category-vacaciones\" role=\"listitem\">\n\t\t\t\t<a class=\"elementor-post__thumbnail__link\" href=\"https:\/\/www.centraldevacaciones.com\/blog\/los-destinos-mas-romanticos-para-celebrar-aniversarios\/\" tabindex=\"-1\" >\n\t\t\t<div class=\"elementor-post__thumbnail\"><img loading=\"lazy\" decoding=\"async\" width=\"300\" height=\"133\" src=\"https:\/\/www.centraldevacaciones.com\/blog\/wp-content\/uploads\/2023\/06\/heart-shadow-sea-sand-1280x800_1_68433-1-e1686913940345-300x133.jpeg\" class=\"attachment-medium size-medium wp-image-132081\" alt=\"\" srcset=\"https:\/\/www.centraldevacaciones.com\/blog\/wp-content\/uploads\/2023\/06\/heart-shadow-sea-sand-1280x800_1_68433-1-e1686913940345-300x133.jpeg 300w, https:\/\/www.centraldevacaciones.com\/blog\/wp-content\/uploads\/2023\/06\/heart-shadow-sea-sand-1280x800_1_68433-1-e1686913940345-768x339.jpeg 768w, https:\/\/www.centraldevacaciones.com\/blog\/wp-content\/uploads\/2023\/06\/heart-shadow-sea-sand-1280x800_1_68433-1-e1686913940345.jpeg 960w\" sizes=\"(max-width: 300px) 100vw, 300px\" \/><\/div>\n\t\t<\/a>\n\t\t\t\t<div class=\"elementor-post__text\">\n\t\t\t\t<h3 class=\"elementor-post__title\">\n\t\t\t<a href=\"https:\/\/www.centraldevacaciones.com\/blog\/los-destinos-mas-romanticos-para-celebrar-aniversarios\/\" >\n\t\t\t\tLos destinos m\u00e1s rom\u00e1nticos para celebrar aniversarios.\t\t\t<\/a>\n\t\t<\/h3>\n\t\t\t\t<\/div>\n\t\t\t\t<\/article>\n\t\t\t\t<article class=\"elementor-post elementor-grid-item post-131644 post type-post status-publish format-standard has-post-thumbnail hentry category-vacaciones\" role=\"listitem\">\n\t\t\t\t<a class=\"elementor-post__thumbnail__link\" href=\"https:\/\/www.centraldevacaciones.com\/blog\/los-destinos-mas-populares-entre-los-amantes-del-buceo\/\" tabindex=\"-1\" >\n\t\t\t<div class=\"elementor-post__thumbnail\"><img loading=\"lazy\" decoding=\"async\" width=\"300\" height=\"105\" src=\"https:\/\/www.centraldevacaciones.com\/blog\/wp-content\/uploads\/2023\/06\/gettyimages-854304532-612x612-1-e1686846001619-300x105.jpg\" class=\"attachment-medium size-medium wp-image-131647\" alt=\"\" srcset=\"https:\/\/www.centraldevacaciones.com\/blog\/wp-content\/uploads\/2023\/06\/gettyimages-854304532-612x612-1-e1686846001619-300x105.jpg 300w, https:\/\/www.centraldevacaciones.com\/blog\/wp-content\/uploads\/2023\/06\/gettyimages-854304532-612x612-1-e1686846001619.jpg 612w\" sizes=\"(max-width: 300px) 100vw, 300px\" \/><\/div>\n\t\t<\/a>\n\t\t\t\t<div class=\"elementor-post__text\">\n\t\t\t\t<h3 class=\"elementor-post__title\">\n\t\t\t<a href=\"https:\/\/www.centraldevacaciones.com\/blog\/los-destinos-mas-populares-entre-los-amantes-del-buceo\/\" >\n\t\t\t\tLos destinos m\u00e1s populares entre los amantes del buceo.\t\t\t<\/a>\n\t\t<\/h3>\n\t\t\t\t<\/div>\n\t\t\t\t<\/article>\n\t\t\t\t<article class=\"elementor-post elementor-grid-item post-130915 post type-post status-publish format-standard has-post-thumbnail hentry category-vacaciones\" role=\"listitem\">\n\t\t\t\t<a class=\"elementor-post__thumbnail__link\" href=\"https:\/\/www.centraldevacaciones.com\/blog\/top-15-tipico-de-paris\/\" tabindex=\"-1\" >\n\t\t\t<div class=\"elementor-post__thumbnail\"><img loading=\"lazy\" decoding=\"async\" width=\"300\" height=\"171\" src=\"https:\/\/www.centraldevacaciones.com\/blog\/wp-content\/uploads\/2023\/06\/bisout_paris_birds-1000x570-1-300x171.jpg\" class=\"attachment-medium size-medium wp-image-130916\" alt=\"\" srcset=\"https:\/\/www.centraldevacaciones.com\/blog\/wp-content\/uploads\/2023\/06\/bisout_paris_birds-1000x570-1-300x171.jpg 300w, https:\/\/www.centraldevacaciones.com\/blog\/wp-content\/uploads\/2023\/06\/bisout_paris_birds-1000x570-1-768x438.jpg 768w, https:\/\/www.centraldevacaciones.com\/blog\/wp-content\/uploads\/2023\/06\/bisout_paris_birds-1000x570-1.jpg 1000w\" sizes=\"(max-width: 300px) 100vw, 300px\" \/><\/div>\n\t\t<\/a>\n\t\t\t\t<div class=\"elementor-post__text\">\n\t\t\t\t<h3 class=\"elementor-post__title\">\n\t\t\t<a href=\"https:\/\/www.centraldevacaciones.com\/blog\/top-15-tipico-de-paris\/\" >\n\t\t\t\tTop 15 T\u00edpico de Par\u00eds\t\t\t<\/a>\n\t\t<\/h3>\n\t\t\t\t<\/div>\n\t\t\t\t<\/article>\n\t\t\t\t<article class=\"elementor-post elementor-grid-item post-130567 post type-post status-publish format-standard has-post-thumbnail hentry category-vacaciones\" role=\"listitem\">\n\t\t\t\t<a class=\"elementor-post__thumbnail__link\" href=\"https:\/\/www.centraldevacaciones.com\/blog\/hacemos-tu-maleta-que-llevar-a-riviera-maya\/\" tabindex=\"-1\" >\n\t\t\t<div class=\"elementor-post__thumbnail\"><img loading=\"lazy\" decoding=\"async\" width=\"300\" height=\"93\" src=\"https:\/\/www.centraldevacaciones.com\/blog\/wp-content\/uploads\/2023\/06\/16551991576957-e1686735557681-300x93.png\" class=\"attachment-medium size-medium wp-image-130568\" alt=\"\" srcset=\"https:\/\/www.centraldevacaciones.com\/blog\/wp-content\/uploads\/2023\/06\/16551991576957-e1686735557681-300x93.png 300w, https:\/\/www.centraldevacaciones.com\/blog\/wp-content\/uploads\/2023\/06\/16551991576957-e1686735557681-1024x317.png 1024w, https:\/\/www.centraldevacaciones.com\/blog\/wp-content\/uploads\/2023\/06\/16551991576957-e1686735557681-768x238.png 768w, https:\/\/www.centraldevacaciones.com\/blog\/wp-content\/uploads\/2023\/06\/16551991576957-e1686735557681.png 1200w\" sizes=\"(max-width: 300px) 100vw, 300px\" \/><\/div>\n\t\t<\/a>\n\t\t\t\t<div class=\"elementor-post__text\">\n\t\t\t\t<h3 class=\"elementor-post__title\">\n\t\t\t<a href=\"https:\/\/www.centraldevacaciones.com\/blog\/hacemos-tu-maleta-que-llevar-a-riviera-maya\/\" >\n\t\t\t\tHacemos tu maleta: \u00bfQu\u00e9 llevar a Riviera Maya?\t\t\t<\/a>\n\t\t<\/h3>\n\t\t\t\t<\/div>\n\t\t\t\t<\/article>\n\t\t\t\t<article class=\"elementor-post elementor-grid-item post-130552 post type-post status-publish format-standard has-post-thumbnail hentry category-vacaciones\" role=\"listitem\">\n\t\t\t\t<a class=\"elementor-post__thumbnail__link\" href=\"https:\/\/www.centraldevacaciones.com\/blog\/las-mejores-formas-de-moverse-por-croacia\/\" tabindex=\"-1\" >\n\t\t\t<div class=\"elementor-post__thumbnail\"><img loading=\"lazy\" decoding=\"async\" width=\"300\" height=\"116\" src=\"https:\/\/www.centraldevacaciones.com\/blog\/wp-content\/uploads\/2023\/06\/L_112511_special-tours-croaciahh-e1686732639428-300x116.jpg\" class=\"attachment-medium size-medium wp-image-130555\" alt=\"\" srcset=\"https:\/\/www.centraldevacaciones.com\/blog\/wp-content\/uploads\/2023\/06\/L_112511_special-tours-croaciahh-e1686732639428-300x116.jpg 300w, https:\/\/www.centraldevacaciones.com\/blog\/wp-content\/uploads\/2023\/06\/L_112511_special-tours-croaciahh-e1686732639428-1024x394.jpg 1024w, https:\/\/www.centraldevacaciones.com\/blog\/wp-content\/uploads\/2023\/06\/L_112511_special-tours-croaciahh-e1686732639428-768x296.jpg 768w, https:\/\/www.centraldevacaciones.com\/blog\/wp-content\/uploads\/2023\/06\/L_112511_special-tours-croaciahh-e1686732639428.jpg 1200w\" sizes=\"(max-width: 300px) 100vw, 300px\" \/><\/div>\n\t\t<\/a>\n\t\t\t\t<div class=\"elementor-post__text\">\n\t\t\t\t<h3 class=\"elementor-post__title\">\n\t\t\t<a href=\"https:\/\/www.centraldevacaciones.com\/blog\/las-mejores-formas-de-moverse-por-croacia\/\" >\n\t\t\t\tLas mejores formas de moverse por Croacia\t\t\t<\/a>\n\t\t<\/h3>\n\t\t\t\t<\/div>\n\t\t\t\t<\/article>\n\t\t\t\t<article class=\"elementor-post elementor-grid-item post-129797 post type-post status-publish format-standard has-post-thumbnail hentry category-vacaciones\" role=\"listitem\">\n\t\t\t\t<a class=\"elementor-post__thumbnail__link\" href=\"https:\/\/www.centraldevacaciones.com\/blog\/cuales-son-las-cosas-mas-tipicas-de-holanda\/\" tabindex=\"-1\" >\n\t\t\t<div class=\"elementor-post__thumbnail\"><img loading=\"lazy\" decoding=\"async\" width=\"300\" height=\"104\" src=\"https:\/\/www.centraldevacaciones.com\/blog\/wp-content\/uploads\/2023\/06\/comidas-tipicas-holanda-bitterballen-e1686673210110-300x104.jpg\" class=\"attachment-medium size-medium wp-image-129799\" alt=\"\" srcset=\"https:\/\/www.centraldevacaciones.com\/blog\/wp-content\/uploads\/2023\/06\/comidas-tipicas-holanda-bitterballen-e1686673210110-300x104.jpg 300w, https:\/\/www.centraldevacaciones.com\/blog\/wp-content\/uploads\/2023\/06\/comidas-tipicas-holanda-bitterballen-e1686673210110-768x265.jpg 768w, https:\/\/www.centraldevacaciones.com\/blog\/wp-content\/uploads\/2023\/06\/comidas-tipicas-holanda-bitterballen-e1686673210110.jpg 800w\" sizes=\"(max-width: 300px) 100vw, 300px\" \/><\/div>\n\t\t<\/a>\n\t\t\t\t<div class=\"elementor-post__text\">\n\t\t\t\t<h3 class=\"elementor-post__title\">\n\t\t\t<a href=\"https:\/\/www.centraldevacaciones.com\/blog\/cuales-son-las-cosas-mas-tipicas-de-holanda\/\" >\n\t\t\t\t\u00bfCu\u00e1les son las cosas m\u00e1s t\u00edpicas de Holanda?\t\t\t<\/a>\n\t\t<\/h3>\n\t\t\t\t<\/div>\n\t\t\t\t<\/article>\n\t\t\t\t<article class=\"elementor-post elementor-grid-item post-129690 post type-post status-publish format-standard has-post-thumbnail hentry category-espana category-ideas-escapadas category-ideas-viajes-verano category-semana-santa category-vacaciones category-viajes\" role=\"listitem\">\n\t\t\t\t<a class=\"elementor-post__thumbnail__link\" href=\"https:\/\/www.centraldevacaciones.com\/blog\/top-monumentos-de-francia-que-debes-visitar\/\" tabindex=\"-1\" >\n\t\t\t<div class=\"elementor-post__thumbnail\"><img loading=\"lazy\" decoding=\"async\" width=\"300\" height=\"94\" src=\"https:\/\/www.centraldevacaciones.com\/blog\/wp-content\/uploads\/2023\/06\/destinations-france-banner-desktop-1920x600-1-300x94.jpg\" class=\"attachment-medium size-medium wp-image-129712\" alt=\"\" srcset=\"https:\/\/www.centraldevacaciones.com\/blog\/wp-content\/uploads\/2023\/06\/destinations-france-banner-desktop-1920x600-1-300x94.jpg 300w, https:\/\/www.centraldevacaciones.com\/blog\/wp-content\/uploads\/2023\/06\/destinations-france-banner-desktop-1920x600-1-1024x320.jpg 1024w, https:\/\/www.centraldevacaciones.com\/blog\/wp-content\/uploads\/2023\/06\/destinations-france-banner-desktop-1920x600-1-768x240.jpg 768w, https:\/\/www.centraldevacaciones.com\/blog\/wp-content\/uploads\/2023\/06\/destinations-france-banner-desktop-1920x600-1-1536x480.jpg 1536w, https:\/\/www.centraldevacaciones.com\/blog\/wp-content\/uploads\/2023\/06\/destinations-france-banner-desktop-1920x600-1.jpg 1920w\" sizes=\"(max-width: 300px) 100vw, 300px\" \/><\/div>\n\t\t<\/a>\n\t\t\t\t<div class=\"elementor-post__text\">\n\t\t\t\t<h3 class=\"elementor-post__title\">\n\t\t\t<a href=\"https:\/\/www.centraldevacaciones.com\/blog\/top-monumentos-de-francia-que-debes-visitar\/\" >\n\t\t\t\tTop monumentos de Francia que debes visitar\t\t\t<\/a>\n\t\t<\/h3>\n\t\t\t\t<\/div>\n\t\t\t\t<\/article>\n\t\t\t\t<article class=\"elementor-post elementor-grid-item post-129734 post type-post status-publish format-standard has-post-thumbnail hentry category-test-playas category-europa category-rutas-por-europa tag-italia\" role=\"listitem\">\n\t\t\t\t<a class=\"elementor-post__thumbnail__link\" href=\"https:\/\/www.centraldevacaciones.com\/blog\/las-mejores-playas-de-italia\/\" tabindex=\"-1\" >\n\t\t\t<div class=\"elementor-post__thumbnail\"><img loading=\"lazy\" decoding=\"async\" width=\"300\" height=\"200\" src=\"https:\/\/www.centraldevacaciones.com\/blog\/wp-content\/uploads\/2023\/06\/beach-and-sea-in-levanto-italy-2023-03-17-22-39-39-utc-1-300x200.jpg\" class=\"attachment-medium size-medium wp-image-129738\" alt=\"Playa de Levanto, una de las mejores playas de Italia\" srcset=\"https:\/\/www.centraldevacaciones.com\/blog\/wp-content\/uploads\/2023\/06\/beach-and-sea-in-levanto-italy-2023-03-17-22-39-39-utc-1-300x200.jpg 300w, https:\/\/www.centraldevacaciones.com\/blog\/wp-content\/uploads\/2023\/06\/beach-and-sea-in-levanto-italy-2023-03-17-22-39-39-utc-1-1024x683.jpg 1024w, https:\/\/www.centraldevacaciones.com\/blog\/wp-content\/uploads\/2023\/06\/beach-and-sea-in-levanto-italy-2023-03-17-22-39-39-utc-1-768x512.jpg 768w, https:\/\/www.centraldevacaciones.com\/blog\/wp-content\/uploads\/2023\/06\/beach-and-sea-in-levanto-italy-2023-03-17-22-39-39-utc-1-1536x1024.jpg 1536w, https:\/\/www.centraldevacaciones.com\/blog\/wp-content\/uploads\/2023\/06\/beach-and-sea-in-levanto-italy-2023-03-17-22-39-39-utc-1-2048x1365.jpg 2048w\" sizes=\"(max-width: 300px) 100vw, 300px\" \/><\/div>\n\t\t<\/a>\n\t\t\t\t<div class=\"elementor-post__text\">\n\t\t\t\t<h3 class=\"elementor-post__title\">\n\t\t\t<a href=\"https:\/\/www.centraldevacaciones.com\/blog\/las-mejores-playas-de-italia\/\" >\n\t\t\t\tLas mejores playas de Italia\t\t\t<\/a>\n\t\t<\/h3>\n\t\t\t\t<\/div>\n\t\t\t\t<\/article>\n\t\t\t\t<article class=\"elementor-post elementor-grid-item post-129659 post type-post status-publish format-standard has-post-thumbnail hentry category-ideas-escapadas\" role=\"listitem\">\n\t\t\t\t<a class=\"elementor-post__thumbnail__link\" href=\"https:\/\/www.centraldevacaciones.com\/blog\/que-comprar-en-egipto-top-regalos-y-souvenirs\/\" tabindex=\"-1\" >\n\t\t\t<div class=\"elementor-post__thumbnail\"><img loading=\"lazy\" decoding=\"async\" width=\"300\" height=\"99\" src=\"https:\/\/www.centraldevacaciones.com\/blog\/wp-content\/uploads\/2023\/06\/EGIPTO-e1686586007312-300x99.jpg\" class=\"attachment-medium size-medium wp-image-129660\" alt=\"\" srcset=\"https:\/\/www.centraldevacaciones.com\/blog\/wp-content\/uploads\/2023\/06\/EGIPTO-e1686586007312-300x99.jpg 300w, https:\/\/www.centraldevacaciones.com\/blog\/wp-content\/uploads\/2023\/06\/EGIPTO-e1686586007312-1024x338.jpg 1024w, https:\/\/www.centraldevacaciones.com\/blog\/wp-content\/uploads\/2023\/06\/EGIPTO-e1686586007312-768x253.jpg 768w, https:\/\/www.centraldevacaciones.com\/blog\/wp-content\/uploads\/2023\/06\/EGIPTO-e1686586007312-1536x507.jpg 1536w, https:\/\/www.centraldevacaciones.com\/blog\/wp-content\/uploads\/2023\/06\/EGIPTO-e1686586007312.jpg 1800w\" sizes=\"(max-width: 300px) 100vw, 300px\" \/><\/div>\n\t\t<\/a>\n\t\t\t\t<div class=\"elementor-post__text\">\n\t\t\t\t<h3 class=\"elementor-post__title\">\n\t\t\t<a href=\"https:\/\/www.centraldevacaciones.com\/blog\/que-comprar-en-egipto-top-regalos-y-souvenirs\/\" >\n\t\t\t\t\u00bfQu\u00e9 comprar en Egipto? Top Regalos y Souvenirs\t\t\t<\/a>\n\t\t<\/h3>\n\t\t\t\t<\/div>\n\t\t\t\t<\/article>\n\t\t\t\t<article class=\"elementor-post elementor-grid-item post-129565 post type-post status-publish format-standard has-post-thumbnail hentry category-vacaciones\" role=\"listitem\">\n\t\t\t\t<a class=\"elementor-post__thumbnail__link\" href=\"https:\/\/www.centraldevacaciones.com\/blog\/top-20-monumentos-de-roma-que-debes-visitar\/\" tabindex=\"-1\" >\n\t\t\t<div class=\"elementor-post__thumbnail\"><img loading=\"lazy\" decoding=\"async\" width=\"300\" height=\"98\" src=\"https:\/\/www.centraldevacaciones.com\/blog\/wp-content\/uploads\/2023\/06\/roma-1-e1686583808710-300x98.jpg\" class=\"attachment-medium size-medium wp-image-129655\" alt=\"\" srcset=\"https:\/\/www.centraldevacaciones.com\/blog\/wp-content\/uploads\/2023\/06\/roma-1-e1686583808710-300x98.jpg 300w, https:\/\/www.centraldevacaciones.com\/blog\/wp-content\/uploads\/2023\/06\/roma-1-e1686583808710-1024x335.jpg 1024w, https:\/\/www.centraldevacaciones.com\/blog\/wp-content\/uploads\/2023\/06\/roma-1-e1686583808710-768x252.jpg 768w, https:\/\/www.centraldevacaciones.com\/blog\/wp-content\/uploads\/2023\/06\/roma-1-e1686583808710.jpg 1200w\" sizes=\"(max-width: 300px) 100vw, 300px\" \/><\/div>\n\t\t<\/a>\n\t\t\t\t<div class=\"elementor-post__text\">\n\t\t\t\t<h3 class=\"elementor-post__title\">\n\t\t\t<a href=\"https:\/\/www.centraldevacaciones.com\/blog\/top-20-monumentos-de-roma-que-debes-visitar\/\" >\n\t\t\t\tTop 20 monumentos de Roma que debes visitar\t\t\t<\/a>\n\t\t<\/h3>\n\t\t\t\t<\/div>\n\t\t\t\t<\/article>\n\t\t\t\t<article class=\"elementor-post elementor-grid-item post-129548 post type-post status-publish format-standard has-post-thumbnail hentry category-vacaciones category-test-playas category-rutas-por-america category-viajes-por-centroamerica\" role=\"listitem\">\n\t\t\t\t<a class=\"elementor-post__thumbnail__link\" href=\"https:\/\/www.centraldevacaciones.com\/blog\/top-10-playas-de-costa-rica\/\" tabindex=\"-1\" >\n\t\t\t<div class=\"elementor-post__thumbnail\"><img loading=\"lazy\" decoding=\"async\" width=\"300\" height=\"168\" src=\"https:\/\/www.centraldevacaciones.com\/blog\/wp-content\/uploads\/2022\/10\/CR-3-300x168.jpg\" class=\"attachment-medium size-medium wp-image-77782\" alt=\"\" srcset=\"https:\/\/www.centraldevacaciones.com\/blog\/wp-content\/uploads\/2022\/10\/CR-3-300x168.jpg 300w, https:\/\/www.centraldevacaciones.com\/blog\/wp-content\/uploads\/2022\/10\/CR-3.jpg 612w\" sizes=\"(max-width: 300px) 100vw, 300px\" \/><\/div>\n\t\t<\/a>\n\t\t\t\t<div class=\"elementor-post__text\">\n\t\t\t\t<h3 class=\"elementor-post__title\">\n\t\t\t<a href=\"https:\/\/www.centraldevacaciones.com\/blog\/top-10-playas-de-costa-rica\/\" >\n\t\t\t\tTop 10 playas de Costa Rica\t\t\t<\/a>\n\t\t<\/h3>\n\t\t\t\t<\/div>\n\t\t\t\t<\/article>\n\t\t\t\t<article class=\"elementor-post elementor-grid-item post-129534 post type-post status-publish format-standard has-post-thumbnail hentry category-vacaciones category-riviera-maya\" role=\"listitem\">\n\t\t\t\t<a class=\"elementor-post__thumbnail__link\" href=\"https:\/\/www.centraldevacaciones.com\/blog\/razones-para-visitar-madeira-este-ano\/\" tabindex=\"-1\" >\n\t\t\t<div class=\"elementor-post__thumbnail\"><img loading=\"lazy\" decoding=\"async\" width=\"300\" height=\"104\" src=\"https:\/\/www.centraldevacaciones.com\/blog\/wp-content\/uploads\/2023\/06\/1366_2000-e1686583397187-300x104.jpeg\" class=\"attachment-medium size-medium wp-image-129652\" alt=\"\" srcset=\"https:\/\/www.centraldevacaciones.com\/blog\/wp-content\/uploads\/2023\/06\/1366_2000-e1686583397187-300x104.jpeg 300w, https:\/\/www.centraldevacaciones.com\/blog\/wp-content\/uploads\/2023\/06\/1366_2000-e1686583397187-1024x355.jpeg 1024w, https:\/\/www.centraldevacaciones.com\/blog\/wp-content\/uploads\/2023\/06\/1366_2000-e1686583397187-768x266.jpeg 768w, https:\/\/www.centraldevacaciones.com\/blog\/wp-content\/uploads\/2023\/06\/1366_2000-e1686583397187.jpeg 1366w\" sizes=\"(max-width: 300px) 100vw, 300px\" \/><\/div>\n\t\t<\/a>\n\t\t\t\t<div class=\"elementor-post__text\">\n\t\t\t\t<h3 class=\"elementor-post__title\">\n\t\t\t<a href=\"https:\/\/www.centraldevacaciones.com\/blog\/razones-para-visitar-madeira-este-ano\/\" >\n\t\t\t\tRazones para visitar Madeira este a\u00f1o\t\t\t<\/a>\n\t\t<\/h3>\n\t\t\t\t<\/div>\n\t\t\t\t<\/article>\n\t\t\t\t<article class=\"elementor-post elementor-grid-item post-129524 post type-post status-publish format-standard has-post-thumbnail hentry category-vacaciones category-ideas-escapadas\" role=\"listitem\">\n\t\t\t\t<a class=\"elementor-post__thumbnail__link\" href=\"https:\/\/www.centraldevacaciones.com\/blog\/todo-lo-que-debes-saber-sobre-el-puente-dorado-de-vietnam-el-puente-de-las-manos\/\" tabindex=\"-1\" >\n\t\t\t<div class=\"elementor-post__thumbnail\"><img loading=\"lazy\" decoding=\"async\" width=\"300\" height=\"128\" src=\"https:\/\/www.centraldevacaciones.com\/blog\/wp-content\/uploads\/2023\/06\/puente-e1686582668252-300x128.jpg\" class=\"attachment-medium size-medium wp-image-129646\" alt=\"\" srcset=\"https:\/\/www.centraldevacaciones.com\/blog\/wp-content\/uploads\/2023\/06\/puente-e1686582668252-300x128.jpg 300w, https:\/\/www.centraldevacaciones.com\/blog\/wp-content\/uploads\/2023\/06\/puente-e1686582668252.jpg 600w\" sizes=\"(max-width: 300px) 100vw, 300px\" \/><\/div>\n\t\t<\/a>\n\t\t\t\t<div class=\"elementor-post__text\">\n\t\t\t\t<h3 class=\"elementor-post__title\">\n\t\t\t<a href=\"https:\/\/www.centraldevacaciones.com\/blog\/todo-lo-que-debes-saber-sobre-el-puente-dorado-de-vietnam-el-puente-de-las-manos\/\" >\n\t\t\t\tTodo lo que debes saber sobre el puente dorado de Vietnam: El Puente de las Manos.\t\t\t<\/a>\n\t\t<\/h3>\n\t\t\t\t<\/div>\n\t\t\t\t<\/article>\n\t\t\t\t<article class=\"elementor-post elementor-grid-item post-129467 post type-post status-publish format-standard has-post-thumbnail hentry category-caribe category-islas-paradisiacas category-test-playas category-republica-dominicana category-riviera-maya\" role=\"listitem\">\n\t\t\t\t<a class=\"elementor-post__thumbnail__link\" href=\"https:\/\/www.centraldevacaciones.com\/blog\/riviera-maya-o-punta-cana-cual-es-mejor\/\" tabindex=\"-1\" >\n\t\t\t<div class=\"elementor-post__thumbnail\"><img loading=\"lazy\" decoding=\"async\" width=\"300\" height=\"144\" src=\"https:\/\/www.centraldevacaciones.com\/blog\/wp-content\/uploads\/2023\/05\/riviera-maya-o-punta-cana-300x144.jpg\" class=\"attachment-medium size-medium wp-image-129642\" alt=\"\" srcset=\"https:\/\/www.centraldevacaciones.com\/blog\/wp-content\/uploads\/2023\/05\/riviera-maya-o-punta-cana-300x144.jpg 300w, https:\/\/www.centraldevacaciones.com\/blog\/wp-content\/uploads\/2023\/05\/riviera-maya-o-punta-cana-1024x491.jpg 1024w, https:\/\/www.centraldevacaciones.com\/blog\/wp-content\/uploads\/2023\/05\/riviera-maya-o-punta-cana-768x368.jpg 768w, https:\/\/www.centraldevacaciones.com\/blog\/wp-content\/uploads\/2023\/05\/riviera-maya-o-punta-cana-1536x736.jpg 1536w, https:\/\/www.centraldevacaciones.com\/blog\/wp-content\/uploads\/2023\/05\/riviera-maya-o-punta-cana.jpg 1920w\" sizes=\"(max-width: 300px) 100vw, 300px\" \/><\/div>\n\t\t<\/a>\n\t\t\t\t<div class=\"elementor-post__text\">\n\t\t\t\t<h3 class=\"elementor-post__title\">\n\t\t\t<a href=\"https:\/\/www.centraldevacaciones.com\/blog\/riviera-maya-o-punta-cana-cual-es-mejor\/\" >\n\t\t\t\tRiviera Maya o Punta Cana \u00bfCu\u00e1l es mejor?\t\t\t<\/a>\n\t\t<\/h3>\n\t\t\t\t<\/div>\n\t\t\t\t<\/article>\n\t\t\t\t<article class=\"elementor-post elementor-grid-item post-129451 post type-post status-publish format-standard has-post-thumbnail hentry category-vacaciones\" role=\"listitem\">\n\t\t\t\t<a class=\"elementor-post__thumbnail__link\" href=\"https:\/\/www.centraldevacaciones.com\/blog\/donde-se-encuentra-la-mejor-gastronomia-del-mundo\/\" tabindex=\"-1\" >\n\t\t\t<div class=\"elementor-post__thumbnail\"><img loading=\"lazy\" decoding=\"async\" width=\"300\" height=\"154\" src=\"https:\/\/www.centraldevacaciones.com\/blog\/wp-content\/uploads\/2023\/05\/gastro-300x154.png\" class=\"attachment-medium size-medium wp-image-129658\" alt=\"\" srcset=\"https:\/\/www.centraldevacaciones.com\/blog\/wp-content\/uploads\/2023\/05\/gastro-300x154.png 300w, https:\/\/www.centraldevacaciones.com\/blog\/wp-content\/uploads\/2023\/05\/gastro-768x394.png 768w, https:\/\/www.centraldevacaciones.com\/blog\/wp-content\/uploads\/2023\/05\/gastro.png 800w\" sizes=\"(max-width: 300px) 100vw, 300px\" \/><\/div>\n\t\t<\/a>\n\t\t\t\t<div class=\"elementor-post__text\">\n\t\t\t\t<h3 class=\"elementor-post__title\">\n\t\t\t<a href=\"https:\/\/www.centraldevacaciones.com\/blog\/donde-se-encuentra-la-mejor-gastronomia-del-mundo\/\" >\n\t\t\t\t\u00bfD\u00f3nde se encuentra la mejor gastronom\u00eda del mundo?\t\t\t<\/a>\n\t\t<\/h3>\n\t\t\t\t<\/div>\n\t\t\t\t<\/article>\n\t\t\t\t<article class=\"elementor-post elementor-grid-item post-101065 post type-post status-publish format-standard has-post-thumbnail hentry category-test-playas category-espana category-europa\" role=\"listitem\">\n\t\t\t\t<a class=\"elementor-post__thumbnail__link\" href=\"https:\/\/www.centraldevacaciones.com\/blog\/las-mejores-playas-de-lanzarote\/\" tabindex=\"-1\" >\n\t\t\t<div class=\"elementor-post__thumbnail\"><img loading=\"lazy\" decoding=\"async\" width=\"300\" height=\"173\" src=\"https:\/\/www.centraldevacaciones.com\/blog\/wp-content\/uploads\/2026\/03\/sandy-beach-playa-el-barranquillo-beach-in-puerto-2022-11-10-01-51-41-utc-1-300x173.jpg\" class=\"attachment-medium size-medium wp-image-129097\" alt=\"\" srcset=\"https:\/\/www.centraldevacaciones.com\/blog\/wp-content\/uploads\/2026\/03\/sandy-beach-playa-el-barranquillo-beach-in-puerto-2022-11-10-01-51-41-utc-1-300x173.jpg 300w, https:\/\/www.centraldevacaciones.com\/blog\/wp-content\/uploads\/2026\/03\/sandy-beach-playa-el-barranquillo-beach-in-puerto-2022-11-10-01-51-41-utc-1-1024x590.jpg 1024w, https:\/\/www.centraldevacaciones.com\/blog\/wp-content\/uploads\/2026\/03\/sandy-beach-playa-el-barranquillo-beach-in-puerto-2022-11-10-01-51-41-utc-1-768x443.jpg 768w, https:\/\/www.centraldevacaciones.com\/blog\/wp-content\/uploads\/2026\/03\/sandy-beach-playa-el-barranquillo-beach-in-puerto-2022-11-10-01-51-41-utc-1-1536x885.jpg 1536w, https:\/\/www.centraldevacaciones.com\/blog\/wp-content\/uploads\/2026\/03\/sandy-beach-playa-el-barranquillo-beach-in-puerto-2022-11-10-01-51-41-utc-1-2048x1180.jpg 2048w\" sizes=\"(max-width: 300px) 100vw, 300px\" \/><\/div>\n\t\t<\/a>\n\t\t\t\t<div class=\"elementor-post__text\">\n\t\t\t\t<h3 class=\"elementor-post__title\">\n\t\t\t<a href=\"https:\/\/www.centraldevacaciones.com\/blog\/las-mejores-playas-de-lanzarote\/\" >\n\t\t\t\tLas mejores playas de Lanzarote\t\t\t<\/a>\n\t\t<\/h3>\n\t\t\t\t<\/div>\n\t\t\t\t<\/article>\n\t\t\t\t<article class=\"elementor-post elementor-grid-item post-128826 post type-post status-publish format-standard has-post-thumbnail hentry category-test-playas category-espana tag-tenerife\" role=\"listitem\">\n\t\t\t\t<a class=\"elementor-post__thumbnail__link\" href=\"https:\/\/www.centraldevacaciones.com\/blog\/las-mejores-playas-de-tenerife\/\" tabindex=\"-1\" >\n\t\t\t<div class=\"elementor-post__thumbnail\"><img loading=\"lazy\" decoding=\"async\" width=\"300\" height=\"197\" src=\"https:\/\/www.centraldevacaciones.com\/blog\/wp-content\/uploads\/2021\/11\/Riviera-Maya-desde-arriba-300x197.jpg\" class=\"attachment-medium size-medium wp-image-20636\" alt=\"Oferta Riviera Maya en Caribe Increible: Riviera Maya desde arriba\" srcset=\"https:\/\/www.centraldevacaciones.com\/blog\/wp-content\/uploads\/2021\/11\/Riviera-Maya-desde-arriba-300x197.jpg 300w, https:\/\/www.centraldevacaciones.com\/blog\/wp-content\/uploads\/2021\/11\/Riviera-Maya-desde-arriba.jpg 700w\" sizes=\"(max-width: 300px) 100vw, 300px\" \/><\/div>\n\t\t<\/a>\n\t\t\t\t<div class=\"elementor-post__text\">\n\t\t\t\t<h3 class=\"elementor-post__title\">\n\t\t\t<a href=\"https:\/\/www.centraldevacaciones.com\/blog\/las-mejores-playas-de-tenerife\/\" >\n\t\t\t\tLas mejores playas de Tenerife\t\t\t<\/a>\n\t\t<\/h3>\n\t\t\t\t<\/div>\n\t\t\t\t<\/article>\n\t\t\t\t<article class=\"elementor-post elementor-grid-item post-117299 post type-post status-publish format-standard has-post-thumbnail hentry category-test-playas category-caribe category-mexico tag-riviera-maya\" role=\"listitem\">\n\t\t\t\t<a class=\"elementor-post__thumbnail__link\" href=\"https:\/\/www.centraldevacaciones.com\/blog\/mejores-playas-riviera-maya\/\" tabindex=\"-1\" >\n\t\t\t<div class=\"elementor-post__thumbnail\"><img loading=\"lazy\" decoding=\"async\" width=\"300\" height=\"197\" src=\"https:\/\/www.centraldevacaciones.com\/blog\/wp-content\/uploads\/2021\/11\/Riviera-Maya-desde-arriba-300x197.jpg\" class=\"attachment-medium size-medium wp-image-20636\" alt=\"Oferta Riviera Maya en Caribe Increible: Riviera Maya desde arriba\" srcset=\"https:\/\/www.centraldevacaciones.com\/blog\/wp-content\/uploads\/2021\/11\/Riviera-Maya-desde-arriba-300x197.jpg 300w, https:\/\/www.centraldevacaciones.com\/blog\/wp-content\/uploads\/2021\/11\/Riviera-Maya-desde-arriba.jpg 700w\" sizes=\"(max-width: 300px) 100vw, 300px\" \/><\/div>\n\t\t<\/a>\n\t\t\t\t<div class=\"elementor-post__text\">\n\t\t\t\t<h3 class=\"elementor-post__title\">\n\t\t\t<a href=\"https:\/\/www.centraldevacaciones.com\/blog\/mejores-playas-riviera-maya\/\" >\n\t\t\t\tLas mejores playas de Riviera Maya\t\t\t<\/a>\n\t\t<\/h3>\n\t\t\t\t<\/div>\n\t\t\t\t<\/article>\n\t\t\t\t<article class=\"elementor-post elementor-grid-item post-103709 post type-post status-publish format-standard has-post-thumbnail hentry category-test-playas category-caribe category-mexico tag-cancun\" role=\"listitem\">\n\t\t\t\t<a class=\"elementor-post__thumbnail__link\" href=\"https:\/\/www.centraldevacaciones.com\/blog\/mejores-playas-cancun\/\" tabindex=\"-1\" >\n\t\t\t<div class=\"elementor-post__thumbnail\"><img loading=\"lazy\" decoding=\"async\" width=\"300\" height=\"195\" src=\"https:\/\/www.centraldevacaciones.com\/blog\/wp-content\/uploads\/2022\/01\/vista-panoramica-de-la-300x195.jpg\" class=\"attachment-medium size-medium wp-image-22201\" alt=\"Hotel Krystal Grand Canc\u00fan\" srcset=\"https:\/\/www.centraldevacaciones.com\/blog\/wp-content\/uploads\/2022\/01\/vista-panoramica-de-la-300x195.jpg 300w, https:\/\/www.centraldevacaciones.com\/blog\/wp-content\/uploads\/2022\/01\/vista-panoramica-de-la-768x498.jpg 768w, https:\/\/www.centraldevacaciones.com\/blog\/wp-content\/uploads\/2022\/01\/vista-panoramica-de-la.jpg 900w\" sizes=\"(max-width: 300px) 100vw, 300px\" \/><\/div>\n\t\t<\/a>\n\t\t\t\t<div class=\"elementor-post__text\">\n\t\t\t\t<h3 class=\"elementor-post__title\">\n\t\t\t<a href=\"https:\/\/www.centraldevacaciones.com\/blog\/mejores-playas-cancun\/\" >\n\t\t\t\tLas mejores playas de Canc\u00fan\t\t\t<\/a>\n\t\t<\/h3>\n\t\t\t\t<\/div>\n\t\t\t\t<\/article>\n\t\t\t\t<article class=\"elementor-post elementor-grid-item post-89659 post type-post status-publish format-standard has-post-thumbnail hentry category-test-playas category-caribe category-republica-dominicana tag-punta-cana\" role=\"listitem\">\n\t\t\t\t<a class=\"elementor-post__thumbnail__link\" href=\"https:\/\/www.centraldevacaciones.com\/blog\/mejores-playas-punta-cana\/\" tabindex=\"-1\" >\n\t\t\t<div class=\"elementor-post__thumbnail\"><img loading=\"lazy\" decoding=\"async\" width=\"300\" height=\"225\" src=\"https:\/\/www.centraldevacaciones.com\/blog\/wp-content\/uploads\/2022\/01\/rodrigo-castro-ehb9m0cbdaA-unsplash-300x225.jpg\" class=\"attachment-medium size-medium wp-image-22402\" alt=\"Ofertas viajes a Punta Cana\" srcset=\"https:\/\/www.centraldevacaciones.com\/blog\/wp-content\/uploads\/2022\/01\/rodrigo-castro-ehb9m0cbdaA-unsplash-300x225.jpg 300w, https:\/\/www.centraldevacaciones.com\/blog\/wp-content\/uploads\/2022\/01\/rodrigo-castro-ehb9m0cbdaA-unsplash-1024x768.jpg 1024w, https:\/\/www.centraldevacaciones.com\/blog\/wp-content\/uploads\/2022\/01\/rodrigo-castro-ehb9m0cbdaA-unsplash-768x576.jpg 768w, https:\/\/www.centraldevacaciones.com\/blog\/wp-content\/uploads\/2022\/01\/rodrigo-castro-ehb9m0cbdaA-unsplash-1536x1152.jpg 1536w, https:\/\/www.centraldevacaciones.com\/blog\/wp-content\/uploads\/2022\/01\/rodrigo-castro-ehb9m0cbdaA-unsplash-2048x1536.jpg 2048w\" sizes=\"(max-width: 300px) 100vw, 300px\" \/><\/div>\n\t\t<\/a>\n\t\t\t\t<div class=\"elementor-post__text\">\n\t\t\t\t<h3 class=\"elementor-post__title\">\n\t\t\t<a href=\"https:\/\/www.centraldevacaciones.com\/blog\/mejores-playas-punta-cana\/\" >\n\t\t\t\tLas mejores playas de Punta Cana\t\t\t<\/a>\n\t\t<\/h3>\n\t\t\t\t<\/div>\n\t\t\t\t<\/article>\n\t\t\t\t<article class=\"elementor-post elementor-grid-item post-24543 post type-post status-publish format-standard has-post-thumbnail hentry category-ideas-viajes-verano category-espana category-europa category-ideas-escapadas category-ideas-viajes-invierno category-vacaciones category-viajes category-viajes-por-europa category-viajes-por-norte-america tag-escapada-de-fin-de-semana-con-ninos tag-escapadas-de-fin-de-semana tag-escapadas-por-espana tag-vacaciones-con-ninos\" role=\"listitem\">\n\t\t\t\t<a class=\"elementor-post__thumbnail__link\" href=\"https:\/\/www.centraldevacaciones.com\/blog\/los-mejores-parques-de-atracciones-del-mundo\/\" tabindex=\"-1\" >\n\t\t\t<div class=\"elementor-post__thumbnail\"><img loading=\"lazy\" decoding=\"async\" width=\"300\" height=\"200\" src=\"https:\/\/www.centraldevacaciones.com\/blog\/wp-content\/uploads\/2022\/04\/oneisha-lee-tQdNXd-6xao-unsplash-300x200.jpg\" class=\"attachment-medium size-medium wp-image-24544\" alt=\"\" srcset=\"https:\/\/www.centraldevacaciones.com\/blog\/wp-content\/uploads\/2022\/04\/oneisha-lee-tQdNXd-6xao-unsplash-300x200.jpg 300w, https:\/\/www.centraldevacaciones.com\/blog\/wp-content\/uploads\/2022\/04\/oneisha-lee-tQdNXd-6xao-unsplash-1024x683.jpg 1024w, https:\/\/www.centraldevacaciones.com\/blog\/wp-content\/uploads\/2022\/04\/oneisha-lee-tQdNXd-6xao-unsplash-768x512.jpg 768w, https:\/\/www.centraldevacaciones.com\/blog\/wp-content\/uploads\/2022\/04\/oneisha-lee-tQdNXd-6xao-unsplash-1536x1024.jpg 1536w, https:\/\/www.centraldevacaciones.com\/blog\/wp-content\/uploads\/2022\/04\/oneisha-lee-tQdNXd-6xao-unsplash-2048x1365.jpg 2048w\" sizes=\"(max-width: 300px) 100vw, 300px\" \/><\/div>\n\t\t<\/a>\n\t\t\t\t<div class=\"elementor-post__text\">\n\t\t\t\t<h3 class=\"elementor-post__title\">\n\t\t\t<a href=\"https:\/\/www.centraldevacaciones.com\/blog\/los-mejores-parques-de-atracciones-del-mundo\/\" >\n\t\t\t\tLos mejores parques de atracciones del mundo\t\t\t<\/a>\n\t\t<\/h3>\n\t\t\t\t<\/div>\n\t\t\t\t<\/article>\n\t\t\t\t<article class=\"elementor-post elementor-grid-item post-11218 post type-post status-publish format-standard has-post-thumbnail hentry category-europa category-hoteles-2 tag-gran-bretana tag-hoteles tag-londres tag-museos tag-paquetes-de-vacaciones tag-reino-unido\" role=\"listitem\">\n\t\t\t\t<a class=\"elementor-post__thumbnail__link\" href=\"https:\/\/www.centraldevacaciones.com\/blog\/londres-en-verano\/\" tabindex=\"-1\" >\n\t\t\t<div class=\"elementor-post__thumbnail\"><img loading=\"lazy\" decoding=\"async\" width=\"300\" height=\"170\" src=\"https:\/\/www.centraldevacaciones.com\/blog\/wp-content\/uploads\/2021\/07\/puente-torre-londres-1-300x170.jpg\" class=\"attachment-medium size-medium wp-image-13229\" alt=\"\" srcset=\"https:\/\/www.centraldevacaciones.com\/blog\/wp-content\/uploads\/2021\/07\/puente-torre-londres-1-300x170.jpg 300w, https:\/\/www.centraldevacaciones.com\/blog\/wp-content\/uploads\/2021\/07\/puente-torre-londres-1-1024x579.jpg 1024w, https:\/\/www.centraldevacaciones.com\/blog\/wp-content\/uploads\/2021\/07\/puente-torre-londres-1-768x434.jpg 768w, https:\/\/www.centraldevacaciones.com\/blog\/wp-content\/uploads\/2021\/07\/puente-torre-londres-1-1536x869.jpg 1536w, https:\/\/www.centraldevacaciones.com\/blog\/wp-content\/uploads\/2021\/07\/puente-torre-londres-1.jpg 1600w\" sizes=\"(max-width: 300px) 100vw, 300px\" \/><\/div>\n\t\t<\/a>\n\t\t\t\t<div class=\"elementor-post__text\">\n\t\t\t\t<h3 class=\"elementor-post__title\">\n\t\t\t<a href=\"https:\/\/www.centraldevacaciones.com\/blog\/londres-en-verano\/\" >\n\t\t\t\tLondres en verano\t\t\t<\/a>\n\t\t<\/h3>\n\t\t\t\t<\/div>\n\t\t\t\t<\/article>\n\t\t\t\t<article class=\"elementor-post elementor-grid-item post-10346 post type-post status-publish format-standard has-post-thumbnail hentry category-caribe category-enlaces-utiles-viajes-turismo category-republica-dominicana\" role=\"listitem\">\n\t\t\t\t<a class=\"elementor-post__thumbnail__link\" href=\"https:\/\/www.centraldevacaciones.com\/blog\/viajar-al-caribe-en-tiempos-de-covid\/\" tabindex=\"-1\" >\n\t\t\t<div class=\"elementor-post__thumbnail\"><img loading=\"lazy\" decoding=\"async\" width=\"300\" height=\"200\" src=\"https:\/\/www.centraldevacaciones.com\/blog\/wp-content\/uploads\/2021\/03\/globe-5116641_1920-300x200.jpg\" class=\"attachment-medium size-medium wp-image-10251\" alt=\"\" srcset=\"https:\/\/www.centraldevacaciones.com\/blog\/wp-content\/uploads\/2021\/03\/globe-5116641_1920-300x200.jpg 300w, https:\/\/www.centraldevacaciones.com\/blog\/wp-content\/uploads\/2021\/03\/globe-5116641_1920-768x511.jpg 768w, https:\/\/www.centraldevacaciones.com\/blog\/wp-content\/uploads\/2021\/03\/globe-5116641_1920-1024x681.jpg 1024w, https:\/\/www.centraldevacaciones.com\/blog\/wp-content\/uploads\/2021\/03\/globe-5116641_1920.jpg 1920w\" sizes=\"(max-width: 300px) 100vw, 300px\" \/><\/div>\n\t\t<\/a>\n\t\t\t\t<div class=\"elementor-post__text\">\n\t\t\t\t<h3 class=\"elementor-post__title\">\n\t\t\t<a href=\"https:\/\/www.centraldevacaciones.com\/blog\/viajar-al-caribe-en-tiempos-de-covid\/\" >\n\t\t\t\t\u00bfPuedo Viajar al Caribe ahora?\t\t\t<\/a>\n\t\t<\/h3>\n\t\t\t\t<\/div>\n\t\t\t\t<\/article>\n\t\t\t\t<article class=\"elementor-post elementor-grid-item post-10237 post type-post status-publish format-standard has-post-thumbnail hentry category-enlaces-utiles-viajes-turismo category-caribe\" role=\"listitem\">\n\t\t\t\t<a class=\"elementor-post__thumbnail__link\" href=\"https:\/\/www.centraldevacaciones.com\/blog\/viajar-seguro-test-pcr\/\" tabindex=\"-1\" >\n\t\t\t<div class=\"elementor-post__thumbnail\"><img loading=\"lazy\" decoding=\"async\" width=\"300\" height=\"200\" src=\"https:\/\/www.centraldevacaciones.com\/blog\/wp-content\/uploads\/2021\/02\/laboratory-3827738_1920-300x200.jpg\" class=\"attachment-medium size-medium wp-image-10241\" alt=\"\" srcset=\"https:\/\/www.centraldevacaciones.com\/blog\/wp-content\/uploads\/2021\/02\/laboratory-3827738_1920-300x200.jpg 300w, https:\/\/www.centraldevacaciones.com\/blog\/wp-content\/uploads\/2021\/02\/laboratory-3827738_1920-768x512.jpg 768w, https:\/\/www.centraldevacaciones.com\/blog\/wp-content\/uploads\/2021\/02\/laboratory-3827738_1920-1024x683.jpg 1024w, https:\/\/www.centraldevacaciones.com\/blog\/wp-content\/uploads\/2021\/02\/laboratory-3827738_1920.jpg 1920w\" sizes=\"(max-width: 300px) 100vw, 300px\" \/><\/div>\n\t\t<\/a>\n\t\t\t\t<div class=\"elementor-post__text\">\n\t\t\t\t<h3 class=\"elementor-post__title\">\n\t\t\t<a href=\"https:\/\/www.centraldevacaciones.com\/blog\/viajar-seguro-test-pcr\/\" >\n\t\t\t\tSolicita tu prueba Covid19. PCR por 98\u20ac\t\t\t<\/a>\n\t\t<\/h3>\n\t\t\t\t<\/div>\n\t\t\t\t<\/article>\n\t\t\t\t<article class=\"elementor-post elementor-grid-item post-9056 post type-post status-publish format-standard has-post-thumbnail hentry category-ideas-escapadas category-espana category-ideas-viajes-invierno category-ideas-viajes-low-cost category-rutas-por-espana category-vacaciones category-viajes tag-chollos-en-viajes tag-escapadas-por-espana tag-viajes-baratos\" role=\"listitem\">\n\t\t\t\t<a class=\"elementor-post__thumbnail__link\" href=\"https:\/\/www.centraldevacaciones.com\/blog\/los-mejores-sitios-para-visitar-en-otono-en-espana\/\" tabindex=\"-1\" >\n\t\t\t<div class=\"elementor-post__thumbnail\"><img loading=\"lazy\" decoding=\"async\" width=\"300\" height=\"200\" src=\"https:\/\/www.centraldevacaciones.com\/blog\/wp-content\/uploads\/2020\/10\/ordesa-4953750_1920-300x200.jpg\" class=\"attachment-medium size-medium wp-image-9058\" alt=\"DESTINOS OTO\u00d1O EN ESPA\u00d1A - Ordesa y Monte Perdido\" srcset=\"https:\/\/www.centraldevacaciones.com\/blog\/wp-content\/uploads\/2020\/10\/ordesa-4953750_1920-300x200.jpg 300w, https:\/\/www.centraldevacaciones.com\/blog\/wp-content\/uploads\/2020\/10\/ordesa-4953750_1920-768x512.jpg 768w, https:\/\/www.centraldevacaciones.com\/blog\/wp-content\/uploads\/2020\/10\/ordesa-4953750_1920-1024x683.jpg 1024w, https:\/\/www.centraldevacaciones.com\/blog\/wp-content\/uploads\/2020\/10\/ordesa-4953750_1920.jpg 1920w\" sizes=\"(max-width: 300px) 100vw, 300px\" \/><\/div>\n\t\t<\/a>\n\t\t\t\t<div class=\"elementor-post__text\">\n\t\t\t\t<h3 class=\"elementor-post__title\">\n\t\t\t<a href=\"https:\/\/www.centraldevacaciones.com\/blog\/los-mejores-sitios-para-visitar-en-otono-en-espana\/\" >\n\t\t\t\tLos mejores sitios para visitar en oto\u00f1o en Espa\u00f1a\t\t\t<\/a>\n\t\t<\/h3>\n\t\t\t\t<\/div>\n\t\t\t\t<\/article>\n\t\t\t\t<article class=\"elementor-post elementor-grid-item post-8257 post type-post status-publish format-standard has-post-thumbnail hentry category-vacaciones category-espana category-ideas-escapadas category-ideas-viajes-invierno category-ideas-viajes-verano category-ideas-viajes-low-cost category-islas-paradisiacas category-rutas-por-espana category-viajes tag-canarias tag-islas-canarias tag-ofertas-de-viajes-a-canarias tag-ofertas-de-viajes-a-gran-canaria tag-viajes-baratos tag-vuelo-y-hotel-a-canarias\" role=\"listitem\">\n\t\t\t\t<a class=\"elementor-post__thumbnail__link\" href=\"https:\/\/www.centraldevacaciones.com\/blog\/cual-es-la-mejor-isla-de-canarias-para-viajar\/\" tabindex=\"-1\" >\n\t\t\t<div class=\"elementor-post__thumbnail\"><img loading=\"lazy\" decoding=\"async\" width=\"300\" height=\"200\" src=\"https:\/\/www.centraldevacaciones.com\/blog\/wp-content\/uploads\/2020\/09\/landscape-2615244_1920-300x200.jpg\" class=\"attachment-medium size-medium wp-image-8263\" alt=\"Las mejores islas de Canarias- La Gomera\" srcset=\"https:\/\/www.centraldevacaciones.com\/blog\/wp-content\/uploads\/2020\/09\/landscape-2615244_1920-300x200.jpg 300w, https:\/\/www.centraldevacaciones.com\/blog\/wp-content\/uploads\/2020\/09\/landscape-2615244_1920-768x511.jpg 768w, https:\/\/www.centraldevacaciones.com\/blog\/wp-content\/uploads\/2020\/09\/landscape-2615244_1920-1024x681.jpg 1024w, https:\/\/www.centraldevacaciones.com\/blog\/wp-content\/uploads\/2020\/09\/landscape-2615244_1920.jpg 1920w\" sizes=\"(max-width: 300px) 100vw, 300px\" \/><\/div>\n\t\t<\/a>\n\t\t\t\t<div class=\"elementor-post__text\">\n\t\t\t\t<h3 class=\"elementor-post__title\">\n\t\t\t<a href=\"https:\/\/www.centraldevacaciones.com\/blog\/cual-es-la-mejor-isla-de-canarias-para-viajar\/\" >\n\t\t\t\t\u00bfCu\u00e1l es la mejor isla de Canarias para viajar?\t\t\t<\/a>\n\t\t<\/h3>\n\t\t\t\t<\/div>\n\t\t\t\t<\/article>\n\t\t\t\t<article class=\"elementor-post elementor-grid-item post-8206 post type-post status-publish format-standard has-post-thumbnail hentry category-hoteles-2 tag-mejor-precio-garantizado tag-mejoramos-tu-mejor-precio tag-mejoramos-tu-precio-de-hotel tag-mejoramos-tu-precio-de-hotel-en-la-playa tag-mejoramos-tu-precio-de-playa tag-mejoramos-tu-presupuesto\" role=\"listitem\">\n\t\t\t\t<a class=\"elementor-post__thumbnail__link\" href=\"https:\/\/www.centraldevacaciones.com\/blog\/si-encuentras-un-hotel-mas-barato-te-lo-mejoramos\/\" tabindex=\"-1\" >\n\t\t\t<div class=\"elementor-post__thumbnail\"><img loading=\"lazy\" decoding=\"async\" width=\"300\" height=\"77\" src=\"https:\/\/www.centraldevacaciones.com\/blog\/wp-content\/uploads\/2020\/08\/Imagen-blog-mejoramos-precio-hotel-300x77.gif\" class=\"attachment-medium size-medium wp-image-8208\" alt=\"\" srcset=\"https:\/\/www.centraldevacaciones.com\/blog\/wp-content\/uploads\/2020\/08\/Imagen-blog-mejoramos-precio-hotel-300x77.gif 300w, https:\/\/www.centraldevacaciones.com\/blog\/wp-content\/uploads\/2020\/08\/Imagen-blog-mejoramos-precio-hotel-768x197.gif 768w, https:\/\/www.centraldevacaciones.com\/blog\/wp-content\/uploads\/2020\/08\/Imagen-blog-mejoramos-precio-hotel-1024x263.gif 1024w\" sizes=\"(max-width: 300px) 100vw, 300px\" \/><\/div>\n\t\t<\/a>\n\t\t\t\t<div class=\"elementor-post__text\">\n\t\t\t\t<h3 class=\"elementor-post__title\">\n\t\t\t<a href=\"https:\/\/www.centraldevacaciones.com\/blog\/si-encuentras-un-hotel-mas-barato-te-lo-mejoramos\/\" >\n\t\t\t\tSi encuentras un Hotel m\u00e1s Barato, \u00a1Te lo Mejoramos*!\t\t\t<\/a>\n\t\t<\/h3>\n\t\t\t\t<\/div>\n\t\t\t\t<\/article>\n\t\t\t\t<article class=\"elementor-post elementor-grid-item post-8177 post type-post status-publish format-standard has-post-thumbnail hentry category-vacaciones category-espana category-europa category-ideas-escapadas category-ideas-viajes-low-cost category-rutas-por-europa category-viajes category-viajes-por-europa tag-viajar-barato-a-europa tag-viajes-baratos\" role=\"listitem\">\n\t\t\t\t<a class=\"elementor-post__thumbnail__link\" href=\"https:\/\/www.centraldevacaciones.com\/blog\/mar-y-montana-este-verano-10-destinos-nacionales-que-lo-tienen-todo\/\" tabindex=\"-1\" >\n\t\t\t<div class=\"elementor-post__thumbnail\"><img loading=\"lazy\" decoding=\"async\" width=\"300\" height=\"200\" src=\"https:\/\/www.centraldevacaciones.com\/blog\/wp-content\/uploads\/2020\/08\/PORTADA-300x200.jpg\" class=\"attachment-medium size-medium wp-image-8189\" alt=\"\" srcset=\"https:\/\/www.centraldevacaciones.com\/blog\/wp-content\/uploads\/2020\/08\/PORTADA-300x200.jpg 300w, https:\/\/www.centraldevacaciones.com\/blog\/wp-content\/uploads\/2020\/08\/PORTADA-768x512.jpg 768w, https:\/\/www.centraldevacaciones.com\/blog\/wp-content\/uploads\/2020\/08\/PORTADA-1024x683.jpg 1024w, https:\/\/www.centraldevacaciones.com\/blog\/wp-content\/uploads\/2020\/08\/PORTADA.jpg 1920w\" sizes=\"(max-width: 300px) 100vw, 300px\" \/><\/div>\n\t\t<\/a>\n\t\t\t\t<div class=\"elementor-post__text\">\n\t\t\t\t<h3 class=\"elementor-post__title\">\n\t\t\t<a href=\"https:\/\/www.centraldevacaciones.com\/blog\/mar-y-montana-este-verano-10-destinos-nacionales-que-lo-tienen-todo\/\" >\n\t\t\t\tMar y monta\u00f1a este verano: 10 destinos nacionales que lo tienen todo\t\t\t<\/a>\n\t\t<\/h3>\n\t\t\t\t<\/div>\n\t\t\t\t<\/article>\n\t\t\t\t<article class=\"elementor-post elementor-grid-item post-7877 post type-post status-publish format-standard has-post-thumbnail hentry category-ideas-escapadas tag-viajar-barato-a-europa tag-viajes-baratos\" role=\"listitem\">\n\t\t\t\t<a class=\"elementor-post__thumbnail__link\" href=\"https:\/\/www.centraldevacaciones.com\/blog\/las-mejores-ciudades-europeas-para-viajar-con-ninos\/\" tabindex=\"-1\" >\n\t\t\t<div class=\"elementor-post__thumbnail\"><img loading=\"lazy\" decoding=\"async\" width=\"300\" height=\"193\" src=\"https:\/\/www.centraldevacaciones.com\/blog\/wp-content\/uploads\/2020\/07\/11_Rovaniemi-300x193.jpg\" class=\"attachment-medium size-medium wp-image-7888\" alt=\"\" srcset=\"https:\/\/www.centraldevacaciones.com\/blog\/wp-content\/uploads\/2020\/07\/11_Rovaniemi-300x193.jpg 300w, https:\/\/www.centraldevacaciones.com\/blog\/wp-content\/uploads\/2020\/07\/11_Rovaniemi.jpg 700w\" sizes=\"(max-width: 300px) 100vw, 300px\" \/><\/div>\n\t\t<\/a>\n\t\t\t\t<div class=\"elementor-post__text\">\n\t\t\t\t<h3 class=\"elementor-post__title\">\n\t\t\t<a href=\"https:\/\/www.centraldevacaciones.com\/blog\/las-mejores-ciudades-europeas-para-viajar-con-ninos\/\" >\n\t\t\t\tLas mejores ciudades europeas para viajar con ni\u00f1os\t\t\t<\/a>\n\t\t<\/h3>\n\t\t\t\t<\/div>\n\t\t\t\t<\/article>\n\t\t\t\t<article class=\"elementor-post elementor-grid-item post-7663 post type-post status-publish format-standard has-post-thumbnail hentry category-ideas-viajes-verano category-ideas-escapadas category-ideas-viajes-low-cost category-vacaciones category-viajes tag-viajar-barato-a-europa tag-viajes-baratos\" role=\"listitem\">\n\t\t\t\t<a class=\"elementor-post__thumbnail__link\" href=\"https:\/\/www.centraldevacaciones.com\/blog\/ruta-por-hungria-descubre-el-pais-de-los-magiares\/\" tabindex=\"-1\" >\n\t\t\t<div class=\"elementor-post__thumbnail\"><img loading=\"lazy\" decoding=\"async\" width=\"300\" height=\"199\" src=\"https:\/\/www.centraldevacaciones.com\/blog\/wp-content\/uploads\/2020\/06\/4_Holloko-300x199.jpg\" class=\"attachment-medium size-medium wp-image-7667\" alt=\"ruta por hungr\u00eda, holloko\" srcset=\"https:\/\/www.centraldevacaciones.com\/blog\/wp-content\/uploads\/2020\/06\/4_Holloko-300x199.jpg 300w, https:\/\/www.centraldevacaciones.com\/blog\/wp-content\/uploads\/2020\/06\/4_Holloko.jpg 640w\" sizes=\"(max-width: 300px) 100vw, 300px\" \/><\/div>\n\t\t<\/a>\n\t\t\t\t<div class=\"elementor-post__text\">\n\t\t\t\t<h3 class=\"elementor-post__title\">\n\t\t\t<a href=\"https:\/\/www.centraldevacaciones.com\/blog\/ruta-por-hungria-descubre-el-pais-de-los-magiares\/\" >\n\t\t\t\tRuta por Hungr\u00eda: descubre el pa\u00eds de los magiares\t\t\t<\/a>\n\t\t<\/h3>\n\t\t\t\t<\/div>\n\t\t\t\t<\/article>\n\t\t\t\t<article class=\"elementor-post elementor-grid-item post-6984 post type-post status-publish format-standard has-post-thumbnail hentry category-espana category-ideas-escapadas category-ideas-viajes-verano category-ideas-viajes-low-cost category-rutas-por-espana category-vacaciones category-viajes tag-escapadas-por-espana tag-viajar-barato-a-europa tag-viajes-baratos\" role=\"listitem\">\n\t\t\t\t<a class=\"elementor-post__thumbnail__link\" href=\"https:\/\/www.centraldevacaciones.com\/blog\/destinos-seguros-para-este-verano-tras-el-covid-19\/\" tabindex=\"-1\" >\n\t\t\t<div class=\"elementor-post__thumbnail\"><img loading=\"lazy\" decoding=\"async\" width=\"300\" height=\"199\" src=\"https:\/\/www.centraldevacaciones.com\/blog\/wp-content\/uploads\/2020\/05\/Andaluci\u0301a_Benalmadena-300x199.jpg\" class=\"attachment-medium size-medium wp-image-6987\" alt=\"sitios seguros para viajar covid 19, andalucia\" srcset=\"https:\/\/www.centraldevacaciones.com\/blog\/wp-content\/uploads\/2020\/05\/Andaluci\u0301a_Benalmadena-300x199.jpg 300w, https:\/\/www.centraldevacaciones.com\/blog\/wp-content\/uploads\/2020\/05\/Andaluci\u0301a_Benalmadena.jpg 640w\" sizes=\"(max-width: 300px) 100vw, 300px\" \/><\/div>\n\t\t<\/a>\n\t\t\t\t<div class=\"elementor-post__text\">\n\t\t\t\t<h3 class=\"elementor-post__title\">\n\t\t\t<a href=\"https:\/\/www.centraldevacaciones.com\/blog\/destinos-seguros-para-este-verano-tras-el-covid-19\/\" >\n\t\t\t\tDestinos seguros para este verano tras el Covid-19\t\t\t<\/a>\n\t\t<\/h3>\n\t\t\t\t<\/div>\n\t\t\t\t<\/article>\n\t\t\t\t<article class=\"elementor-post elementor-grid-item post-6903 post type-post status-publish format-standard has-post-thumbnail hentry category-espana category-ideas-escapadas category-vacaciones\" role=\"listitem\">\n\t\t\t\t<a class=\"elementor-post__thumbnail__link\" href=\"https:\/\/www.centraldevacaciones.com\/blog\/top-playas-mas-bonitas-de-espana\/\" tabindex=\"-1\" >\n\t\t\t<div class=\"elementor-post__thumbnail\"><img loading=\"lazy\" decoding=\"async\" width=\"300\" height=\"169\" src=\"https:\/\/www.centraldevacaciones.com\/blog\/wp-content\/uploads\/2020\/05\/832c6a1fc511ab36bb73bd298a0ab2f5-300x169.jpg\" class=\"attachment-medium size-medium wp-image-6911\" alt=\"\" srcset=\"https:\/\/www.centraldevacaciones.com\/blog\/wp-content\/uploads\/2020\/05\/832c6a1fc511ab36bb73bd298a0ab2f5-300x169.jpg 300w, https:\/\/www.centraldevacaciones.com\/blog\/wp-content\/uploads\/2020\/05\/832c6a1fc511ab36bb73bd298a0ab2f5-768x432.jpg 768w, https:\/\/www.centraldevacaciones.com\/blog\/wp-content\/uploads\/2020\/05\/832c6a1fc511ab36bb73bd298a0ab2f5.jpg 1000w\" sizes=\"(max-width: 300px) 100vw, 300px\" \/><\/div>\n\t\t<\/a>\n\t\t\t\t<div class=\"elementor-post__text\">\n\t\t\t\t<h3 class=\"elementor-post__title\">\n\t\t\t<a href=\"https:\/\/www.centraldevacaciones.com\/blog\/top-playas-mas-bonitas-de-espana\/\" >\n\t\t\t\tTop Playas m\u00e1s bonitas de Espa\u00f1a\t\t\t<\/a>\n\t\t<\/h3>\n\t\t\t\t<\/div>\n\t\t\t\t<\/article>\n\t\t\t\t<article class=\"elementor-post elementor-grid-item post-6896 post type-post status-publish format-standard has-post-thumbnail hentry category-vacaciones category-europa category-ideas-escapadas category-ideas-viajes-low-cost category-rutas-por-europa category-viajes category-viajes-por-europa tag-viajar-barato-a-europa tag-viajes-baratos\" role=\"listitem\">\n\t\t\t\t<a class=\"elementor-post__thumbnail__link\" href=\"https:\/\/www.centraldevacaciones.com\/blog\/prueba-los-platos-tipicos-de-la-union-europea\/\" tabindex=\"-1\" >\n\t\t\t<div class=\"elementor-post__thumbnail\"><img loading=\"lazy\" decoding=\"async\" width=\"300\" height=\"195\" src=\"https:\/\/www.centraldevacaciones.com\/blog\/wp-content\/uploads\/2020\/04\/2_Europa-occidental-central-chucrut-300x195.jpg\" class=\"attachment-medium size-medium wp-image-6898\" alt=\"\" srcset=\"https:\/\/www.centraldevacaciones.com\/blog\/wp-content\/uploads\/2020\/04\/2_Europa-occidental-central-chucrut-300x195.jpg 300w, https:\/\/www.centraldevacaciones.com\/blog\/wp-content\/uploads\/2020\/04\/2_Europa-occidental-central-chucrut.jpg 640w\" sizes=\"(max-width: 300px) 100vw, 300px\" \/><\/div>\n\t\t<\/a>\n\t\t\t\t<div class=\"elementor-post__text\">\n\t\t\t\t<h3 class=\"elementor-post__title\">\n\t\t\t<a href=\"https:\/\/www.centraldevacaciones.com\/blog\/prueba-los-platos-tipicos-de-la-union-europea\/\" >\n\t\t\t\tPrueba los platos t\u00edpicos de la Uni\u00f3n Europea\t\t\t<\/a>\n\t\t<\/h3>\n\t\t\t\t<\/div>\n\t\t\t\t<\/article>\n\t\t\t\t<article class=\"elementor-post elementor-grid-item post-6891 post type-post status-publish format-standard has-post-thumbnail hentry category-consulta-reserva-aerea category-enlaces-utiles-viajes-turismo\" role=\"listitem\">\n\t\t\t\t<a class=\"elementor-post__thumbnail__link\" href=\"https:\/\/www.centraldevacaciones.com\/blog\/avisos-de-viajes-y-reservas-afectadas-por-covid-19\/\" tabindex=\"-1\" >\n\t\t\t<div class=\"elementor-post__thumbnail\"><img loading=\"lazy\" decoding=\"async\" width=\"300\" height=\"200\" src=\"https:\/\/www.centraldevacaciones.com\/blog\/wp-content\/uploads\/2020\/04\/operador-llamadas-trabajando_144627-21699-300x200.jpg\" class=\"attachment-medium size-medium wp-image-6893\" alt=\"\" srcset=\"https:\/\/www.centraldevacaciones.com\/blog\/wp-content\/uploads\/2020\/04\/operador-llamadas-trabajando_144627-21699-300x200.jpg 300w, https:\/\/www.centraldevacaciones.com\/blog\/wp-content\/uploads\/2020\/04\/operador-llamadas-trabajando_144627-21699.jpg 626w\" sizes=\"(max-width: 300px) 100vw, 300px\" \/><\/div>\n\t\t<\/a>\n\t\t\t\t<div class=\"elementor-post__text\">\n\t\t\t\t<h3 class=\"elementor-post__title\">\n\t\t\t<a href=\"https:\/\/www.centraldevacaciones.com\/blog\/avisos-de-viajes-y-reservas-afectadas-por-covid-19\/\" >\n\t\t\t\tAvisos de Viajes y Reservas afectadas por COVID-19\t\t\t<\/a>\n\t\t<\/h3>\n\t\t\t\t<\/div>\n\t\t\t\t<\/article>\n\t\t\t\t<article class=\"elementor-post elementor-grid-item post-6872 post type-post status-publish format-standard has-post-thumbnail hentry category-vacaciones category-espana category-estados-unidos category-europa category-ideas-escapadas category-viajes tag-semana-santa tag-viajar-barato-a-europa tag-viajes-baratos\" role=\"listitem\">\n\t\t\t\t<a class=\"elementor-post__thumbnail__link\" href=\"https:\/\/www.centraldevacaciones.com\/blog\/las-mejores-ciudades-para-visitar-en-semana-santa\/\" tabindex=\"-1\" >\n\t\t\t<div class=\"elementor-post__thumbnail\"><img loading=\"lazy\" decoding=\"async\" width=\"300\" height=\"210\" src=\"https:\/\/www.centraldevacaciones.com\/blog\/wp-content\/uploads\/2020\/03\/3_Cracovia-300x210.jpg\" class=\"attachment-medium size-medium wp-image-6875\" alt=\"\" srcset=\"https:\/\/www.centraldevacaciones.com\/blog\/wp-content\/uploads\/2020\/03\/3_Cracovia-300x210.jpg 300w, https:\/\/www.centraldevacaciones.com\/blog\/wp-content\/uploads\/2020\/03\/3_Cracovia.jpg 615w\" sizes=\"(max-width: 300px) 100vw, 300px\" \/><\/div>\n\t\t<\/a>\n\t\t\t\t<div class=\"elementor-post__text\">\n\t\t\t\t<h3 class=\"elementor-post__title\">\n\t\t\t<a href=\"https:\/\/www.centraldevacaciones.com\/blog\/las-mejores-ciudades-para-visitar-en-semana-santa\/\" >\n\t\t\t\tLas mejores ciudades para visitar en Semana Santa\t\t\t<\/a>\n\t\t<\/h3>\n\t\t\t\t<\/div>\n\t\t\t\t<\/article>\n\t\t\t\t<article class=\"elementor-post elementor-grid-item post-6856 post type-post status-publish format-standard has-post-thumbnail hentry category-vacaciones category-caribe category-destino-cruceros category-cuba category-ideas-viajes-de-novios category-ideas-viajes-verano\" role=\"listitem\">\n\t\t\t\t<a class=\"elementor-post__thumbnail__link\" href=\"https:\/\/www.centraldevacaciones.com\/blog\/ofertas-en-vacaciones\/\" tabindex=\"-1\" >\n\t\t\t<div class=\"elementor-post__thumbnail\"><img loading=\"lazy\" decoding=\"async\" width=\"300\" height=\"184\" src=\"https:\/\/www.centraldevacaciones.com\/blog\/wp-content\/uploads\/2020\/03\/singastos1-300x184.jpg\" class=\"attachment-medium size-medium wp-image-6857\" alt=\"\" srcset=\"https:\/\/www.centraldevacaciones.com\/blog\/wp-content\/uploads\/2020\/03\/singastos1-300x184.jpg 300w, https:\/\/www.centraldevacaciones.com\/blog\/wp-content\/uploads\/2020\/03\/singastos1.jpg 640w\" sizes=\"(max-width: 300px) 100vw, 300px\" \/><\/div>\n\t\t<\/a>\n\t\t\t\t<div class=\"elementor-post__text\">\n\t\t\t\t<h3 class=\"elementor-post__title\">\n\t\t\t<a href=\"https:\/\/www.centraldevacaciones.com\/blog\/ofertas-en-vacaciones\/\" >\n\t\t\t\tReserva Sin Gastos\t\t\t<\/a>\n\t\t<\/h3>\n\t\t\t\t<\/div>\n\t\t\t\t<\/article>\n\t\t\t\t<article class=\"elementor-post elementor-grid-item post-6853 post type-post status-publish format-standard has-post-thumbnail hentry category-vacaciones category-espana category-estados-unidos category-europa category-hoteles-2\" role=\"listitem\">\n\t\t\t\t<a class=\"elementor-post__thumbnail__link\" href=\"https:\/\/www.centraldevacaciones.com\/blog\/hoteles\/\" tabindex=\"-1\" >\n\t\t\t<div class=\"elementor-post__thumbnail\"><img loading=\"lazy\" decoding=\"async\" width=\"300\" height=\"227\" src=\"https:\/\/www.centraldevacaciones.com\/blog\/wp-content\/uploads\/2020\/03\/Oferta_Hoteles-300x227.jpg\" class=\"attachment-medium size-medium wp-image-6854\" alt=\"\" srcset=\"https:\/\/www.centraldevacaciones.com\/blog\/wp-content\/uploads\/2020\/03\/Oferta_Hoteles-300x227.jpg 300w, https:\/\/www.centraldevacaciones.com\/blog\/wp-content\/uploads\/2020\/03\/Oferta_Hoteles-768x582.jpg 768w, https:\/\/www.centraldevacaciones.com\/blog\/wp-content\/uploads\/2020\/03\/Oferta_Hoteles-1024x776.jpg 1024w, https:\/\/www.centraldevacaciones.com\/blog\/wp-content\/uploads\/2020\/03\/Oferta_Hoteles.jpg 1583w\" sizes=\"(max-width: 300px) 100vw, 300px\" \/><\/div>\n\t\t<\/a>\n\t\t\t\t<div class=\"elementor-post__text\">\n\t\t\t\t<h3 class=\"elementor-post__title\">\n\t\t\t<a href=\"https:\/\/www.centraldevacaciones.com\/blog\/hoteles\/\" >\n\t\t\t\tMiles de Hoteles con Cancelaci\u00f3n Gratis\t\t\t<\/a>\n\t\t<\/h3>\n\t\t\t\t<\/div>\n\t\t\t\t<\/article>\n\t\t\t\t<article class=\"elementor-post elementor-grid-item post-6807 post type-post status-publish format-standard has-post-thumbnail hentry category-vacunaciones\" role=\"listitem\">\n\t\t\t\t<a class=\"elementor-post__thumbnail__link\" href=\"https:\/\/www.centraldevacaciones.com\/blog\/el-coronavirus-nos-va-a-dejar-en-casa\/\" tabindex=\"-1\" >\n\t\t\t<div class=\"elementor-post__thumbnail\"><img loading=\"lazy\" decoding=\"async\" width=\"300\" height=\"150\" src=\"https:\/\/www.centraldevacaciones.com\/blog\/wp-content\/uploads\/2020\/02\/51-300x150.jpg\" class=\"attachment-medium size-medium wp-image-6809\" alt=\"\" srcset=\"https:\/\/www.centraldevacaciones.com\/blog\/wp-content\/uploads\/2020\/02\/51-300x150.jpg 300w, https:\/\/www.centraldevacaciones.com\/blog\/wp-content\/uploads\/2020\/02\/51-768x384.jpg 768w, https:\/\/www.centraldevacaciones.com\/blog\/wp-content\/uploads\/2020\/02\/51-1024x512.jpg 1024w, https:\/\/www.centraldevacaciones.com\/blog\/wp-content\/uploads\/2020\/02\/51.jpg 1200w\" sizes=\"(max-width: 300px) 100vw, 300px\" \/><\/div>\n\t\t<\/a>\n\t\t\t\t<div class=\"elementor-post__text\">\n\t\t\t\t<h3 class=\"elementor-post__title\">\n\t\t\t<a href=\"https:\/\/www.centraldevacaciones.com\/blog\/el-coronavirus-nos-va-a-dejar-en-casa\/\" >\n\t\t\t\t\u00bfEl Coronavirus nos va a dejar en casa?\t\t\t<\/a>\n\t\t<\/h3>\n\t\t\t\t<\/div>\n\t\t\t\t<\/article>\n\t\t\t\t<article class=\"elementor-post elementor-grid-item post-6737 post type-post status-publish format-standard has-post-thumbnail hentry category-ideas-viajes-verano category-caribe category-ideas-viajes-de-novios category-islas-paradisiacas category-rutas-por-america category-vacaciones tag-caribe tag-caribe-en-navidad\" role=\"listitem\">\n\t\t\t\t<a class=\"elementor-post__thumbnail__link\" href=\"https:\/\/www.centraldevacaciones.com\/blog\/que-hacer-en-santo-domingo-republica-dominicana\/\" tabindex=\"-1\" >\n\t\t\t<div class=\"elementor-post__thumbnail\"><img loading=\"lazy\" decoding=\"async\" width=\"300\" height=\"168\" src=\"https:\/\/www.centraldevacaciones.com\/blog\/wp-content\/uploads\/2020\/02\/santodomingo-1-300x168.jpg\" class=\"attachment-medium size-medium wp-image-6742\" alt=\"\" srcset=\"https:\/\/www.centraldevacaciones.com\/blog\/wp-content\/uploads\/2020\/02\/santodomingo-1-300x168.jpg 300w, https:\/\/www.centraldevacaciones.com\/blog\/wp-content\/uploads\/2020\/02\/santodomingo-1-768x431.jpg 768w, https:\/\/www.centraldevacaciones.com\/blog\/wp-content\/uploads\/2020\/02\/santodomingo-1-1024x574.jpg 1024w, https:\/\/www.centraldevacaciones.com\/blog\/wp-content\/uploads\/2020\/02\/santodomingo-1.jpg 1920w\" sizes=\"(max-width: 300px) 100vw, 300px\" \/><\/div>\n\t\t<\/a>\n\t\t\t\t<div class=\"elementor-post__text\">\n\t\t\t\t<h3 class=\"elementor-post__title\">\n\t\t\t<a href=\"https:\/\/www.centraldevacaciones.com\/blog\/que-hacer-en-santo-domingo-republica-dominicana\/\" >\n\t\t\t\tQu\u00e9 hacer en Santo Domingo, Rep\u00fablica Dominicana\t\t\t<\/a>\n\t\t<\/h3>\n\t\t\t\t<\/div>\n\t\t\t\t<\/article>\n\t\t\t\t<article class=\"elementor-post elementor-grid-item post-6729 post type-post status-publish format-standard has-post-thumbnail hentry category-ideas-escapadas category-ideas-viajes-invierno category-rutas-por-america category-rutas-por-europa category-rutas-por-sudamerica category-viajes-por-europa category-viajes-por-sudamerica tag-brasil tag-canarias tag-italia tag-londres\" role=\"listitem\">\n\t\t\t\t<a class=\"elementor-post__thumbnail__link\" href=\"https:\/\/www.centraldevacaciones.com\/blog\/viaja-a-los-mejores-carnavales-del-mundo\/\" tabindex=\"-1\" >\n\t\t\t<div class=\"elementor-post__thumbnail\"><img loading=\"lazy\" decoding=\"async\" width=\"300\" height=\"201\" src=\"https:\/\/www.centraldevacaciones.com\/blog\/wp-content\/uploads\/2020\/02\/5_Carnaval_Tenerife-300x201.jpg\" class=\"attachment-medium size-medium wp-image-6735\" alt=\"\" srcset=\"https:\/\/www.centraldevacaciones.com\/blog\/wp-content\/uploads\/2020\/02\/5_Carnaval_Tenerife-300x201.jpg 300w, https:\/\/www.centraldevacaciones.com\/blog\/wp-content\/uploads\/2020\/02\/5_Carnaval_Tenerife.jpg 640w\" sizes=\"(max-width: 300px) 100vw, 300px\" \/><\/div>\n\t\t<\/a>\n\t\t\t\t<div class=\"elementor-post__text\">\n\t\t\t\t<h3 class=\"elementor-post__title\">\n\t\t\t<a href=\"https:\/\/www.centraldevacaciones.com\/blog\/viaja-a-los-mejores-carnavales-del-mundo\/\" >\n\t\t\t\tViaja a los mejores carnavales del mundo\t\t\t<\/a>\n\t\t<\/h3>\n\t\t\t\t<\/div>\n\t\t\t\t<\/article>\n\t\t\t\t<article class=\"elementor-post elementor-grid-item post-6715 post type-post status-publish format-standard has-post-thumbnail hentry category-europa category-ideas-escapadas category-ideas-viajes-verano category-ofertas-de-puentes category-rutas-por-europa category-viajes-por-europa tag-belgica tag-grecia tag-italia tag-viajar-barato-a-europa\" role=\"listitem\">\n\t\t\t\t<a class=\"elementor-post__thumbnail__link\" href=\"https:\/\/www.centraldevacaciones.com\/blog\/12-destinos-para-una-escapada-romantica-por-europa\/\" tabindex=\"-1\" >\n\t\t\t<div class=\"elementor-post__thumbnail\"><img loading=\"lazy\" decoding=\"async\" width=\"300\" height=\"200\" src=\"https:\/\/www.centraldevacaciones.com\/blog\/wp-content\/uploads\/2020\/02\/7_Praga-300x200.jpg\" class=\"attachment-medium size-medium wp-image-6721\" alt=\"\" srcset=\"https:\/\/www.centraldevacaciones.com\/blog\/wp-content\/uploads\/2020\/02\/7_Praga-300x200.jpg 300w, https:\/\/www.centraldevacaciones.com\/blog\/wp-content\/uploads\/2020\/02\/7_Praga.jpg 640w\" sizes=\"(max-width: 300px) 100vw, 300px\" \/><\/div>\n\t\t<\/a>\n\t\t\t\t<div class=\"elementor-post__text\">\n\t\t\t\t<h3 class=\"elementor-post__title\">\n\t\t\t<a href=\"https:\/\/www.centraldevacaciones.com\/blog\/12-destinos-para-una-escapada-romantica-por-europa\/\" >\n\t\t\t\t12 destinos para una escapada rom\u00e1ntica \u2665\t\t\t<\/a>\n\t\t<\/h3>\n\t\t\t\t<\/div>\n\t\t\t\t<\/article>\n\t\t\t\t<article class=\"elementor-post elementor-grid-item post-6706 post type-post status-publish format-standard has-post-thumbnail hentry category-vacaciones category-estados-unidos category-europa category-ideas-viajes-invierno category-ideas-viajes-lujo category-viajes-por-europa category-viajes-por-norte-america tag-canada tag-estados-unidos tag-finlandia tag-grandes-viajes tag-rusia tag-suecia\" role=\"listitem\">\n\t\t\t\t<a class=\"elementor-post__thumbnail__link\" href=\"https:\/\/www.centraldevacaciones.com\/blog\/10-lugares-en-los-que-ver-auroras-boreales\/\" tabindex=\"-1\" >\n\t\t\t<div class=\"elementor-post__thumbnail\"><img loading=\"lazy\" decoding=\"async\" width=\"300\" height=\"225\" src=\"https:\/\/www.centraldevacaciones.com\/blog\/wp-content\/uploads\/2020\/02\/1_Fairbanks-300x225.jpg\" class=\"attachment-medium size-medium wp-image-6707\" alt=\"\" srcset=\"https:\/\/www.centraldevacaciones.com\/blog\/wp-content\/uploads\/2020\/02\/1_Fairbanks-300x225.jpg 300w, https:\/\/www.centraldevacaciones.com\/blog\/wp-content\/uploads\/2020\/02\/1_Fairbanks.jpg 640w\" sizes=\"(max-width: 300px) 100vw, 300px\" \/><\/div>\n\t\t<\/a>\n\t\t\t\t<div class=\"elementor-post__text\">\n\t\t\t\t<h3 class=\"elementor-post__title\">\n\t\t\t<a href=\"https:\/\/www.centraldevacaciones.com\/blog\/10-lugares-en-los-que-ver-auroras-boreales\/\" >\n\t\t\t\t10 lugares en los que ver auroras boreales\t\t\t<\/a>\n\t\t<\/h3>\n\t\t\t\t<\/div>\n\t\t\t\t<\/article>\n\t\t\t\t<article class=\"elementor-post elementor-grid-item post-6496 post type-post status-publish format-standard has-post-thumbnail hentry category-vacaciones category-europa category-ideas-viajes-verano category-ofertas-de-puentes category-rutas-por-europa category-semana-santa category-viajes-por-europa tag-italia tag-viajar-barato-a-europa\" role=\"listitem\">\n\t\t\t\t<a class=\"elementor-post__thumbnail__link\" href=\"https:\/\/www.centraldevacaciones.com\/blog\/ruta-por-la-toscana-10-lugares-imprescindibles\/\" tabindex=\"-1\" >\n\t\t\t<div class=\"elementor-post__thumbnail\"><img loading=\"lazy\" decoding=\"async\" width=\"300\" height=\"184\" src=\"https:\/\/www.centraldevacaciones.com\/blog\/wp-content\/uploads\/2020\/01\/6_Monteriggioni-300x184.jpg\" class=\"attachment-medium size-medium wp-image-6502\" alt=\"\" srcset=\"https:\/\/www.centraldevacaciones.com\/blog\/wp-content\/uploads\/2020\/01\/6_Monteriggioni-300x184.jpg 300w, https:\/\/www.centraldevacaciones.com\/blog\/wp-content\/uploads\/2020\/01\/6_Monteriggioni.jpg 657w\" sizes=\"(max-width: 300px) 100vw, 300px\" \/><\/div>\n\t\t<\/a>\n\t\t\t\t<div class=\"elementor-post__text\">\n\t\t\t\t<h3 class=\"elementor-post__title\">\n\t\t\t<a href=\"https:\/\/www.centraldevacaciones.com\/blog\/ruta-por-la-toscana-10-lugares-imprescindibles\/\" >\n\t\t\t\tRuta por la Toscana: 10 lugares imprescindibles\t\t\t<\/a>\n\t\t<\/h3>\n\t\t\t\t<\/div>\n\t\t\t\t<\/article>\n\t\t\t\t<article class=\"elementor-post elementor-grid-item post-6487 post type-post status-publish format-standard has-post-thumbnail hentry category-ideas-viajes-lujo category-rutas-por-america category-rutas-por-asia category-rutas-por-sudamerica category-vacaciones category-viajes-por-asia category-viajes-por-sudamerica tag-grandes-viajes tag-viajes-de-novios\" role=\"listitem\">\n\t\t\t\t<a class=\"elementor-post__thumbnail__link\" href=\"https:\/\/www.centraldevacaciones.com\/blog\/montanas-de-colores-del-mundo-una-experiencia-unica\/\" tabindex=\"-1\" >\n\t\t\t<div class=\"elementor-post__thumbnail\"><img loading=\"lazy\" decoding=\"async\" width=\"300\" height=\"208\" src=\"https:\/\/www.centraldevacaciones.com\/blog\/wp-content\/uploads\/2020\/01\/2_Dongchuan-300x208.jpg\" class=\"attachment-medium size-medium wp-image-6489\" alt=\"\" srcset=\"https:\/\/www.centraldevacaciones.com\/blog\/wp-content\/uploads\/2020\/01\/2_Dongchuan-300x208.jpg 300w, https:\/\/www.centraldevacaciones.com\/blog\/wp-content\/uploads\/2020\/01\/2_Dongchuan.jpg 615w\" sizes=\"(max-width: 300px) 100vw, 300px\" \/><\/div>\n\t\t<\/a>\n\t\t\t\t<div class=\"elementor-post__text\">\n\t\t\t\t<h3 class=\"elementor-post__title\">\n\t\t\t<a href=\"https:\/\/www.centraldevacaciones.com\/blog\/montanas-de-colores-del-mundo-una-experiencia-unica\/\" >\n\t\t\t\tMonta\u00f1as de colores del mundo: una experiencia \u00fanica\t\t\t<\/a>\n\t\t<\/h3>\n\t\t\t\t<\/div>\n\t\t\t\t<\/article>\n\t\t\t\t<article class=\"elementor-post elementor-grid-item post-6475 post type-post status-publish format-standard has-post-thumbnail hentry category-ideas-escapadas category-espana category-rutas-por-espana category-rutas-por-europa category-viajes-por-europa tag-escapadas-por-espana tag-ofertas tag-ofertas-de-viajes-a-mallorca\" role=\"listitem\">\n\t\t\t\t<a class=\"elementor-post__thumbnail__link\" href=\"https:\/\/www.centraldevacaciones.com\/blog\/los-pueblos-medievales-mas-bonitos-de-espana\/\" tabindex=\"-1\" >\n\t\t\t<div class=\"elementor-post__thumbnail\"><img loading=\"lazy\" decoding=\"async\" width=\"300\" height=\"208\" src=\"https:\/\/www.centraldevacaciones.com\/blog\/wp-content\/uploads\/2020\/01\/6_Guadalupe-300x208.jpg\" class=\"attachment-medium size-medium wp-image-6481\" alt=\"\" srcset=\"https:\/\/www.centraldevacaciones.com\/blog\/wp-content\/uploads\/2020\/01\/6_Guadalupe-300x208.jpg 300w, https:\/\/www.centraldevacaciones.com\/blog\/wp-content\/uploads\/2020\/01\/6_Guadalupe.jpg 592w\" sizes=\"(max-width: 300px) 100vw, 300px\" \/><\/div>\n\t\t<\/a>\n\t\t\t\t<div class=\"elementor-post__text\">\n\t\t\t\t<h3 class=\"elementor-post__title\">\n\t\t\t<a href=\"https:\/\/www.centraldevacaciones.com\/blog\/los-pueblos-medievales-mas-bonitos-de-espana\/\" >\n\t\t\t\tLos pueblos medievales m\u00e1s bonitos de Espa\u00f1a\t\t\t<\/a>\n\t\t<\/h3>\n\t\t\t\t<\/div>\n\t\t\t\t<\/article>\n\t\t\t\t<article class=\"elementor-post elementor-grid-item post-6463 post type-post status-publish format-standard has-post-thumbnail hentry category-europa category-ideas-escapadas category-ideas-viajes-low-cost tag-viajar-barato-a-europa tag-viajes-baratos\" role=\"listitem\">\n\t\t\t\t<a class=\"elementor-post__thumbnail__link\" href=\"https:\/\/www.centraldevacaciones.com\/blog\/10-destinos-baratos-para-una-escapada-en-invierno\/\" tabindex=\"-1\" >\n\t\t\t<div class=\"elementor-post__thumbnail\"><img loading=\"lazy\" decoding=\"async\" width=\"300\" height=\"200\" src=\"https:\/\/www.centraldevacaciones.com\/blog\/wp-content\/uploads\/2020\/01\/6_Lyon-300x200.jpg\" class=\"attachment-medium size-medium wp-image-6469\" alt=\"\" srcset=\"https:\/\/www.centraldevacaciones.com\/blog\/wp-content\/uploads\/2020\/01\/6_Lyon-300x200.jpg 300w, https:\/\/www.centraldevacaciones.com\/blog\/wp-content\/uploads\/2020\/01\/6_Lyon.jpg 640w\" sizes=\"(max-width: 300px) 100vw, 300px\" \/><\/div>\n\t\t<\/a>\n\t\t\t\t<div class=\"elementor-post__text\">\n\t\t\t\t<h3 class=\"elementor-post__title\">\n\t\t\t<a href=\"https:\/\/www.centraldevacaciones.com\/blog\/10-destinos-baratos-para-una-escapada-en-invierno\/\" >\n\t\t\t\t10 destinos baratos para una escapada en invierno\t\t\t<\/a>\n\t\t<\/h3>\n\t\t\t\t<\/div>\n\t\t\t\t<\/article>\n\t\t\t\t<article class=\"elementor-post elementor-grid-item post-6745 post type-post status-publish format-standard hentry category-vacaciones\" role=\"listitem\">\n\t\t\t\t<div class=\"elementor-post__text\">\n\t\t\t\t<h3 class=\"elementor-post__title\">\n\t\t\t<a href=\"https:\/\/www.centraldevacaciones.com\/blog\/raton-viajero-de-vacaciones\/\" >\n\t\t\t\tViajero a Raton\t\t\t<\/a>\n\t\t<\/h3>\n\t\t\t\t<\/div>\n\t\t\t\t<\/article>\n\t\t\t\t<article class=\"elementor-post elementor-grid-item post-6437 post type-post status-publish format-standard has-post-thumbnail hentry category-caribe tag-mejor-precio-garantizado tag-mejoramos-tu-mejor-precio tag-mejoramos-tu-precio-de-caribe tag-mejoramos-tu-precio-de-costa-rica tag-mejoramos-tu-precio-de-isla-mauricio tag-mejoramos-tu-presupuesto\" role=\"listitem\">\n\t\t\t\t<a class=\"elementor-post__thumbnail__link\" href=\"https:\/\/www.centraldevacaciones.com\/blog\/mejoramos-el-precio-de-tu-viaje-al-caribe\/\" tabindex=\"-1\" >\n\t\t\t<div class=\"elementor-post__thumbnail\"><img loading=\"lazy\" decoding=\"async\" width=\"300\" height=\"77\" src=\"https:\/\/www.centraldevacaciones.com\/blog\/wp-content\/uploads\/2019\/12\/ImagenEntrada_MejorPrecio-300x77.jpg\" class=\"attachment-medium size-medium wp-image-6440\" alt=\"\" srcset=\"https:\/\/www.centraldevacaciones.com\/blog\/wp-content\/uploads\/2019\/12\/ImagenEntrada_MejorPrecio-300x77.jpg 300w, https:\/\/www.centraldevacaciones.com\/blog\/wp-content\/uploads\/2019\/12\/ImagenEntrada_MejorPrecio-768x197.jpg 768w, https:\/\/www.centraldevacaciones.com\/blog\/wp-content\/uploads\/2019\/12\/ImagenEntrada_MejorPrecio-1024x263.jpg 1024w, https:\/\/www.centraldevacaciones.com\/blog\/wp-content\/uploads\/2019\/12\/ImagenEntrada_MejorPrecio.jpg 1168w\" sizes=\"(max-width: 300px) 100vw, 300px\" \/><\/div>\n\t\t<\/a>\n\t\t\t\t<div class=\"elementor-post__text\">\n\t\t\t\t<h3 class=\"elementor-post__title\">\n\t\t\t<a href=\"https:\/\/www.centraldevacaciones.com\/blog\/mejoramos-el-precio-de-tu-viaje-al-caribe\/\" >\n\t\t\t\t\u00a1Mejoramos tu mejor precio!\t\t\t<\/a>\n\t\t<\/h3>\n\t\t\t\t<\/div>\n\t\t\t\t<\/article>\n\t\t\t\t<article class=\"elementor-post elementor-grid-item post-6428 post type-post status-publish format-standard has-post-thumbnail hentry category-europa category-ideas-escapadas category-ideas-viajes-invierno category-viajes-por-europa tag-viajar-barato-a-europa tag-viajes-baratos\" role=\"listitem\">\n\t\t\t\t<a class=\"elementor-post__thumbnail__link\" href=\"https:\/\/www.centraldevacaciones.com\/blog\/que-ver-en-turingia-alemania\/\" tabindex=\"-1\" >\n\t\t\t<div class=\"elementor-post__thumbnail\"><img loading=\"lazy\" decoding=\"async\" width=\"300\" height=\"200\" src=\"https:\/\/www.centraldevacaciones.com\/blog\/wp-content\/uploads\/2019\/12\/1_Erfurt-300x200.jpg\" class=\"attachment-medium size-medium wp-image-6429\" alt=\"\" srcset=\"https:\/\/www.centraldevacaciones.com\/blog\/wp-content\/uploads\/2019\/12\/1_Erfurt-300x200.jpg 300w, https:\/\/www.centraldevacaciones.com\/blog\/wp-content\/uploads\/2019\/12\/1_Erfurt.jpg 640w\" sizes=\"(max-width: 300px) 100vw, 300px\" \/><\/div>\n\t\t<\/a>\n\t\t\t\t<div class=\"elementor-post__text\">\n\t\t\t\t<h3 class=\"elementor-post__title\">\n\t\t\t<a href=\"https:\/\/www.centraldevacaciones.com\/blog\/que-ver-en-turingia-alemania\/\" >\n\t\t\t\tQu\u00e9 ver en Turingia, Alemania\t\t\t<\/a>\n\t\t<\/h3>\n\t\t\t\t<\/div>\n\t\t\t\t<\/article>\n\t\t\t\t<article class=\"elementor-post elementor-grid-item post-6417 post type-post status-publish format-standard has-post-thumbnail hentry category-vacaciones category-ideas-viajes-verano category-rutas-por-america category-rutas-por-asia category-rutas-por-sudamerica tag-grandes-viajes\" role=\"listitem\">\n\t\t\t\t<a class=\"elementor-post__thumbnail__link\" href=\"https:\/\/www.centraldevacaciones.com\/blog\/los-mejores-destinos-para-hacer-senderismo\/\" tabindex=\"-1\" >\n\t\t\t<div class=\"elementor-post__thumbnail\"><img loading=\"lazy\" decoding=\"async\" width=\"300\" height=\"222\" src=\"https:\/\/www.centraldevacaciones.com\/blog\/wp-content\/uploads\/2019\/12\/4_Laugavegur_Islandia-300x222.jpg\" class=\"attachment-medium size-medium wp-image-6421\" alt=\"\" srcset=\"https:\/\/www.centraldevacaciones.com\/blog\/wp-content\/uploads\/2019\/12\/4_Laugavegur_Islandia-300x222.jpg 300w, https:\/\/www.centraldevacaciones.com\/blog\/wp-content\/uploads\/2019\/12\/4_Laugavegur_Islandia.jpg 534w\" sizes=\"(max-width: 300px) 100vw, 300px\" \/><\/div>\n\t\t<\/a>\n\t\t\t\t<div class=\"elementor-post__text\">\n\t\t\t\t<h3 class=\"elementor-post__title\">\n\t\t\t<a href=\"https:\/\/www.centraldevacaciones.com\/blog\/los-mejores-destinos-para-hacer-senderismo\/\" >\n\t\t\t\tLos mejores destinos para hacer senderismo\t\t\t<\/a>\n\t\t<\/h3>\n\t\t\t\t<\/div>\n\t\t\t\t<\/article>\n\t\t\t\t<article class=\"elementor-post elementor-grid-item post-6400 post type-post status-publish format-standard has-post-thumbnail hentry category-viajes-por-africa category-enlaces-utiles-viajes-turismo category-ideas-viajes-lujo category-ideas-viajes-de-novios category-rutas-por-africa category-vacaciones tag-hoteles-con-todo-incluido tag-viaje-de-novios\" role=\"listitem\">\n\t\t\t\t<a class=\"elementor-post__thumbnail__link\" href=\"https:\/\/www.centraldevacaciones.com\/blog\/consejos-para-ir-de-safari-a-africa\/\" tabindex=\"-1\" >\n\t\t\t<div class=\"elementor-post__thumbnail\"><img loading=\"lazy\" decoding=\"async\" width=\"300\" height=\"200\" src=\"https:\/\/www.centraldevacaciones.com\/blog\/wp-content\/uploads\/2019\/12\/9_Mente_abierta-300x200.jpg\" class=\"attachment-medium size-medium wp-image-6415\" alt=\"\" srcset=\"https:\/\/www.centraldevacaciones.com\/blog\/wp-content\/uploads\/2019\/12\/9_Mente_abierta-300x200.jpg 300w, https:\/\/www.centraldevacaciones.com\/blog\/wp-content\/uploads\/2019\/12\/9_Mente_abierta.jpg 640w\" sizes=\"(max-width: 300px) 100vw, 300px\" \/><\/div>\n\t\t<\/a>\n\t\t\t\t<div class=\"elementor-post__text\">\n\t\t\t\t<h3 class=\"elementor-post__title\">\n\t\t\t<a href=\"https:\/\/www.centraldevacaciones.com\/blog\/consejos-para-ir-de-safari-a-africa\/\" >\n\t\t\t\tConsejos para ir de safari a \u00c1frica\t\t\t<\/a>\n\t\t<\/h3>\n\t\t\t\t<\/div>\n\t\t\t\t<\/article>\n\t\t\t\t<article class=\"elementor-post elementor-grid-item post-6388 post type-post status-publish format-standard has-post-thumbnail hentry category-ideas-escapadas category-enlaces-utiles-viajes-turismo category-europa category-ideas-viajes-verano category-ideas-viajes-low-cost category-vacaciones tag-chollos-de-vacaciones tag-chollos-en-viajes tag-paquetes-de-vacaciones tag-trucos-para-chollos-de-vacaciones tag-vacaciones-multidestino tag-viajar-barato-a-europa tag-viajes-baratos tag-vuelo-y-hoteles-baratos\" role=\"listitem\">\n\t\t\t\t<a class=\"elementor-post__thumbnail__link\" href=\"https:\/\/www.centraldevacaciones.com\/blog\/8-alternativas-a-los-destinos-turisticos-mas-visitados\/\" tabindex=\"-1\" >\n\t\t\t<div class=\"elementor-post__thumbnail\"><img loading=\"lazy\" decoding=\"async\" width=\"300\" height=\"77\" src=\"https:\/\/www.centraldevacaciones.com\/blog\/wp-content\/uploads\/2019\/12\/ImagenEntrada_Gaxteluche-300x77.jpg\" class=\"attachment-medium size-medium wp-image-6401\" alt=\"\" srcset=\"https:\/\/www.centraldevacaciones.com\/blog\/wp-content\/uploads\/2019\/12\/ImagenEntrada_Gaxteluche-300x77.jpg 300w, https:\/\/www.centraldevacaciones.com\/blog\/wp-content\/uploads\/2019\/12\/ImagenEntrada_Gaxteluche-768x197.jpg 768w, https:\/\/www.centraldevacaciones.com\/blog\/wp-content\/uploads\/2019\/12\/ImagenEntrada_Gaxteluche-1024x263.jpg 1024w, https:\/\/www.centraldevacaciones.com\/blog\/wp-content\/uploads\/2019\/12\/ImagenEntrada_Gaxteluche.jpg 1168w\" sizes=\"(max-width: 300px) 100vw, 300px\" \/><\/div>\n\t\t<\/a>\n\t\t\t\t<div class=\"elementor-post__text\">\n\t\t\t\t<h3 class=\"elementor-post__title\">\n\t\t\t<a href=\"https:\/\/www.centraldevacaciones.com\/blog\/8-alternativas-a-los-destinos-turisticos-mas-visitados\/\" >\n\t\t\t\t8 alternativas a los destinos tur\u00edsticos m\u00e1s visitados\t\t\t<\/a>\n\t\t<\/h3>\n\t\t\t\t<\/div>\n\t\t\t\t<\/article>\n\t\t\t\t<article class=\"elementor-post elementor-grid-item post-6348 post type-post status-publish format-standard has-post-thumbnail hentry category-vacaciones tag-herramienta-holistica-de-reservas tag-multidestino tag-multiviaje tag-reserva-combinada-de-hoteles-y-vuelos\" role=\"listitem\">\n\t\t\t\t<a class=\"elementor-post__thumbnail__link\" href=\"https:\/\/www.centraldevacaciones.com\/blog\/como-disenar-tu-viaje-multidestino\/\" tabindex=\"-1\" >\n\t\t\t<div class=\"elementor-post__thumbnail\"><img loading=\"lazy\" decoding=\"async\" width=\"300\" height=\"77\" src=\"https:\/\/www.centraldevacaciones.com\/blog\/wp-content\/uploads\/2019\/12\/ImagenEntrada_Multidestino-300x77.jpg\" class=\"attachment-medium size-medium wp-image-6398\" alt=\"\" srcset=\"https:\/\/www.centraldevacaciones.com\/blog\/wp-content\/uploads\/2019\/12\/ImagenEntrada_Multidestino-300x77.jpg 300w, https:\/\/www.centraldevacaciones.com\/blog\/wp-content\/uploads\/2019\/12\/ImagenEntrada_Multidestino-768x197.jpg 768w, https:\/\/www.centraldevacaciones.com\/blog\/wp-content\/uploads\/2019\/12\/ImagenEntrada_Multidestino-1024x263.jpg 1024w, https:\/\/www.centraldevacaciones.com\/blog\/wp-content\/uploads\/2019\/12\/ImagenEntrada_Multidestino.jpg 1168w\" sizes=\"(max-width: 300px) 100vw, 300px\" \/><\/div>\n\t\t<\/a>\n\t\t\t\t<div class=\"elementor-post__text\">\n\t\t\t\t<h3 class=\"elementor-post__title\">\n\t\t\t<a href=\"https:\/\/www.centraldevacaciones.com\/blog\/como-disenar-tu-viaje-multidestino\/\" >\n\t\t\t\tC\u00f3mo Dise\u00f1ar tu Viaje Multidestino\t\t\t<\/a>\n\t\t<\/h3>\n\t\t\t\t<\/div>\n\t\t\t\t<\/article>\n\t\t\t\t<article class=\"elementor-post elementor-grid-item post-6302 post type-post status-publish format-standard has-post-thumbnail hentry category-black-friday category-caribe tag-chollos-black-friday tag-chollos-en-viajes-black-friday tag-ofertas-black-friday tag-vacaciones-black-friday tag-viajes-black-friday\" role=\"listitem\">\n\t\t\t\t<a class=\"elementor-post__thumbnail__link\" href=\"https:\/\/www.centraldevacaciones.com\/blog\/black-friday-ofertas-de-viajes-y-vacaciones\/\" tabindex=\"-1\" >\n\t\t\t<div class=\"elementor-post__thumbnail\"><img loading=\"lazy\" decoding=\"async\" width=\"300\" height=\"169\" src=\"https:\/\/www.centraldevacaciones.com\/blog\/wp-content\/uploads\/2019\/11\/BF2019-B-300x169.jpg\" class=\"attachment-medium size-medium wp-image-6308\" alt=\"\" srcset=\"https:\/\/www.centraldevacaciones.com\/blog\/wp-content\/uploads\/2019\/11\/BF2019-B-300x169.jpg 300w, https:\/\/www.centraldevacaciones.com\/blog\/wp-content\/uploads\/2019\/11\/BF2019-B-768x432.jpg 768w, https:\/\/www.centraldevacaciones.com\/blog\/wp-content\/uploads\/2019\/11\/BF2019-B-1024x576.jpg 1024w, https:\/\/www.centraldevacaciones.com\/blog\/wp-content\/uploads\/2019\/11\/BF2019-B.jpg 1920w\" sizes=\"(max-width: 300px) 100vw, 300px\" \/><\/div>\n\t\t<\/a>\n\t\t\t\t<div class=\"elementor-post__text\">\n\t\t\t\t<h3 class=\"elementor-post__title\">\n\t\t\t<a href=\"https:\/\/www.centraldevacaciones.com\/blog\/black-friday-ofertas-de-viajes-y-vacaciones\/\" >\n\t\t\t\tBlack Friday, ofertas de viajes y vacaciones\t\t\t<\/a>\n\t\t<\/h3>\n\t\t\t\t<\/div>\n\t\t\t\t<\/article>\n\t\t\t\t<article class=\"elementor-post elementor-grid-item post-6269 post type-post status-publish format-standard has-post-thumbnail hentry category-hoteles-2 category-caribe tag-buscador-de-hoteles tag-hoteles-baratos tag-hoteles-en-benidorm tag-hoteles-en-cadiz tag-hoteles-en-gandia tag-hoteles-en-madrid tag-hoteles-en-marbella tag-hoteles-en-peniscola tag-hoteles-en-port-aventura tag-portaventura\" role=\"listitem\">\n\t\t\t\t<a class=\"elementor-post__thumbnail__link\" href=\"https:\/\/www.centraldevacaciones.com\/blog\/buscador-de-hoteles-playa-ciudad-montana-todo-incluido\/\" tabindex=\"-1\" >\n\t\t\t<div class=\"elementor-post__thumbnail\"><img loading=\"lazy\" decoding=\"async\" width=\"225\" height=\"225\" src=\"https:\/\/www.centraldevacaciones.com\/blog\/wp-content\/uploads\/2019\/11\/buscador-de-hoteles.jpg\" class=\"attachment-medium size-medium wp-image-6299\" alt=\"\" srcset=\"https:\/\/www.centraldevacaciones.com\/blog\/wp-content\/uploads\/2019\/11\/buscador-de-hoteles.jpg 225w, https:\/\/www.centraldevacaciones.com\/blog\/wp-content\/uploads\/2019\/11\/buscador-de-hoteles-150x150.jpg 150w\" sizes=\"(max-width: 225px) 100vw, 225px\" \/><\/div>\n\t\t<\/a>\n\t\t\t\t<div class=\"elementor-post__text\">\n\t\t\t\t<h3 class=\"elementor-post__title\">\n\t\t\t<a href=\"https:\/\/www.centraldevacaciones.com\/blog\/buscador-de-hoteles-playa-ciudad-montana-todo-incluido\/\" >\n\t\t\t\tBuscador de Hoteles: Playa, Ciudad, Monta\u00f1a, Todo Incluido&#8230;\t\t\t<\/a>\n\t\t<\/h3>\n\t\t\t\t<\/div>\n\t\t\t\t<\/article>\n\t\t\t\t<article class=\"elementor-post elementor-grid-item post-6193 post type-post status-publish format-standard has-post-thumbnail hentry category-vacaciones category-enlaces-utiles-viajes-turismo category-europa category-ideas-escapadas category-ideas-viajes-low-cost tag-chollos-de-vacaciones tag-chollos-en-viajes tag-paquetes-de-vacaciones tag-trucos-para-chollos-de-vacaciones tag-viajar-barato-a-europa tag-viajes-baratos tag-vuelo-y-hoteles-baratos\" role=\"listitem\">\n\t\t\t\t<a class=\"elementor-post__thumbnail__link\" href=\"https:\/\/www.centraldevacaciones.com\/blog\/ciudades-europeas-baratas-y-bonitas-donde-viajar\/\" tabindex=\"-1\" >\n\t\t\t<div class=\"elementor-post__thumbnail\"><img loading=\"lazy\" decoding=\"async\" width=\"300\" height=\"157\" src=\"https:\/\/www.centraldevacaciones.com\/blog\/wp-content\/uploads\/2019\/11\/riga-300x157.jpg\" class=\"attachment-medium size-medium wp-image-6201\" alt=\"\" srcset=\"https:\/\/www.centraldevacaciones.com\/blog\/wp-content\/uploads\/2019\/11\/riga-300x157.jpg 300w, https:\/\/www.centraldevacaciones.com\/blog\/wp-content\/uploads\/2019\/11\/riga-768x402.jpg 768w, https:\/\/www.centraldevacaciones.com\/blog\/wp-content\/uploads\/2019\/11\/riga-1024x536.jpg 1024w, https:\/\/www.centraldevacaciones.com\/blog\/wp-content\/uploads\/2019\/11\/riga.jpg 1920w\" sizes=\"(max-width: 300px) 100vw, 300px\" \/><\/div>\n\t\t<\/a>\n\t\t\t\t<div class=\"elementor-post__text\">\n\t\t\t\t<h3 class=\"elementor-post__title\">\n\t\t\t<a href=\"https:\/\/www.centraldevacaciones.com\/blog\/ciudades-europeas-baratas-y-bonitas-donde-viajar\/\" >\n\t\t\t\tCiudades europeas baratas y bonitas. \u00bfD\u00f3nde viajar?\t\t\t<\/a>\n\t\t<\/h3>\n\t\t\t\t<\/div>\n\t\t\t\t<\/article>\n\t\t\t\t<article class=\"elementor-post elementor-grid-item post-6236 post type-post status-publish format-standard has-post-thumbnail hentry category-viajes category-espana category-ideas-viajes-invierno category-vacaciones tag-ofertas-de-viajes-a-canarias tag-ofertas-de-viajes-a-fuerteventura tag-ofertas-de-viajes-a-gran-canaria tag-ofertas-de-viajes-a-lanzarote tag-ofertas-de-viajes-a-mallorca tag-ofertas-de-viajes-a-tenerife tag-vuelo-y-hotel-a-canarias\" role=\"listitem\">\n\t\t\t\t<a class=\"elementor-post__thumbnail__link\" href=\"https:\/\/www.centraldevacaciones.com\/blog\/super-ofertas-de-canarias-y-baleares\/\" tabindex=\"-1\" >\n\t\t\t<div class=\"elementor-post__thumbnail\"><img loading=\"lazy\" decoding=\"async\" width=\"300\" height=\"200\" src=\"https:\/\/www.centraldevacaciones.com\/blog\/wp-content\/uploads\/2019\/11\/mx_trs-yucatan_2-300x200.jpg\" class=\"attachment-medium size-medium wp-image-6105\" alt=\"\" srcset=\"https:\/\/www.centraldevacaciones.com\/blog\/wp-content\/uploads\/2019\/11\/mx_trs-yucatan_2-300x200.jpg 300w, https:\/\/www.centraldevacaciones.com\/blog\/wp-content\/uploads\/2019\/11\/mx_trs-yucatan_2-768x512.jpg 768w, https:\/\/www.centraldevacaciones.com\/blog\/wp-content\/uploads\/2019\/11\/mx_trs-yucatan_2-1024x683.jpg 1024w, https:\/\/www.centraldevacaciones.com\/blog\/wp-content\/uploads\/2019\/11\/mx_trs-yucatan_2.jpg 1200w\" sizes=\"(max-width: 300px) 100vw, 300px\" \/><\/div>\n\t\t<\/a>\n\t\t\t\t<div class=\"elementor-post__text\">\n\t\t\t\t<h3 class=\"elementor-post__title\">\n\t\t\t<a href=\"https:\/\/www.centraldevacaciones.com\/blog\/super-ofertas-de-canarias-y-baleares\/\" >\n\t\t\t\tLas mejores ofertas en viajes a Canarias y Baleares\t\t\t<\/a>\n\t\t<\/h3>\n\t\t\t\t<\/div>\n\t\t\t\t<\/article>\n\t\t\t\t<article class=\"elementor-post elementor-grid-item post-6185 post type-post status-publish format-standard has-post-thumbnail hentry category-ideas-viajes-low-cost tag-como-conseguir-vaaciones-baratas tag-consejos-para-viajar-barato tag-hoteles-baratos tag-trucos-para-chollos-de-vacaciones tag-trucos-para-viajes-baratos tag-viajes-baratos tag-vuelos-baratos\" role=\"listitem\">\n\t\t\t\t<a class=\"elementor-post__thumbnail__link\" href=\"https:\/\/www.centraldevacaciones.com\/blog\/trucos-y-consejos-para-conseguir-vacaciones-viajes-hoteles-y-vuelos-baratos\/\" tabindex=\"-1\" >\n\t\t\t<div class=\"elementor-post__thumbnail\"><img loading=\"lazy\" decoding=\"async\" width=\"300\" height=\"200\" src=\"https:\/\/www.centraldevacaciones.com\/blog\/wp-content\/uploads\/2019\/11\/trucos-y-consejos-300x200.jpg\" class=\"attachment-medium size-medium wp-image-6187\" alt=\"\" srcset=\"https:\/\/www.centraldevacaciones.com\/blog\/wp-content\/uploads\/2019\/11\/trucos-y-consejos-300x200.jpg 300w, https:\/\/www.centraldevacaciones.com\/blog\/wp-content\/uploads\/2019\/11\/trucos-y-consejos.jpg 750w\" sizes=\"(max-width: 300px) 100vw, 300px\" \/><\/div>\n\t\t<\/a>\n\t\t\t\t<div class=\"elementor-post__text\">\n\t\t\t\t<h3 class=\"elementor-post__title\">\n\t\t\t<a href=\"https:\/\/www.centraldevacaciones.com\/blog\/trucos-y-consejos-para-conseguir-vacaciones-viajes-hoteles-y-vuelos-baratos\/\" >\n\t\t\t\tTrucos y consejos para conseguir vacaciones, viajes, hoteles y vuelos baratos\t\t\t<\/a>\n\t\t<\/h3>\n\t\t\t\t<\/div>\n\t\t\t\t<\/article>\n\t\t\t\t<article class=\"elementor-post elementor-grid-item post-6179 post type-post status-publish format-standard has-post-thumbnail hentry category-caribe category-cuba category-vacaciones tag-caribe-en-fin-de-ano tag-caribe-en-navidad tag-fin-de-ano-en-cuba tag-fin-de-ano-en-punta-cana tag-fin-de-ano-en-riviera-maya tag-navidad-en-cuba tag-navidad-en-punta-cana tag-navidad-en-riviera-maya tag-ofertas-viajes-en-fin-de-ano tag-ofertas-viajes-en-navidad tag-paquetes-de-vacaciones tag-vuelo-hotel-al-caribe\" role=\"listitem\">\n\t\t\t\t<a class=\"elementor-post__thumbnail__link\" href=\"https:\/\/www.centraldevacaciones.com\/blog\/ofertas-navidad-y-fin-de-ano-en-caribe\/\" tabindex=\"-1\" >\n\t\t\t<div class=\"elementor-post__thumbnail\"><img loading=\"lazy\" decoding=\"async\" width=\"300\" height=\"156\" src=\"https:\/\/www.centraldevacaciones.com\/blog\/wp-content\/uploads\/2019\/11\/paradisus-300x156.jpg\" class=\"attachment-medium size-medium wp-image-6182\" alt=\"\" srcset=\"https:\/\/www.centraldevacaciones.com\/blog\/wp-content\/uploads\/2019\/11\/paradisus-300x156.jpg 300w, https:\/\/www.centraldevacaciones.com\/blog\/wp-content\/uploads\/2019\/11\/paradisus-768x398.jpg 768w, https:\/\/www.centraldevacaciones.com\/blog\/wp-content\/uploads\/2019\/11\/paradisus.jpg 858w\" sizes=\"(max-width: 300px) 100vw, 300px\" \/><\/div>\n\t\t<\/a>\n\t\t\t\t<div class=\"elementor-post__text\">\n\t\t\t\t<h3 class=\"elementor-post__title\">\n\t\t\t<a href=\"https:\/\/www.centraldevacaciones.com\/blog\/ofertas-navidad-y-fin-de-ano-en-caribe\/\" >\n\t\t\t\tOfertas de viaje en Navidad y fin de a\u00f1o en Caribe\t\t\t<\/a>\n\t\t<\/h3>\n\t\t\t\t<\/div>\n\t\t\t\t<\/article>\n\t\t\t\t<article class=\"elementor-post elementor-grid-item post-6155 post type-post status-publish format-standard has-post-thumbnail hentry category-viajes category-caribe category-ideas-escapadas category-vacaciones tag-chollos-de-vacaciones tag-chollos-en-viajes tag-multidestino tag-vacaciones-multidestino tag-viajes-a-paris-baratos tag-vuelo-hotel tag-vuelo-y-hoteles-baratos tag-vuelos-y-hotel\" role=\"listitem\">\n\t\t\t\t<a class=\"elementor-post__thumbnail__link\" href=\"https:\/\/www.centraldevacaciones.com\/blog\/ofertas-vuelos-y-hotel-chollos-tiradisimos-de-precio\/\" tabindex=\"-1\" >\n\t\t\t<div class=\"elementor-post__thumbnail\"><img loading=\"lazy\" decoding=\"async\" width=\"300\" height=\"77\" src=\"https:\/\/www.centraldevacaciones.com\/blog\/wp-content\/uploads\/2019\/11\/ImagenEntrada_chollo-1-300x77.jpg\" class=\"attachment-medium size-medium wp-image-6404\" alt=\"\" srcset=\"https:\/\/www.centraldevacaciones.com\/blog\/wp-content\/uploads\/2019\/11\/ImagenEntrada_chollo-1-300x77.jpg 300w, https:\/\/www.centraldevacaciones.com\/blog\/wp-content\/uploads\/2019\/11\/ImagenEntrada_chollo-1-768x197.jpg 768w, https:\/\/www.centraldevacaciones.com\/blog\/wp-content\/uploads\/2019\/11\/ImagenEntrada_chollo-1-1024x263.jpg 1024w, https:\/\/www.centraldevacaciones.com\/blog\/wp-content\/uploads\/2019\/11\/ImagenEntrada_chollo-1.jpg 1168w\" sizes=\"(max-width: 300px) 100vw, 300px\" \/><\/div>\n\t\t<\/a>\n\t\t\t\t<div class=\"elementor-post__text\">\n\t\t\t\t<h3 class=\"elementor-post__title\">\n\t\t\t<a href=\"https:\/\/www.centraldevacaciones.com\/blog\/ofertas-vuelos-y-hotel-chollos-tiradisimos-de-precio\/\" >\n\t\t\t\tOfertas  de vuelo y hotel a precios de chollo\t\t\t<\/a>\n\t\t<\/h3>\n\t\t\t\t<\/div>\n\t\t\t\t<\/article>\n\t\t\t\t<article class=\"elementor-post elementor-grid-item post-6111 post type-post status-publish format-standard has-post-thumbnail hentry category-ofertas-de-puentes category-europa category-ideas-escapadas category-ideas-viajes-invierno category-vacaciones tag-hoteles-baratos tag-ofertas-baratas-puente-de-diciembre tag-viajar-barato-a-europa tag-viajes-baratos tag-vuelohotel tag-vuelos-baratos\" role=\"listitem\">\n\t\t\t\t<a class=\"elementor-post__thumbnail__link\" href=\"https:\/\/www.centraldevacaciones.com\/blog\/viajes-baratos-para-el-puente-de-diciembre\/\" tabindex=\"-1\" >\n\t\t\t<div class=\"elementor-post__thumbnail\"><img loading=\"lazy\" decoding=\"async\" width=\"300\" height=\"113\" src=\"https:\/\/www.centraldevacaciones.com\/blog\/wp-content\/uploads\/2019\/11\/PUENTE-DICIEMBRE-300x113.jpg\" class=\"attachment-medium size-medium wp-image-6114\" alt=\"ofertas puente de diciembre\" srcset=\"https:\/\/www.centraldevacaciones.com\/blog\/wp-content\/uploads\/2019\/11\/PUENTE-DICIEMBRE-300x113.jpg 300w, https:\/\/www.centraldevacaciones.com\/blog\/wp-content\/uploads\/2019\/11\/PUENTE-DICIEMBRE-768x288.jpg 768w, https:\/\/www.centraldevacaciones.com\/blog\/wp-content\/uploads\/2019\/11\/PUENTE-DICIEMBRE-1024x384.jpg 1024w, https:\/\/www.centraldevacaciones.com\/blog\/wp-content\/uploads\/2019\/11\/PUENTE-DICIEMBRE.jpg 1473w\" sizes=\"(max-width: 300px) 100vw, 300px\" \/><\/div>\n\t\t<\/a>\n\t\t\t\t<div class=\"elementor-post__text\">\n\t\t\t\t<h3 class=\"elementor-post__title\">\n\t\t\t<a href=\"https:\/\/www.centraldevacaciones.com\/blog\/viajes-baratos-para-el-puente-de-diciembre\/\" >\n\t\t\t\tViajes Baratos para el Puente de Diciembre\t\t\t<\/a>\n\t\t<\/h3>\n\t\t\t\t<\/div>\n\t\t\t\t<\/article>\n\t\t\t\t<article class=\"elementor-post elementor-grid-item post-6097 post type-post status-publish format-standard has-post-thumbnail hentry category-ideas-viajes-verano category-caribe category-enlaces-utiles-viajes-turismo category-hoteles-2 category-ideas-viajes-lujo category-ideas-viajes-de-novios category-mexico category-republica-dominicana category-riviera-maya category-vacaciones tag-caribe tag-grand-palladium-bavaro tag-grand-palladium-colonial tag-grand-palladium-kantenah tag-grand-palladium-palace tag-grand-palladium-punta-cana tag-grand-palladium-white-sand tag-hoteles-de-caribe tag-hoteles-en-costa-mujeres tag-hoteles-en-punta-cana tag-hoteles-en-riviera-maya tag-mejor-cadena-hotelera-de-caribe tag-palladium-hoteles tag-resorts-en-caribe tag-trs-coral tag-trs-turquesa tag-trs-yucatan\" role=\"listitem\">\n\t\t\t\t<a class=\"elementor-post__thumbnail__link\" href=\"https:\/\/www.centraldevacaciones.com\/blog\/disfruta-del-caribe-en-hoteles-palladium\/\" tabindex=\"-1\" >\n\t\t\t<div class=\"elementor-post__thumbnail\"><img loading=\"lazy\" decoding=\"async\" width=\"300\" height=\"163\" src=\"https:\/\/www.centraldevacaciones.com\/blog\/wp-content\/uploads\/2019\/11\/animacion-1-300x163.jpg\" class=\"attachment-medium size-medium wp-image-6118\" alt=\"ofertas hoteles palladium\" srcset=\"https:\/\/www.centraldevacaciones.com\/blog\/wp-content\/uploads\/2019\/11\/animacion-1-300x163.jpg 300w, https:\/\/www.centraldevacaciones.com\/blog\/wp-content\/uploads\/2019\/11\/animacion-1-768x418.jpg 768w, https:\/\/www.centraldevacaciones.com\/blog\/wp-content\/uploads\/2019\/11\/animacion-1-1024x557.jpg 1024w, https:\/\/www.centraldevacaciones.com\/blog\/wp-content\/uploads\/2019\/11\/animacion-1.jpg 1200w\" sizes=\"(max-width: 300px) 100vw, 300px\" \/><\/div>\n\t\t<\/a>\n\t\t\t\t<div class=\"elementor-post__text\">\n\t\t\t\t<h3 class=\"elementor-post__title\">\n\t\t\t<a href=\"https:\/\/www.centraldevacaciones.com\/blog\/disfruta-del-caribe-en-hoteles-palladium\/\" >\n\t\t\t\tDisfruta del Caribe en Hoteles Palladium\t\t\t<\/a>\n\t\t<\/h3>\n\t\t\t\t<\/div>\n\t\t\t\t<\/article>\n\t\t\t\t<article class=\"elementor-post elementor-grid-item post-6075 post type-post status-publish format-standard has-post-thumbnail hentry category-vacaciones category-caribe tag-cartagena-de-indias tag-combinados-usa-y-caribe tag-las-antillas\" role=\"listitem\">\n\t\t\t\t<a class=\"elementor-post__thumbnail__link\" href=\"https:\/\/www.centraldevacaciones.com\/blog\/novedades-caribe-2025\/\" tabindex=\"-1\" >\n\t\t\t<div class=\"elementor-post__thumbnail\"><img loading=\"lazy\" decoding=\"async\" width=\"300\" height=\"199\" src=\"https:\/\/www.centraldevacaciones.com\/blog\/wp-content\/uploads\/2019\/10\/caribe-2020-2021-300x199.jpg\" class=\"attachment-medium size-medium wp-image-6077\" alt=\"\" srcset=\"https:\/\/www.centraldevacaciones.com\/blog\/wp-content\/uploads\/2019\/10\/caribe-2020-2021-300x199.jpg 300w, https:\/\/www.centraldevacaciones.com\/blog\/wp-content\/uploads\/2019\/10\/caribe-2020-2021.jpg 521w\" sizes=\"(max-width: 300px) 100vw, 300px\" \/><\/div>\n\t\t<\/a>\n\t\t\t\t<div class=\"elementor-post__text\">\n\t\t\t\t<h3 class=\"elementor-post__title\">\n\t\t\t<a href=\"https:\/\/www.centraldevacaciones.com\/blog\/novedades-caribe-2025\/\" >\n\t\t\t\tNovedades Caribe 2025\t\t\t<\/a>\n\t\t<\/h3>\n\t\t\t\t<\/div>\n\t\t\t\t<\/article>\n\t\t\t\t<article class=\"elementor-post elementor-grid-item post-6066 post type-post status-publish format-standard has-post-thumbnail hentry category-viajes category-ofertas-de-puentes category-vacaciones tag-ofertas-para-el-puente tag-puente-de-diciembre tag-puente-de-la-constitucion tag-puente-de-la-inmaculada\" role=\"listitem\">\n\t\t\t\t<a class=\"elementor-post__thumbnail__link\" href=\"https:\/\/www.centraldevacaciones.com\/blog\/super-ofertas-puente-de-diciembre\/\" tabindex=\"-1\" >\n\t\t\t<div class=\"elementor-post__thumbnail\"><img loading=\"lazy\" decoding=\"async\" width=\"300\" height=\"113\" src=\"https:\/\/www.centraldevacaciones.com\/blog\/wp-content\/uploads\/2019\/10\/PUENTE-DICIEMBRE-300x113.jpg\" class=\"attachment-medium size-medium wp-image-6073\" alt=\"\" srcset=\"https:\/\/www.centraldevacaciones.com\/blog\/wp-content\/uploads\/2019\/10\/PUENTE-DICIEMBRE-300x113.jpg 300w, https:\/\/www.centraldevacaciones.com\/blog\/wp-content\/uploads\/2019\/10\/PUENTE-DICIEMBRE-768x288.jpg 768w, https:\/\/www.centraldevacaciones.com\/blog\/wp-content\/uploads\/2019\/10\/PUENTE-DICIEMBRE-1024x384.jpg 1024w, https:\/\/www.centraldevacaciones.com\/blog\/wp-content\/uploads\/2019\/10\/PUENTE-DICIEMBRE.jpg 1473w\" sizes=\"(max-width: 300px) 100vw, 300px\" \/><\/div>\n\t\t<\/a>\n\t\t\t\t<div class=\"elementor-post__text\">\n\t\t\t\t<h3 class=\"elementor-post__title\">\n\t\t\t<a href=\"https:\/\/www.centraldevacaciones.com\/blog\/super-ofertas-puente-de-diciembre\/\" >\n\t\t\t\tOfertas de viaje puente de diciembre 2025\t\t\t<\/a>\n\t\t<\/h3>\n\t\t\t\t<\/div>\n\t\t\t\t<\/article>\n\t\t\t\t<article class=\"elementor-post elementor-grid-item post-6057 post type-post status-publish format-standard has-post-thumbnail hentry category-destino-cruceros category-caribe tag-cruceros tag-cruceros-baratos tag-ofertas-de-cruceros\" role=\"listitem\">\n\t\t\t\t<a class=\"elementor-post__thumbnail__link\" href=\"https:\/\/www.centraldevacaciones.com\/blog\/ofertas-de-cruceros\/\" tabindex=\"-1\" >\n\t\t\t<div class=\"elementor-post__thumbnail\"><img loading=\"lazy\" decoding=\"async\" width=\"300\" height=\"131\" src=\"https:\/\/www.centraldevacaciones.com\/blog\/wp-content\/uploads\/2019\/10\/emiratos-crucero-300x131.jpg\" class=\"attachment-medium size-medium wp-image-6063\" alt=\"Oferta de Pullmantur Cruceros\" srcset=\"https:\/\/www.centraldevacaciones.com\/blog\/wp-content\/uploads\/2019\/10\/emiratos-crucero-300x131.jpg 300w, https:\/\/www.centraldevacaciones.com\/blog\/wp-content\/uploads\/2019\/10\/emiratos-crucero.jpg 640w\" sizes=\"(max-width: 300px) 100vw, 300px\" \/><\/div>\n\t\t<\/a>\n\t\t\t\t<div class=\"elementor-post__text\">\n\t\t\t\t<h3 class=\"elementor-post__title\">\n\t\t\t<a href=\"https:\/\/www.centraldevacaciones.com\/blog\/ofertas-de-cruceros\/\" >\n\t\t\t\tOfertas de Cruceros\t\t\t<\/a>\n\t\t<\/h3>\n\t\t\t\t<\/div>\n\t\t\t\t<\/article>\n\t\t\t\t<article class=\"elementor-post elementor-grid-item post-6088 post type-post status-publish format-standard has-post-thumbnail hentry category-vacaciones category-caribe category-ideas-viajes-de-novios category-ideas-viajes-verano category-rutas-por-sudamerica category-viajes category-viajes-por-centroamerica tag-costa-rica tag-multidestino tag-paquetes-de-vacaciones\" role=\"listitem\">\n\t\t\t\t<a class=\"elementor-post__thumbnail__link\" href=\"https:\/\/www.centraldevacaciones.com\/blog\/que-hacer-en-costa-rica-2\/\" tabindex=\"-1\" >\n\t\t\t<div class=\"elementor-post__thumbnail\"><img loading=\"lazy\" decoding=\"async\" width=\"300\" height=\"199\" src=\"https:\/\/www.centraldevacaciones.com\/blog\/wp-content\/uploads\/2019\/10\/LAPA-COSTA-RICA-300x199.jpg\" class=\"attachment-medium size-medium wp-image-6089\" alt=\"\" srcset=\"https:\/\/www.centraldevacaciones.com\/blog\/wp-content\/uploads\/2019\/10\/LAPA-COSTA-RICA-300x199.jpg 300w, https:\/\/www.centraldevacaciones.com\/blog\/wp-content\/uploads\/2019\/10\/LAPA-COSTA-RICA.jpg 700w\" sizes=\"(max-width: 300px) 100vw, 300px\" \/><\/div>\n\t\t<\/a>\n\t\t\t\t<div class=\"elementor-post__text\">\n\t\t\t\t<h3 class=\"elementor-post__title\">\n\t\t\t<a href=\"https:\/\/www.centraldevacaciones.com\/blog\/que-hacer-en-costa-rica-2\/\" >\n\t\t\t\t\u00bfQu\u00e9 hacer en Costa Rica?\t\t\t<\/a>\n\t\t<\/h3>\n\t\t\t\t<\/div>\n\t\t\t\t<\/article>\n\t\t\t\t<article class=\"elementor-post elementor-grid-item post-6043 post type-post status-publish format-standard has-post-thumbnail hentry category-vacaciones category-enlaces-utiles-viajes-turismo category-rutas-por-asia category-viajes-por-asia tag-china tag-grandes-viajes\" role=\"listitem\">\n\t\t\t\t<a class=\"elementor-post__thumbnail__link\" href=\"https:\/\/www.centraldevacaciones.com\/blog\/ideas-para-tu-ruta-por-china-una-propuesta-para-viajar-a-tu-aire\/\" tabindex=\"-1\" >\n\t\t\t<div class=\"elementor-post__thumbnail\"><img loading=\"lazy\" decoding=\"async\" width=\"300\" height=\"225\" src=\"https:\/\/www.centraldevacaciones.com\/blog\/wp-content\/uploads\/2019\/10\/3_pingyao-300x225.jpg\" class=\"attachment-medium size-medium wp-image-6049\" alt=\"\" srcset=\"https:\/\/www.centraldevacaciones.com\/blog\/wp-content\/uploads\/2019\/10\/3_pingyao-300x225.jpg 300w, https:\/\/www.centraldevacaciones.com\/blog\/wp-content\/uploads\/2019\/10\/3_pingyao.jpg 640w\" sizes=\"(max-width: 300px) 100vw, 300px\" \/><\/div>\n\t\t<\/a>\n\t\t\t\t<div class=\"elementor-post__text\">\n\t\t\t\t<h3 class=\"elementor-post__title\">\n\t\t\t<a href=\"https:\/\/www.centraldevacaciones.com\/blog\/ideas-para-tu-ruta-por-china-una-propuesta-para-viajar-a-tu-aire\/\" >\n\t\t\t\tIdeas para tu ruta por China: una propuesta para viajar a tu aire\t\t\t<\/a>\n\t\t<\/h3>\n\t\t\t\t<\/div>\n\t\t\t\t<\/article>\n\t\t\t\t<article class=\"elementor-post elementor-grid-item post-6038 post type-post status-publish format-standard has-post-thumbnail hentry category-vacaciones category-enlaces-utiles-viajes-turismo category-viajes-oriente-medio category-viajes-por-asia tag-grandes-viajes tag-jordania\" role=\"listitem\">\n\t\t\t\t<a class=\"elementor-post__thumbnail__link\" href=\"https:\/\/www.centraldevacaciones.com\/blog\/como-vestir-en-jordania-consejos-para-tus-vacaciones\/\" tabindex=\"-1\" >\n\t\t\t<div class=\"elementor-post__thumbnail\"><img loading=\"lazy\" decoding=\"async\" width=\"300\" height=\"200\" src=\"https:\/\/www.centraldevacaciones.com\/blog\/wp-content\/uploads\/2019\/10\/petra-300x200.jpg\" class=\"attachment-medium size-medium wp-image-6030\" alt=\"\" srcset=\"https:\/\/www.centraldevacaciones.com\/blog\/wp-content\/uploads\/2019\/10\/petra-300x200.jpg 300w, https:\/\/www.centraldevacaciones.com\/blog\/wp-content\/uploads\/2019\/10\/petra-768x512.jpg 768w, https:\/\/www.centraldevacaciones.com\/blog\/wp-content\/uploads\/2019\/10\/petra-1024x683.jpg 1024w\" sizes=\"(max-width: 300px) 100vw, 300px\" \/><\/div>\n\t\t<\/a>\n\t\t\t\t<div class=\"elementor-post__text\">\n\t\t\t\t<h3 class=\"elementor-post__title\">\n\t\t\t<a href=\"https:\/\/www.centraldevacaciones.com\/blog\/como-vestir-en-jordania-consejos-para-tus-vacaciones\/\" >\n\t\t\t\t\u00bfC\u00f3mo vestir en Jordania? Consejos para tus vacaciones\t\t\t<\/a>\n\t\t<\/h3>\n\t\t\t\t<\/div>\n\t\t\t\t<\/article>\n\t\t\t\t<article class=\"elementor-post elementor-grid-item post-6009 post type-post status-publish format-standard has-post-thumbnail hentry category-ideas-viajes-de-novios category-caribe category-cuba category-enlaces-utiles-viajes-turismo category-vacaciones tag-brasil tag-canarias tag-cancun tag-italia tag-nueva-york tag-punta-cana tag-republica-dominicana tag-riviera-maya tag-suecia tag-suiza tag-tailandia tag-viaje-de-novios\" role=\"listitem\">\n\t\t\t\t<a class=\"elementor-post__thumbnail__link\" href=\"https:\/\/www.centraldevacaciones.com\/blog\/los-mejores-destinos-para-viajes-de-novios-en-noviembre\/\" tabindex=\"-1\" >\n\t\t\t<div class=\"elementor-post__thumbnail\"><img loading=\"lazy\" decoding=\"async\" width=\"300\" height=\"200\" src=\"https:\/\/www.centraldevacaciones.com\/blog\/wp-content\/uploads\/2019\/10\/travel-4525704_1920-300x200.jpg\" class=\"attachment-medium size-medium wp-image-6020\" alt=\"\" srcset=\"https:\/\/www.centraldevacaciones.com\/blog\/wp-content\/uploads\/2019\/10\/travel-4525704_1920-300x200.jpg 300w, https:\/\/www.centraldevacaciones.com\/blog\/wp-content\/uploads\/2019\/10\/travel-4525704_1920-768x512.jpg 768w, https:\/\/www.centraldevacaciones.com\/blog\/wp-content\/uploads\/2019\/10\/travel-4525704_1920-1024x683.jpg 1024w, https:\/\/www.centraldevacaciones.com\/blog\/wp-content\/uploads\/2019\/10\/travel-4525704_1920.jpg 1920w\" sizes=\"(max-width: 300px) 100vw, 300px\" \/><\/div>\n\t\t<\/a>\n\t\t\t\t<div class=\"elementor-post__text\">\n\t\t\t\t<h3 class=\"elementor-post__title\">\n\t\t\t<a href=\"https:\/\/www.centraldevacaciones.com\/blog\/los-mejores-destinos-para-viajes-de-novios-en-noviembre\/\" >\n\t\t\t\tLos mejores destinos para viajes de novios en noviembre\t\t\t<\/a>\n\t\t<\/h3>\n\t\t\t\t<\/div>\n\t\t\t\t<\/article>\n\t\t\t\t<article class=\"elementor-post elementor-grid-item post-5978 post type-post status-publish format-standard has-post-thumbnail hentry category-enlaces-utiles-viajes-turismo category-caribe category-ideas-viajes-de-novios category-ideas-viajes-verano category-rutas-por-america\" role=\"listitem\">\n\t\t\t\t<a class=\"elementor-post__thumbnail__link\" href=\"https:\/\/www.centraldevacaciones.com\/blog\/como-preparar-tu-viaje-a-jamaica\/\" tabindex=\"-1\" >\n\t\t\t<div class=\"elementor-post__thumbnail\"><img loading=\"lazy\" decoding=\"async\" width=\"300\" height=\"225\" src=\"https:\/\/www.centraldevacaciones.com\/blog\/wp-content\/uploads\/2019\/09\/flag-2526487_640-300x225.jpg\" class=\"attachment-medium size-medium wp-image-5979\" alt=\"\" srcset=\"https:\/\/www.centraldevacaciones.com\/blog\/wp-content\/uploads\/2019\/09\/flag-2526487_640-300x225.jpg 300w, https:\/\/www.centraldevacaciones.com\/blog\/wp-content\/uploads\/2019\/09\/flag-2526487_640.jpg 640w\" sizes=\"(max-width: 300px) 100vw, 300px\" \/><\/div>\n\t\t<\/a>\n\t\t\t\t<div class=\"elementor-post__text\">\n\t\t\t\t<h3 class=\"elementor-post__title\">\n\t\t\t<a href=\"https:\/\/www.centraldevacaciones.com\/blog\/como-preparar-tu-viaje-a-jamaica\/\" >\n\t\t\t\tC\u00f3mo preparar tu viaje a Jamaica\t\t\t<\/a>\n\t\t<\/h3>\n\t\t\t\t<\/div>\n\t\t\t\t<\/article>\n\t\t\t\t<article class=\"elementor-post elementor-grid-item post-5966 post type-post status-publish format-standard has-post-thumbnail hentry category-espana category-rutas-por-espana category-rutas-por-europa category-viajes-por-europa\" role=\"listitem\">\n\t\t\t\t<a class=\"elementor-post__thumbnail__link\" href=\"https:\/\/www.centraldevacaciones.com\/blog\/ruta-de-los-pueblos-blancos-conociendo-cadiz\/\" tabindex=\"-1\" >\n\t\t\t<div class=\"elementor-post__thumbnail\"><img loading=\"lazy\" decoding=\"async\" width=\"300\" height=\"200\" src=\"https:\/\/www.centraldevacaciones.com\/blog\/wp-content\/uploads\/2019\/09\/elbosque-300x200.jpg\" class=\"attachment-medium size-medium wp-image-5972\" alt=\"\" srcset=\"https:\/\/www.centraldevacaciones.com\/blog\/wp-content\/uploads\/2019\/09\/elbosque-300x200.jpg 300w, https:\/\/www.centraldevacaciones.com\/blog\/wp-content\/uploads\/2019\/09\/elbosque-768x512.jpg 768w, https:\/\/www.centraldevacaciones.com\/blog\/wp-content\/uploads\/2019\/09\/elbosque.jpg 960w\" sizes=\"(max-width: 300px) 100vw, 300px\" \/><\/div>\n\t\t<\/a>\n\t\t\t\t<div class=\"elementor-post__text\">\n\t\t\t\t<h3 class=\"elementor-post__title\">\n\t\t\t<a href=\"https:\/\/www.centraldevacaciones.com\/blog\/ruta-de-los-pueblos-blancos-conociendo-cadiz\/\" >\n\t\t\t\tRuta de los pueblos blancos: conociendo C\u00e1diz\t\t\t<\/a>\n\t\t<\/h3>\n\t\t\t\t<\/div>\n\t\t\t\t<\/article>\n\t\t\t\t<article class=\"elementor-post elementor-grid-item post-5947 post type-post status-publish format-standard has-post-thumbnail hentry category-espana category-rutas-por-espana category-rutas-por-europa category-viajes-por-europa\" role=\"listitem\">\n\t\t\t\t<a class=\"elementor-post__thumbnail__link\" href=\"https:\/\/www.centraldevacaciones.com\/blog\/los-pueblos-de-la-ruta-del-quijote-descubrelos\/\" tabindex=\"-1\" >\n\t\t\t<div class=\"elementor-post__thumbnail\"><img loading=\"lazy\" decoding=\"async\" width=\"300\" height=\"77\" src=\"https:\/\/www.centraldevacaciones.com\/blog\/wp-content\/uploads\/2019\/09\/ImagenEntrada_Quijote-300x77.jpg\" class=\"attachment-medium size-medium wp-image-6407\" alt=\"\" srcset=\"https:\/\/www.centraldevacaciones.com\/blog\/wp-content\/uploads\/2019\/09\/ImagenEntrada_Quijote-300x77.jpg 300w, https:\/\/www.centraldevacaciones.com\/blog\/wp-content\/uploads\/2019\/09\/ImagenEntrada_Quijote-768x197.jpg 768w, https:\/\/www.centraldevacaciones.com\/blog\/wp-content\/uploads\/2019\/09\/ImagenEntrada_Quijote-1024x263.jpg 1024w, https:\/\/www.centraldevacaciones.com\/blog\/wp-content\/uploads\/2019\/09\/ImagenEntrada_Quijote.jpg 1168w\" sizes=\"(max-width: 300px) 100vw, 300px\" \/><\/div>\n\t\t<\/a>\n\t\t\t\t<div class=\"elementor-post__text\">\n\t\t\t\t<h3 class=\"elementor-post__title\">\n\t\t\t<a href=\"https:\/\/www.centraldevacaciones.com\/blog\/los-pueblos-de-la-ruta-del-quijote-descubrelos\/\" >\n\t\t\t\tLos pueblos de la ruta del Quijote: \u00a1Desc\u00fabrelos!\t\t\t<\/a>\n\t\t<\/h3>\n\t\t\t\t<\/div>\n\t\t\t\t<\/article>\n\t\t\t\t<article class=\"elementor-post elementor-grid-item post-5929 post type-post status-publish format-standard has-post-thumbnail hentry category-ideas-viajes-de-novios category-ideas-viajes-verano category-rutas-por-asia category-viajes-por-asia\" role=\"listitem\">\n\t\t\t\t<a class=\"elementor-post__thumbnail__link\" href=\"https:\/\/www.centraldevacaciones.com\/blog\/las-mejores-ciudades-de-asia-que-no-te-puedes-perder\/\" tabindex=\"-1\" >\n\t\t\t<div class=\"elementor-post__thumbnail\"><img loading=\"lazy\" decoding=\"async\" width=\"300\" height=\"200\" src=\"https:\/\/www.centraldevacaciones.com\/blog\/wp-content\/uploads\/2019\/09\/bagan-300x200.jpg\" class=\"attachment-medium size-medium wp-image-5942\" alt=\"\" srcset=\"https:\/\/www.centraldevacaciones.com\/blog\/wp-content\/uploads\/2019\/09\/bagan-300x200.jpg 300w, https:\/\/www.centraldevacaciones.com\/blog\/wp-content\/uploads\/2019\/09\/bagan-768x512.jpg 768w, https:\/\/www.centraldevacaciones.com\/blog\/wp-content\/uploads\/2019\/09\/bagan-1024x682.jpg 1024w, https:\/\/www.centraldevacaciones.com\/blog\/wp-content\/uploads\/2019\/09\/bagan.jpg 1280w\" sizes=\"(max-width: 300px) 100vw, 300px\" \/><\/div>\n\t\t<\/a>\n\t\t\t\t<div class=\"elementor-post__text\">\n\t\t\t\t<h3 class=\"elementor-post__title\">\n\t\t\t<a href=\"https:\/\/www.centraldevacaciones.com\/blog\/las-mejores-ciudades-de-asia-que-no-te-puedes-perder\/\" >\n\t\t\t\tLas mejores ciudades de Asia que no te puedes perder\t\t\t<\/a>\n\t\t<\/h3>\n\t\t\t\t<\/div>\n\t\t\t\t<\/article>\n\t\t\t\t<article class=\"elementor-post elementor-grid-item post-5895 post type-post status-publish format-standard has-post-thumbnail hentry category-ideas-viajes-de-novios category-europa category-ideas-viajes-verano category-rutas-por-europa\" role=\"listitem\">\n\t\t\t\t<a class=\"elementor-post__thumbnail__link\" href=\"https:\/\/www.centraldevacaciones.com\/blog\/ruta-costa-croacia\/\" tabindex=\"-1\" >\n\t\t\t<div class=\"elementor-post__thumbnail\"><img loading=\"lazy\" decoding=\"async\" width=\"300\" height=\"169\" src=\"https:\/\/www.centraldevacaciones.com\/blog\/wp-content\/uploads\/2019\/08\/hvar-300x169.jpg\" class=\"attachment-medium size-medium wp-image-5900\" alt=\"\" srcset=\"https:\/\/www.centraldevacaciones.com\/blog\/wp-content\/uploads\/2019\/08\/hvar-300x169.jpg 300w, https:\/\/www.centraldevacaciones.com\/blog\/wp-content\/uploads\/2019\/08\/hvar-768x432.jpg 768w, https:\/\/www.centraldevacaciones.com\/blog\/wp-content\/uploads\/2019\/08\/hvar-1024x576.jpg 1024w, https:\/\/www.centraldevacaciones.com\/blog\/wp-content\/uploads\/2019\/08\/hvar.jpg 1920w\" sizes=\"(max-width: 300px) 100vw, 300px\" \/><\/div>\n\t\t<\/a>\n\t\t\t\t<div class=\"elementor-post__text\">\n\t\t\t\t<h3 class=\"elementor-post__title\">\n\t\t\t<a href=\"https:\/\/www.centraldevacaciones.com\/blog\/ruta-costa-croacia\/\" >\n\t\t\t\tRuta por la costa de Croacia- Los mejores rincones para visitar\t\t\t<\/a>\n\t\t<\/h3>\n\t\t\t\t<\/div>\n\t\t\t\t<\/article>\n\t\t\t\t<article class=\"elementor-post elementor-grid-item post-5886 post type-post status-publish format-standard has-post-thumbnail hentry category-ideas-viajes-de-novios category-caribe category-enlaces-utiles-viajes-turismo category-ideas-viajes-verano category-viajes-por-centroamerica\" role=\"listitem\">\n\t\t\t\t<a class=\"elementor-post__thumbnail__link\" href=\"https:\/\/www.centraldevacaciones.com\/blog\/descubre-todo-lo-que-necesitas-para-viajar-a-republica-dominicana\/\" tabindex=\"-1\" >\n\t\t\t<div class=\"elementor-post__thumbnail\"><img loading=\"lazy\" decoding=\"async\" width=\"300\" height=\"225\" src=\"https:\/\/www.centraldevacaciones.com\/blog\/wp-content\/uploads\/2019\/08\/international-2693116_640-300x225.jpg\" class=\"attachment-medium size-medium wp-image-5887\" alt=\"\" srcset=\"https:\/\/www.centraldevacaciones.com\/blog\/wp-content\/uploads\/2019\/08\/international-2693116_640-300x225.jpg 300w, https:\/\/www.centraldevacaciones.com\/blog\/wp-content\/uploads\/2019\/08\/international-2693116_640.jpg 640w\" sizes=\"(max-width: 300px) 100vw, 300px\" \/><\/div>\n\t\t<\/a>\n\t\t\t\t<div class=\"elementor-post__text\">\n\t\t\t\t<h3 class=\"elementor-post__title\">\n\t\t\t<a href=\"https:\/\/www.centraldevacaciones.com\/blog\/descubre-todo-lo-que-necesitas-para-viajar-a-republica-dominicana\/\" >\n\t\t\t\tDescubre todo lo que necesitas para viajar a Rep\u00fablica Dominicana\t\t\t<\/a>\n\t\t<\/h3>\n\t\t\t\t<\/div>\n\t\t\t\t<\/article>\n\t\t\t\t<article class=\"elementor-post elementor-grid-item post-5843 post type-post status-publish format-standard has-post-thumbnail hentry category-europa category-estados-unidos category-ideas-viajes-de-novios category-rutas-por-asia\" role=\"listitem\">\n\t\t\t\t<a class=\"elementor-post__thumbnail__link\" href=\"https:\/\/www.centraldevacaciones.com\/blog\/ideas-de-bodas-originales-en-otros-paises\/\" tabindex=\"-1\" >\n\t\t\t<div class=\"elementor-post__thumbnail\"><img loading=\"lazy\" decoding=\"async\" width=\"300\" height=\"199\" src=\"https:\/\/www.centraldevacaciones.com\/blog\/wp-content\/uploads\/2019\/07\/Costa_gallega-300x199.jpg\" class=\"attachment-medium size-medium wp-image-5851\" alt=\"\" srcset=\"https:\/\/www.centraldevacaciones.com\/blog\/wp-content\/uploads\/2019\/07\/Costa_gallega-300x199.jpg 300w, https:\/\/www.centraldevacaciones.com\/blog\/wp-content\/uploads\/2019\/07\/Costa_gallega.jpg 640w\" sizes=\"(max-width: 300px) 100vw, 300px\" \/><\/div>\n\t\t<\/a>\n\t\t\t\t<div class=\"elementor-post__text\">\n\t\t\t\t<h3 class=\"elementor-post__title\">\n\t\t\t<a href=\"https:\/\/www.centraldevacaciones.com\/blog\/ideas-de-bodas-originales-en-otros-paises\/\" >\n\t\t\t\tIdeas de bodas originales en otros pa\u00edses\t\t\t<\/a>\n\t\t<\/h3>\n\t\t\t\t<\/div>\n\t\t\t\t<\/article>\n\t\t\t\t<article class=\"elementor-post elementor-grid-item post-3055 post type-post status-publish format-standard has-post-thumbnail hentry category-ideas-viajes-verano category-europa category-ideas-viajes-de-novios category-islas-paradisiacas category-rutas-por-europa category-viajes-por-europa tag-italia\" role=\"listitem\">\n\t\t\t\t<a class=\"elementor-post__thumbnail__link\" href=\"https:\/\/www.centraldevacaciones.com\/blog\/10-islas-paradisiacas-para-visitar-en-italia\/\" tabindex=\"-1\" >\n\t\t\t<div class=\"elementor-post__thumbnail\"><img loading=\"lazy\" decoding=\"async\" width=\"300\" height=\"225\" src=\"https:\/\/www.centraldevacaciones.com\/blog\/wp-content\/uploads\/2019\/07\/aerial-view-of-loreto-island-lake-of-iseo-in-ital-2021-08-26-16-01-24-utc-300x225.jpg\" class=\"attachment-medium size-medium wp-image-129708\" alt=\"\" srcset=\"https:\/\/www.centraldevacaciones.com\/blog\/wp-content\/uploads\/2019\/07\/aerial-view-of-loreto-island-lake-of-iseo-in-ital-2021-08-26-16-01-24-utc-300x225.jpg 300w, https:\/\/www.centraldevacaciones.com\/blog\/wp-content\/uploads\/2019\/07\/aerial-view-of-loreto-island-lake-of-iseo-in-ital-2021-08-26-16-01-24-utc-1024x767.jpg 1024w, https:\/\/www.centraldevacaciones.com\/blog\/wp-content\/uploads\/2019\/07\/aerial-view-of-loreto-island-lake-of-iseo-in-ital-2021-08-26-16-01-24-utc-768x576.jpg 768w, https:\/\/www.centraldevacaciones.com\/blog\/wp-content\/uploads\/2019\/07\/aerial-view-of-loreto-island-lake-of-iseo-in-ital-2021-08-26-16-01-24-utc-1536x1151.jpg 1536w, https:\/\/www.centraldevacaciones.com\/blog\/wp-content\/uploads\/2019\/07\/aerial-view-of-loreto-island-lake-of-iseo-in-ital-2021-08-26-16-01-24-utc-2048x1535.jpg 2048w\" sizes=\"(max-width: 300px) 100vw, 300px\" \/><\/div>\n\t\t<\/a>\n\t\t\t\t<div class=\"elementor-post__text\">\n\t\t\t\t<h3 class=\"elementor-post__title\">\n\t\t\t<a href=\"https:\/\/www.centraldevacaciones.com\/blog\/10-islas-paradisiacas-para-visitar-en-italia\/\" >\n\t\t\t\t10 islas italianas para visitar\t\t\t<\/a>\n\t\t<\/h3>\n\t\t\t\t<\/div>\n\t\t\t\t<\/article>\n\t\t\t\t<article class=\"elementor-post elementor-grid-item post-5822 post type-post status-publish format-standard has-post-thumbnail hentry category-ideas-escapadas category-europa category-ideas-viajes-invierno category-rutas-por-europa\" role=\"listitem\">\n\t\t\t\t<a class=\"elementor-post__thumbnail__link\" href=\"https:\/\/www.centraldevacaciones.com\/blog\/ideas-de-ruta-para-tu-viaje-al-sur-de-francia-occitania\/\" tabindex=\"-1\" >\n\t\t\t<div class=\"elementor-post__thumbnail\"><img loading=\"lazy\" decoding=\"async\" width=\"300\" height=\"171\" src=\"https:\/\/www.centraldevacaciones.com\/blog\/wp-content\/uploads\/2019\/07\/5_Caracassone-300x171.jpg\" class=\"attachment-medium size-medium wp-image-5826\" alt=\"\" srcset=\"https:\/\/www.centraldevacaciones.com\/blog\/wp-content\/uploads\/2019\/07\/5_Caracassone-300x171.jpg 300w, https:\/\/www.centraldevacaciones.com\/blog\/wp-content\/uploads\/2019\/07\/5_Caracassone.jpg 640w\" sizes=\"(max-width: 300px) 100vw, 300px\" \/><\/div>\n\t\t<\/a>\n\t\t\t\t<div class=\"elementor-post__text\">\n\t\t\t\t<h3 class=\"elementor-post__title\">\n\t\t\t<a href=\"https:\/\/www.centraldevacaciones.com\/blog\/ideas-de-ruta-para-tu-viaje-al-sur-de-francia-occitania\/\" >\n\t\t\t\tIdeas de ruta para tu viaje al sur de Francia: Occitania\t\t\t<\/a>\n\t\t<\/h3>\n\t\t\t\t<\/div>\n\t\t\t\t<\/article>\n\t\t\t\t<article class=\"elementor-post elementor-grid-item post-5812 post type-post status-publish format-standard has-post-thumbnail hentry category-ideas-viajes-de-novios category-europa category-ideas-escapadas category-ideas-viajes-invierno category-rutas-por-europa\" role=\"listitem\">\n\t\t\t\t<a class=\"elementor-post__thumbnail__link\" href=\"https:\/\/www.centraldevacaciones.com\/blog\/10-consejos-para-tu10-consejos-para-tu-viaje-a-irlanda\/\" tabindex=\"-1\" >\n\t\t\t<div class=\"elementor-post__thumbnail\"><img loading=\"lazy\" decoding=\"async\" width=\"300\" height=\"142\" src=\"https:\/\/www.centraldevacaciones.com\/blog\/wp-content\/uploads\/2019\/07\/8_Cliffs-of-moher-2371819_640-300x142.jpg\" class=\"attachment-medium size-medium wp-image-5819\" alt=\"\" srcset=\"https:\/\/www.centraldevacaciones.com\/blog\/wp-content\/uploads\/2019\/07\/8_Cliffs-of-moher-2371819_640-300x142.jpg 300w, https:\/\/www.centraldevacaciones.com\/blog\/wp-content\/uploads\/2019\/07\/8_Cliffs-of-moher-2371819_640.jpg 640w\" sizes=\"(max-width: 300px) 100vw, 300px\" \/><\/div>\n\t\t<\/a>\n\t\t\t\t<div class=\"elementor-post__text\">\n\t\t\t\t<h3 class=\"elementor-post__title\">\n\t\t\t<a href=\"https:\/\/www.centraldevacaciones.com\/blog\/10-consejos-para-tu10-consejos-para-tu-viaje-a-irlanda\/\" >\n\t\t\t\t10 consejos para tu viaje a Irlanda\t\t\t<\/a>\n\t\t<\/h3>\n\t\t\t\t<\/div>\n\t\t\t\t<\/article>\n\t\t\t\t<article class=\"elementor-post elementor-grid-item post-4348 post type-post status-publish format-standard has-post-thumbnail hentry category-viajes category-ideas-viajes-de-novios category-ideas-viajes-low-cost category-islas-paradisiacas category-viajes-por-africa\" role=\"listitem\">\n\t\t\t\t<a class=\"elementor-post__thumbnail__link\" href=\"https:\/\/www.centraldevacaciones.com\/blog\/viaje-a-mauricio-barato\/\" tabindex=\"-1\" >\n\t\t\t<div class=\"elementor-post__thumbnail\"><img loading=\"lazy\" decoding=\"async\" width=\"240\" height=\"300\" src=\"https:\/\/www.centraldevacaciones.com\/blog\/wp-content\/uploads\/2018\/11\/7ea0e7ef68339bdd4248c2a81c620cdd9cc6b5e84255451143b4daec7b72820f-768x9601-240x300.jpg\" class=\"attachment-medium size-medium wp-image-8566\" alt=\"\" srcset=\"https:\/\/www.centraldevacaciones.com\/blog\/wp-content\/uploads\/2018\/11\/7ea0e7ef68339bdd4248c2a81c620cdd9cc6b5e84255451143b4daec7b72820f-768x9601-240x300.jpg 240w, https:\/\/www.centraldevacaciones.com\/blog\/wp-content\/uploads\/2018\/11\/7ea0e7ef68339bdd4248c2a81c620cdd9cc6b5e84255451143b4daec7b72820f-768x9601.jpg 768w\" sizes=\"(max-width: 240px) 100vw, 240px\" \/><\/div>\n\t\t<\/a>\n\t\t\t\t<div class=\"elementor-post__text\">\n\t\t\t\t<h3 class=\"elementor-post__title\">\n\t\t\t<a href=\"https:\/\/www.centraldevacaciones.com\/blog\/viaje-a-mauricio-barato\/\" >\n\t\t\t\tViaje a Mauricio Barato\t\t\t<\/a>\n\t\t<\/h3>\n\t\t\t\t<\/div>\n\t\t\t\t<\/article>\n\t\t\t\t<article class=\"elementor-post elementor-grid-item post-4339 post type-post status-publish format-standard has-post-thumbnail hentry category-viajes category-viajes-por-asia\" role=\"listitem\">\n\t\t\t\t<a class=\"elementor-post__thumbnail__link\" href=\"https:\/\/www.centraldevacaciones.com\/blog\/ofertas-viajes-tailandia\/\" tabindex=\"-1\" >\n\t\t\t<div class=\"elementor-post__thumbnail\"><img loading=\"lazy\" decoding=\"async\" width=\"300\" height=\"273\" src=\"https:\/\/www.centraldevacaciones.com\/blog\/wp-content\/uploads\/2018\/11\/2faf8e9101_thailandia-300x273.jpg\" class=\"attachment-medium size-medium wp-image-4346\" alt=\"\" srcset=\"https:\/\/www.centraldevacaciones.com\/blog\/wp-content\/uploads\/2018\/11\/2faf8e9101_thailandia-300x273.jpg 300w, https:\/\/www.centraldevacaciones.com\/blog\/wp-content\/uploads\/2018\/11\/2faf8e9101_thailandia.jpg 500w\" sizes=\"(max-width: 300px) 100vw, 300px\" \/><\/div>\n\t\t<\/a>\n\t\t\t\t<div class=\"elementor-post__text\">\n\t\t\t\t<h3 class=\"elementor-post__title\">\n\t\t\t<a href=\"https:\/\/www.centraldevacaciones.com\/blog\/ofertas-viajes-tailandia\/\" >\n\t\t\t\tOfertas Viajes Tailandia\t\t\t<\/a>\n\t\t<\/h3>\n\t\t\t\t<\/div>\n\t\t\t\t<\/article>\n\t\t\t\t<article class=\"elementor-post elementor-grid-item post-4336 post type-post status-publish format-standard has-post-thumbnail hentry category-estados-unidos category-viajes tag-hoteles tag-viajes-baratos\" role=\"listitem\">\n\t\t\t\t<a class=\"elementor-post__thumbnail__link\" href=\"https:\/\/www.centraldevacaciones.com\/blog\/oferta-de-viajes-baratos\/\" tabindex=\"-1\" >\n\t\t\t<div class=\"elementor-post__thumbnail\"><img loading=\"lazy\" decoding=\"async\" width=\"300\" height=\"240\" src=\"https:\/\/www.centraldevacaciones.com\/blog\/wp-content\/uploads\/2018\/11\/pict1-300x240.jpg\" class=\"attachment-medium size-medium wp-image-4338\" alt=\"\" srcset=\"https:\/\/www.centraldevacaciones.com\/blog\/wp-content\/uploads\/2018\/11\/pict1-300x240.jpg 300w, https:\/\/www.centraldevacaciones.com\/blog\/wp-content\/uploads\/2018\/11\/pict1.jpg 500w\" sizes=\"(max-width: 300px) 100vw, 300px\" \/><\/div>\n\t\t<\/a>\n\t\t\t\t<div class=\"elementor-post__text\">\n\t\t\t\t<h3 class=\"elementor-post__title\">\n\t\t\t<a href=\"https:\/\/www.centraldevacaciones.com\/blog\/oferta-de-viajes-baratos\/\" >\n\t\t\t\tOferta de Viajes Baratos\t\t\t<\/a>\n\t\t<\/h3>\n\t\t\t\t<\/div>\n\t\t\t\t<\/article>\n\t\t\t\t<article class=\"elementor-post elementor-grid-item post-4327 post type-post status-publish format-standard has-post-thumbnail hentry category-hoteles-2 tag-alojamientos-vacacionales tag-alquiler-apartamento-vacacional tag-alquiler-casa-vacacional tag-apartamentos-turisticos tag-casas-turisticas\" role=\"listitem\">\n\t\t\t\t<a class=\"elementor-post__thumbnail__link\" href=\"https:\/\/www.centraldevacaciones.com\/blog\/mas-de-1-millon-de-alojamientos-alternativos\/\" tabindex=\"-1\" >\n\t\t\t<div class=\"elementor-post__thumbnail\"><img loading=\"lazy\" decoding=\"async\" width=\"300\" height=\"200\" src=\"https:\/\/www.centraldevacaciones.com\/blog\/wp-content\/uploads\/2018\/10\/ApartamentoTuristico_INST-300x200.jpg\" class=\"attachment-medium size-medium wp-image-4333\" alt=\"\" srcset=\"https:\/\/www.centraldevacaciones.com\/blog\/wp-content\/uploads\/2018\/10\/ApartamentoTuristico_INST-300x200.jpg 300w, https:\/\/www.centraldevacaciones.com\/blog\/wp-content\/uploads\/2018\/10\/ApartamentoTuristico_INST.jpg 600w\" sizes=\"(max-width: 300px) 100vw, 300px\" \/><\/div>\n\t\t<\/a>\n\t\t\t\t<div class=\"elementor-post__text\">\n\t\t\t\t<h3 class=\"elementor-post__title\">\n\t\t\t<a href=\"https:\/\/www.centraldevacaciones.com\/blog\/mas-de-1-millon-de-alojamientos-alternativos\/\" >\n\t\t\t\tM\u00e1s de 1 mill\u00f3n de Alojamientos Alternativos\t\t\t<\/a>\n\t\t<\/h3>\n\t\t\t\t<\/div>\n\t\t\t\t<\/article>\n\t\t\t\t<article class=\"elementor-post elementor-grid-item post-4318 post type-post status-publish format-standard has-post-thumbnail hentry category-viajes-por-europa category-europa tag-copenhague tag-dinamarca\" role=\"listitem\">\n\t\t\t\t<a class=\"elementor-post__thumbnail__link\" href=\"https:\/\/www.centraldevacaciones.com\/blog\/los-mas-famosos-restaurantes-para-comer-en-copenhague\/\" tabindex=\"-1\" >\n\t\t\t<div class=\"elementor-post__thumbnail\"><img loading=\"lazy\" decoding=\"async\" width=\"300\" height=\"203\" src=\"https:\/\/www.centraldevacaciones.com\/blog\/wp-content\/uploads\/2018\/05\/eb36b80a20f5093ecd0b470de7444e90fe76e7d71fb8134695f2c0_640_Copenhague-1-300x203.jpg\" class=\"attachment-medium size-medium wp-image-4314\" alt=\"\" srcset=\"https:\/\/www.centraldevacaciones.com\/blog\/wp-content\/uploads\/2018\/05\/eb36b80a20f5093ecd0b470de7444e90fe76e7d71fb8134695f2c0_640_Copenhague-1-300x203.jpg 300w, https:\/\/www.centraldevacaciones.com\/blog\/wp-content\/uploads\/2018\/05\/eb36b80a20f5093ecd0b470de7444e90fe76e7d71fb8134695f2c0_640_Copenhague-1.jpg 640w\" sizes=\"(max-width: 300px) 100vw, 300px\" \/><\/div>\n\t\t<\/a>\n\t\t\t\t<div class=\"elementor-post__text\">\n\t\t\t\t<h3 class=\"elementor-post__title\">\n\t\t\t<a href=\"https:\/\/www.centraldevacaciones.com\/blog\/los-mas-famosos-restaurantes-para-comer-en-copenhague\/\" >\n\t\t\t\tLos m\u00e1s famosos restaurantes para comer en Copenhague\t\t\t<\/a>\n\t\t<\/h3>\n\t\t\t\t<\/div>\n\t\t\t\t<\/article>\n\t\t\t\t<article class=\"elementor-post elementor-grid-item post-4312 post type-post status-publish format-standard has-post-thumbnail hentry category-viajes-por-europa category-europa category-ideas-escapadas category-rutas-por-europa tag-copenhague\" role=\"listitem\">\n\t\t\t\t<a class=\"elementor-post__thumbnail__link\" href=\"https:\/\/www.centraldevacaciones.com\/blog\/7-lugares-para-no-aburrirte-en-una-noche-en-copenhague\/\" tabindex=\"-1\" >\n\t\t\t<div class=\"elementor-post__thumbnail\"><img loading=\"lazy\" decoding=\"async\" width=\"300\" height=\"203\" src=\"https:\/\/www.centraldevacaciones.com\/blog\/wp-content\/uploads\/2018\/05\/eb36b80a20f5093ecd0b470de7444e90fe76e7d71fb8134695f2c0_640_Copenhague-1-300x203.jpg\" class=\"attachment-medium size-medium wp-image-4314\" alt=\"\" srcset=\"https:\/\/www.centraldevacaciones.com\/blog\/wp-content\/uploads\/2018\/05\/eb36b80a20f5093ecd0b470de7444e90fe76e7d71fb8134695f2c0_640_Copenhague-1-300x203.jpg 300w, https:\/\/www.centraldevacaciones.com\/blog\/wp-content\/uploads\/2018\/05\/eb36b80a20f5093ecd0b470de7444e90fe76e7d71fb8134695f2c0_640_Copenhague-1.jpg 640w\" sizes=\"(max-width: 300px) 100vw, 300px\" \/><\/div>\n\t\t<\/a>\n\t\t\t\t<div class=\"elementor-post__text\">\n\t\t\t\t<h3 class=\"elementor-post__title\">\n\t\t\t<a href=\"https:\/\/www.centraldevacaciones.com\/blog\/7-lugares-para-no-aburrirte-en-una-noche-en-copenhague\/\" >\n\t\t\t\t7 lugares para no aburrirte en una noche en Copenhague\t\t\t<\/a>\n\t\t<\/h3>\n\t\t\t\t<\/div>\n\t\t\t\t<\/article>\n\t\t\t\t<article class=\"elementor-post elementor-grid-item post-4307 post type-post status-publish format-standard has-post-thumbnail hentry category-viajes-por-europa category-europa category-ideas-escapadas tag-italia tag-roma\" role=\"listitem\">\n\t\t\t\t<a class=\"elementor-post__thumbnail__link\" href=\"https:\/\/www.centraldevacaciones.com\/blog\/estos-son-los-10-lugares-que-debes-visitar-en-roma\/\" tabindex=\"-1\" >\n\t\t\t<div class=\"elementor-post__thumbnail\"><img loading=\"lazy\" decoding=\"async\" width=\"300\" height=\"200\" src=\"https:\/\/www.centraldevacaciones.com\/blog\/wp-content\/uploads\/2018\/05\/eb30b50a2bf3033ecd0b470de7444e90fe76e7d71fb8134595f6c7_640_roma-300x200.jpg\" class=\"attachment-medium size-medium wp-image-4310\" alt=\"\" srcset=\"https:\/\/www.centraldevacaciones.com\/blog\/wp-content\/uploads\/2018\/05\/eb30b50a2bf3033ecd0b470de7444e90fe76e7d71fb8134595f6c7_640_roma-300x200.jpg 300w, https:\/\/www.centraldevacaciones.com\/blog\/wp-content\/uploads\/2018\/05\/eb30b50a2bf3033ecd0b470de7444e90fe76e7d71fb8134595f6c7_640_roma.jpg 640w\" sizes=\"(max-width: 300px) 100vw, 300px\" \/><\/div>\n\t\t<\/a>\n\t\t\t\t<div class=\"elementor-post__text\">\n\t\t\t\t<h3 class=\"elementor-post__title\">\n\t\t\t<a href=\"https:\/\/www.centraldevacaciones.com\/blog\/estos-son-los-10-lugares-que-debes-visitar-en-roma\/\" >\n\t\t\t\tEstos son los 10 lugares que debes visitar en Roma\t\t\t<\/a>\n\t\t<\/h3>\n\t\t\t\t<\/div>\n\t\t\t\t<\/article>\n\t\t\t\t<article class=\"elementor-post elementor-grid-item post-4004 post type-post status-publish format-standard has-post-thumbnail hentry category-viajes-por-europa category-europa category-ideas-escapadas tag-copenhague tag-dinamarca\" role=\"listitem\">\n\t\t\t\t<a class=\"elementor-post__thumbnail__link\" href=\"https:\/\/www.centraldevacaciones.com\/blog\/dinamarca-el-paraiso-de-las-islas\/\" tabindex=\"-1\" >\n\t\t\t<div class=\"elementor-post__thumbnail\"><img loading=\"lazy\" decoding=\"async\" width=\"300\" height=\"125\" src=\"https:\/\/www.centraldevacaciones.com\/blog\/wp-content\/uploads\/2017\/11\/14676995366_a871b51206_dinamarca-300x125.jpg\" class=\"attachment-medium size-medium wp-image-4005\" alt=\"\" srcset=\"https:\/\/www.centraldevacaciones.com\/blog\/wp-content\/uploads\/2017\/11\/14676995366_a871b51206_dinamarca-300x125.jpg 300w, https:\/\/www.centraldevacaciones.com\/blog\/wp-content\/uploads\/2017\/11\/14676995366_a871b51206_dinamarca.jpg 500w\" sizes=\"(max-width: 300px) 100vw, 300px\" \/><\/div>\n\t\t<\/a>\n\t\t\t\t<div class=\"elementor-post__text\">\n\t\t\t\t<h3 class=\"elementor-post__title\">\n\t\t\t<a href=\"https:\/\/www.centraldevacaciones.com\/blog\/dinamarca-el-paraiso-de-las-islas\/\" >\n\t\t\t\tDinamarca el para\u00edso de las islas\t\t\t<\/a>\n\t\t<\/h3>\n\t\t\t\t<\/div>\n\t\t\t\t<\/article>\n\t\t\t\t<article class=\"elementor-post elementor-grid-item post-4279 post type-post status-publish format-standard has-post-thumbnail hentry category-estados-unidos category-caribe category-ideas-viajes-de-novios category-ideas-viajes-verano category-rutas-por-estados-unidos category-viajes-por-norte-america tag-miami\" role=\"listitem\">\n\t\t\t\t<a class=\"elementor-post__thumbnail__link\" href=\"https:\/\/www.centraldevacaciones.com\/blog\/que-hacer-en-miami\/\" tabindex=\"-1\" >\n\t\t\t<div class=\"elementor-post__thumbnail\"><img loading=\"lazy\" decoding=\"async\" width=\"300\" height=\"198\" src=\"https:\/\/www.centraldevacaciones.com\/blog\/wp-content\/uploads\/2018\/05\/ea36b2062ff1003ecd0b470de7444e90fe76e7d71cb917439cf0c0_640_miami-300x198.jpg\" class=\"attachment-medium size-medium wp-image-4280\" alt=\"\" srcset=\"https:\/\/www.centraldevacaciones.com\/blog\/wp-content\/uploads\/2018\/05\/ea36b2062ff1003ecd0b470de7444e90fe76e7d71cb917439cf0c0_640_miami-300x198.jpg 300w, https:\/\/www.centraldevacaciones.com\/blog\/wp-content\/uploads\/2018\/05\/ea36b2062ff1003ecd0b470de7444e90fe76e7d71cb917439cf0c0_640_miami.jpg 640w\" sizes=\"(max-width: 300px) 100vw, 300px\" \/><\/div>\n\t\t<\/a>\n\t\t\t\t<div class=\"elementor-post__text\">\n\t\t\t\t<h3 class=\"elementor-post__title\">\n\t\t\t<a href=\"https:\/\/www.centraldevacaciones.com\/blog\/que-hacer-en-miami\/\" >\n\t\t\t\t\u00bfQu\u00e9 hacer en Miami?\t\t\t<\/a>\n\t\t<\/h3>\n\t\t\t\t<\/div>\n\t\t\t\t<\/article>\n\t\t\t\t<article class=\"elementor-post elementor-grid-item post-2539 post type-post status-publish format-standard has-post-thumbnail hentry category-estados-unidos category-ideas-viajes-de-novios category-rutas-por-america category-rutas-por-estados-unidos category-viajes-por-norte-america tag-new-york tag-nueva-york\" role=\"listitem\">\n\t\t\t\t<a class=\"elementor-post__thumbnail__link\" href=\"https:\/\/www.centraldevacaciones.com\/blog\/la-ciudad-de-la-libertad-newyork\/\" tabindex=\"-1\" >\n\t\t\t<div class=\"elementor-post__thumbnail\"><img loading=\"lazy\" decoding=\"async\" width=\"228\" height=\"300\" src=\"https:\/\/www.centraldevacaciones.com\/blog\/wp-content\/uploads\/2015\/12\/new-york-228x300.jpg\" class=\"attachment-medium size-medium wp-image-2541\" alt=\"new york\" srcset=\"https:\/\/www.centraldevacaciones.com\/blog\/wp-content\/uploads\/2015\/12\/new-york-228x300.jpg 228w, https:\/\/www.centraldevacaciones.com\/blog\/wp-content\/uploads\/2015\/12\/new-york-768x1010.jpg 768w, https:\/\/www.centraldevacaciones.com\/blog\/wp-content\/uploads\/2015\/12\/new-york-778x1024.jpg 778w, https:\/\/www.centraldevacaciones.com\/blog\/wp-content\/uploads\/2015\/12\/new-york.jpg 1398w\" sizes=\"(max-width: 228px) 100vw, 228px\" \/><\/div>\n\t\t<\/a>\n\t\t\t\t<div class=\"elementor-post__text\">\n\t\t\t\t<h3 class=\"elementor-post__title\">\n\t\t\t<a href=\"https:\/\/www.centraldevacaciones.com\/blog\/la-ciudad-de-la-libertad-newyork\/\" >\n\t\t\t\tLA CIUDAD DE LA LIBERTAD, New York\t\t\t<\/a>\n\t\t<\/h3>\n\t\t\t\t<\/div>\n\t\t\t\t<\/article>\n\t\t\t\t<article class=\"elementor-post elementor-grid-item post-2339 post type-post status-publish format-standard has-post-thumbnail hentry category-viajes-por-norte-america category-estados-unidos category-rutas-por-estados-unidos\" role=\"listitem\">\n\t\t\t\t<a class=\"elementor-post__thumbnail__link\" href=\"https:\/\/www.centraldevacaciones.com\/blog\/7-paradas-obligatorias-en-washington-dc-estados-unidos\/\" tabindex=\"-1\" >\n\t\t\t<div class=\"elementor-post__thumbnail\"><img loading=\"lazy\" decoding=\"async\" width=\"300\" height=\"239\" src=\"https:\/\/www.centraldevacaciones.com\/blog\/wp-content\/uploads\/2016\/07\/ee37b1082cf61c3e81584d04ee44408be272e0d011b7124492f9_640_washington-300x239.jpg\" class=\"attachment-medium size-medium wp-image-4289\" alt=\"\" srcset=\"https:\/\/www.centraldevacaciones.com\/blog\/wp-content\/uploads\/2016\/07\/ee37b1082cf61c3e81584d04ee44408be272e0d011b7124492f9_640_washington-300x239.jpg 300w, https:\/\/www.centraldevacaciones.com\/blog\/wp-content\/uploads\/2016\/07\/ee37b1082cf61c3e81584d04ee44408be272e0d011b7124492f9_640_washington.jpg 640w\" sizes=\"(max-width: 300px) 100vw, 300px\" \/><\/div>\n\t\t<\/a>\n\t\t\t\t<div class=\"elementor-post__text\">\n\t\t\t\t<h3 class=\"elementor-post__title\">\n\t\t\t<a href=\"https:\/\/www.centraldevacaciones.com\/blog\/7-paradas-obligatorias-en-washington-dc-estados-unidos\/\" >\n\t\t\t\t7 paradas obligatorias en Washington DC, Estados Unidos\t\t\t<\/a>\n\t\t<\/h3>\n\t\t\t\t<\/div>\n\t\t\t\t<\/article>\n\t\t\t\t<article class=\"elementor-post elementor-grid-item post-3174 post type-post status-publish format-standard has-post-thumbnail hentry category-ideas-viajes-de-novios category-rutas-por-asia category-viajes-por-asia tag-japon\" role=\"listitem\">\n\t\t\t\t<a class=\"elementor-post__thumbnail__link\" href=\"https:\/\/www.centraldevacaciones.com\/blog\/4-ciudades-para-visitar-en-japon\/\" tabindex=\"-1\" >\n\t\t\t<div class=\"elementor-post__thumbnail\"><img loading=\"lazy\" decoding=\"async\" width=\"300\" height=\"225\" src=\"https:\/\/www.centraldevacaciones.com\/blog\/wp-content\/uploads\/2016\/09\/tokio-1-300x225.jpg\" class=\"attachment-medium size-medium wp-image-3175\" alt=\"tokio\" srcset=\"https:\/\/www.centraldevacaciones.com\/blog\/wp-content\/uploads\/2016\/09\/tokio-1-300x225.jpg 300w, https:\/\/www.centraldevacaciones.com\/blog\/wp-content\/uploads\/2016\/09\/tokio-1-768x576.jpg 768w, https:\/\/www.centraldevacaciones.com\/blog\/wp-content\/uploads\/2016\/09\/tokio-1.jpg 1024w\" sizes=\"(max-width: 300px) 100vw, 300px\" \/><\/div>\n\t\t<\/a>\n\t\t\t\t<div class=\"elementor-post__text\">\n\t\t\t\t<h3 class=\"elementor-post__title\">\n\t\t\t<a href=\"https:\/\/www.centraldevacaciones.com\/blog\/4-ciudades-para-visitar-en-japon\/\" >\n\t\t\t\t4 ciudades para visitar en Jap\u00f3n\t\t\t<\/a>\n\t\t<\/h3>\n\t\t\t\t<\/div>\n\t\t\t\t<\/article>\n\t\t\t\t<article class=\"elementor-post elementor-grid-item post-4047 post type-post status-publish format-standard has-post-thumbnail hentry category-viajes-por-asia category-caribe category-ideas-viajes-de-novios category-ideas-viajes-verano category-rutas-por-asia tag-tailandia\" role=\"listitem\">\n\t\t\t\t<a class=\"elementor-post__thumbnail__link\" href=\"https:\/\/www.centraldevacaciones.com\/blog\/turismo-en-tailandia\/\" tabindex=\"-1\" >\n\t\t\t<div class=\"elementor-post__thumbnail\"><img loading=\"lazy\" decoding=\"async\" width=\"225\" height=\"300\" src=\"https:\/\/www.centraldevacaciones.com\/blog\/wp-content\/uploads\/2017\/12\/5769201445_4911b80c4f_tailandia-225x300.jpg\" class=\"attachment-medium size-medium wp-image-4053\" alt=\"\" srcset=\"https:\/\/www.centraldevacaciones.com\/blog\/wp-content\/uploads\/2017\/12\/5769201445_4911b80c4f_tailandia-225x300.jpg 225w, https:\/\/www.centraldevacaciones.com\/blog\/wp-content\/uploads\/2017\/12\/5769201445_4911b80c4f_tailandia.jpg 375w\" sizes=\"(max-width: 225px) 100vw, 225px\" \/><\/div>\n\t\t<\/a>\n\t\t\t\t<div class=\"elementor-post__text\">\n\t\t\t\t<h3 class=\"elementor-post__title\">\n\t\t\t<a href=\"https:\/\/www.centraldevacaciones.com\/blog\/turismo-en-tailandia\/\" >\n\t\t\t\tTurismo en Tailandia\t\t\t<\/a>\n\t\t<\/h3>\n\t\t\t\t<\/div>\n\t\t\t\t<\/article>\n\t\t\t\t<article class=\"elementor-post elementor-grid-item post-1370 post type-post status-publish format-standard has-post-thumbnail hentry category-ideas-viajes-de-novios category-ideas-viajes-verano category-rutas-por-asia category-vacaciones category-viajes-por-asia tag-tailandia\" role=\"listitem\">\n\t\t\t\t<a class=\"elementor-post__thumbnail__link\" href=\"https:\/\/www.centraldevacaciones.com\/blog\/10-cosas-que-debes-saber-antes-de-viajar-a-tailandia\/\" tabindex=\"-1\" >\n\t\t\t<div class=\"elementor-post__thumbnail\"><img loading=\"lazy\" decoding=\"async\" width=\"300\" height=\"200\" src=\"https:\/\/www.centraldevacaciones.com\/blog\/wp-content\/uploads\/2014\/11\/e83db1082df5093ecd0b470de7444e90fe76e7d71cb9144693f2c8_640_Bangkok-300x200.jpg\" class=\"attachment-medium size-medium wp-image-4267\" alt=\"\" srcset=\"https:\/\/www.centraldevacaciones.com\/blog\/wp-content\/uploads\/2014\/11\/e83db1082df5093ecd0b470de7444e90fe76e7d71cb9144693f2c8_640_Bangkok-300x200.jpg 300w, https:\/\/www.centraldevacaciones.com\/blog\/wp-content\/uploads\/2014\/11\/e83db1082df5093ecd0b470de7444e90fe76e7d71cb9144693f2c8_640_Bangkok.jpg 640w\" sizes=\"(max-width: 300px) 100vw, 300px\" \/><\/div>\n\t\t<\/a>\n\t\t\t\t<div class=\"elementor-post__text\">\n\t\t\t\t<h3 class=\"elementor-post__title\">\n\t\t\t<a href=\"https:\/\/www.centraldevacaciones.com\/blog\/10-cosas-que-debes-saber-antes-de-viajar-a-tailandia\/\" >\n\t\t\t\t10  cosas que debes saber antes de viajar a Tailandia\t\t\t<\/a>\n\t\t<\/h3>\n\t\t\t\t<\/div>\n\t\t\t\t<\/article>\n\t\t\t\t<article class=\"elementor-post elementor-grid-item post-785 post type-post status-publish format-standard has-post-thumbnail hentry category-viajes-por-europa category-caribe category-europa category-ideas-escapadas category-rutas-por-europa category-vacaciones tag-disney-paris tag-eurodisney\" role=\"listitem\">\n\t\t\t\t<a class=\"elementor-post__thumbnail__link\" href=\"https:\/\/www.centraldevacaciones.com\/blog\/la-mejor-opcion-para-ir-de-vacaciones-esta-en-disneyland\/\" tabindex=\"-1\" >\n\t\t\t<div class=\"elementor-post__thumbnail\"><img loading=\"lazy\" decoding=\"async\" width=\"300\" height=\"225\" src=\"https:\/\/www.centraldevacaciones.com\/blog\/wp-content\/uploads\/2015\/01\/DisneyFB-e1421087429888-300x225.jpg\" class=\"attachment-medium size-medium wp-image-1813\" alt=\"Eurodisney\" srcset=\"https:\/\/www.centraldevacaciones.com\/blog\/wp-content\/uploads\/2015\/01\/DisneyFB-e1421087429888-300x225.jpg 300w, https:\/\/www.centraldevacaciones.com\/blog\/wp-content\/uploads\/2015\/01\/DisneyFB-e1421087429888.jpg 367w\" sizes=\"(max-width: 300px) 100vw, 300px\" \/><\/div>\n\t\t<\/a>\n\t\t\t\t<div class=\"elementor-post__text\">\n\t\t\t\t<h3 class=\"elementor-post__title\">\n\t\t\t<a href=\"https:\/\/www.centraldevacaciones.com\/blog\/la-mejor-opcion-para-ir-de-vacaciones-esta-en-disneyland\/\" >\n\t\t\t\tLa mejor opci\u00f3n para ir de vacaciones est\u00e1 en Disneyland\t\t\t<\/a>\n\t\t<\/h3>\n\t\t\t\t<\/div>\n\t\t\t\t<\/article>\n\t\t\t\t<article class=\"elementor-post elementor-grid-item post-1386 post type-post status-publish format-standard has-post-thumbnail hentry category-ideas-escapadas category-europa category-ideas-viajes-lujo category-rutas-por-europa category-viajes-por-europa tag-francia tag-paris\" role=\"listitem\">\n\t\t\t\t<a class=\"elementor-post__thumbnail__link\" href=\"https:\/\/www.centraldevacaciones.com\/blog\/francia-un-recorrido-por-su-capital\/\" tabindex=\"-1\" >\n\t\t\t<div class=\"elementor-post__thumbnail\"><img loading=\"lazy\" decoding=\"async\" width=\"300\" height=\"200\" src=\"https:\/\/www.centraldevacaciones.com\/blog\/wp-content\/uploads\/2018\/05\/PARIS-300x200.jpg\" class=\"attachment-medium size-medium wp-image-6211\" alt=\"\" srcset=\"https:\/\/www.centraldevacaciones.com\/blog\/wp-content\/uploads\/2018\/05\/PARIS-300x200.jpg 300w, https:\/\/www.centraldevacaciones.com\/blog\/wp-content\/uploads\/2018\/05\/PARIS-768x512.jpg 768w, https:\/\/www.centraldevacaciones.com\/blog\/wp-content\/uploads\/2018\/05\/PARIS-1024x683.jpg 1024w, https:\/\/www.centraldevacaciones.com\/blog\/wp-content\/uploads\/2018\/05\/PARIS.jpg 1920w\" sizes=\"(max-width: 300px) 100vw, 300px\" \/><\/div>\n\t\t<\/a>\n\t\t\t\t<div class=\"elementor-post__text\">\n\t\t\t\t<h3 class=\"elementor-post__title\">\n\t\t\t<a href=\"https:\/\/www.centraldevacaciones.com\/blog\/francia-un-recorrido-por-su-capital\/\" >\n\t\t\t\tFrancia  Un recorrido por su capital, Par\u00eds\t\t\t<\/a>\n\t\t<\/h3>\n\t\t\t\t<\/div>\n\t\t\t\t<\/article>\n\t\t\t\t<article class=\"elementor-post elementor-grid-item post-3879 post type-post status-publish format-standard has-post-thumbnail hentry category-ideas-escapadas category-europa category-ideas-viajes-invierno category-rutas-por-europa category-viajes-por-europa tag-alemania tag-munich\" role=\"listitem\">\n\t\t\t\t<a class=\"elementor-post__thumbnail__link\" href=\"https:\/\/www.centraldevacaciones.com\/blog\/viaja-a-la-ciudad-de-munich-y-disfruta-de-alemania-sin-dudarlo\/\" tabindex=\"-1\" >\n\t\t\t<div class=\"elementor-post__thumbnail\"><img loading=\"lazy\" decoding=\"async\" width=\"300\" height=\"276\" src=\"https:\/\/www.centraldevacaciones.com\/blog\/wp-content\/uploads\/2017\/10\/1024px-Munchen_collage-300x276.jpg\" class=\"attachment-medium size-medium wp-image-3892\" alt=\"Munich Wikipedia\" srcset=\"https:\/\/www.centraldevacaciones.com\/blog\/wp-content\/uploads\/2017\/10\/1024px-Munchen_collage-300x276.jpg 300w, https:\/\/www.centraldevacaciones.com\/blog\/wp-content\/uploads\/2017\/10\/1024px-Munchen_collage-768x707.jpg 768w, https:\/\/www.centraldevacaciones.com\/blog\/wp-content\/uploads\/2017\/10\/1024px-Munchen_collage.jpg 1024w\" sizes=\"(max-width: 300px) 100vw, 300px\" \/><\/div>\n\t\t<\/a>\n\t\t\t\t<div class=\"elementor-post__text\">\n\t\t\t\t<h3 class=\"elementor-post__title\">\n\t\t\t<a href=\"https:\/\/www.centraldevacaciones.com\/blog\/viaja-a-la-ciudad-de-munich-y-disfruta-de-alemania-sin-dudarlo\/\" >\n\t\t\t\tViaja a la ciudad de M\u00fanich y disfruta de Alemania sin dudarlo\t\t\t<\/a>\n\t\t<\/h3>\n\t\t\t\t<\/div>\n\t\t\t\t<\/article>\n\t\t\t\t<article class=\"elementor-post elementor-grid-item post-4257 post type-post status-publish format-standard has-post-thumbnail hentry category-ideas-escapadas category-espana category-europa category-ideas-viajes-invierno category-ideas-viajes-verano category-rutas-por-espana tag-canarias\" role=\"listitem\">\n\t\t\t\t<a class=\"elementor-post__thumbnail__link\" href=\"https:\/\/www.centraldevacaciones.com\/blog\/destinos-turisticos-en-canarias\/\" tabindex=\"-1\" >\n\t\t\t<div class=\"elementor-post__thumbnail\"><img loading=\"lazy\" decoding=\"async\" width=\"300\" height=\"200\" src=\"https:\/\/www.centraldevacaciones.com\/blog\/wp-content\/uploads\/2018\/04\/ea37b00b2bf7003ecd0b470de7444e90fe76e7d71ab9164993f6c4_640_canarias-300x200.jpg\" class=\"attachment-medium size-medium wp-image-4258\" alt=\"canarias\" srcset=\"https:\/\/www.centraldevacaciones.com\/blog\/wp-content\/uploads\/2018\/04\/ea37b00b2bf7003ecd0b470de7444e90fe76e7d71ab9164993f6c4_640_canarias-300x200.jpg 300w, https:\/\/www.centraldevacaciones.com\/blog\/wp-content\/uploads\/2018\/04\/ea37b00b2bf7003ecd0b470de7444e90fe76e7d71ab9164993f6c4_640_canarias.jpg 640w\" sizes=\"(max-width: 300px) 100vw, 300px\" \/><\/div>\n\t\t<\/a>\n\t\t\t\t<div class=\"elementor-post__text\">\n\t\t\t\t<h3 class=\"elementor-post__title\">\n\t\t\t<a href=\"https:\/\/www.centraldevacaciones.com\/blog\/destinos-turisticos-en-canarias\/\" >\n\t\t\t\tDestinos tur\u00edsticos en Canarias.\t\t\t<\/a>\n\t\t<\/h3>\n\t\t\t\t<\/div>\n\t\t\t\t<\/article>\n\t\t\t\t<article class=\"elementor-post elementor-grid-item post-4254 post type-post status-publish format-standard has-post-thumbnail hentry category-ideas-escapadas category-espana category-ideas-viajes-invierno category-ideas-viajes-verano tag-canarias tag-tenerife\" role=\"listitem\">\n\t\t\t\t<a class=\"elementor-post__thumbnail__link\" href=\"https:\/\/www.centraldevacaciones.com\/blog\/actividad-surfera-en-canarias\/\" tabindex=\"-1\" >\n\t\t\t<div class=\"elementor-post__thumbnail\"><img loading=\"lazy\" decoding=\"async\" width=\"300\" height=\"200\" src=\"https:\/\/www.centraldevacaciones.com\/blog\/wp-content\/uploads\/2018\/04\/ea36b10820f7033ecd0b470de7444e90fe76e7d71ab9164991f9c3_640_surf-300x200.jpg\" class=\"attachment-medium size-medium wp-image-4255\" alt=\"surf\" srcset=\"https:\/\/www.centraldevacaciones.com\/blog\/wp-content\/uploads\/2018\/04\/ea36b10820f7033ecd0b470de7444e90fe76e7d71ab9164991f9c3_640_surf-300x200.jpg 300w, https:\/\/www.centraldevacaciones.com\/blog\/wp-content\/uploads\/2018\/04\/ea36b10820f7033ecd0b470de7444e90fe76e7d71ab9164991f9c3_640_surf.jpg 640w\" sizes=\"(max-width: 300px) 100vw, 300px\" \/><\/div>\n\t\t<\/a>\n\t\t\t\t<div class=\"elementor-post__text\">\n\t\t\t\t<h3 class=\"elementor-post__title\">\n\t\t\t<a href=\"https:\/\/www.centraldevacaciones.com\/blog\/actividad-surfera-en-canarias\/\" >\n\t\t\t\tActividad surfera en Canarias\t\t\t<\/a>\n\t\t<\/h3>\n\t\t\t\t<\/div>\n\t\t\t\t<\/article>\n\t\t\t\t<article class=\"elementor-post elementor-grid-item post-4247 post type-post status-publish format-standard has-post-thumbnail hentry category-ideas-escapadas category-europa category-viajes-por-europa tag-paris\" role=\"listitem\">\n\t\t\t\t<a class=\"elementor-post__thumbnail__link\" href=\"https:\/\/www.centraldevacaciones.com\/blog\/cual-es-la-iglesia-mas-famosa-de-paris\/\" tabindex=\"-1\" >\n\t\t\t<div class=\"elementor-post__thumbnail\"><img loading=\"lazy\" decoding=\"async\" width=\"300\" height=\"203\" src=\"https:\/\/www.centraldevacaciones.com\/blog\/wp-content\/uploads\/2018\/04\/6086102803_7c95eb5e09_La-Catedral-de-Notre-Dame-300x203.jpg\" class=\"attachment-medium size-medium wp-image-4248\" alt=\"La-Catedral-de-Notre-Dame\" srcset=\"https:\/\/www.centraldevacaciones.com\/blog\/wp-content\/uploads\/2018\/04\/6086102803_7c95eb5e09_La-Catedral-de-Notre-Dame-300x203.jpg 300w, https:\/\/www.centraldevacaciones.com\/blog\/wp-content\/uploads\/2018\/04\/6086102803_7c95eb5e09_La-Catedral-de-Notre-Dame.jpg 500w\" sizes=\"(max-width: 300px) 100vw, 300px\" \/><\/div>\n\t\t<\/a>\n\t\t\t\t<div class=\"elementor-post__text\">\n\t\t\t\t<h3 class=\"elementor-post__title\">\n\t\t\t<a href=\"https:\/\/www.centraldevacaciones.com\/blog\/cual-es-la-iglesia-mas-famosa-de-paris\/\" >\n\t\t\t\t\u00bfCu\u00e1l es la iglesia m\u00e1s famosa de Paris?\t\t\t<\/a>\n\t\t<\/h3>\n\t\t\t\t<\/div>\n\t\t\t\t<\/article>\n\t\t\t\t<article class=\"elementor-post elementor-grid-item post-4244 post type-post status-publish format-standard has-post-thumbnail hentry category-europa category-ideas-escapadas category-viajes-por-europa tag-paris\" role=\"listitem\">\n\t\t\t\t<a class=\"elementor-post__thumbnail__link\" href=\"https:\/\/www.centraldevacaciones.com\/blog\/con-cuantos-escalones-cuenta-la-torre-eiffel\/\" tabindex=\"-1\" >\n\t\t\t<div class=\"elementor-post__thumbnail\"><img loading=\"lazy\" decoding=\"async\" width=\"225\" height=\"300\" src=\"https:\/\/www.centraldevacaciones.com\/blog\/wp-content\/uploads\/2018\/04\/2815508146_64f124cfe6_torre-Eiffel-225x300.jpg\" class=\"attachment-medium size-medium wp-image-4245\" alt=\"torre Eiffel\" srcset=\"https:\/\/www.centraldevacaciones.com\/blog\/wp-content\/uploads\/2018\/04\/2815508146_64f124cfe6_torre-Eiffel-225x300.jpg 225w, https:\/\/www.centraldevacaciones.com\/blog\/wp-content\/uploads\/2018\/04\/2815508146_64f124cfe6_torre-Eiffel.jpg 375w\" sizes=\"(max-width: 225px) 100vw, 225px\" \/><\/div>\n\t\t<\/a>\n\t\t\t\t<div class=\"elementor-post__text\">\n\t\t\t\t<h3 class=\"elementor-post__title\">\n\t\t\t<a href=\"https:\/\/www.centraldevacaciones.com\/blog\/con-cuantos-escalones-cuenta-la-torre-eiffel\/\" >\n\t\t\t\t\u00bfCon cu\u00e1ntos escalones cuenta la torre Eiffel?\t\t\t<\/a>\n\t\t<\/h3>\n\t\t\t\t<\/div>\n\t\t\t\t<\/article>\n\t\t\t\t<article class=\"elementor-post elementor-grid-item post-4241 post type-post status-publish format-standard has-post-thumbnail hentry category-europa category-ideas-escapadas category-rutas-por-europa category-viajes-por-europa tag-italia tag-roma\" role=\"listitem\">\n\t\t\t\t<a class=\"elementor-post__thumbnail__link\" href=\"https:\/\/www.centraldevacaciones.com\/blog\/tours-con-destinos-al-coliseo-y-a-la-antigua-roma\/\" tabindex=\"-1\" >\n\t\t\t<div class=\"elementor-post__thumbnail\"><img loading=\"lazy\" decoding=\"async\" width=\"300\" height=\"225\" src=\"https:\/\/www.centraldevacaciones.com\/blog\/wp-content\/uploads\/2018\/04\/4571823074_8f07976e5e_roma-300x225.jpg\" class=\"attachment-medium size-medium wp-image-4234\" alt=\"Roma. Romulo y Remo\" srcset=\"https:\/\/www.centraldevacaciones.com\/blog\/wp-content\/uploads\/2018\/04\/4571823074_8f07976e5e_roma-300x225.jpg 300w, https:\/\/www.centraldevacaciones.com\/blog\/wp-content\/uploads\/2018\/04\/4571823074_8f07976e5e_roma.jpg 500w\" sizes=\"(max-width: 300px) 100vw, 300px\" \/><\/div>\n\t\t<\/a>\n\t\t\t\t<div class=\"elementor-post__text\">\n\t\t\t\t<h3 class=\"elementor-post__title\">\n\t\t\t<a href=\"https:\/\/www.centraldevacaciones.com\/blog\/tours-con-destinos-al-coliseo-y-a-la-antigua-roma\/\" >\n\t\t\t\tTours con destinos al coliseo y a la antigua Roma\t\t\t<\/a>\n\t\t<\/h3>\n\t\t\t\t<\/div>\n\t\t\t\t<\/article>\n\t\t\t\t<article class=\"elementor-post elementor-grid-item post-4238 post type-post status-publish format-standard has-post-thumbnail hentry category-viajes-por-sudamerica category-ideas-viajes-de-novios category-ideas-viajes-verano category-islas-paradisiacas category-rutas-por-sudamerica tag-chile\" role=\"listitem\">\n\t\t\t\t<a class=\"elementor-post__thumbnail__link\" href=\"https:\/\/www.centraldevacaciones.com\/blog\/5-curiosidades-en-la-ciudad-de-pascua\/\" tabindex=\"-1\" >\n\t\t\t<div class=\"elementor-post__thumbnail\"><img loading=\"lazy\" decoding=\"async\" width=\"300\" height=\"225\" src=\"https:\/\/www.centraldevacaciones.com\/blog\/wp-content\/uploads\/2018\/04\/8597546615_f096d3ef75_isla-de-pascua-300x225.jpg\" class=\"attachment-medium size-medium wp-image-4239\" alt=\"isla-de-pascua\" srcset=\"https:\/\/www.centraldevacaciones.com\/blog\/wp-content\/uploads\/2018\/04\/8597546615_f096d3ef75_isla-de-pascua-300x225.jpg 300w, https:\/\/www.centraldevacaciones.com\/blog\/wp-content\/uploads\/2018\/04\/8597546615_f096d3ef75_isla-de-pascua.jpg 500w\" sizes=\"(max-width: 300px) 100vw, 300px\" \/><\/div>\n\t\t<\/a>\n\t\t\t\t<div class=\"elementor-post__text\">\n\t\t\t\t<h3 class=\"elementor-post__title\">\n\t\t\t<a href=\"https:\/\/www.centraldevacaciones.com\/blog\/5-curiosidades-en-la-ciudad-de-pascua\/\" >\n\t\t\t\t5 curiosidades en la ciudad de Pascua\t\t\t<\/a>\n\t\t<\/h3>\n\t\t\t\t<\/div>\n\t\t\t\t<\/article>\n\t\t\t\t<article class=\"elementor-post elementor-grid-item post-4233 post type-post status-publish format-standard has-post-thumbnail hentry category-ideas-escapadas category-europa category-viajes-por-europa tag-roma\" role=\"listitem\">\n\t\t\t\t<a class=\"elementor-post__thumbnail__link\" href=\"https:\/\/www.centraldevacaciones.com\/blog\/autobuses-turisticos-en-roma\/\" tabindex=\"-1\" >\n\t\t\t<div class=\"elementor-post__thumbnail\"><img loading=\"lazy\" decoding=\"async\" width=\"300\" height=\"225\" src=\"https:\/\/www.centraldevacaciones.com\/blog\/wp-content\/uploads\/2018\/04\/4571032459_a9f1144a01_roma-300x225.jpg\" class=\"attachment-medium size-medium wp-image-4235\" alt=\"\" srcset=\"https:\/\/www.centraldevacaciones.com\/blog\/wp-content\/uploads\/2018\/04\/4571032459_a9f1144a01_roma-300x225.jpg 300w, https:\/\/www.centraldevacaciones.com\/blog\/wp-content\/uploads\/2018\/04\/4571032459_a9f1144a01_roma.jpg 500w\" sizes=\"(max-width: 300px) 100vw, 300px\" \/><\/div>\n\t\t<\/a>\n\t\t\t\t<div class=\"elementor-post__text\">\n\t\t\t\t<h3 class=\"elementor-post__title\">\n\t\t\t<a href=\"https:\/\/www.centraldevacaciones.com\/blog\/autobuses-turisticos-en-roma\/\" >\n\t\t\t\tAutobuses Tur\u00edsticos en Roma\t\t\t<\/a>\n\t\t<\/h3>\n\t\t\t\t<\/div>\n\t\t\t\t<\/article>\n\t\t\t\t<article class=\"elementor-post elementor-grid-item post-4228 post type-post status-publish format-standard has-post-thumbnail hentry category-ideas-viajes-de-novios category-rutas-por-asia category-viajes-por-asia tag-china tag-taiwan\" role=\"listitem\">\n\t\t\t\t<a class=\"elementor-post__thumbnail__link\" href=\"https:\/\/www.centraldevacaciones.com\/blog\/las-desconocidas-cascadas-de-neidong-en-taipei\/\" tabindex=\"-1\" >\n\t\t\t<div class=\"elementor-post__thumbnail\"><img loading=\"lazy\" decoding=\"async\" width=\"300\" height=\"200\" src=\"https:\/\/www.centraldevacaciones.com\/blog\/wp-content\/uploads\/2018\/04\/3758156250_0b7c26fa92_Neidong-300x200.jpg\" class=\"attachment-medium size-medium wp-image-4230\" alt=\"Neidong\" srcset=\"https:\/\/www.centraldevacaciones.com\/blog\/wp-content\/uploads\/2018\/04\/3758156250_0b7c26fa92_Neidong-300x200.jpg 300w, https:\/\/www.centraldevacaciones.com\/blog\/wp-content\/uploads\/2018\/04\/3758156250_0b7c26fa92_Neidong.jpg 500w\" sizes=\"(max-width: 300px) 100vw, 300px\" \/><\/div>\n\t\t<\/a>\n\t\t\t\t<div class=\"elementor-post__text\">\n\t\t\t\t<h3 class=\"elementor-post__title\">\n\t\t\t<a href=\"https:\/\/www.centraldevacaciones.com\/blog\/las-desconocidas-cascadas-de-neidong-en-taipei\/\" >\n\t\t\t\tLas desconocidas Cascadas de Neidong en Taipei\t\t\t<\/a>\n\t\t<\/h3>\n\t\t\t\t<\/div>\n\t\t\t\t<\/article>\n\t\t\t\t<article class=\"elementor-post elementor-grid-item post-4225 post type-post status-publish format-standard has-post-thumbnail hentry category-hoteles-2 category-ideas-viajes-lujo category-ideas-viajes-de-novios category-ideas-viajes-verano category-rutas-por-sudamerica category-viajes-por-sudamerica tag-brasil tag-hoteles\" role=\"listitem\">\n\t\t\t\t<a class=\"elementor-post__thumbnail__link\" href=\"https:\/\/www.centraldevacaciones.com\/blog\/mejores-hoteles-en-brasil\/\" tabindex=\"-1\" >\n\t\t\t<div class=\"elementor-post__thumbnail\"><img loading=\"lazy\" decoding=\"async\" width=\"300\" height=\"240\" src=\"https:\/\/www.centraldevacaciones.com\/blog\/wp-content\/uploads\/2018\/04\/pict1-300x240.jpg\" class=\"attachment-medium size-medium wp-image-4227\" alt=\"\" srcset=\"https:\/\/www.centraldevacaciones.com\/blog\/wp-content\/uploads\/2018\/04\/pict1-300x240.jpg 300w, https:\/\/www.centraldevacaciones.com\/blog\/wp-content\/uploads\/2018\/04\/pict1.jpg 500w\" sizes=\"(max-width: 300px) 100vw, 300px\" \/><\/div>\n\t\t<\/a>\n\t\t\t\t<div class=\"elementor-post__text\">\n\t\t\t\t<h3 class=\"elementor-post__title\">\n\t\t\t<a href=\"https:\/\/www.centraldevacaciones.com\/blog\/mejores-hoteles-en-brasil\/\" >\n\t\t\t\t10 de los mejores hoteles en Brasil\u00a0\t\t\t<\/a>\n\t\t<\/h3>\n\t\t\t\t<\/div>\n\t\t\t\t<\/article>\n\t\t\t\t<article class=\"elementor-post elementor-grid-item post-4222 post type-post status-publish format-standard has-post-thumbnail hentry category-ideas-viajes-de-novios category-ideas-viajes-verano category-rutas-por-sudamerica category-viajes-por-sudamerica tag-brasil\" role=\"listitem\">\n\t\t\t\t<a class=\"elementor-post__thumbnail__link\" href=\"https:\/\/www.centraldevacaciones.com\/blog\/como-trasladarse-rapido-en-rio-de-janeiro\/\" tabindex=\"-1\" >\n\t\t\t<div class=\"elementor-post__thumbnail\"><img loading=\"lazy\" decoding=\"async\" width=\"300\" height=\"225\" src=\"https:\/\/www.centraldevacaciones.com\/blog\/wp-content\/uploads\/2018\/04\/eb30b20d29f7083ecd0b470de7444e90fe76e7d71ab9164397f5c2_640_rio-de-janeiro-300x225.jpg\" class=\"attachment-medium size-medium wp-image-4223\" alt=\"\" srcset=\"https:\/\/www.centraldevacaciones.com\/blog\/wp-content\/uploads\/2018\/04\/eb30b20d29f7083ecd0b470de7444e90fe76e7d71ab9164397f5c2_640_rio-de-janeiro-300x225.jpg 300w, https:\/\/www.centraldevacaciones.com\/blog\/wp-content\/uploads\/2018\/04\/eb30b20d29f7083ecd0b470de7444e90fe76e7d71ab9164397f5c2_640_rio-de-janeiro.jpg 640w\" sizes=\"(max-width: 300px) 100vw, 300px\" \/><\/div>\n\t\t<\/a>\n\t\t\t\t<div class=\"elementor-post__text\">\n\t\t\t\t<h3 class=\"elementor-post__title\">\n\t\t\t<a href=\"https:\/\/www.centraldevacaciones.com\/blog\/como-trasladarse-rapido-en-rio-de-janeiro\/\" >\n\t\t\t\t\u00bfC\u00f3mo trasladarse r\u00e1pido en Rio de Janeiro?\t\t\t<\/a>\n\t\t<\/h3>\n\t\t\t\t<\/div>\n\t\t\t\t<\/article>\n\t\t\t\t<article class=\"elementor-post elementor-grid-item post-4220 post type-post status-publish format-standard hentry category-enlaces-utiles-viajes-turismo category-viajes-por-europa tag-portugal\" role=\"listitem\">\n\t\t\t\t<div class=\"elementor-post__text\">\n\t\t\t\t<h3 class=\"elementor-post__title\">\n\t\t\t<a href=\"https:\/\/www.centraldevacaciones.com\/blog\/apps-para-traducir-el-portugues\/\" >\n\t\t\t\tApps para traducir el portugu\u00e9s\t\t\t<\/a>\n\t\t<\/h3>\n\t\t\t\t<\/div>\n\t\t\t\t<\/article>\n\t\t\t\t<article class=\"elementor-post elementor-grid-item post-4217 post type-post status-publish format-standard has-post-thumbnail hentry category-ideas-viajes-lujo category-ideas-viajes-de-novios category-ideas-viajes-verano category-rutas-por-sudamerica category-viajes-por-sudamerica tag-brasil\" role=\"listitem\">\n\t\t\t\t<a class=\"elementor-post__thumbnail__link\" href=\"https:\/\/www.centraldevacaciones.com\/blog\/las-10-playas-de-brasil-que-no-querras-pasar-por-alto-en-tus-vacaciones\/\" tabindex=\"-1\" >\n\t\t\t<div class=\"elementor-post__thumbnail\"><img loading=\"lazy\" decoding=\"async\" width=\"300\" height=\"225\" src=\"https:\/\/www.centraldevacaciones.com\/blog\/wp-content\/uploads\/2018\/04\/9949967793_c54674ed90_R\u00edo-de-Janeiro-playa-300x225.jpg\" class=\"attachment-medium size-medium wp-image-4218\" alt=\"R\u00edo-de-Janeiro-playa\" srcset=\"https:\/\/www.centraldevacaciones.com\/blog\/wp-content\/uploads\/2018\/04\/9949967793_c54674ed90_R\u00edo-de-Janeiro-playa-300x225.jpg 300w, https:\/\/www.centraldevacaciones.com\/blog\/wp-content\/uploads\/2018\/04\/9949967793_c54674ed90_R\u00edo-de-Janeiro-playa.jpg 500w\" sizes=\"(max-width: 300px) 100vw, 300px\" \/><\/div>\n\t\t<\/a>\n\t\t\t\t<div class=\"elementor-post__text\">\n\t\t\t\t<h3 class=\"elementor-post__title\">\n\t\t\t<a href=\"https:\/\/www.centraldevacaciones.com\/blog\/las-10-playas-de-brasil-que-no-querras-pasar-por-alto-en-tus-vacaciones\/\" >\n\t\t\t\tLas 10 playas de Brasil que no querr\u00e1s pasar por alto en tus vacaciones\t\t\t<\/a>\n\t\t<\/h3>\n\t\t\t\t<\/div>\n\t\t\t\t<\/article>\n\t\t\t\t<article class=\"elementor-post elementor-grid-item post-4212 post type-post status-publish format-standard has-post-thumbnail hentry category-ideas-viajes-de-novios category-ideas-viajes-verano category-rutas-por-sudamerica category-viajes-por-sudamerica tag-brasil\" role=\"listitem\">\n\t\t\t\t<a class=\"elementor-post__thumbnail__link\" href=\"https:\/\/www.centraldevacaciones.com\/blog\/visita-el-maravilloso-sambodromo-de-rio-de-janeiro\/\" tabindex=\"-1\" >\n\t\t\t<div class=\"elementor-post__thumbnail\"><img loading=\"lazy\" decoding=\"async\" width=\"300\" height=\"201\" src=\"https:\/\/www.centraldevacaciones.com\/blog\/wp-content\/uploads\/2018\/04\/6786843196_104002acbd_samb\u00f3dromo-300x201.jpg\" class=\"attachment-medium size-medium wp-image-4214\" alt=\"\" srcset=\"https:\/\/www.centraldevacaciones.com\/blog\/wp-content\/uploads\/2018\/04\/6786843196_104002acbd_samb\u00f3dromo-300x201.jpg 300w, https:\/\/www.centraldevacaciones.com\/blog\/wp-content\/uploads\/2018\/04\/6786843196_104002acbd_samb\u00f3dromo.jpg 500w\" sizes=\"(max-width: 300px) 100vw, 300px\" \/><\/div>\n\t\t<\/a>\n\t\t\t\t<div class=\"elementor-post__text\">\n\t\t\t\t<h3 class=\"elementor-post__title\">\n\t\t\t<a href=\"https:\/\/www.centraldevacaciones.com\/blog\/visita-el-maravilloso-sambodromo-de-rio-de-janeiro\/\" >\n\t\t\t\tVisita el maravilloso samb\u00f3dromo de Rio de Janeiro\t\t\t<\/a>\n\t\t<\/h3>\n\t\t\t\t<\/div>\n\t\t\t\t<\/article>\n\t\t\t\t<article class=\"elementor-post elementor-grid-item post-4208 post type-post status-publish format-standard has-post-thumbnail hentry category-viajes-por-sudamerica category-ideas-viajes-verano category-rutas-por-sudamerica tag-brasil\" role=\"listitem\">\n\t\t\t\t<a class=\"elementor-post__thumbnail__link\" href=\"https:\/\/www.centraldevacaciones.com\/blog\/amante-de-las-carnes-te-recomendamos-lugares-con-show-de-carnes\/\" tabindex=\"-1\" >\n\t\t\t<div class=\"elementor-post__thumbnail\"><img loading=\"lazy\" decoding=\"async\" width=\"225\" height=\"300\" src=\"https:\/\/www.centraldevacaciones.com\/blog\/wp-content\/uploads\/2018\/04\/25456254553_68b84622c6_rodizio-225x300.jpg\" class=\"attachment-medium size-medium wp-image-4209\" alt=\"rodizio\" srcset=\"https:\/\/www.centraldevacaciones.com\/blog\/wp-content\/uploads\/2018\/04\/25456254553_68b84622c6_rodizio-225x300.jpg 225w, https:\/\/www.centraldevacaciones.com\/blog\/wp-content\/uploads\/2018\/04\/25456254553_68b84622c6_rodizio.jpg 375w\" sizes=\"(max-width: 225px) 100vw, 225px\" \/><\/div>\n\t\t<\/a>\n\t\t\t\t<div class=\"elementor-post__text\">\n\t\t\t\t<h3 class=\"elementor-post__title\">\n\t\t\t<a href=\"https:\/\/www.centraldevacaciones.com\/blog\/amante-de-las-carnes-te-recomendamos-lugares-con-show-de-carnes\/\" >\n\t\t\t\t\u00bfAmante de las carnes? Te recomendamos lugares con show de carnes\t\t\t<\/a>\n\t\t<\/h3>\n\t\t\t\t<\/div>\n\t\t\t\t<\/article>\n\t\t\t\t<article class=\"elementor-post elementor-grid-item post-4205 post type-post status-publish format-standard has-post-thumbnail hentry category-ideas-viajes-verano category-ideas-viajes-de-novios category-viajes-por-sudamerica tag-brasil\" role=\"listitem\">\n\t\t\t\t<a class=\"elementor-post__thumbnail__link\" href=\"https:\/\/www.centraldevacaciones.com\/blog\/10-costumbres-del-brasilero\/\" tabindex=\"-1\" >\n\t\t\t<div class=\"elementor-post__thumbnail\"><img loading=\"lazy\" decoding=\"async\" width=\"300\" height=\"171\" src=\"https:\/\/www.centraldevacaciones.com\/blog\/wp-content\/uploads\/2018\/04\/ea35b10e2cf2033ecd0b470de7444e90fe76e7d71ab9164091f1c4_640_brasil-300x171.png\" class=\"attachment-medium size-medium wp-image-4206\" alt=\"brasil\" srcset=\"https:\/\/www.centraldevacaciones.com\/blog\/wp-content\/uploads\/2018\/04\/ea35b10e2cf2033ecd0b470de7444e90fe76e7d71ab9164091f1c4_640_brasil-300x171.png 300w, https:\/\/www.centraldevacaciones.com\/blog\/wp-content\/uploads\/2018\/04\/ea35b10e2cf2033ecd0b470de7444e90fe76e7d71ab9164091f1c4_640_brasil.png 640w\" sizes=\"(max-width: 300px) 100vw, 300px\" \/><\/div>\n\t\t<\/a>\n\t\t\t\t<div class=\"elementor-post__text\">\n\t\t\t\t<h3 class=\"elementor-post__title\">\n\t\t\t<a href=\"https:\/\/www.centraldevacaciones.com\/blog\/10-costumbres-del-brasilero\/\" >\n\t\t\t\t10 costumbres del brasilero\t\t\t<\/a>\n\t\t<\/h3>\n\t\t\t\t<\/div>\n\t\t\t\t<\/article>\n\t\t\t\t<article class=\"elementor-post elementor-grid-item post-4202 post type-post status-publish format-standard has-post-thumbnail hentry category-ideas-escapadas category-ideas-viajes-invierno tag-moscu tag-rusia\" role=\"listitem\">\n\t\t\t\t<a class=\"elementor-post__thumbnail__link\" href=\"https:\/\/www.centraldevacaciones.com\/blog\/visitar-moscu\/\" tabindex=\"-1\" >\n\t\t\t<div class=\"elementor-post__thumbnail\"><img loading=\"lazy\" decoding=\"async\" width=\"300\" height=\"214\" src=\"https:\/\/www.centraldevacaciones.com\/blog\/wp-content\/uploads\/2018\/04\/3795503874_6464e2500f_moscu-300x214.jpg\" class=\"attachment-medium size-medium wp-image-4203\" alt=\"Mosc\u00fa\" srcset=\"https:\/\/www.centraldevacaciones.com\/blog\/wp-content\/uploads\/2018\/04\/3795503874_6464e2500f_moscu-300x214.jpg 300w, https:\/\/www.centraldevacaciones.com\/blog\/wp-content\/uploads\/2018\/04\/3795503874_6464e2500f_moscu.jpg 500w\" sizes=\"(max-width: 300px) 100vw, 300px\" \/><\/div>\n\t\t<\/a>\n\t\t\t\t<div class=\"elementor-post__text\">\n\t\t\t\t<h3 class=\"elementor-post__title\">\n\t\t\t<a href=\"https:\/\/www.centraldevacaciones.com\/blog\/visitar-moscu\/\" >\n\t\t\t\tMosc\u00fa, la ciudad m\u00e1s impresionante de Europa del Este\t\t\t<\/a>\n\t\t<\/h3>\n\t\t\t\t<\/div>\n\t\t\t\t<\/article>\n\t\t\t\t<article class=\"elementor-post elementor-grid-item post-4199 post type-post status-publish format-standard has-post-thumbnail hentry category-europa category-ideas-escapadas category-ideas-viajes-invierno category-rutas-por-europa category-viajes-por-europa tag-londres\" role=\"listitem\">\n\t\t\t\t<a class=\"elementor-post__thumbnail__link\" href=\"https:\/\/www.centraldevacaciones.com\/blog\/barrios-de-londres-que-ver-y-hacer-en-chelsea\/\" tabindex=\"-1\" >\n\t\t\t<div class=\"elementor-post__thumbnail\"><img loading=\"lazy\" decoding=\"async\" width=\"300\" height=\"185\" src=\"https:\/\/www.centraldevacaciones.com\/blog\/wp-content\/uploads\/2018\/04\/16345969728_db44ef1bfa_chelsea-300x185.jpg\" class=\"attachment-medium size-medium wp-image-4200\" alt=\"chelsea\" srcset=\"https:\/\/www.centraldevacaciones.com\/blog\/wp-content\/uploads\/2018\/04\/16345969728_db44ef1bfa_chelsea-300x185.jpg 300w, https:\/\/www.centraldevacaciones.com\/blog\/wp-content\/uploads\/2018\/04\/16345969728_db44ef1bfa_chelsea.jpg 500w\" sizes=\"(max-width: 300px) 100vw, 300px\" \/><\/div>\n\t\t<\/a>\n\t\t\t\t<div class=\"elementor-post__text\">\n\t\t\t\t<h3 class=\"elementor-post__title\">\n\t\t\t<a href=\"https:\/\/www.centraldevacaciones.com\/blog\/barrios-de-londres-que-ver-y-hacer-en-chelsea\/\" >\n\t\t\t\tBarrios de Londres: qu\u00e9 ver y hacer en Chelsea\t\t\t<\/a>\n\t\t<\/h3>\n\t\t\t\t<\/div>\n\t\t\t\t<\/article>\n\t\t\t\t<article class=\"elementor-post elementor-grid-item post-4195 post type-post status-publish format-standard has-post-thumbnail hentry category-ideas-viajes-verano category-ideas-viajes-invierno category-ideas-viajes-lujo category-ideas-viajes-de-novios category-islas-paradisiacas category-rutas-por-asia category-viajes-por-asia\" role=\"listitem\">\n\t\t\t\t<a class=\"elementor-post__thumbnail__link\" href=\"https:\/\/www.centraldevacaciones.com\/blog\/atracciones-turisticas-en-las-maldivas\/\" tabindex=\"-1\" >\n\t\t\t<div class=\"elementor-post__thumbnail\"><img loading=\"lazy\" decoding=\"async\" width=\"300\" height=\"200\" src=\"https:\/\/www.centraldevacaciones.com\/blog\/wp-content\/uploads\/2017\/11\/eb36b60b20fd1c3e81584d04ee44408be272e3d510b0104295f9_640_maldivas-300x200.jpg\" class=\"attachment-medium size-medium wp-image-3955\" alt=\"\" srcset=\"https:\/\/www.centraldevacaciones.com\/blog\/wp-content\/uploads\/2017\/11\/eb36b60b20fd1c3e81584d04ee44408be272e3d510b0104295f9_640_maldivas-300x200.jpg 300w, https:\/\/www.centraldevacaciones.com\/blog\/wp-content\/uploads\/2017\/11\/eb36b60b20fd1c3e81584d04ee44408be272e3d510b0104295f9_640_maldivas.jpg 640w\" sizes=\"(max-width: 300px) 100vw, 300px\" \/><\/div>\n\t\t<\/a>\n\t\t\t\t<div class=\"elementor-post__text\">\n\t\t\t\t<h3 class=\"elementor-post__title\">\n\t\t\t<a href=\"https:\/\/www.centraldevacaciones.com\/blog\/atracciones-turisticas-en-las-maldivas\/\" >\n\t\t\t\tAtracciones tur\u00edsticas en las Maldivas\t\t\t<\/a>\n\t\t<\/h3>\n\t\t\t\t<\/div>\n\t\t\t\t<\/article>\n\t\t\t\t<article class=\"elementor-post elementor-grid-item post-1097 post type-post status-publish format-standard has-post-thumbnail hentry category-ideas-escapadas category-europa category-viajes-por-europa tag-paris\" role=\"listitem\">\n\t\t\t\t<a class=\"elementor-post__thumbnail__link\" href=\"https:\/\/www.centraldevacaciones.com\/blog\/disneyland-paris\/\" tabindex=\"-1\" >\n\t\t\t<div class=\"elementor-post__thumbnail\"><img loading=\"lazy\" decoding=\"async\" width=\"300\" height=\"225\" src=\"https:\/\/www.centraldevacaciones.com\/blog\/wp-content\/uploads\/2015\/01\/DisneyFB-e1421087429888-300x225.jpg\" class=\"attachment-medium size-medium wp-image-1813\" alt=\"Eurodisney\" srcset=\"https:\/\/www.centraldevacaciones.com\/blog\/wp-content\/uploads\/2015\/01\/DisneyFB-e1421087429888-300x225.jpg 300w, https:\/\/www.centraldevacaciones.com\/blog\/wp-content\/uploads\/2015\/01\/DisneyFB-e1421087429888.jpg 367w\" sizes=\"(max-width: 300px) 100vw, 300px\" \/><\/div>\n\t\t<\/a>\n\t\t\t\t<div class=\"elementor-post__text\">\n\t\t\t\t<h3 class=\"elementor-post__title\">\n\t\t\t<a href=\"https:\/\/www.centraldevacaciones.com\/blog\/disneyland-paris\/\" >\n\t\t\t\tDisneyland Par\u00eds\t\t\t<\/a>\n\t\t<\/h3>\n\t\t\t\t<\/div>\n\t\t\t\t<\/article>\n\t\t\t\t<article class=\"elementor-post elementor-grid-item post-4159 post type-post status-publish format-standard has-post-thumbnail hentry category-europa category-ideas-escapadas category-viajes-por-europa tag-italia tag-roma tag-vaticano\" role=\"listitem\">\n\t\t\t\t<a class=\"elementor-post__thumbnail__link\" href=\"https:\/\/www.centraldevacaciones.com\/blog\/que-ver-en-la-ciudad-del-vaticano\/\" tabindex=\"-1\" >\n\t\t\t<div class=\"elementor-post__thumbnail\"><img loading=\"lazy\" decoding=\"async\" width=\"300\" height=\"226\" src=\"https:\/\/www.centraldevacaciones.com\/blog\/wp-content\/uploads\/2016\/11\/1280px-Petersdom_von_Engelsburg-2-300x226.jpg\" class=\"attachment-medium size-medium wp-image-3377\" alt=\"Vaticano Cupula Roma\" srcset=\"https:\/\/www.centraldevacaciones.com\/blog\/wp-content\/uploads\/2016\/11\/1280px-Petersdom_von_Engelsburg-2-300x226.jpg 300w, https:\/\/www.centraldevacaciones.com\/blog\/wp-content\/uploads\/2016\/11\/1280px-Petersdom_von_Engelsburg-2-768x579.jpg 768w, https:\/\/www.centraldevacaciones.com\/blog\/wp-content\/uploads\/2016\/11\/1280px-Petersdom_von_Engelsburg-2-1024x772.jpg 1024w, https:\/\/www.centraldevacaciones.com\/blog\/wp-content\/uploads\/2016\/11\/1280px-Petersdom_von_Engelsburg-2.jpg 1280w\" sizes=\"(max-width: 300px) 100vw, 300px\" \/><\/div>\n\t\t<\/a>\n\t\t\t\t<div class=\"elementor-post__text\">\n\t\t\t\t<h3 class=\"elementor-post__title\">\n\t\t\t<a href=\"https:\/\/www.centraldevacaciones.com\/blog\/que-ver-en-la-ciudad-del-vaticano\/\" >\n\t\t\t\tQu\u00e9 ver en la ciudad del Vaticano\t\t\t<\/a>\n\t\t<\/h3>\n\t\t\t\t<\/div>\n\t\t\t\t<\/article>\n\t\t\t\t<article class=\"elementor-post elementor-grid-item post-2644 post type-post status-publish format-standard has-post-thumbnail hentry category-hoteles-2 category-estados-unidos category-europa category-ideas-escapadas category-ideas-viajes-lujo category-ideas-viajes-de-novios category-islas-paradisiacas category-mexico category-rutas-por-america category-rutas-por-asia category-viajes-por-asia category-viajes-por-centroamerica category-viajes-por-europa category-viajes-por-norte-america tag-escapadas-de-fin-de-semana tag-escapadas-romanticas-baratas\" role=\"listitem\">\n\t\t\t\t<a class=\"elementor-post__thumbnail__link\" href=\"https:\/\/www.centraldevacaciones.com\/blog\/los-10-mejores-destinos-de-aventura-para-una-escapada-con-tu-pareja\/\" tabindex=\"-1\" >\n\t\t\t<div class=\"elementor-post__thumbnail\"><img loading=\"lazy\" decoding=\"async\" width=\"300\" height=\"188\" src=\"https:\/\/www.centraldevacaciones.com\/blog\/wp-content\/uploads\/2014\/12\/Atardecer-en-el-caribe_11-300x188.jpg\" class=\"attachment-medium size-medium wp-image-1537\" alt=\"&quot;atardecer vacaciones en el caribe by www.centraldevacaciones.com&quot;\" srcset=\"https:\/\/www.centraldevacaciones.com\/blog\/wp-content\/uploads\/2014\/12\/Atardecer-en-el-caribe_11-300x188.jpg 300w, https:\/\/www.centraldevacaciones.com\/blog\/wp-content\/uploads\/2014\/12\/Atardecer-en-el-caribe_11-768x480.jpg 768w, https:\/\/www.centraldevacaciones.com\/blog\/wp-content\/uploads\/2014\/12\/Atardecer-en-el-caribe_11-1024x640.jpg 1024w, https:\/\/www.centraldevacaciones.com\/blog\/wp-content\/uploads\/2014\/12\/Atardecer-en-el-caribe_11.jpg 1600w\" sizes=\"(max-width: 300px) 100vw, 300px\" \/><\/div>\n\t\t<\/a>\n\t\t\t\t<div class=\"elementor-post__text\">\n\t\t\t\t<h3 class=\"elementor-post__title\">\n\t\t\t<a href=\"https:\/\/www.centraldevacaciones.com\/blog\/los-10-mejores-destinos-de-aventura-para-una-escapada-con-tu-pareja\/\" >\n\t\t\t\tLos 10 mejores destinos de aventura, para una escapada con tu pareja.\t\t\t<\/a>\n\t\t<\/h3>\n\t\t\t\t<\/div>\n\t\t\t\t<\/article>\n\t\t\t\t<article class=\"elementor-post elementor-grid-item post-933 post type-post status-publish format-standard has-post-thumbnail hentry category-ideas-viajes-lujo category-ideas-viajes-de-novios category-viajes-oriente-medio category-viajes-por-asia tag-dubai\" role=\"listitem\">\n\t\t\t\t<a class=\"elementor-post__thumbnail__link\" href=\"https:\/\/www.centraldevacaciones.com\/blog\/dubai-un-destino-diferente\/\" tabindex=\"-1\" >\n\t\t\t<div class=\"elementor-post__thumbnail\"><img loading=\"lazy\" decoding=\"async\" width=\"300\" height=\"137\" src=\"https:\/\/www.centraldevacaciones.com\/blog\/wp-content\/uploads\/2017\/02\/dubai-300x137.jpeg\" class=\"attachment-medium size-medium wp-image-3522\" alt=\"ofertas de viajes a dubai\" srcset=\"https:\/\/www.centraldevacaciones.com\/blog\/wp-content\/uploads\/2017\/02\/dubai-300x137.jpeg 300w, https:\/\/www.centraldevacaciones.com\/blog\/wp-content\/uploads\/2017\/02\/dubai-768x352.jpeg 768w, https:\/\/www.centraldevacaciones.com\/blog\/wp-content\/uploads\/2017\/02\/dubai-1024x469.jpeg 1024w, https:\/\/www.centraldevacaciones.com\/blog\/wp-content\/uploads\/2017\/02\/dubai.jpeg 1281w\" sizes=\"(max-width: 300px) 100vw, 300px\" \/><\/div>\n\t\t<\/a>\n\t\t\t\t<div class=\"elementor-post__text\">\n\t\t\t\t<h3 class=\"elementor-post__title\">\n\t\t\t<a href=\"https:\/\/www.centraldevacaciones.com\/blog\/dubai-un-destino-diferente\/\" >\n\t\t\t\tDubai: Un destino diferente\t\t\t<\/a>\n\t\t<\/h3>\n\t\t\t\t<\/div>\n\t\t\t\t<\/article>\n\t\t\t\t<article class=\"elementor-post elementor-grid-item post-4185 post type-post status-publish format-standard has-post-thumbnail hentry category-ideas-viajes-low-cost category-viajes\" role=\"listitem\">\n\t\t\t\t<a class=\"elementor-post__thumbnail__link\" href=\"https:\/\/www.centraldevacaciones.com\/blog\/vuelo-mas-hotel-viajar-mas-barato-con-ofertas-increibles\/\" tabindex=\"-1\" >\n\t\t\t<div class=\"elementor-post__thumbnail\"><img loading=\"lazy\" decoding=\"async\" width=\"300\" height=\"55\" src=\"https:\/\/www.centraldevacaciones.com\/blog\/wp-content\/uploads\/2018\/03\/vuelo-mas-hotel-300x55.png\" class=\"attachment-medium size-medium wp-image-4188\" alt=\"vuelo mas hotel\" srcset=\"https:\/\/www.centraldevacaciones.com\/blog\/wp-content\/uploads\/2018\/03\/vuelo-mas-hotel-300x55.png 300w, https:\/\/www.centraldevacaciones.com\/blog\/wp-content\/uploads\/2018\/03\/vuelo-mas-hotel-768x141.png 768w, https:\/\/www.centraldevacaciones.com\/blog\/wp-content\/uploads\/2018\/03\/vuelo-mas-hotel.png 1018w\" sizes=\"(max-width: 300px) 100vw, 300px\" \/><\/div>\n\t\t<\/a>\n\t\t\t\t<div class=\"elementor-post__text\">\n\t\t\t\t<h3 class=\"elementor-post__title\">\n\t\t\t<a href=\"https:\/\/www.centraldevacaciones.com\/blog\/vuelo-mas-hotel-viajar-mas-barato-con-ofertas-increibles\/\" >\n\t\t\t\tVuelo m\u00e1s hotel. Viajar m\u00e1s barato con ofertas incre\u00edbles.\t\t\t<\/a>\n\t\t<\/h3>\n\t\t\t\t<\/div>\n\t\t\t\t<\/article>\n\t\t\t\t<article class=\"elementor-post elementor-grid-item post-591 post type-post status-publish format-standard has-post-thumbnail hentry category-europa category-ideas-viajes-invierno category-ideas-viajes-verano category-rutas-por-europa category-viajes-por-europa tag-islandia\" role=\"listitem\">\n\t\t\t\t<a class=\"elementor-post__thumbnail__link\" href=\"https:\/\/www.centraldevacaciones.com\/blog\/conoce-la-poco-conocida-islandia\/\" tabindex=\"-1\" >\n\t\t\t<div class=\"elementor-post__thumbnail\"><img loading=\"lazy\" decoding=\"async\" width=\"300\" height=\"200\" src=\"https:\/\/www.centraldevacaciones.com\/blog\/wp-content\/uploads\/2017\/02\/20998985864_3b38586a4d_islandia-300x200.jpg\" class=\"attachment-medium size-medium wp-image-4166\" alt=\"Islandia\" srcset=\"https:\/\/www.centraldevacaciones.com\/blog\/wp-content\/uploads\/2017\/02\/20998985864_3b38586a4d_islandia-300x200.jpg 300w, https:\/\/www.centraldevacaciones.com\/blog\/wp-content\/uploads\/2017\/02\/20998985864_3b38586a4d_islandia.jpg 500w\" sizes=\"(max-width: 300px) 100vw, 300px\" \/><\/div>\n\t\t<\/a>\n\t\t\t\t<div class=\"elementor-post__text\">\n\t\t\t\t<h3 class=\"elementor-post__title\">\n\t\t\t<a href=\"https:\/\/www.centraldevacaciones.com\/blog\/conoce-la-poco-conocida-islandia\/\" >\n\t\t\t\tViajar a Islandia. Conoce la poco conocida Islandia\t\t\t<\/a>\n\t\t<\/h3>\n\t\t\t\t<\/div>\n\t\t\t\t<\/article>\n\t\t\t\t<article class=\"elementor-post elementor-grid-item post-1880 post type-post status-publish format-standard has-post-thumbnail hentry category-ideas-viajes-de-novios category-ideas-viajes-verano category-rutas-por-sudamerica category-viajes-por-sudamerica\" role=\"listitem\">\n\t\t\t\t<a class=\"elementor-post__thumbnail__link\" href=\"https:\/\/www.centraldevacaciones.com\/blog\/turismo-en-uruguay-descubre-lo-que-puedes-hacer-de-vacaciones-en-este-lindo-pais\/\" tabindex=\"-1\" >\n\t\t\t<div class=\"elementor-post__thumbnail\"><img loading=\"lazy\" decoding=\"async\" width=\"300\" height=\"202\" src=\"https:\/\/www.centraldevacaciones.com\/blog\/wp-content\/uploads\/2015\/01\/5422853811_596d62e3d6_uruguay-300x202.jpg\" class=\"attachment-medium size-medium wp-image-4173\" alt=\"Uruguay carnavales\" srcset=\"https:\/\/www.centraldevacaciones.com\/blog\/wp-content\/uploads\/2015\/01\/5422853811_596d62e3d6_uruguay-300x202.jpg 300w, https:\/\/www.centraldevacaciones.com\/blog\/wp-content\/uploads\/2015\/01\/5422853811_596d62e3d6_uruguay.jpg 500w\" sizes=\"(max-width: 300px) 100vw, 300px\" \/><\/div>\n\t\t<\/a>\n\t\t\t\t<div class=\"elementor-post__text\">\n\t\t\t\t<h3 class=\"elementor-post__title\">\n\t\t\t<a href=\"https:\/\/www.centraldevacaciones.com\/blog\/turismo-en-uruguay-descubre-lo-que-puedes-hacer-de-vacaciones-en-este-lindo-pais\/\" >\n\t\t\t\tTurismo en Uruguay: descubre lo que puedes hacer de vacaciones en este lindo pa\u00eds\t\t\t<\/a>\n\t\t<\/h3>\n\t\t\t\t<\/div>\n\t\t\t\t<\/article>\n\t\t\t\t<article class=\"elementor-post elementor-grid-item post-2596 post type-post status-publish format-standard has-post-thumbnail hentry category-ideas-viajes-de-novios category-rutas-por-asia category-viajes-por-asia tag-china\" role=\"listitem\">\n\t\t\t\t<a class=\"elementor-post__thumbnail__link\" href=\"https:\/\/www.centraldevacaciones.com\/blog\/lo-mas-curioso-de-hong-kong\/\" tabindex=\"-1\" >\n\t\t\t<div class=\"elementor-post__thumbnail\"><img loading=\"lazy\" decoding=\"async\" width=\"300\" height=\"130\" src=\"https:\/\/www.centraldevacaciones.com\/blog\/wp-content\/uploads\/2015\/12\/Hong_Kong_Skyline_Restitch_-_Dec_2007-300x130.jpg\" class=\"attachment-medium size-medium wp-image-2597\" alt=\"Hong Kong\" srcset=\"https:\/\/www.centraldevacaciones.com\/blog\/wp-content\/uploads\/2015\/12\/Hong_Kong_Skyline_Restitch_-_Dec_2007-300x130.jpg 300w, https:\/\/www.centraldevacaciones.com\/blog\/wp-content\/uploads\/2015\/12\/Hong_Kong_Skyline_Restitch_-_Dec_2007-768x333.jpg 768w, https:\/\/www.centraldevacaciones.com\/blog\/wp-content\/uploads\/2015\/12\/Hong_Kong_Skyline_Restitch_-_Dec_2007-1024x444.jpg 1024w, https:\/\/www.centraldevacaciones.com\/blog\/wp-content\/uploads\/2015\/12\/Hong_Kong_Skyline_Restitch_-_Dec_2007.jpg 1920w\" sizes=\"(max-width: 300px) 100vw, 300px\" \/><\/div>\n\t\t<\/a>\n\t\t\t\t<div class=\"elementor-post__text\">\n\t\t\t\t<h3 class=\"elementor-post__title\">\n\t\t\t<a href=\"https:\/\/www.centraldevacaciones.com\/blog\/lo-mas-curioso-de-hong-kong\/\" >\n\t\t\t\tLo m\u00e1s curioso de Hong Kong\t\t\t<\/a>\n\t\t<\/h3>\n\t\t\t\t<\/div>\n\t\t\t\t<\/article>\n\t\t\t\t<article class=\"elementor-post elementor-grid-item post-4168 post type-post status-publish format-standard has-post-thumbnail hentry category-ideas-viajes-invierno category-viajes-por-europa tag-moscu tag-rusia\" role=\"listitem\">\n\t\t\t\t<a class=\"elementor-post__thumbnail__link\" href=\"https:\/\/www.centraldevacaciones.com\/blog\/catedral-moscu\/\" tabindex=\"-1\" >\n\t\t\t<div class=\"elementor-post__thumbnail\"><img loading=\"lazy\" decoding=\"async\" width=\"300\" height=\"262\" src=\"https:\/\/www.centraldevacaciones.com\/blog\/wp-content\/uploads\/2018\/02\/6002348388_198829168f_catedral-san-basilio-300x262.jpg\" class=\"attachment-medium size-medium wp-image-4169\" alt=\"catedral moscu\" srcset=\"https:\/\/www.centraldevacaciones.com\/blog\/wp-content\/uploads\/2018\/02\/6002348388_198829168f_catedral-san-basilio-300x262.jpg 300w, https:\/\/www.centraldevacaciones.com\/blog\/wp-content\/uploads\/2018\/02\/6002348388_198829168f_catedral-san-basilio.jpg 500w\" sizes=\"(max-width: 300px) 100vw, 300px\" \/><\/div>\n\t\t<\/a>\n\t\t\t\t<div class=\"elementor-post__text\">\n\t\t\t\t<h3 class=\"elementor-post__title\">\n\t\t\t<a href=\"https:\/\/www.centraldevacaciones.com\/blog\/catedral-moscu\/\" >\n\t\t\t\tCatedral de San Basilio, Mosc\u00fa\t\t\t<\/a>\n\t\t<\/h3>\n\t\t\t\t<\/div>\n\t\t\t\t<\/article>\n\t\t\t\t<article class=\"elementor-post elementor-grid-item post-873 post type-post status-publish format-standard has-post-thumbnail hentry category-caribe category-vacaciones\" role=\"listitem\">\n\t\t\t\t<a class=\"elementor-post__thumbnail__link\" href=\"https:\/\/www.centraldevacaciones.com\/blog\/recopilacion-ofertas-agosto-caribeislaseuropa\/\" tabindex=\"-1\" >\n\t\t\t<div class=\"elementor-post__thumbnail\"><img loading=\"lazy\" decoding=\"async\" width=\"300\" height=\"200\" src=\"https:\/\/www.centraldevacaciones.com\/blog\/wp-content\/uploads\/2018\/01\/eb35b10f2bfc043ecd0b470de7444e90fe76e7d41fb0194092f2c0_640_baleares-300x200.jpg\" class=\"attachment-medium size-medium wp-image-4114\" alt=\"donde viajar en agosto de oferta barato\" srcset=\"https:\/\/www.centraldevacaciones.com\/blog\/wp-content\/uploads\/2018\/01\/eb35b10f2bfc043ecd0b470de7444e90fe76e7d41fb0194092f2c0_640_baleares-300x200.jpg 300w, https:\/\/www.centraldevacaciones.com\/blog\/wp-content\/uploads\/2018\/01\/eb35b10f2bfc043ecd0b470de7444e90fe76e7d41fb0194092f2c0_640_baleares.jpg 640w\" sizes=\"(max-width: 300px) 100vw, 300px\" \/><\/div>\n\t\t<\/a>\n\t\t\t\t<div class=\"elementor-post__text\">\n\t\t\t\t<h3 class=\"elementor-post__title\">\n\t\t\t<a href=\"https:\/\/www.centraldevacaciones.com\/blog\/recopilacion-ofertas-agosto-caribeislaseuropa\/\" >\n\t\t\t\tAgosto viajes ofertas: CARIBE+ISLAS+EUROPA\t\t\t<\/a>\n\t\t<\/h3>\n\t\t\t\t<\/div>\n\t\t\t\t<\/article>\n\t\t\t\t<article class=\"elementor-post elementor-grid-item post-4154 post type-post status-publish format-standard has-post-thumbnail hentry category-europa category-ideas-escapadas category-ideas-viajes-lujo category-ideas-viajes-de-novios category-ideas-viajes-verano category-rutas-por-europa category-viajes-por-europa tag-grecia tag-santorini\" role=\"listitem\">\n\t\t\t\t<a class=\"elementor-post__thumbnail__link\" href=\"https:\/\/www.centraldevacaciones.com\/blog\/santorini\/\" tabindex=\"-1\" >\n\t\t\t<div class=\"elementor-post__thumbnail\"><img loading=\"lazy\" decoding=\"async\" width=\"300\" height=\"187\" src=\"https:\/\/www.centraldevacaciones.com\/blog\/wp-content\/uploads\/2018\/02\/ed34b70e2bf11c3e81584d04ee44408be272e3dd1db4154993f2_640_santorini-1-300x187.jpg\" class=\"attachment-medium size-medium wp-image-4157\" alt=\"santorini\" srcset=\"https:\/\/www.centraldevacaciones.com\/blog\/wp-content\/uploads\/2018\/02\/ed34b70e2bf11c3e81584d04ee44408be272e3dd1db4154993f2_640_santorini-1-300x187.jpg 300w, https:\/\/www.centraldevacaciones.com\/blog\/wp-content\/uploads\/2018\/02\/ed34b70e2bf11c3e81584d04ee44408be272e3dd1db4154993f2_640_santorini-1.jpg 640w\" sizes=\"(max-width: 300px) 100vw, 300px\" \/><\/div>\n\t\t<\/a>\n\t\t\t\t<div class=\"elementor-post__text\">\n\t\t\t\t<h3 class=\"elementor-post__title\">\n\t\t\t<a href=\"https:\/\/www.centraldevacaciones.com\/blog\/santorini\/\" >\n\t\t\t\tSantorini\t\t\t<\/a>\n\t\t<\/h3>\n\t\t\t\t<\/div>\n\t\t\t\t<\/article>\n\t\t\t\t<article class=\"elementor-post elementor-grid-item post-4152 post type-post status-publish format-standard has-post-thumbnail hentry category-ideas-viajes-de-novios category-ideas-viajes-verano category-rutas-por-sudamerica category-viajes-por-centroamerica\" role=\"listitem\">\n\t\t\t\t<a class=\"elementor-post__thumbnail__link\" href=\"https:\/\/www.centraldevacaciones.com\/blog\/que-hacer-en-costa-rica\/\" tabindex=\"-1\" >\n\t\t\t<div class=\"elementor-post__thumbnail\"><img loading=\"lazy\" decoding=\"async\" width=\"300\" height=\"225\" src=\"https:\/\/www.centraldevacaciones.com\/blog\/wp-content\/uploads\/2018\/02\/volcan-costa-rica-300x225.jpg\" class=\"attachment-medium size-medium wp-image-4148\" alt=\"\" srcset=\"https:\/\/www.centraldevacaciones.com\/blog\/wp-content\/uploads\/2018\/02\/volcan-costa-rica-300x225.jpg 300w, https:\/\/www.centraldevacaciones.com\/blog\/wp-content\/uploads\/2018\/02\/volcan-costa-rica.jpg 740w\" sizes=\"(max-width: 300px) 100vw, 300px\" \/><\/div>\n\t\t<\/a>\n\t\t\t\t<div class=\"elementor-post__text\">\n\t\t\t\t<h3 class=\"elementor-post__title\">\n\t\t\t<a href=\"https:\/\/www.centraldevacaciones.com\/blog\/que-hacer-en-costa-rica\/\" >\n\t\t\t\tQu\u00e9 hacer en Costa Rica\t\t\t<\/a>\n\t\t<\/h3>\n\t\t\t\t<\/div>\n\t\t\t\t<\/article>\n\t\t\t\t<article class=\"elementor-post elementor-grid-item post-4134 post type-post status-publish format-standard has-post-thumbnail hentry category-ideas-viajes-de-novios category-rutas-por-sudamerica category-viajes-por-centroamerica\" role=\"listitem\">\n\t\t\t\t<a class=\"elementor-post__thumbnail__link\" href=\"https:\/\/www.centraldevacaciones.com\/blog\/costa-rica-cultura\/\" tabindex=\"-1\" >\n\t\t\t<div class=\"elementor-post__thumbnail\"><img loading=\"lazy\" decoding=\"async\" width=\"300\" height=\"225\" src=\"https:\/\/www.centraldevacaciones.com\/blog\/wp-content\/uploads\/2018\/02\/folclore-de-costa-rica-300x225.jpeg\" class=\"attachment-medium size-medium wp-image-4146\" alt=\"\" srcset=\"https:\/\/www.centraldevacaciones.com\/blog\/wp-content\/uploads\/2018\/02\/folclore-de-costa-rica-300x225.jpeg 300w, https:\/\/www.centraldevacaciones.com\/blog\/wp-content\/uploads\/2018\/02\/folclore-de-costa-rica-768x576.jpeg 768w, https:\/\/www.centraldevacaciones.com\/blog\/wp-content\/uploads\/2018\/02\/folclore-de-costa-rica.jpeg 1024w\" sizes=\"(max-width: 300px) 100vw, 300px\" \/><\/div>\n\t\t<\/a>\n\t\t\t\t<div class=\"elementor-post__text\">\n\t\t\t\t<h3 class=\"elementor-post__title\">\n\t\t\t<a href=\"https:\/\/www.centraldevacaciones.com\/blog\/costa-rica-cultura\/\" >\n\t\t\t\tCultura Costarricense\t\t\t<\/a>\n\t\t<\/h3>\n\t\t\t\t<\/div>\n\t\t\t\t<\/article>\n\t\t\t\t<article class=\"elementor-post elementor-grid-item post-4141 post type-post status-publish format-standard has-post-thumbnail hentry category-caribe category-ideas-viajes-de-novios category-rutas-por-sudamerica category-viajes-por-centroamerica\" role=\"listitem\">\n\t\t\t\t<a class=\"elementor-post__thumbnail__link\" href=\"https:\/\/www.centraldevacaciones.com\/blog\/comida-tipica-de-costa-rica\/\" tabindex=\"-1\" >\n\t\t\t<div class=\"elementor-post__thumbnail\"><img loading=\"lazy\" decoding=\"async\" width=\"300\" height=\"179\" src=\"https:\/\/www.centraldevacaciones.com\/blog\/wp-content\/uploads\/2018\/02\/gastronomia-costarricense-300x179.jpg\" class=\"attachment-medium size-medium wp-image-4144\" alt=\"\" srcset=\"https:\/\/www.centraldevacaciones.com\/blog\/wp-content\/uploads\/2018\/02\/gastronomia-costarricense-300x179.jpg 300w, https:\/\/www.centraldevacaciones.com\/blog\/wp-content\/uploads\/2018\/02\/gastronomia-costarricense-768x459.jpg 768w, https:\/\/www.centraldevacaciones.com\/blog\/wp-content\/uploads\/2018\/02\/gastronomia-costarricense-1024x612.jpg 1024w, https:\/\/www.centraldevacaciones.com\/blog\/wp-content\/uploads\/2018\/02\/gastronomia-costarricense.jpg 1800w\" sizes=\"(max-width: 300px) 100vw, 300px\" \/><\/div>\n\t\t<\/a>\n\t\t\t\t<div class=\"elementor-post__text\">\n\t\t\t\t<h3 class=\"elementor-post__title\">\n\t\t\t<a href=\"https:\/\/www.centraldevacaciones.com\/blog\/comida-tipica-de-costa-rica\/\" >\n\t\t\t\tComida T\u00edpica de Costa Rica\t\t\t<\/a>\n\t\t<\/h3>\n\t\t\t\t<\/div>\n\t\t\t\t<\/article>\n\t\t\t\t<article class=\"elementor-post elementor-grid-item post-4138 post type-post status-publish format-standard has-post-thumbnail hentry category-ideas-viajes-de-novios category-rutas-por-sudamerica category-viajes-por-centroamerica\" role=\"listitem\">\n\t\t\t\t<a class=\"elementor-post__thumbnail__link\" href=\"https:\/\/www.centraldevacaciones.com\/blog\/monumentos-de-costa-rica\/\" tabindex=\"-1\" >\n\t\t\t<div class=\"elementor-post__thumbnail\"><img loading=\"lazy\" decoding=\"async\" width=\"300\" height=\"225\" src=\"https:\/\/www.centraldevacaciones.com\/blog\/wp-content\/uploads\/2016\/08\/eb30b90f2ef1073ecd0b470de7444e90fe76e7d419b8124593f8c1_640_Costa-rica-300x225.jpg\" class=\"attachment-medium size-medium wp-image-3989\" alt=\"Costa Rica turismo\" srcset=\"https:\/\/www.centraldevacaciones.com\/blog\/wp-content\/uploads\/2016\/08\/eb30b90f2ef1073ecd0b470de7444e90fe76e7d419b8124593f8c1_640_Costa-rica-300x225.jpg 300w, https:\/\/www.centraldevacaciones.com\/blog\/wp-content\/uploads\/2016\/08\/eb30b90f2ef1073ecd0b470de7444e90fe76e7d419b8124593f8c1_640_Costa-rica.jpg 640w\" sizes=\"(max-width: 300px) 100vw, 300px\" \/><\/div>\n\t\t<\/a>\n\t\t\t\t<div class=\"elementor-post__text\">\n\t\t\t\t<h3 class=\"elementor-post__title\">\n\t\t\t<a href=\"https:\/\/www.centraldevacaciones.com\/blog\/monumentos-de-costa-rica\/\" >\n\t\t\t\tMonumentos de Costa Rica\t\t\t<\/a>\n\t\t<\/h3>\n\t\t\t\t<\/div>\n\t\t\t\t<\/article>\n\t\t\t\t<article class=\"elementor-post elementor-grid-item post-4136 post type-post status-publish format-standard has-post-thumbnail hentry category-vacaciones category-europa category-ideas-escapadas category-viajes-por-europa category-viajes-por-norte-america\" role=\"listitem\">\n\t\t\t\t<a class=\"elementor-post__thumbnail__link\" href=\"https:\/\/www.centraldevacaciones.com\/blog\/lugares-paisajes\/\" tabindex=\"-1\" >\n\t\t\t<div class=\"elementor-post__thumbnail\"><img loading=\"lazy\" decoding=\"async\" width=\"300\" height=\"225\" src=\"https:\/\/www.centraldevacaciones.com\/blog\/wp-content\/uploads\/2017\/12\/37500919811_a9f16d5b6d_tailandia-300x225.jpg\" class=\"attachment-medium size-medium wp-image-4049\" alt=\"tailandia\" srcset=\"https:\/\/www.centraldevacaciones.com\/blog\/wp-content\/uploads\/2017\/12\/37500919811_a9f16d5b6d_tailandia-300x225.jpg 300w, https:\/\/www.centraldevacaciones.com\/blog\/wp-content\/uploads\/2017\/12\/37500919811_a9f16d5b6d_tailandia.jpg 500w\" sizes=\"(max-width: 300px) 100vw, 300px\" \/><\/div>\n\t\t<\/a>\n\t\t\t\t<div class=\"elementor-post__text\">\n\t\t\t\t<h3 class=\"elementor-post__title\">\n\t\t\t<a href=\"https:\/\/www.centraldevacaciones.com\/blog\/lugares-paisajes\/\" >\n\t\t\t\tLugares del mundo con los mejores paisajes\t\t\t<\/a>\n\t\t<\/h3>\n\t\t\t\t<\/div>\n\t\t\t\t<\/article>\n\t\t\t\t<article class=\"elementor-post elementor-grid-item post-4124 post type-post status-publish format-standard has-post-thumbnail hentry category-ideas-escapadas category-europa category-rutas-por-europa category-viajes-por-europa\" role=\"listitem\">\n\t\t\t\t<a class=\"elementor-post__thumbnail__link\" href=\"https:\/\/www.centraldevacaciones.com\/blog\/viajar-a-roma-es-siempre-un-placer\/\" tabindex=\"-1\" >\n\t\t\t<div class=\"elementor-post__thumbnail\"><img loading=\"lazy\" decoding=\"async\" width=\"300\" height=\"200\" src=\"https:\/\/www.centraldevacaciones.com\/blog\/wp-content\/uploads\/2018\/02\/eb37b70c2bf2003ecd0b470de7444e90fe76e7d411b5124291f9c4_640_roma-300x200.jpg\" class=\"attachment-medium size-medium wp-image-4127\" alt=\"roma\" srcset=\"https:\/\/www.centraldevacaciones.com\/blog\/wp-content\/uploads\/2018\/02\/eb37b70c2bf2003ecd0b470de7444e90fe76e7d411b5124291f9c4_640_roma-300x200.jpg 300w, https:\/\/www.centraldevacaciones.com\/blog\/wp-content\/uploads\/2018\/02\/eb37b70c2bf2003ecd0b470de7444e90fe76e7d411b5124291f9c4_640_roma.jpg 640w\" sizes=\"(max-width: 300px) 100vw, 300px\" \/><\/div>\n\t\t<\/a>\n\t\t\t\t<div class=\"elementor-post__text\">\n\t\t\t\t<h3 class=\"elementor-post__title\">\n\t\t\t<a href=\"https:\/\/www.centraldevacaciones.com\/blog\/viajar-a-roma-es-siempre-un-placer\/\" >\n\t\t\t\tViajar a Roma es siempre un placer\t\t\t<\/a>\n\t\t<\/h3>\n\t\t\t\t<\/div>\n\t\t\t\t<\/article>\n\t\t\t\t<article class=\"elementor-post elementor-grid-item post-4118 post type-post status-publish format-standard has-post-thumbnail hentry category-ideas-viajes-low-cost category-viajes\" role=\"listitem\">\n\t\t\t\t<a class=\"elementor-post__thumbnail__link\" href=\"https:\/\/www.centraldevacaciones.com\/blog\/tienes-1-000-e-tienes-el-mundo-a-tu-disposicion\/\" tabindex=\"-1\" >\n\t\t\t<div class=\"elementor-post__thumbnail\"><img loading=\"lazy\" decoding=\"async\" width=\"300\" height=\"200\" src=\"https:\/\/www.centraldevacaciones.com\/blog\/wp-content\/uploads\/2018\/01\/eb36b4092bf4013ecd0b470de7444e90fe76e7d41cb6164897f2c1_640_cuba-300x200.jpg\" class=\"attachment-medium size-medium wp-image-4103\" alt=\"\" srcset=\"https:\/\/www.centraldevacaciones.com\/blog\/wp-content\/uploads\/2018\/01\/eb36b4092bf4013ecd0b470de7444e90fe76e7d41cb6164897f2c1_640_cuba-300x200.jpg 300w, https:\/\/www.centraldevacaciones.com\/blog\/wp-content\/uploads\/2018\/01\/eb36b4092bf4013ecd0b470de7444e90fe76e7d41cb6164897f2c1_640_cuba.jpg 640w\" sizes=\"(max-width: 300px) 100vw, 300px\" \/><\/div>\n\t\t<\/a>\n\t\t\t\t<div class=\"elementor-post__text\">\n\t\t\t\t<h3 class=\"elementor-post__title\">\n\t\t\t<a href=\"https:\/\/www.centraldevacaciones.com\/blog\/tienes-1-000-e-tienes-el-mundo-a-tu-disposicion\/\" >\n\t\t\t\tTienes 1.000 \u20ac. Tienes el mundo a tu disposici\u00f3n\t\t\t<\/a>\n\t\t<\/h3>\n\t\t\t\t<\/div>\n\t\t\t\t<\/article>\n\t\t\t\t<article class=\"elementor-post elementor-grid-item post-4111 post type-post status-publish format-standard has-post-thumbnail hentry category-ideas-escapadas category-espana category-europa category-ideas-viajes-lujo category-ideas-viajes-verano category-islas-paradisiacas category-rutas-por-espana\" role=\"listitem\">\n\t\t\t\t<a class=\"elementor-post__thumbnail__link\" href=\"https:\/\/www.centraldevacaciones.com\/blog\/turismo-en-las-islas-baleares\/\" tabindex=\"-1\" >\n\t\t\t<div class=\"elementor-post__thumbnail\"><img loading=\"lazy\" decoding=\"async\" width=\"300\" height=\"225\" src=\"https:\/\/www.centraldevacaciones.com\/blog\/wp-content\/uploads\/2018\/01\/e832b50f2ff0083ecd0b470de7444e90fe76e7d41fb0194092f2c0_640_baleares-300x225.jpg\" class=\"attachment-medium size-medium wp-image-4113\" alt=\"\" srcset=\"https:\/\/www.centraldevacaciones.com\/blog\/wp-content\/uploads\/2018\/01\/e832b50f2ff0083ecd0b470de7444e90fe76e7d41fb0194092f2c0_640_baleares-300x225.jpg 300w, https:\/\/www.centraldevacaciones.com\/blog\/wp-content\/uploads\/2018\/01\/e832b50f2ff0083ecd0b470de7444e90fe76e7d41fb0194092f2c0_640_baleares.jpg 640w\" sizes=\"(max-width: 300px) 100vw, 300px\" \/><\/div>\n\t\t<\/a>\n\t\t\t\t<div class=\"elementor-post__text\">\n\t\t\t\t<h3 class=\"elementor-post__title\">\n\t\t\t<a href=\"https:\/\/www.centraldevacaciones.com\/blog\/turismo-en-las-islas-baleares\/\" >\n\t\t\t\tTurismo en las Islas Baleares\t\t\t<\/a>\n\t\t<\/h3>\n\t\t\t\t<\/div>\n\t\t\t\t<\/article>\n\t\t\t\t<article class=\"elementor-post elementor-grid-item post-4101 post type-post status-publish format-standard hentry category-caribe category-cuba category-ideas-viajes-de-novios category-ideas-viajes-verano category-rutas-por-sudamerica category-viajes-por-centroamerica\" role=\"listitem\">\n\t\t\t\t<div class=\"elementor-post__text\">\n\t\t\t\t<h3 class=\"elementor-post__title\">\n\t\t\t<a href=\"https:\/\/www.centraldevacaciones.com\/blog\/los-mejores-lugares-turisticos-de-cuba\/\" >\n\t\t\t\tLos mejores lugares tur\u00edsticos de Cuba\t\t\t<\/a>\n\t\t<\/h3>\n\t\t\t\t<\/div>\n\t\t\t\t<\/article>\n\t\t\t\t<article class=\"elementor-post elementor-grid-item post-4098 post type-post status-publish format-standard hentry category-ideas-viajes-de-novios category-ideas-viajes-verano category-rutas-por-sudamerica category-viajes-por-sudamerica\" role=\"listitem\">\n\t\t\t\t<div class=\"elementor-post__text\">\n\t\t\t\t<h3 class=\"elementor-post__title\">\n\t\t\t<a href=\"https:\/\/www.centraldevacaciones.com\/blog\/los-mejores-lugares-turisticos-de-peru\/\" >\n\t\t\t\tLos mejores lugares tur\u00edsticos de Per\u00fa\t\t\t<\/a>\n\t\t<\/h3>\n\t\t\t\t<\/div>\n\t\t\t\t<\/article>\n\t\t\t\t<article class=\"elementor-post elementor-grid-item post-4095 post type-post status-publish format-standard hentry category-ideas-viajes-de-novios category-ideas-viajes-verano category-rutas-por-sudamerica category-viajes-por-centroamerica\" role=\"listitem\">\n\t\t\t\t<div class=\"elementor-post__text\">\n\t\t\t\t<h3 class=\"elementor-post__title\">\n\t\t\t<a href=\"https:\/\/www.centraldevacaciones.com\/blog\/festividades-de-guatemala\/\" >\n\t\t\t\tFestividades de Guatemala\t\t\t<\/a>\n\t\t<\/h3>\n\t\t\t\t<\/div>\n\t\t\t\t<\/article>\n\t\t\t\t<article class=\"elementor-post elementor-grid-item post-4092 post type-post status-publish format-standard has-post-thumbnail hentry category-ideas-viajes-verano category-ideas-viajes-de-novios category-rutas-por-sudamerica category-viajes-por-centroamerica\" role=\"listitem\">\n\t\t\t\t<a class=\"elementor-post__thumbnail__link\" href=\"https:\/\/www.centraldevacaciones.com\/blog\/actividades-a-realizar-en-guatemala\/\" tabindex=\"-1\" >\n\t\t\t<div class=\"elementor-post__thumbnail\"><img loading=\"lazy\" decoding=\"async\" width=\"300\" height=\"216\" src=\"https:\/\/www.centraldevacaciones.com\/blog\/wp-content\/uploads\/2018\/01\/guatemala-300x216.jpg\" class=\"attachment-medium size-medium wp-image-46027\" alt=\"\" srcset=\"https:\/\/www.centraldevacaciones.com\/blog\/wp-content\/uploads\/2018\/01\/guatemala-300x216.jpg 300w, https:\/\/www.centraldevacaciones.com\/blog\/wp-content\/uploads\/2018\/01\/guatemala-1024x737.jpg 1024w, https:\/\/www.centraldevacaciones.com\/blog\/wp-content\/uploads\/2018\/01\/guatemala-768x553.jpg 768w, https:\/\/www.centraldevacaciones.com\/blog\/wp-content\/uploads\/2018\/01\/guatemala.jpg 1200w\" sizes=\"(max-width: 300px) 100vw, 300px\" \/><\/div>\n\t\t<\/a>\n\t\t\t\t<div class=\"elementor-post__text\">\n\t\t\t\t<h3 class=\"elementor-post__title\">\n\t\t\t<a href=\"https:\/\/www.centraldevacaciones.com\/blog\/actividades-a-realizar-en-guatemala\/\" >\n\t\t\t\tActividades a realizar en Guatemala\t\t\t<\/a>\n\t\t<\/h3>\n\t\t\t\t<\/div>\n\t\t\t\t<\/article>\n\t\t\t\t<article class=\"elementor-post elementor-grid-item post-4090 post type-post status-publish format-standard hentry category-ideas-viajes-verano category-viajes-por-centroamerica\" role=\"listitem\">\n\t\t\t\t<div class=\"elementor-post__text\">\n\t\t\t\t<h3 class=\"elementor-post__title\">\n\t\t\t<a href=\"https:\/\/www.centraldevacaciones.com\/blog\/la-gastronomia-guatemalteca\/\" >\n\t\t\t\tLa gastronom\u00eda Guatemalteca\t\t\t<\/a>\n\t\t<\/h3>\n\t\t\t\t<\/div>\n\t\t\t\t<\/article>\n\t\t\t\t<article class=\"elementor-post elementor-grid-item post-4087 post type-post status-publish format-standard hentry category-ideas-viajes-verano category-viajes-por-centroamerica\" role=\"listitem\">\n\t\t\t\t<div class=\"elementor-post__text\">\n\t\t\t\t<h3 class=\"elementor-post__title\">\n\t\t\t<a href=\"https:\/\/www.centraldevacaciones.com\/blog\/monumentos-para-visitar-en-guatemala\/\" >\n\t\t\t\tMonumentos para visitar en Guatemala\t\t\t<\/a>\n\t\t<\/h3>\n\t\t\t\t<\/div>\n\t\t\t\t<\/article>\n\t\t\t\t<article class=\"elementor-post elementor-grid-item post-4083 post type-post status-publish format-standard hentry category-europa category-ideas-escapadas category-ideas-viajes-verano category-rutas-por-europa category-viajes-por-europa\" role=\"listitem\">\n\t\t\t\t<div class=\"elementor-post__text\">\n\t\t\t\t<h3 class=\"elementor-post__title\">\n\t\t\t<a href=\"https:\/\/www.centraldevacaciones.com\/blog\/turismo-en-montenegro\/\" >\n\t\t\t\tTurismo en Montenegro\t\t\t<\/a>\n\t\t<\/h3>\n\t\t\t\t<\/div>\n\t\t\t\t<\/article>\n\t\t\t\t<article class=\"elementor-post elementor-grid-item post-4080 post type-post status-publish format-standard hentry category-europa category-ideas-escapadas category-ideas-viajes-invierno category-rutas-por-europa category-viajes-por-europa\" role=\"listitem\">\n\t\t\t\t<div class=\"elementor-post__text\">\n\t\t\t\t<h3 class=\"elementor-post__title\">\n\t\t\t<a href=\"https:\/\/www.centraldevacaciones.com\/blog\/austria-no-te-lo-puedes-perder\/\" >\n\t\t\t\tAustria, no te lo puedes perder\t\t\t<\/a>\n\t\t<\/h3>\n\t\t\t\t<\/div>\n\t\t\t\t<\/article>\n\t\t\t\t<article class=\"elementor-post elementor-grid-item post-4077 post type-post status-publish format-standard hentry category-europa category-ideas-viajes-low-cost category-rutas-por-europa category-viajes-por-europa\" role=\"listitem\">\n\t\t\t\t<div class=\"elementor-post__text\">\n\t\t\t\t<h3 class=\"elementor-post__title\">\n\t\t\t<a href=\"https:\/\/www.centraldevacaciones.com\/blog\/10-actividades-gratis-en-londres\/\" >\n\t\t\t\t10 actividades gratis en Londres\t\t\t<\/a>\n\t\t<\/h3>\n\t\t\t\t<\/div>\n\t\t\t\t<\/article>\n\t\t\t\t<article class=\"elementor-post elementor-grid-item post-4074 post type-post status-publish format-standard hentry category-vacaciones category-europa category-hoteles-2 category-ideas-viajes-lujo category-islas-paradisiacas category-mexico\" role=\"listitem\">\n\t\t\t\t<div class=\"elementor-post__text\">\n\t\t\t\t<h3 class=\"elementor-post__title\">\n\t\t\t<a href=\"https:\/\/www.centraldevacaciones.com\/blog\/top-10-de-los-mas-singulares-hoteles-del-mundo\/\" >\n\t\t\t\tTOP 10 de los m\u00e1s singulares hoteles del mundo\t\t\t<\/a>\n\t\t<\/h3>\n\t\t\t\t<\/div>\n\t\t\t\t<\/article>\n\t\t\t\t<article class=\"elementor-post elementor-grid-item post-2356 post type-post status-publish format-standard has-post-thumbnail hentry category-caribe category-ideas-viajes-lujo category-ideas-viajes-de-novios category-ideas-viajes-verano category-islas-paradisiacas category-viajes-por-centroamerica\" role=\"listitem\">\n\t\t\t\t<a class=\"elementor-post__thumbnail__link\" href=\"https:\/\/www.centraldevacaciones.com\/blog\/islas-caiman\/\" tabindex=\"-1\" >\n\t\t\t<div class=\"elementor-post__thumbnail\"><img loading=\"lazy\" decoding=\"async\" width=\"300\" height=\"200\" src=\"https:\/\/www.centraldevacaciones.com\/blog\/wp-content\/uploads\/2015\/09\/5356034671_3a8280cc1f_caiman-isla-300x200.jpg\" class=\"attachment-medium size-medium wp-image-4059\" alt=\"\" srcset=\"https:\/\/www.centraldevacaciones.com\/blog\/wp-content\/uploads\/2015\/09\/5356034671_3a8280cc1f_caiman-isla-300x200.jpg 300w, https:\/\/www.centraldevacaciones.com\/blog\/wp-content\/uploads\/2015\/09\/5356034671_3a8280cc1f_caiman-isla.jpg 500w\" sizes=\"(max-width: 300px) 100vw, 300px\" \/><\/div>\n\t\t<\/a>\n\t\t\t\t<div class=\"elementor-post__text\">\n\t\t\t\t<h3 class=\"elementor-post__title\">\n\t\t\t<a href=\"https:\/\/www.centraldevacaciones.com\/blog\/islas-caiman\/\" >\n\t\t\t\tISLAS CAIMAN\t\t\t<\/a>\n\t\t<\/h3>\n\t\t\t\t<\/div>\n\t\t\t\t<\/article>\n\t\t\t\t<article class=\"elementor-post elementor-grid-item post-4041 post type-post status-publish format-standard hentry category-ideas-viajes-verano category-caribe category-ideas-viajes-lujo category-ideas-viajes-de-novios category-rutas-por-sudamerica category-viajes-por-centroamerica\" role=\"listitem\">\n\t\t\t\t<div class=\"elementor-post__text\">\n\t\t\t\t<h3 class=\"elementor-post__title\">\n\t\t\t<a href=\"https:\/\/www.centraldevacaciones.com\/blog\/curazao-un-pais-que-celebra-la-vida\/\" >\n\t\t\t\tCurazao: un pa\u00eds que celebra la vida\t\t\t<\/a>\n\t\t<\/h3>\n\t\t\t\t<\/div>\n\t\t\t\t<\/article>\n\t\t\t\t<article class=\"elementor-post elementor-grid-item post-4033 post type-post status-publish format-standard has-post-thumbnail hentry category-ideas-viajes-verano category-ideas-viajes-invierno category-ideas-viajes-de-novios category-rutas-por-sudamerica category-viajes-por-sudamerica tag-argentina\" role=\"listitem\">\n\t\t\t\t<a class=\"elementor-post__thumbnail__link\" href=\"https:\/\/www.centraldevacaciones.com\/blog\/los-mejores-lugares-turisticos-de-argentina\/\" tabindex=\"-1\" >\n\t\t\t<div class=\"elementor-post__thumbnail\"><img loading=\"lazy\" decoding=\"async\" width=\"300\" height=\"200\" src=\"https:\/\/www.centraldevacaciones.com\/blog\/wp-content\/uploads\/2017\/11\/eb3cb40721f61c3e81584d04ee44408be272e3d510b2154496f5_640_Amazonas-300x200.jpg\" class=\"attachment-medium size-medium wp-image-3982\" alt=\"Argentina\" srcset=\"https:\/\/www.centraldevacaciones.com\/blog\/wp-content\/uploads\/2017\/11\/eb3cb40721f61c3e81584d04ee44408be272e3d510b2154496f5_640_Amazonas-300x200.jpg 300w, https:\/\/www.centraldevacaciones.com\/blog\/wp-content\/uploads\/2017\/11\/eb3cb40721f61c3e81584d04ee44408be272e3d510b2154496f5_640_Amazonas.jpg 640w\" sizes=\"(max-width: 300px) 100vw, 300px\" \/><\/div>\n\t\t<\/a>\n\t\t\t\t<div class=\"elementor-post__text\">\n\t\t\t\t<h3 class=\"elementor-post__title\">\n\t\t\t<a href=\"https:\/\/www.centraldevacaciones.com\/blog\/los-mejores-lugares-turisticos-de-argentina\/\" >\n\t\t\t\tLos mejores lugares tur\u00edsticos de Argentina\t\t\t<\/a>\n\t\t<\/h3>\n\t\t\t\t<\/div>\n\t\t\t\t<\/article>\n\t\t\t\t<article class=\"elementor-post elementor-grid-item post-4031 post type-post status-publish format-standard has-post-thumbnail hentry category-ideas-viajes-verano category-rutas-por-sudamerica category-viajes-por-sudamerica tag-ecuador\" role=\"listitem\">\n\t\t\t\t<a class=\"elementor-post__thumbnail__link\" href=\"https:\/\/www.centraldevacaciones.com\/blog\/los-mejores-lugares-turisticos-de-ecuador\/\" tabindex=\"-1\" >\n\t\t\t<div class=\"elementor-post__thumbnail\"><img loading=\"lazy\" decoding=\"async\" width=\"300\" height=\"200\" src=\"https:\/\/www.centraldevacaciones.com\/blog\/wp-content\/uploads\/2017\/11\/e030b8072df71c3e81584d04ee44408be272e3d510b2154496f5_640_Amazonas-300x200.jpg\" class=\"attachment-medium size-medium wp-image-3984\" alt=\"Ecuador\" srcset=\"https:\/\/www.centraldevacaciones.com\/blog\/wp-content\/uploads\/2017\/11\/e030b8072df71c3e81584d04ee44408be272e3d510b2154496f5_640_Amazonas-300x200.jpg 300w, https:\/\/www.centraldevacaciones.com\/blog\/wp-content\/uploads\/2017\/11\/e030b8072df71c3e81584d04ee44408be272e3d510b2154496f5_640_Amazonas.jpg 640w\" sizes=\"(max-width: 300px) 100vw, 300px\" \/><\/div>\n\t\t<\/a>\n\t\t\t\t<div class=\"elementor-post__text\">\n\t\t\t\t<h3 class=\"elementor-post__title\">\n\t\t\t<a href=\"https:\/\/www.centraldevacaciones.com\/blog\/los-mejores-lugares-turisticos-de-ecuador\/\" >\n\t\t\t\tLos mejores lugares tur\u00edsticos de Ecuador\t\t\t<\/a>\n\t\t<\/h3>\n\t\t\t\t<\/div>\n\t\t\t\t<\/article>\n\t\t\t\t<article class=\"elementor-post elementor-grid-item post-4029 post type-post status-publish format-standard has-post-thumbnail hentry category-ideas-viajes-verano category-rutas-por-sudamerica category-viajes-por-centroamerica tag-panama\" role=\"listitem\">\n\t\t\t\t<a class=\"elementor-post__thumbnail__link\" href=\"https:\/\/www.centraldevacaciones.com\/blog\/los-mejores-lugares-turisticos-de-panama\/\" tabindex=\"-1\" >\n\t\t\t<div class=\"elementor-post__thumbnail\"><img loading=\"lazy\" decoding=\"async\" width=\"300\" height=\"200\" src=\"https:\/\/www.centraldevacaciones.com\/blog\/wp-content\/uploads\/2016\/02\/eb36b4092bf4013ecd0b470de7444e90fe76e7d419b8124297f7c9_640_Cuba-1-300x200.jpg\" class=\"attachment-medium size-medium wp-image-3970\" alt=\"Panam\u00e1\" srcset=\"https:\/\/www.centraldevacaciones.com\/blog\/wp-content\/uploads\/2016\/02\/eb36b4092bf4013ecd0b470de7444e90fe76e7d419b8124297f7c9_640_Cuba-1-300x200.jpg 300w, https:\/\/www.centraldevacaciones.com\/blog\/wp-content\/uploads\/2016\/02\/eb36b4092bf4013ecd0b470de7444e90fe76e7d419b8124297f7c9_640_Cuba-1.jpg 640w\" sizes=\"(max-width: 300px) 100vw, 300px\" \/><\/div>\n\t\t<\/a>\n\t\t\t\t<div class=\"elementor-post__text\">\n\t\t\t\t<h3 class=\"elementor-post__title\">\n\t\t\t<a href=\"https:\/\/www.centraldevacaciones.com\/blog\/los-mejores-lugares-turisticos-de-panama\/\" >\n\t\t\t\tLos mejores lugares tur\u00edsticos de Panam\u00e1\t\t\t<\/a>\n\t\t<\/h3>\n\t\t\t\t<\/div>\n\t\t\t\t<\/article>\n\t\t\t\t<article class=\"elementor-post elementor-grid-item post-4027 post type-post status-publish format-standard has-post-thumbnail hentry category-caribe category-ideas-viajes-de-novios category-ideas-viajes-verano category-rutas-por-sudamerica tag-honduras\" role=\"listitem\">\n\t\t\t\t<a class=\"elementor-post__thumbnail__link\" href=\"https:\/\/www.centraldevacaciones.com\/blog\/los-mejores-lugares-turisticos-de-honduras\/\" tabindex=\"-1\" >\n\t\t\t<div class=\"elementor-post__thumbnail\"><img loading=\"lazy\" decoding=\"async\" width=\"300\" height=\"200\" src=\"https:\/\/www.centraldevacaciones.com\/blog\/wp-content\/uploads\/2016\/08\/e83cb60d2df2013ecd0b470de7444e90fe76e7d419b8124593f8c1_640_Costa-rica-300x200.jpg\" class=\"attachment-medium size-medium wp-image-3987\" alt=\"Ecoturismo Costa Rica\" srcset=\"https:\/\/www.centraldevacaciones.com\/blog\/wp-content\/uploads\/2016\/08\/e83cb60d2df2013ecd0b470de7444e90fe76e7d419b8124593f8c1_640_Costa-rica-300x200.jpg 300w, https:\/\/www.centraldevacaciones.com\/blog\/wp-content\/uploads\/2016\/08\/e83cb60d2df2013ecd0b470de7444e90fe76e7d419b8124593f8c1_640_Costa-rica.jpg 640w\" sizes=\"(max-width: 300px) 100vw, 300px\" \/><\/div>\n\t\t<\/a>\n\t\t\t\t<div class=\"elementor-post__text\">\n\t\t\t\t<h3 class=\"elementor-post__title\">\n\t\t\t<a href=\"https:\/\/www.centraldevacaciones.com\/blog\/los-mejores-lugares-turisticos-de-honduras\/\" >\n\t\t\t\tLos mejores lugares tur\u00edsticos de Honduras\t\t\t<\/a>\n\t\t<\/h3>\n\t\t\t\t<\/div>\n\t\t\t\t<\/article>\n\t\t\t\t<article class=\"elementor-post elementor-grid-item post-4021 post type-post status-publish format-standard hentry category-europa category-hoteles-2 category-ideas-escapadas category-rutas-por-europa category-viajes-por-europa tag-gran-bretana tag-reino-unido\" role=\"listitem\">\n\t\t\t\t<div class=\"elementor-post__text\">\n\t\t\t\t<h3 class=\"elementor-post__title\">\n\t\t\t<a href=\"https:\/\/www.centraldevacaciones.com\/blog\/la-casa-mas-pequena-de-gran-bretana\/\" >\n\t\t\t\tLa casa m\u00e1s peque\u00f1a de Gran Breta\u00f1a\t\t\t<\/a>\n\t\t<\/h3>\n\t\t\t\t<\/div>\n\t\t\t\t<\/article>\n\t\t\t\t<article class=\"elementor-post elementor-grid-item post-4018 post type-post status-publish format-standard has-post-thumbnail hentry category-ideas-escapadas category-ideas-viajes-verano category-rutas-por-africa category-viajes-por-africa\" role=\"listitem\">\n\t\t\t\t<a class=\"elementor-post__thumbnail__link\" href=\"https:\/\/www.centraldevacaciones.com\/blog\/los-mayores-atractivos-turisticos-de-tunez\/\" tabindex=\"-1\" >\n\t\t\t<div class=\"elementor-post__thumbnail\"><img loading=\"lazy\" decoding=\"async\" width=\"300\" height=\"106\" src=\"https:\/\/www.centraldevacaciones.com\/blog\/wp-content\/uploads\/2017\/12\/tunez-300x106.jpg\" class=\"attachment-medium size-medium wp-image-4019\" alt=\"\" srcset=\"https:\/\/www.centraldevacaciones.com\/blog\/wp-content\/uploads\/2017\/12\/tunez-300x106.jpg 300w, https:\/\/www.centraldevacaciones.com\/blog\/wp-content\/uploads\/2017\/12\/tunez-768x271.jpg 768w, https:\/\/www.centraldevacaciones.com\/blog\/wp-content\/uploads\/2017\/12\/tunez-1024x362.jpg 1024w, https:\/\/www.centraldevacaciones.com\/blog\/wp-content\/uploads\/2017\/12\/tunez.jpg 1283w\" sizes=\"(max-width: 300px) 100vw, 300px\" \/><\/div>\n\t\t<\/a>\n\t\t\t\t<div class=\"elementor-post__text\">\n\t\t\t\t<h3 class=\"elementor-post__title\">\n\t\t\t<a href=\"https:\/\/www.centraldevacaciones.com\/blog\/los-mayores-atractivos-turisticos-de-tunez\/\" >\n\t\t\t\tLos mayores atractivos tur\u00edsticos de T\u00fanez\t\t\t<\/a>\n\t\t<\/h3>\n\t\t\t\t<\/div>\n\t\t\t\t<\/article>\n\t\t\t\t<article class=\"elementor-post elementor-grid-item post-2115 post type-post status-publish format-standard has-post-thumbnail hentry category-europa category-ideas-escapadas category-ideas-viajes-invierno category-viajes-por-europa tag-finlandia\" role=\"listitem\">\n\t\t\t\t<a class=\"elementor-post__thumbnail__link\" href=\"https:\/\/www.centraldevacaciones.com\/blog\/3-motivos-para-visitar-finlandia\/\" tabindex=\"-1\" >\n\t\t\t<div class=\"elementor-post__thumbnail\"><img loading=\"lazy\" decoding=\"async\" width=\"300\" height=\"228\" src=\"https:\/\/www.centraldevacaciones.com\/blog\/wp-content\/uploads\/2015\/04\/helsinki-300x228.jpg\" class=\"attachment-medium size-medium wp-image-3460\" alt=\"The Lutheran Cathedral in Helsinki, Finland, seen from the South Harbour in March, 2002.\" srcset=\"https:\/\/www.centraldevacaciones.com\/blog\/wp-content\/uploads\/2015\/04\/helsinki-300x228.jpg 300w, https:\/\/www.centraldevacaciones.com\/blog\/wp-content\/uploads\/2015\/04\/helsinki-768x583.jpg 768w, https:\/\/www.centraldevacaciones.com\/blog\/wp-content\/uploads\/2015\/04\/helsinki-1024x777.jpg 1024w, https:\/\/www.centraldevacaciones.com\/blog\/wp-content\/uploads\/2015\/04\/helsinki.jpg 1280w\" sizes=\"(max-width: 300px) 100vw, 300px\" \/><\/div>\n\t\t<\/a>\n\t\t\t\t<div class=\"elementor-post__text\">\n\t\t\t\t<h3 class=\"elementor-post__title\">\n\t\t\t<a href=\"https:\/\/www.centraldevacaciones.com\/blog\/3-motivos-para-visitar-finlandia\/\" >\n\t\t\t\t3 Motivos para visitar Finlandia\t\t\t<\/a>\n\t\t<\/h3>\n\t\t\t\t<\/div>\n\t\t\t\t<\/article>\n\t\t\t\t<article class=\"elementor-post elementor-grid-item post-2346 post type-post status-publish format-standard has-post-thumbnail hentry category-caribe category-ideas-viajes-de-novios\" role=\"listitem\">\n\t\t\t\t<a class=\"elementor-post__thumbnail__link\" href=\"https:\/\/www.centraldevacaciones.com\/blog\/antigua-y-barbuda\/\" tabindex=\"-1\" >\n\t\t\t<div class=\"elementor-post__thumbnail\"><img loading=\"lazy\" decoding=\"async\" width=\"300\" height=\"199\" src=\"https:\/\/www.centraldevacaciones.com\/blog\/wp-content\/uploads\/2014\/09\/eb34b80e2ef0043ecd0b470de7444e90fe76e7d419b8124490f6c0_640_vacaciones-300x199.jpg\" class=\"attachment-medium size-medium wp-image-3992\" alt=\"Playa en el Caribe\" srcset=\"https:\/\/www.centraldevacaciones.com\/blog\/wp-content\/uploads\/2014\/09\/eb34b80e2ef0043ecd0b470de7444e90fe76e7d419b8124490f6c0_640_vacaciones-300x199.jpg 300w, https:\/\/www.centraldevacaciones.com\/blog\/wp-content\/uploads\/2014\/09\/eb34b80e2ef0043ecd0b470de7444e90fe76e7d419b8124490f6c0_640_vacaciones.jpg 640w\" sizes=\"(max-width: 300px) 100vw, 300px\" \/><\/div>\n\t\t<\/a>\n\t\t\t\t<div class=\"elementor-post__text\">\n\t\t\t\t<h3 class=\"elementor-post__title\">\n\t\t\t<a href=\"https:\/\/www.centraldevacaciones.com\/blog\/antigua-y-barbuda\/\" >\n\t\t\t\tANTIGUA Y BARBUDA\t\t\t<\/a>\n\t\t<\/h3>\n\t\t\t\t<\/div>\n\t\t\t\t<\/article>\n\t\t\t\t<article class=\"elementor-post elementor-grid-item post-1080 post type-post status-publish format-standard has-post-thumbnail hentry category-vacaciones category-caribe tag-puerto-rico\" role=\"listitem\">\n\t\t\t\t<a class=\"elementor-post__thumbnail__link\" href=\"https:\/\/www.centraldevacaciones.com\/blog\/ofertas-puerto-rico\/\" tabindex=\"-1\" >\n\t\t\t<div class=\"elementor-post__thumbnail\"><img loading=\"lazy\" decoding=\"async\" width=\"300\" height=\"237\" src=\"https:\/\/www.centraldevacaciones.com\/blog\/wp-content\/uploads\/2013\/10\/puertorico-300x237.jpg\" class=\"attachment-medium size-medium wp-image-196\" alt=\"San Cristobal Fort puerto rico\" srcset=\"https:\/\/www.centraldevacaciones.com\/blog\/wp-content\/uploads\/2013\/10\/puertorico-300x237.jpg 300w, https:\/\/www.centraldevacaciones.com\/blog\/wp-content\/uploads\/2013\/10\/puertorico.jpg 380w\" sizes=\"(max-width: 300px) 100vw, 300px\" \/><\/div>\n\t\t<\/a>\n\t\t\t\t<div class=\"elementor-post__text\">\n\t\t\t\t<h3 class=\"elementor-post__title\">\n\t\t\t<a href=\"https:\/\/www.centraldevacaciones.com\/blog\/ofertas-puerto-rico\/\" >\n\t\t\t\tOfertas de Viaje a Puerto Rico\t\t\t<\/a>\n\t\t<\/h3>\n\t\t\t\t<\/div>\n\t\t\t\t<\/article>\n\t\t\t\t<article class=\"elementor-post elementor-grid-item post-2029 post type-post status-publish format-standard has-post-thumbnail hentry category-ideas-viajes-verano category-caribe category-ideas-viajes-de-novios category-islas-paradisiacas category-viajes-por-sudamerica tag-colombia\" role=\"listitem\">\n\t\t\t\t<a class=\"elementor-post__thumbnail__link\" href=\"https:\/\/www.centraldevacaciones.com\/blog\/por-que-debes-visitar-el-caribe-colombiano\/\" tabindex=\"-1\" >\n\t\t\t<div class=\"elementor-post__thumbnail\"><img loading=\"lazy\" decoding=\"async\" width=\"300\" height=\"200\" src=\"https:\/\/www.centraldevacaciones.com\/blog\/wp-content\/uploads\/2017\/12\/santa_marta_colombia-300x200.jpg\" class=\"attachment-medium size-medium wp-image-23998\" alt=\"\" srcset=\"https:\/\/www.centraldevacaciones.com\/blog\/wp-content\/uploads\/2017\/12\/santa_marta_colombia-300x200.jpg 300w, https:\/\/www.centraldevacaciones.com\/blog\/wp-content\/uploads\/2017\/12\/santa_marta_colombia-768x512.jpg 768w, https:\/\/www.centraldevacaciones.com\/blog\/wp-content\/uploads\/2017\/12\/santa_marta_colombia.jpg 1024w\" sizes=\"(max-width: 300px) 100vw, 300px\" \/><\/div>\n\t\t<\/a>\n\t\t\t\t<div class=\"elementor-post__text\">\n\t\t\t\t<h3 class=\"elementor-post__title\">\n\t\t\t<a href=\"https:\/\/www.centraldevacaciones.com\/blog\/por-que-debes-visitar-el-caribe-colombiano\/\" >\n\t\t\t\tPor qu\u00e9 debes visitar el Caribe Colombiano\t\t\t<\/a>\n\t\t<\/h3>\n\t\t\t\t<\/div>\n\t\t\t\t<\/article>\n\t\t\t\t<article class=\"elementor-post elementor-grid-item post-2820 post type-post status-publish format-standard has-post-thumbnail hentry category-ideas-viajes-verano category-caribe category-ideas-viajes-de-novios category-rutas-por-sudamerica tag-costa-rica\" role=\"listitem\">\n\t\t\t\t<a class=\"elementor-post__thumbnail__link\" href=\"https:\/\/www.centraldevacaciones.com\/blog\/costa-rica-el-pais-para-los-que-aman-el-ecoturismo\/\" tabindex=\"-1\" >\n\t\t\t<div class=\"elementor-post__thumbnail\"><img loading=\"lazy\" decoding=\"async\" width=\"300\" height=\"200\" src=\"https:\/\/www.centraldevacaciones.com\/blog\/wp-content\/uploads\/2016\/08\/e83cb60d2df2013ecd0b470de7444e90fe76e7d419b8124593f8c1_640_Costa-rica-300x200.jpg\" class=\"attachment-medium size-medium wp-image-3987\" alt=\"Ecoturismo Costa Rica\" srcset=\"https:\/\/www.centraldevacaciones.com\/blog\/wp-content\/uploads\/2016\/08\/e83cb60d2df2013ecd0b470de7444e90fe76e7d419b8124593f8c1_640_Costa-rica-300x200.jpg 300w, https:\/\/www.centraldevacaciones.com\/blog\/wp-content\/uploads\/2016\/08\/e83cb60d2df2013ecd0b470de7444e90fe76e7d419b8124593f8c1_640_Costa-rica.jpg 640w\" sizes=\"(max-width: 300px) 100vw, 300px\" \/><\/div>\n\t\t<\/a>\n\t\t\t\t<div class=\"elementor-post__text\">\n\t\t\t\t<h3 class=\"elementor-post__title\">\n\t\t\t<a href=\"https:\/\/www.centraldevacaciones.com\/blog\/costa-rica-el-pais-para-los-que-aman-el-ecoturismo\/\" >\n\t\t\t\tCosta Rica: el pa\u00eds para los que aman  el ecoturismo\t\t\t<\/a>\n\t\t<\/h3>\n\t\t\t\t<\/div>\n\t\t\t\t<\/article>\n\t\t\t\t<article class=\"elementor-post elementor-grid-item post-3998 post type-post status-publish format-standard has-post-thumbnail hentry category-viajes category-caribe category-europa category-ideas-escapadas category-ideas-viajes-verano category-islas-paradisiacas\" role=\"listitem\">\n\t\t\t\t<a class=\"elementor-post__thumbnail__link\" href=\"https:\/\/www.centraldevacaciones.com\/blog\/diez-fantasticas-playas-exoticas-ideales-para-tus-vacaciones\/\" tabindex=\"-1\" >\n\t\t\t<div class=\"elementor-post__thumbnail\"><img loading=\"lazy\" decoding=\"async\" width=\"300\" height=\"198\" src=\"https:\/\/www.centraldevacaciones.com\/blog\/wp-content\/uploads\/2017\/11\/e836b2082df2043ecd0b470de7444e90fe76e7d419b8124893f1c5_640_playa-300x198.jpg\" class=\"attachment-medium size-medium wp-image-3999\" alt=\"\" srcset=\"https:\/\/www.centraldevacaciones.com\/blog\/wp-content\/uploads\/2017\/11\/e836b2082df2043ecd0b470de7444e90fe76e7d419b8124893f1c5_640_playa-300x198.jpg 300w, https:\/\/www.centraldevacaciones.com\/blog\/wp-content\/uploads\/2017\/11\/e836b2082df2043ecd0b470de7444e90fe76e7d419b8124893f1c5_640_playa.jpg 640w\" sizes=\"(max-width: 300px) 100vw, 300px\" \/><\/div>\n\t\t<\/a>\n\t\t\t\t<div class=\"elementor-post__text\">\n\t\t\t\t<h3 class=\"elementor-post__title\">\n\t\t\t<a href=\"https:\/\/www.centraldevacaciones.com\/blog\/diez-fantasticas-playas-exoticas-ideales-para-tus-vacaciones\/\" >\n\t\t\t\tDiez fant\u00e1sticas playas ex\u00f3ticas ideales para tus vacaciones\t\t\t<\/a>\n\t\t<\/h3>\n\t\t\t\t<\/div>\n\t\t\t\t<\/article>\n\t\t\t\t<article class=\"elementor-post elementor-grid-item post-3981 post type-post status-publish format-standard has-post-thumbnail hentry category-ideas-viajes-verano category-ideas-viajes-de-novios category-rutas-por-sudamerica category-viajes-por-sudamerica\" role=\"listitem\">\n\t\t\t\t<a class=\"elementor-post__thumbnail__link\" href=\"https:\/\/www.centraldevacaciones.com\/blog\/10-consejos-para-viajar-en-el-amazonas-tropical\/\" tabindex=\"-1\" >\n\t\t\t<div class=\"elementor-post__thumbnail\"><img loading=\"lazy\" decoding=\"async\" width=\"300\" height=\"200\" src=\"https:\/\/www.centraldevacaciones.com\/blog\/wp-content\/uploads\/2017\/11\/eb3cb40721f61c3e81584d04ee44408be272e3d510b2154496f5_640_Amazonas-300x200.jpg\" class=\"attachment-medium size-medium wp-image-3982\" alt=\"Argentina\" srcset=\"https:\/\/www.centraldevacaciones.com\/blog\/wp-content\/uploads\/2017\/11\/eb3cb40721f61c3e81584d04ee44408be272e3d510b2154496f5_640_Amazonas-300x200.jpg 300w, https:\/\/www.centraldevacaciones.com\/blog\/wp-content\/uploads\/2017\/11\/eb3cb40721f61c3e81584d04ee44408be272e3d510b2154496f5_640_Amazonas.jpg 640w\" sizes=\"(max-width: 300px) 100vw, 300px\" \/><\/div>\n\t\t<\/a>\n\t\t\t\t<div class=\"elementor-post__text\">\n\t\t\t\t<h3 class=\"elementor-post__title\">\n\t\t\t<a href=\"https:\/\/www.centraldevacaciones.com\/blog\/10-consejos-para-viajar-en-el-amazonas-tropical\/\" >\n\t\t\t\t10 Consejos para Viajar en el Amazonas Tropical\t\t\t<\/a>\n\t\t<\/h3>\n\t\t\t\t<\/div>\n\t\t\t\t<\/article>\n\t\t\t\t<article class=\"elementor-post elementor-grid-item post-3974 post type-post status-publish format-standard has-post-thumbnail hentry category-ideas-escapadas category-caribe category-espana category-europa category-ideas-viajes-invierno category-rutas-por-espana tag-baleares\" role=\"listitem\">\n\t\t\t\t<a class=\"elementor-post__thumbnail__link\" href=\"https:\/\/www.centraldevacaciones.com\/blog\/islas-baleares-en-invierno\/\" tabindex=\"-1\" >\n\t\t\t<div class=\"elementor-post__thumbnail\"><img loading=\"lazy\" decoding=\"async\" width=\"300\" height=\"225\" src=\"https:\/\/www.centraldevacaciones.com\/blog\/wp-content\/uploads\/2017\/11\/2472603373_ae79a2b158_baleares-300x225.jpg\" class=\"attachment-medium size-medium wp-image-3976\" alt=\"\" srcset=\"https:\/\/www.centraldevacaciones.com\/blog\/wp-content\/uploads\/2017\/11\/2472603373_ae79a2b158_baleares-300x225.jpg 300w, https:\/\/www.centraldevacaciones.com\/blog\/wp-content\/uploads\/2017\/11\/2472603373_ae79a2b158_baleares.jpg 500w\" sizes=\"(max-width: 300px) 100vw, 300px\" \/><\/div>\n\t\t<\/a>\n\t\t\t\t<div class=\"elementor-post__text\">\n\t\t\t\t<h3 class=\"elementor-post__title\">\n\t\t\t<a href=\"https:\/\/www.centraldevacaciones.com\/blog\/islas-baleares-en-invierno\/\" >\n\t\t\t\tLas hermosas Islas Baleares en invierno\t\t\t<\/a>\n\t\t<\/h3>\n\t\t\t\t<\/div>\n\t\t\t\t<\/article>\n\t\t\t\t<article class=\"elementor-post elementor-grid-item post-3949 post type-post status-publish format-standard has-post-thumbnail hentry category-ideas-viajes-lujo category-ideas-viajes-de-novios category-ideas-viajes-verano category-islas-paradisiacas category-rutas-por-asia category-viajes-por-asia tag-maldivas\" role=\"listitem\">\n\t\t\t\t<a class=\"elementor-post__thumbnail__link\" href=\"https:\/\/www.centraldevacaciones.com\/blog\/maldivas-viaje\/\" tabindex=\"-1\" >\n\t\t\t<div class=\"elementor-post__thumbnail\"><img loading=\"lazy\" decoding=\"async\" width=\"300\" height=\"201\" src=\"https:\/\/www.centraldevacaciones.com\/blog\/wp-content\/uploads\/2017\/11\/ef33b70e2af61c3e81584d04ee44408be272e3d510b0104295f9_640_maldivas-300x201.jpg\" class=\"attachment-medium size-medium wp-image-3951\" alt=\"Semana Santa 2018 en Maldivas\" srcset=\"https:\/\/www.centraldevacaciones.com\/blog\/wp-content\/uploads\/2017\/11\/ef33b70e2af61c3e81584d04ee44408be272e3d510b0104295f9_640_maldivas-300x201.jpg 300w, https:\/\/www.centraldevacaciones.com\/blog\/wp-content\/uploads\/2017\/11\/ef33b70e2af61c3e81584d04ee44408be272e3d510b0104295f9_640_maldivas.jpg 640w\" sizes=\"(max-width: 300px) 100vw, 300px\" \/><\/div>\n\t\t<\/a>\n\t\t\t\t<div class=\"elementor-post__text\">\n\t\t\t\t<h3 class=\"elementor-post__title\">\n\t\t\t<a href=\"https:\/\/www.centraldevacaciones.com\/blog\/maldivas-viaje\/\" >\n\t\t\t\tMaldivas, un viaje al Para\u00edso\t\t\t<\/a>\n\t\t<\/h3>\n\t\t\t\t<\/div>\n\t\t\t\t<\/article>\n\t\t\t\t<article class=\"elementor-post elementor-grid-item post-1626 post type-post status-publish format-standard has-post-thumbnail hentry category-semana-santa\" role=\"listitem\">\n\t\t\t\t<a class=\"elementor-post__thumbnail__link\" href=\"https:\/\/www.centraldevacaciones.com\/blog\/viajes-baratos-en-semana-santa\/\" tabindex=\"-1\" >\n\t\t\t<div class=\"elementor-post__thumbnail\"><img loading=\"lazy\" decoding=\"async\" width=\"300\" height=\"200\" src=\"https:\/\/www.centraldevacaciones.com\/blog\/wp-content\/uploads\/2016\/06\/toronto-1439133_960_720-300x200.jpg\" class=\"attachment-medium size-medium wp-image-3025\" alt=\"Semana santa 2018 en Toronto\" srcset=\"https:\/\/www.centraldevacaciones.com\/blog\/wp-content\/uploads\/2016\/06\/toronto-1439133_960_720-300x200.jpg 300w, https:\/\/www.centraldevacaciones.com\/blog\/wp-content\/uploads\/2016\/06\/toronto-1439133_960_720-768x512.jpg 768w, https:\/\/www.centraldevacaciones.com\/blog\/wp-content\/uploads\/2016\/06\/toronto-1439133_960_720.jpg 960w\" sizes=\"(max-width: 300px) 100vw, 300px\" \/><\/div>\n\t\t<\/a>\n\t\t\t\t<div class=\"elementor-post__text\">\n\t\t\t\t<h3 class=\"elementor-post__title\">\n\t\t\t<a href=\"https:\/\/www.centraldevacaciones.com\/blog\/viajes-baratos-en-semana-santa\/\" >\n\t\t\t\tViajes Baratos en Semana Santa\t\t\t<\/a>\n\t\t<\/h3>\n\t\t\t\t<\/div>\n\t\t\t\t<\/article>\n\t\t\t\t<article class=\"elementor-post elementor-grid-item post-1604 post type-post status-publish format-standard has-post-thumbnail hentry category-espana category-europa category-ideas-escapadas category-ideas-viajes-verano category-ideas-viajes-low-cost category-rutas-por-espana tag-ibiza\" role=\"listitem\">\n\t\t\t\t<a class=\"elementor-post__thumbnail__link\" href=\"https:\/\/www.centraldevacaciones.com\/blog\/descubre-las-mejores-playas-de-ibiza\/\" tabindex=\"-1\" >\n\t\t\t<div class=\"elementor-post__thumbnail\"><img loading=\"lazy\" decoding=\"async\" width=\"300\" height=\"225\" src=\"https:\/\/www.centraldevacaciones.com\/blog\/wp-content\/uploads\/2017\/10\/ef3db90e2ff61c3e81584d04ee44408be272e3d51bb5124490f4_640_Ibiza-300x225.jpg\" class=\"attachment-medium size-medium wp-image-3944\" alt=\"Cala en Ibiza\" srcset=\"https:\/\/www.centraldevacaciones.com\/blog\/wp-content\/uploads\/2017\/10\/ef3db90e2ff61c3e81584d04ee44408be272e3d51bb5124490f4_640_Ibiza-300x225.jpg 300w, https:\/\/www.centraldevacaciones.com\/blog\/wp-content\/uploads\/2017\/10\/ef3db90e2ff61c3e81584d04ee44408be272e3d51bb5124490f4_640_Ibiza.jpg 640w\" sizes=\"(max-width: 300px) 100vw, 300px\" \/><\/div>\n\t\t<\/a>\n\t\t\t\t<div class=\"elementor-post__text\">\n\t\t\t\t<h3 class=\"elementor-post__title\">\n\t\t\t<a href=\"https:\/\/www.centraldevacaciones.com\/blog\/descubre-las-mejores-playas-de-ibiza\/\" >\n\t\t\t\tDescubre las mejores playas de Ibiza\t\t\t<\/a>\n\t\t<\/h3>\n\t\t\t\t<\/div>\n\t\t\t\t<\/article>\n\t\t\t\t<article class=\"elementor-post elementor-grid-item post-2713 post type-post status-publish format-standard has-post-thumbnail hentry category-caribe category-cuba category-ideas-viajes-de-novios category-ideas-viajes-verano\" role=\"listitem\">\n\t\t\t\t<a class=\"elementor-post__thumbnail__link\" href=\"https:\/\/www.centraldevacaciones.com\/blog\/turismo-en-cuba\/\" tabindex=\"-1\" >\n\t\t\t<div class=\"elementor-post__thumbnail\"><img loading=\"lazy\" decoding=\"async\" width=\"300\" height=\"211\" src=\"https:\/\/www.centraldevacaciones.com\/blog\/wp-content\/uploads\/2016\/02\/e83cb80621f0043ecd0b470de7444e90fe76e7d419b8124297f7c9_640_Cuba-300x211.jpg\" class=\"attachment-medium size-medium wp-image-3968\" alt=\"\" srcset=\"https:\/\/www.centraldevacaciones.com\/blog\/wp-content\/uploads\/2016\/02\/e83cb80621f0043ecd0b470de7444e90fe76e7d419b8124297f7c9_640_Cuba-300x211.jpg 300w, https:\/\/www.centraldevacaciones.com\/blog\/wp-content\/uploads\/2016\/02\/e83cb80621f0043ecd0b470de7444e90fe76e7d419b8124297f7c9_640_Cuba.jpg 640w\" sizes=\"(max-width: 300px) 100vw, 300px\" \/><\/div>\n\t\t<\/a>\n\t\t\t\t<div class=\"elementor-post__text\">\n\t\t\t\t<h3 class=\"elementor-post__title\">\n\t\t\t<a href=\"https:\/\/www.centraldevacaciones.com\/blog\/turismo-en-cuba\/\" >\n\t\t\t\tTurismo en Cuba\t\t\t<\/a>\n\t\t<\/h3>\n\t\t\t\t<\/div>\n\t\t\t\t<\/article>\n\t\t\t\t<article class=\"elementor-post elementor-grid-item post-1074 post type-post status-publish format-standard has-post-thumbnail hentry category-viajes category-viajes-por-europa\" role=\"listitem\">\n\t\t\t\t<a class=\"elementor-post__thumbnail__link\" href=\"https:\/\/www.centraldevacaciones.com\/blog\/ofertas-puente-de-diciembre\/\" tabindex=\"-1\" >\n\t\t\t<div class=\"elementor-post__thumbnail\"><img loading=\"lazy\" decoding=\"async\" width=\"300\" height=\"199\" src=\"https:\/\/www.centraldevacaciones.com\/blog\/wp-content\/uploads\/2014\/09\/eb34b80e2ef0043ecd0b470de7444e90fe76e7d419b8124490f6c0_640_vacaciones-300x199.jpg\" class=\"attachment-medium size-medium wp-image-3992\" alt=\"Playa en el Caribe\" srcset=\"https:\/\/www.centraldevacaciones.com\/blog\/wp-content\/uploads\/2014\/09\/eb34b80e2ef0043ecd0b470de7444e90fe76e7d419b8124490f6c0_640_vacaciones-300x199.jpg 300w, https:\/\/www.centraldevacaciones.com\/blog\/wp-content\/uploads\/2014\/09\/eb34b80e2ef0043ecd0b470de7444e90fe76e7d419b8124490f6c0_640_vacaciones.jpg 640w\" sizes=\"(max-width: 300px) 100vw, 300px\" \/><\/div>\n\t\t<\/a>\n\t\t\t\t<div class=\"elementor-post__text\">\n\t\t\t\t<h3 class=\"elementor-post__title\">\n\t\t\t<a href=\"https:\/\/www.centraldevacaciones.com\/blog\/ofertas-puente-de-diciembre\/\" >\n\t\t\t\tOfertas Puente de Diciembre 2017\t\t\t<\/a>\n\t\t<\/h3>\n\t\t\t\t<\/div>\n\t\t\t\t<\/article>\n\t\t\t\t<article class=\"elementor-post elementor-grid-item post-1919 post type-post status-publish format-standard has-post-thumbnail hentry category-caribe category-republica-dominicana tag-punta-cana\" role=\"listitem\">\n\t\t\t\t<a class=\"elementor-post__thumbnail__link\" href=\"https:\/\/www.centraldevacaciones.com\/blog\/punta-cana-un-paraiso-terrenal\/\" tabindex=\"-1\" >\n\t\t\t<div class=\"elementor-post__thumbnail\"><img loading=\"lazy\" decoding=\"async\" width=\"300\" height=\"156\" src=\"https:\/\/www.centraldevacaciones.com\/blog\/wp-content\/uploads\/2014\/12\/palladiumpalacepuntacana-300x156.jpg\" class=\"attachment-medium size-medium wp-image-1539\" alt=\"\" srcset=\"https:\/\/www.centraldevacaciones.com\/blog\/wp-content\/uploads\/2014\/12\/palladiumpalacepuntacana-300x156.jpg 300w, https:\/\/www.centraldevacaciones.com\/blog\/wp-content\/uploads\/2014\/12\/palladiumpalacepuntacana-768x401.jpg 768w, https:\/\/www.centraldevacaciones.com\/blog\/wp-content\/uploads\/2014\/12\/palladiumpalacepuntacana.jpg 930w\" sizes=\"(max-width: 300px) 100vw, 300px\" \/><\/div>\n\t\t<\/a>\n\t\t\t\t<div class=\"elementor-post__text\">\n\t\t\t\t<h3 class=\"elementor-post__title\">\n\t\t\t<a href=\"https:\/\/www.centraldevacaciones.com\/blog\/punta-cana-un-paraiso-terrenal\/\" >\n\t\t\t\tPunta Cana, destino favorito de los espa\u00f1oles para el 2017\t\t\t<\/a>\n\t\t<\/h3>\n\t\t\t\t<\/div>\n\t\t\t\t<\/article>\n\t\t\t\t<article class=\"elementor-post elementor-grid-item post-1488 post type-post status-publish format-standard has-post-thumbnail hentry category-semana-santa\" role=\"listitem\">\n\t\t\t\t<a class=\"elementor-post__thumbnail__link\" href=\"https:\/\/www.centraldevacaciones.com\/blog\/oferta-de-viajes-en-semana-santa\/\" tabindex=\"-1\" >\n\t\t\t<div class=\"elementor-post__thumbnail\"><img loading=\"lazy\" decoding=\"async\" width=\"300\" height=\"201\" src=\"https:\/\/www.centraldevacaciones.com\/blog\/wp-content\/uploads\/2017\/11\/ef33b70e2af61c3e81584d04ee44408be272e3d510b0104295f9_640_maldivas-300x201.jpg\" class=\"attachment-medium size-medium wp-image-3951\" alt=\"Semana Santa 2018 en Maldivas\" srcset=\"https:\/\/www.centraldevacaciones.com\/blog\/wp-content\/uploads\/2017\/11\/ef33b70e2af61c3e81584d04ee44408be272e3d510b0104295f9_640_maldivas-300x201.jpg 300w, https:\/\/www.centraldevacaciones.com\/blog\/wp-content\/uploads\/2017\/11\/ef33b70e2af61c3e81584d04ee44408be272e3d510b0104295f9_640_maldivas.jpg 640w\" sizes=\"(max-width: 300px) 100vw, 300px\" \/><\/div>\n\t\t<\/a>\n\t\t\t\t<div class=\"elementor-post__text\">\n\t\t\t\t<h3 class=\"elementor-post__title\">\n\t\t\t<a href=\"https:\/\/www.centraldevacaciones.com\/blog\/oferta-de-viajes-en-semana-santa\/\" >\n\t\t\t\tOferta de Viajes en Semana Santa\t\t\t<\/a>\n\t\t<\/h3>\n\t\t\t\t<\/div>\n\t\t\t\t<\/article>\n\t\t\t\t<article class=\"elementor-post elementor-grid-item post-3885 post type-post status-publish format-standard has-post-thumbnail hentry category-caribe category-europa category-ideas-viajes-verano category-vacaciones tag-semana-santa tag-semana-santa-2018\" role=\"listitem\">\n\t\t\t\t<a class=\"elementor-post__thumbnail__link\" href=\"https:\/\/www.centraldevacaciones.com\/blog\/las-10-playas-mas-exoticas-para-disfrutar-de-tu-semana-santa\/\" tabindex=\"-1\" >\n\t\t\t<div class=\"elementor-post__thumbnail\"><img loading=\"lazy\" decoding=\"async\" width=\"300\" height=\"225\" src=\"https:\/\/www.centraldevacaciones.com\/blog\/wp-content\/uploads\/2017\/10\/beach-569095_640-300x225.jpg\" class=\"attachment-medium size-medium wp-image-3886\" alt=\"Los cabos beach\" srcset=\"https:\/\/www.centraldevacaciones.com\/blog\/wp-content\/uploads\/2017\/10\/beach-569095_640-300x225.jpg 300w, https:\/\/www.centraldevacaciones.com\/blog\/wp-content\/uploads\/2017\/10\/beach-569095_640.jpg 640w\" sizes=\"(max-width: 300px) 100vw, 300px\" \/><\/div>\n\t\t<\/a>\n\t\t\t\t<div class=\"elementor-post__text\">\n\t\t\t\t<h3 class=\"elementor-post__title\">\n\t\t\t<a href=\"https:\/\/www.centraldevacaciones.com\/blog\/las-10-playas-mas-exoticas-para-disfrutar-de-tu-semana-santa\/\" >\n\t\t\t\tLas 10 playas m\u00e1s ex\u00f3ticas para disfrutar de tu Semana Santa\t\t\t<\/a>\n\t\t<\/h3>\n\t\t\t\t<\/div>\n\t\t\t\t<\/article>\n\t\t\t\t<article class=\"elementor-post elementor-grid-item post-3882 post type-post status-publish format-standard has-post-thumbnail hentry category-vacaciones category-europa category-ideas-escapadas category-ideas-viajes-invierno category-ideas-viajes-lujo category-ideas-viajes-verano category-rutas-por-europa\" role=\"listitem\">\n\t\t\t\t<a class=\"elementor-post__thumbnail__link\" href=\"https:\/\/www.centraldevacaciones.com\/blog\/algunos-de-los-pueblos-mas-hermosos-del-planeta\/\" tabindex=\"-1\" >\n\t\t\t<div class=\"elementor-post__thumbnail\"><img loading=\"lazy\" decoding=\"async\" width=\"300\" height=\"225\" src=\"https:\/\/www.centraldevacaciones.com\/blog\/wp-content\/uploads\/2017\/10\/Gengenbach-300x225.jpg\" class=\"attachment-medium size-medium wp-image-3884\" alt=\"pueblos para visitar\" srcset=\"https:\/\/www.centraldevacaciones.com\/blog\/wp-content\/uploads\/2017\/10\/Gengenbach-300x225.jpg 300w, https:\/\/www.centraldevacaciones.com\/blog\/wp-content\/uploads\/2017\/10\/Gengenbach-768x576.jpg 768w, https:\/\/www.centraldevacaciones.com\/blog\/wp-content\/uploads\/2017\/10\/Gengenbach-1024x768.jpg 1024w, https:\/\/www.centraldevacaciones.com\/blog\/wp-content\/uploads\/2017\/10\/Gengenbach.jpg 1280w\" sizes=\"(max-width: 300px) 100vw, 300px\" \/><\/div>\n\t\t<\/a>\n\t\t\t\t<div class=\"elementor-post__text\">\n\t\t\t\t<h3 class=\"elementor-post__title\">\n\t\t\t<a href=\"https:\/\/www.centraldevacaciones.com\/blog\/algunos-de-los-pueblos-mas-hermosos-del-planeta\/\" >\n\t\t\t\tAlgunos de los pueblos m\u00e1s hermosos del planeta\t\t\t<\/a>\n\t\t<\/h3>\n\t\t\t\t<\/div>\n\t\t\t\t<\/article>\n\t\t\t\t<article class=\"elementor-post elementor-grid-item post-3876 post type-post status-publish format-standard has-post-thumbnail hentry category-europa category-ideas-escapadas category-ideas-viajes-invierno category-rutas-por-europa category-viajes-por-europa\" role=\"listitem\">\n\t\t\t\t<a class=\"elementor-post__thumbnail__link\" href=\"https:\/\/www.centraldevacaciones.com\/blog\/cuales-son-los-paises-de-europa-del-este-central-de-vacaciones\/\" tabindex=\"-1\" >\n\t\t\t<div class=\"elementor-post__thumbnail\"><img loading=\"lazy\" decoding=\"async\" width=\"300\" height=\"169\" src=\"https:\/\/www.centraldevacaciones.com\/blog\/wp-content\/uploads\/2017\/10\/e83db10b20fd023ecd0b470de7444e90fe76e7d419b3154396f0c9_640_bulgaria-2-300x169.jpg\" class=\"attachment-medium size-medium wp-image-3921\" alt=\"\" srcset=\"https:\/\/www.centraldevacaciones.com\/blog\/wp-content\/uploads\/2017\/10\/e83db10b20fd023ecd0b470de7444e90fe76e7d419b3154396f0c9_640_bulgaria-2-300x169.jpg 300w, https:\/\/www.centraldevacaciones.com\/blog\/wp-content\/uploads\/2017\/10\/e83db10b20fd023ecd0b470de7444e90fe76e7d419b3154396f0c9_640_bulgaria-2.jpg 640w\" sizes=\"(max-width: 300px) 100vw, 300px\" \/><\/div>\n\t\t<\/a>\n\t\t\t\t<div class=\"elementor-post__text\">\n\t\t\t\t<h3 class=\"elementor-post__title\">\n\t\t\t<a href=\"https:\/\/www.centraldevacaciones.com\/blog\/cuales-son-los-paises-de-europa-del-este-central-de-vacaciones\/\" >\n\t\t\t\t\u00bfCu\u00e1les son los pa\u00edses de Europa del Este?\t\t\t<\/a>\n\t\t<\/h3>\n\t\t\t\t<\/div>\n\t\t\t\t<\/article>\n\t\t\t\t<article class=\"elementor-post elementor-grid-item post-3874 post type-post status-publish format-standard has-post-thumbnail hentry category-espana category-europa category-ideas-escapadas category-ideas-viajes-invierno category-rutas-por-espana category-rutas-por-europa category-rutas-por-sudamerica tag-carnaval tag-carnavales tag-tenerife tag-venecia\" role=\"listitem\">\n\t\t\t\t<a class=\"elementor-post__thumbnail__link\" href=\"https:\/\/www.centraldevacaciones.com\/blog\/los-mejores-destinos-para-visitar-en-carnavales\/\" tabindex=\"-1\" >\n\t\t\t<div class=\"elementor-post__thumbnail\"><img loading=\"lazy\" decoding=\"async\" width=\"300\" height=\"199\" src=\"https:\/\/www.centraldevacaciones.com\/blog\/wp-content\/uploads\/2017\/10\/ed34b00b21f01c3e81584d04ee44408be272e3d51bb5134597f2_640_carnaval-300x199.jpg\" class=\"attachment-medium size-medium wp-image-3927\" alt=\"\" srcset=\"https:\/\/www.centraldevacaciones.com\/blog\/wp-content\/uploads\/2017\/10\/ed34b00b21f01c3e81584d04ee44408be272e3d51bb5134597f2_640_carnaval-300x199.jpg 300w, https:\/\/www.centraldevacaciones.com\/blog\/wp-content\/uploads\/2017\/10\/ed34b00b21f01c3e81584d04ee44408be272e3d51bb5134597f2_640_carnaval.jpg 640w\" sizes=\"(max-width: 300px) 100vw, 300px\" \/><\/div>\n\t\t<\/a>\n\t\t\t\t<div class=\"elementor-post__text\">\n\t\t\t\t<h3 class=\"elementor-post__title\">\n\t\t\t<a href=\"https:\/\/www.centraldevacaciones.com\/blog\/los-mejores-destinos-para-visitar-en-carnavales\/\" >\n\t\t\t\tLos mejores destinos para visitar en carnavales\t\t\t<\/a>\n\t\t<\/h3>\n\t\t\t\t<\/div>\n\t\t\t\t<\/article>\n\t\t\t\t<article class=\"elementor-post elementor-grid-item post-3870 post type-post status-publish format-standard has-post-thumbnail hentry category-europa category-ideas-escapadas category-ideas-viajes-invierno category-rutas-por-europa category-viajes-por-europa tag-escapada-de-fin-de-semana-con-ninos tag-escapadas-con-ninos-baratas\" role=\"listitem\">\n\t\t\t\t<a class=\"elementor-post__thumbnail__link\" href=\"https:\/\/www.centraldevacaciones.com\/blog\/que-ver-en-amberes\/\" tabindex=\"-1\" >\n\t\t\t<div class=\"elementor-post__thumbnail\"><img loading=\"lazy\" decoding=\"async\" width=\"300\" height=\"104\" src=\"https:\/\/www.centraldevacaciones.com\/blog\/wp-content\/uploads\/2017\/10\/Grote_Markt_Antwerpen-300x104.jpg\" class=\"attachment-medium size-medium wp-image-3894\" alt=\"Amberes Wikipedia\" srcset=\"https:\/\/www.centraldevacaciones.com\/blog\/wp-content\/uploads\/2017\/10\/Grote_Markt_Antwerpen-300x104.jpg 300w, https:\/\/www.centraldevacaciones.com\/blog\/wp-content\/uploads\/2017\/10\/Grote_Markt_Antwerpen-768x266.jpg 768w, https:\/\/www.centraldevacaciones.com\/blog\/wp-content\/uploads\/2017\/10\/Grote_Markt_Antwerpen-1024x354.jpg 1024w, https:\/\/www.centraldevacaciones.com\/blog\/wp-content\/uploads\/2017\/10\/Grote_Markt_Antwerpen.jpg 1920w\" sizes=\"(max-width: 300px) 100vw, 300px\" \/><\/div>\n\t\t<\/a>\n\t\t\t\t<div class=\"elementor-post__text\">\n\t\t\t\t<h3 class=\"elementor-post__title\">\n\t\t\t<a href=\"https:\/\/www.centraldevacaciones.com\/blog\/que-ver-en-amberes\/\" >\n\t\t\t\tQu\u00e9 ver en Amberes\t\t\t<\/a>\n\t\t<\/h3>\n\t\t\t\t<\/div>\n\t\t\t\t<\/article>\n\t\t\t\t<article class=\"elementor-post elementor-grid-item post-3866 post type-post status-publish format-standard has-post-thumbnail hentry category-europa category-ideas-escapadas category-ideas-viajes-invierno category-ideas-viajes-verano category-rutas-por-europa category-viajes-por-europa tag-escapadas-baratas tag-oporto tag-portugal\" role=\"listitem\">\n\t\t\t\t<a class=\"elementor-post__thumbnail__link\" href=\"https:\/\/www.centraldevacaciones.com\/blog\/que-visitar-en-oporto\/\" tabindex=\"-1\" >\n\t\t\t<div class=\"elementor-post__thumbnail\"><img loading=\"lazy\" decoding=\"async\" width=\"300\" height=\"240\" src=\"https:\/\/www.centraldevacaciones.com\/blog\/wp-content\/uploads\/2017\/10\/pict4-300x240.jpg\" class=\"attachment-medium size-medium wp-image-3868\" alt=\"oporto tranvia\" srcset=\"https:\/\/www.centraldevacaciones.com\/blog\/wp-content\/uploads\/2017\/10\/pict4-300x240.jpg 300w, https:\/\/www.centraldevacaciones.com\/blog\/wp-content\/uploads\/2017\/10\/pict4.jpg 500w\" sizes=\"(max-width: 300px) 100vw, 300px\" \/><\/div>\n\t\t<\/a>\n\t\t\t\t<div class=\"elementor-post__text\">\n\t\t\t\t<h3 class=\"elementor-post__title\">\n\t\t\t<a href=\"https:\/\/www.centraldevacaciones.com\/blog\/que-visitar-en-oporto\/\" >\n\t\t\t\tQu\u00e9 visitar en Oporto\t\t\t<\/a>\n\t\t<\/h3>\n\t\t\t\t<\/div>\n\t\t\t\t<\/article>\n\t\t\t\t<article class=\"elementor-post elementor-grid-item post-3863 post type-post status-publish format-standard has-post-thumbnail hentry category-espana category-europa category-ideas-escapadas category-ideas-viajes-invierno category-ideas-viajes-verano category-ideas-viajes-low-cost category-rutas-por-espana tag-escapadas-por-espana\" role=\"listitem\">\n\t\t\t\t<a class=\"elementor-post__thumbnail__link\" href=\"https:\/\/www.centraldevacaciones.com\/blog\/que-ver-en-san-sebastian\/\" tabindex=\"-1\" >\n\t\t\t<div class=\"elementor-post__thumbnail\"><img loading=\"lazy\" decoding=\"async\" width=\"300\" height=\"272\" src=\"https:\/\/www.centraldevacaciones.com\/blog\/wp-content\/uploads\/2017\/10\/1388062757_9bd49c27d5_san-sebastian-300x272.jpg\" class=\"attachment-medium size-medium wp-image-3898\" alt=\"San Sebastian Photo by Eoin McNamee\" srcset=\"https:\/\/www.centraldevacaciones.com\/blog\/wp-content\/uploads\/2017\/10\/1388062757_9bd49c27d5_san-sebastian-300x272.jpg 300w, https:\/\/www.centraldevacaciones.com\/blog\/wp-content\/uploads\/2017\/10\/1388062757_9bd49c27d5_san-sebastian.jpg 500w\" sizes=\"(max-width: 300px) 100vw, 300px\" \/><\/div>\n\t\t<\/a>\n\t\t\t\t<div class=\"elementor-post__text\">\n\t\t\t\t<h3 class=\"elementor-post__title\">\n\t\t\t<a href=\"https:\/\/www.centraldevacaciones.com\/blog\/que-ver-en-san-sebastian\/\" >\n\t\t\t\tQu\u00e9 ver en San Sebasti\u00e1n\t\t\t<\/a>\n\t\t<\/h3>\n\t\t\t\t<\/div>\n\t\t\t\t<\/article>\n\t\t\t\t<article class=\"elementor-post elementor-grid-item post-3857 post type-post status-publish format-standard has-post-thumbnail hentry category-europa category-ideas-escapadas category-ideas-viajes-verano category-rutas-por-europa category-viajes-por-europa tag-marsella\" role=\"listitem\">\n\t\t\t\t<a class=\"elementor-post__thumbnail__link\" href=\"https:\/\/www.centraldevacaciones.com\/blog\/5-imprescindibles-en-marsella\/\" tabindex=\"-1\" >\n\t\t\t<div class=\"elementor-post__thumbnail\"><img loading=\"lazy\" decoding=\"async\" width=\"300\" height=\"199\" src=\"https:\/\/www.centraldevacaciones.com\/blog\/wp-content\/uploads\/2017\/10\/14072730898_dc5a0d25ec_Marsella-1-300x199.jpg\" class=\"attachment-medium size-medium wp-image-3906\" alt=\"\" srcset=\"https:\/\/www.centraldevacaciones.com\/blog\/wp-content\/uploads\/2017\/10\/14072730898_dc5a0d25ec_Marsella-1-300x199.jpg 300w, https:\/\/www.centraldevacaciones.com\/blog\/wp-content\/uploads\/2017\/10\/14072730898_dc5a0d25ec_Marsella-1.jpg 500w\" sizes=\"(max-width: 300px) 100vw, 300px\" \/><\/div>\n\t\t<\/a>\n\t\t\t\t<div class=\"elementor-post__text\">\n\t\t\t\t<h3 class=\"elementor-post__title\">\n\t\t\t<a href=\"https:\/\/www.centraldevacaciones.com\/blog\/5-imprescindibles-en-marsella\/\" >\n\t\t\t\t5 imprescindibles que ver en Marsella\t\t\t<\/a>\n\t\t<\/h3>\n\t\t\t\t<\/div>\n\t\t\t\t<\/article>\n\t\t\t\t<article class=\"elementor-post elementor-grid-item post-3854 post type-post status-publish format-standard has-post-thumbnail hentry category-ideas-escapadas category-europa category-rutas-por-europa category-viajes-por-europa\" role=\"listitem\">\n\t\t\t\t<a class=\"elementor-post__thumbnail__link\" href=\"https:\/\/www.centraldevacaciones.com\/blog\/5-lugares-para-conocer-zagreb-como-un-local\/\" tabindex=\"-1\" >\n\t\t\t<div class=\"elementor-post__thumbnail\"><img loading=\"lazy\" decoding=\"async\" width=\"300\" height=\"198\" src=\"https:\/\/www.centraldevacaciones.com\/blog\/wp-content\/uploads\/2017\/10\/eb32b60c2df3043ecd0b470de7444e90fe76e7d419b3154390f3c9_640_zagreb-300x198.jpg\" class=\"attachment-medium size-medium wp-image-3929\" alt=\"\" srcset=\"https:\/\/www.centraldevacaciones.com\/blog\/wp-content\/uploads\/2017\/10\/eb32b60c2df3043ecd0b470de7444e90fe76e7d419b3154390f3c9_640_zagreb-300x198.jpg 300w, https:\/\/www.centraldevacaciones.com\/blog\/wp-content\/uploads\/2017\/10\/eb32b60c2df3043ecd0b470de7444e90fe76e7d419b3154390f3c9_640_zagreb.jpg 640w\" sizes=\"(max-width: 300px) 100vw, 300px\" \/><\/div>\n\t\t<\/a>\n\t\t\t\t<div class=\"elementor-post__text\">\n\t\t\t\t<h3 class=\"elementor-post__title\">\n\t\t\t<a href=\"https:\/\/www.centraldevacaciones.com\/blog\/5-lugares-para-conocer-zagreb-como-un-local\/\" >\n\t\t\t\t5 lugares para conocer Zagreb como un local\t\t\t<\/a>\n\t\t<\/h3>\n\t\t\t\t<\/div>\n\t\t\t\t<\/article>\n\t\t\t\t<article class=\"elementor-post elementor-grid-item post-3851 post type-post status-publish format-standard has-post-thumbnail hentry category-ideas-escapadas category-europa category-ideas-viajes-invierno category-rutas-por-europa category-viajes-por-europa tag-hamburgo\" role=\"listitem\">\n\t\t\t\t<a class=\"elementor-post__thumbnail__link\" href=\"https:\/\/www.centraldevacaciones.com\/blog\/5-razones-por-las-que-visitar-hamburgo\/\" tabindex=\"-1\" >\n\t\t\t<div class=\"elementor-post__thumbnail\"><img loading=\"lazy\" decoding=\"async\" width=\"300\" height=\"218\" src=\"https:\/\/www.centraldevacaciones.com\/blog\/wp-content\/uploads\/2017\/10\/ed34b90c2ae91c72d252440dee4a5b97e676e2d71db317449c_640_hamburgo-300x218.jpg\" class=\"attachment-medium size-medium wp-image-3938\" alt=\"\" srcset=\"https:\/\/www.centraldevacaciones.com\/blog\/wp-content\/uploads\/2017\/10\/ed34b90c2ae91c72d252440dee4a5b97e676e2d71db317449c_640_hamburgo-300x218.jpg 300w, https:\/\/www.centraldevacaciones.com\/blog\/wp-content\/uploads\/2017\/10\/ed34b90c2ae91c72d252440dee4a5b97e676e2d71db317449c_640_hamburgo.jpg 640w\" sizes=\"(max-width: 300px) 100vw, 300px\" \/><\/div>\n\t\t<\/a>\n\t\t\t\t<div class=\"elementor-post__text\">\n\t\t\t\t<h3 class=\"elementor-post__title\">\n\t\t\t<a href=\"https:\/\/www.centraldevacaciones.com\/blog\/5-razones-por-las-que-visitar-hamburgo\/\" >\n\t\t\t\t5 razones por las que visitar Hamburgo\t\t\t<\/a>\n\t\t<\/h3>\n\t\t\t\t<\/div>\n\t\t\t\t<\/article>\n\t\t\t\t<article class=\"elementor-post elementor-grid-item post-3712 post type-post status-publish format-standard has-post-thumbnail hentry category-ideas-escapadas category-europa category-ideas-viajes-invierno category-rutas-por-europa category-viajes-por-europa tag-estocolmo tag-suecia\" role=\"listitem\">\n\t\t\t\t<a class=\"elementor-post__thumbnail__link\" href=\"https:\/\/www.centraldevacaciones.com\/blog\/viajes-a-estocolmo\/\" tabindex=\"-1\" >\n\t\t\t<div class=\"elementor-post__thumbnail\"><img loading=\"lazy\" decoding=\"async\" width=\"205\" height=\"300\" src=\"https:\/\/www.centraldevacaciones.com\/blog\/wp-content\/uploads\/2017\/06\/Stockholm-205x300.jpg\" class=\"attachment-medium size-medium wp-image-3710\" alt=\"Stockholm\" srcset=\"https:\/\/www.centraldevacaciones.com\/blog\/wp-content\/uploads\/2017\/06\/Stockholm-205x300.jpg 205w, https:\/\/www.centraldevacaciones.com\/blog\/wp-content\/uploads\/2017\/06\/Stockholm-768x1122.jpg 768w, https:\/\/www.centraldevacaciones.com\/blog\/wp-content\/uploads\/2017\/06\/Stockholm-701x1024.jpg 701w, https:\/\/www.centraldevacaciones.com\/blog\/wp-content\/uploads\/2017\/06\/Stockholm.jpg 800w\" sizes=\"(max-width: 205px) 100vw, 205px\" \/><\/div>\n\t\t<\/a>\n\t\t\t\t<div class=\"elementor-post__text\">\n\t\t\t\t<h3 class=\"elementor-post__title\">\n\t\t\t<a href=\"https:\/\/www.centraldevacaciones.com\/blog\/viajes-a-estocolmo\/\" >\n\t\t\t\tViajes a Estocolmo\t\t\t<\/a>\n\t\t<\/h3>\n\t\t\t\t<\/div>\n\t\t\t\t<\/article>\n\t\t\t\t<article class=\"elementor-post elementor-grid-item post-696 post type-post status-publish format-standard has-post-thumbnail hentry category-ideas-escapadas category-espana category-europa category-ideas-viajes-verano category-rutas-por-espana tag-ibiza\" role=\"listitem\">\n\t\t\t\t<a class=\"elementor-post__thumbnail__link\" href=\"https:\/\/www.centraldevacaciones.com\/blog\/que-ver-en-ibiza\/\" tabindex=\"-1\" >\n\t\t\t<div class=\"elementor-post__thumbnail\"><img loading=\"lazy\" decoding=\"async\" width=\"300\" height=\"200\" src=\"https:\/\/www.centraldevacaciones.com\/blog\/wp-content\/uploads\/2014\/06\/Ibiza-300x200.jpg\" class=\"attachment-medium size-medium wp-image-712\" alt=\"foto isla\" srcset=\"https:\/\/www.centraldevacaciones.com\/blog\/wp-content\/uploads\/2014\/06\/Ibiza-300x200.jpg 300w, https:\/\/www.centraldevacaciones.com\/blog\/wp-content\/uploads\/2014\/06\/Ibiza-768x512.jpg 768w, https:\/\/www.centraldevacaciones.com\/blog\/wp-content\/uploads\/2014\/06\/Ibiza-1024x683.jpg 1024w, https:\/\/www.centraldevacaciones.com\/blog\/wp-content\/uploads\/2014\/06\/Ibiza.jpg 1600w\" sizes=\"(max-width: 300px) 100vw, 300px\" \/><\/div>\n\t\t<\/a>\n\t\t\t\t<div class=\"elementor-post__text\">\n\t\t\t\t<h3 class=\"elementor-post__title\">\n\t\t\t<a href=\"https:\/\/www.centraldevacaciones.com\/blog\/que-ver-en-ibiza\/\" >\n\t\t\t\tQu\u00e9 ver en Ibiza\t\t\t<\/a>\n\t\t<\/h3>\n\t\t\t\t<\/div>\n\t\t\t\t<\/article>\n\t\t\t\t<article class=\"elementor-post elementor-grid-item post-3837 post type-post status-publish format-standard hentry category-viajes category-europa category-ideas-escapadas category-ideas-viajes-low-cost category-rutas-por-europa\" role=\"listitem\">\n\t\t\t\t<div class=\"elementor-post__text\">\n\t\t\t\t<h3 class=\"elementor-post__title\">\n\t\t\t<a href=\"https:\/\/www.centraldevacaciones.com\/blog\/los-paises-mas-pequenos-del-mundo\/\" >\n\t\t\t\tLos pa\u00edses m\u00e1s peque\u00f1os del mundo\t\t\t<\/a>\n\t\t<\/h3>\n\t\t\t\t<\/div>\n\t\t\t\t<\/article>\n\t\t\t\t<article class=\"elementor-post elementor-grid-item post-3835 post type-post status-publish format-standard has-post-thumbnail hentry category-ideas-escapadas category-europa category-viajes\" role=\"listitem\">\n\t\t\t\t<a class=\"elementor-post__thumbnail__link\" href=\"https:\/\/www.centraldevacaciones.com\/blog\/los-paises-francofonos\/\" tabindex=\"-1\" >\n\t\t\t<div class=\"elementor-post__thumbnail\"><img loading=\"lazy\" decoding=\"async\" width=\"300\" height=\"203\" src=\"https:\/\/www.centraldevacaciones.com\/blog\/wp-content\/uploads\/2023\/01\/italia4-300x203.jpg\" class=\"attachment-medium size-medium wp-image-116787\" alt=\"\" srcset=\"https:\/\/www.centraldevacaciones.com\/blog\/wp-content\/uploads\/2023\/01\/italia4-300x203.jpg 300w, https:\/\/www.centraldevacaciones.com\/blog\/wp-content\/uploads\/2023\/01\/italia4-768x520.jpg 768w, https:\/\/www.centraldevacaciones.com\/blog\/wp-content\/uploads\/2023\/01\/italia4.jpg 1024w\" sizes=\"(max-width: 300px) 100vw, 300px\" \/><\/div>\n\t\t<\/a>\n\t\t\t\t<div class=\"elementor-post__text\">\n\t\t\t\t<h3 class=\"elementor-post__title\">\n\t\t\t<a href=\"https:\/\/www.centraldevacaciones.com\/blog\/los-paises-francofonos\/\" >\n\t\t\t\tLos pa\u00edses franc\u00f3fonos\t\t\t<\/a>\n\t\t<\/h3>\n\t\t\t\t<\/div>\n\t\t\t\t<\/article>\n\t\t\t\t<article class=\"elementor-post elementor-grid-item post-3833 post type-post status-publish format-standard has-post-thumbnail hentry category-viajes category-europa category-ideas-escapadas category-ideas-viajes-invierno category-ideas-viajes-verano category-rutas-por-europa\" role=\"listitem\">\n\t\t\t\t<a class=\"elementor-post__thumbnail__link\" href=\"https:\/\/www.centraldevacaciones.com\/blog\/conoce-paises-menos-poblados-del-mundo-central-de-vacaciones\/\" tabindex=\"-1\" >\n\t\t\t<div class=\"elementor-post__thumbnail\"><img loading=\"lazy\" decoding=\"async\" width=\"300\" height=\"200\" src=\"https:\/\/www.centraldevacaciones.com\/blog\/wp-content\/uploads\/2019\/10\/1_muralla_china-300x200.jpg\" class=\"attachment-medium size-medium wp-image-6044\" alt=\"\" srcset=\"https:\/\/www.centraldevacaciones.com\/blog\/wp-content\/uploads\/2019\/10\/1_muralla_china-300x200.jpg 300w, https:\/\/www.centraldevacaciones.com\/blog\/wp-content\/uploads\/2019\/10\/1_muralla_china.jpg 640w\" sizes=\"(max-width: 300px) 100vw, 300px\" \/><\/div>\n\t\t<\/a>\n\t\t\t\t<div class=\"elementor-post__text\">\n\t\t\t\t<h3 class=\"elementor-post__title\">\n\t\t\t<a href=\"https:\/\/www.centraldevacaciones.com\/blog\/conoce-paises-menos-poblados-del-mundo-central-de-vacaciones\/\" >\n\t\t\t\t\u00bfCu\u00e1les son los pa\u00edses menos poblados del mundo?\t\t\t<\/a>\n\t\t<\/h3>\n\t\t\t\t<\/div>\n\t\t\t\t<\/article>\n\t\t\t\t<article class=\"elementor-post elementor-grid-item post-3829 post type-post status-publish format-standard has-post-thumbnail hentry category-ideas-escapadas category-europa category-ideas-viajes-invierno category-ideas-viajes-verano category-rutas-por-europa category-rutas-por-paises-bajos category-viajes-por-europa\" role=\"listitem\">\n\t\t\t\t<a class=\"elementor-post__thumbnail__link\" href=\"https:\/\/www.centraldevacaciones.com\/blog\/quienes-conforman-los-paises-nordicos\/\" tabindex=\"-1\" >\n\t\t\t<div class=\"elementor-post__thumbnail\"><img loading=\"lazy\" decoding=\"async\" width=\"300\" height=\"200\" src=\"https:\/\/www.centraldevacaciones.com\/blog\/wp-content\/uploads\/2021\/07\/1078px-Fiordo_de_Geiranger_desde_Flydalsjuvet_Noruega_2019-09-07_DD_59-300x200.jpg\" class=\"attachment-medium size-medium wp-image-13222\" alt=\"noruega- pa\u00edses n\u00f3rdicos\" srcset=\"https:\/\/www.centraldevacaciones.com\/blog\/wp-content\/uploads\/2021\/07\/1078px-Fiordo_de_Geiranger_desde_Flydalsjuvet_Noruega_2019-09-07_DD_59-300x200.jpg 300w, https:\/\/www.centraldevacaciones.com\/blog\/wp-content\/uploads\/2021\/07\/1078px-Fiordo_de_Geiranger_desde_Flydalsjuvet_Noruega_2019-09-07_DD_59-1024x684.jpg 1024w, https:\/\/www.centraldevacaciones.com\/blog\/wp-content\/uploads\/2021\/07\/1078px-Fiordo_de_Geiranger_desde_Flydalsjuvet_Noruega_2019-09-07_DD_59-768x513.jpg 768w, https:\/\/www.centraldevacaciones.com\/blog\/wp-content\/uploads\/2021\/07\/1078px-Fiordo_de_Geiranger_desde_Flydalsjuvet_Noruega_2019-09-07_DD_59.jpg 1078w\" sizes=\"(max-width: 300px) 100vw, 300px\" \/><\/div>\n\t\t<\/a>\n\t\t\t\t<div class=\"elementor-post__text\">\n\t\t\t\t<h3 class=\"elementor-post__title\">\n\t\t\t<a href=\"https:\/\/www.centraldevacaciones.com\/blog\/quienes-conforman-los-paises-nordicos\/\" >\n\t\t\t\t\u00bfQui\u00e9nes conforman los pa\u00edses n\u00f3rdicos?\t\t\t<\/a>\n\t\t<\/h3>\n\t\t\t\t<\/div>\n\t\t\t\t<\/article>\n\t\t\t\t<article class=\"elementor-post elementor-grid-item post-3821 post type-post status-publish format-standard has-post-thumbnail hentry category-europa category-ideas-escapadas category-ideas-viajes-invierno category-ideas-viajes-low-cost category-rutas-por-europa category-viajes-por-europa tag-londres\" role=\"listitem\">\n\t\t\t\t<a class=\"elementor-post__thumbnail__link\" href=\"https:\/\/www.centraldevacaciones.com\/blog\/de-compras-por-londres\/\" tabindex=\"-1\" >\n\t\t\t<div class=\"elementor-post__thumbnail\"><img loading=\"lazy\" decoding=\"async\" width=\"300\" height=\"155\" src=\"https:\/\/www.centraldevacaciones.com\/blog\/wp-content\/uploads\/2017\/09\/londrespasteles-300x155.png\" class=\"attachment-medium size-medium wp-image-3822\" alt=\"\" srcset=\"https:\/\/www.centraldevacaciones.com\/blog\/wp-content\/uploads\/2017\/09\/londrespasteles-300x155.png 300w, https:\/\/www.centraldevacaciones.com\/blog\/wp-content\/uploads\/2017\/09\/londrespasteles-768x398.png 768w, https:\/\/www.centraldevacaciones.com\/blog\/wp-content\/uploads\/2017\/09\/londrespasteles.png 821w\" sizes=\"(max-width: 300px) 100vw, 300px\" \/><\/div>\n\t\t<\/a>\n\t\t\t\t<div class=\"elementor-post__text\">\n\t\t\t\t<h3 class=\"elementor-post__title\">\n\t\t\t<a href=\"https:\/\/www.centraldevacaciones.com\/blog\/de-compras-por-londres\/\" >\n\t\t\t\tDe compras por Londres\t\t\t<\/a>\n\t\t<\/h3>\n\t\t\t\t<\/div>\n\t\t\t\t<\/article>\n\t\t\t\t<article class=\"elementor-post elementor-grid-item post-3816 post type-post status-publish format-standard has-post-thumbnail hentry category-ideas-viajes-de-novios category-ideas-viajes-verano category-mexico category-riviera-maya category-rutas-por-sudamerica tag-cancun\" role=\"listitem\">\n\t\t\t\t<a class=\"elementor-post__thumbnail__link\" href=\"https:\/\/www.centraldevacaciones.com\/blog\/que-ver-en-cancun\/\" tabindex=\"-1\" >\n\t\t\t<div class=\"elementor-post__thumbnail\"><img loading=\"lazy\" decoding=\"async\" width=\"300\" height=\"170\" src=\"https:\/\/www.centraldevacaciones.com\/blog\/wp-content\/uploads\/2017\/09\/cancun-300x170.png\" class=\"attachment-medium size-medium wp-image-3818\" alt=\"Cancun spot\" srcset=\"https:\/\/www.centraldevacaciones.com\/blog\/wp-content\/uploads\/2017\/09\/cancun-300x170.png 300w, https:\/\/www.centraldevacaciones.com\/blog\/wp-content\/uploads\/2017\/09\/cancun.png 719w\" sizes=\"(max-width: 300px) 100vw, 300px\" \/><\/div>\n\t\t<\/a>\n\t\t\t\t<div class=\"elementor-post__text\">\n\t\t\t\t<h3 class=\"elementor-post__title\">\n\t\t\t<a href=\"https:\/\/www.centraldevacaciones.com\/blog\/que-ver-en-cancun\/\" >\n\t\t\t\tQu\u00e9 ver en Canc\u00fan\t\t\t<\/a>\n\t\t<\/h3>\n\t\t\t\t<\/div>\n\t\t\t\t<\/article>\n\t\t\t\t<article class=\"elementor-post elementor-grid-item post-3234 post type-post status-publish format-standard has-post-thumbnail hentry category-ideas-viajes-lujo category-ideas-viajes-verano category-vacaciones tag-parques-tematicos\" role=\"listitem\">\n\t\t\t\t<a class=\"elementor-post__thumbnail__link\" href=\"https:\/\/www.centraldevacaciones.com\/blog\/conoce-los-mejores-parques-tematicos-que-existen\/\" tabindex=\"-1\" >\n\t\t\t<div class=\"elementor-post__thumbnail\"><img loading=\"lazy\" decoding=\"async\" width=\"300\" height=\"225\" src=\"https:\/\/www.centraldevacaciones.com\/blog\/wp-content\/uploads\/2015\/01\/DisneyFB-e1421087429888-300x225.jpg\" class=\"attachment-medium size-medium wp-image-1813\" alt=\"Eurodisney\" srcset=\"https:\/\/www.centraldevacaciones.com\/blog\/wp-content\/uploads\/2015\/01\/DisneyFB-e1421087429888-300x225.jpg 300w, https:\/\/www.centraldevacaciones.com\/blog\/wp-content\/uploads\/2015\/01\/DisneyFB-e1421087429888.jpg 367w\" sizes=\"(max-width: 300px) 100vw, 300px\" \/><\/div>\n\t\t<\/a>\n\t\t\t\t<div class=\"elementor-post__text\">\n\t\t\t\t<h3 class=\"elementor-post__title\">\n\t\t\t<a href=\"https:\/\/www.centraldevacaciones.com\/blog\/conoce-los-mejores-parques-tematicos-que-existen\/\" >\n\t\t\t\tConoce los mejores parques tem\u00e1ticos que existen\t\t\t<\/a>\n\t\t<\/h3>\n\t\t\t\t<\/div>\n\t\t\t\t<\/article>\n\t\t\t\t<article class=\"elementor-post elementor-grid-item post-3784 post type-post status-publish format-standard has-post-thumbnail hentry category-ideas-viajes-verano category-ideas-viajes-lujo category-ideas-viajes-de-novios category-islas-paradisiacas category-mexico category-riviera-maya category-viajes-por-centroamerica tag-cancun\" role=\"listitem\">\n\t\t\t\t<a class=\"elementor-post__thumbnail__link\" href=\"https:\/\/www.centraldevacaciones.com\/blog\/las-mejores-playas-de-cancun\/\" tabindex=\"-1\" >\n\t\t\t<div class=\"elementor-post__thumbnail\"><img loading=\"lazy\" decoding=\"async\" width=\"300\" height=\"274\" src=\"https:\/\/www.centraldevacaciones.com\/blog\/wp-content\/uploads\/2021\/07\/cancun-2-300x274.jpg\" class=\"attachment-medium size-medium wp-image-12702\" alt=\"\" srcset=\"https:\/\/www.centraldevacaciones.com\/blog\/wp-content\/uploads\/2021\/07\/cancun-2-300x274.jpg 300w, https:\/\/www.centraldevacaciones.com\/blog\/wp-content\/uploads\/2021\/07\/cancun-2.jpg 350w\" sizes=\"(max-width: 300px) 100vw, 300px\" \/><\/div>\n\t\t<\/a>\n\t\t\t\t<div class=\"elementor-post__text\">\n\t\t\t\t<h3 class=\"elementor-post__title\">\n\t\t\t<a href=\"https:\/\/www.centraldevacaciones.com\/blog\/las-mejores-playas-de-cancun\/\" >\n\t\t\t\tLas mejores playas de Canc\u00fan\t\t\t<\/a>\n\t\t<\/h3>\n\t\t\t\t<\/div>\n\t\t\t\t<\/article>\n\t\t\t\t<article class=\"elementor-post elementor-grid-item post-3538 post type-post status-publish format-standard hentry category-europa category-ideas-escapadas category-ideas-viajes-invierno category-rutas-por-europa category-viajes-por-europa tag-escapadas-de-fin-de-semana tag-escocia tag-glasgow\" role=\"listitem\">\n\t\t\t\t<div class=\"elementor-post__text\">\n\t\t\t\t<h3 class=\"elementor-post__title\">\n\t\t\t<a href=\"https:\/\/www.centraldevacaciones.com\/blog\/viajar-a-glasgow-en-escocia\/\" >\n\t\t\t\tViajar a Glasgow en Escocia\t\t\t<\/a>\n\t\t<\/h3>\n\t\t\t\t<\/div>\n\t\t\t\t<\/article>\n\t\t\t\t<article class=\"elementor-post elementor-grid-item post-3360 post type-post status-publish format-standard has-post-thumbnail hentry category-ideas-viajes-verano category-rutas-por-africa category-viajes-por-africa tag-tunez\" role=\"listitem\">\n\t\t\t\t<a class=\"elementor-post__thumbnail__link\" href=\"https:\/\/www.centraldevacaciones.com\/blog\/las-excursiones-en-tunez\/\" tabindex=\"-1\" >\n\t\t\t<div class=\"elementor-post__thumbnail\"><img loading=\"lazy\" decoding=\"async\" width=\"300\" height=\"225\" src=\"https:\/\/www.centraldevacaciones.com\/blog\/wp-content\/uploads\/2016\/11\/ElJem_amphi-300x225.jpg\" class=\"attachment-medium size-medium wp-image-3361\" alt=\"eljem amphi Tunez\" srcset=\"https:\/\/www.centraldevacaciones.com\/blog\/wp-content\/uploads\/2016\/11\/ElJem_amphi-300x225.jpg 300w, https:\/\/www.centraldevacaciones.com\/blog\/wp-content\/uploads\/2016\/11\/ElJem_amphi-768x576.jpg 768w, https:\/\/www.centraldevacaciones.com\/blog\/wp-content\/uploads\/2016\/11\/ElJem_amphi.jpg 800w\" sizes=\"(max-width: 300px) 100vw, 300px\" \/><\/div>\n\t\t<\/a>\n\t\t\t\t<div class=\"elementor-post__text\">\n\t\t\t\t<h3 class=\"elementor-post__title\">\n\t\t\t<a href=\"https:\/\/www.centraldevacaciones.com\/blog\/las-excursiones-en-tunez\/\" >\n\t\t\t\tLas excursiones en T\u00fanez\t\t\t<\/a>\n\t\t<\/h3>\n\t\t\t\t<\/div>\n\t\t\t\t<\/article>\n\t\t\t\t<article class=\"elementor-post elementor-grid-item post-3804 post type-post status-publish format-standard hentry category-europa category-ideas-escapadas category-ideas-viajes-invierno category-ideas-viajes-verano category-rutas-por-europa category-viajes-por-europa tag-italia tag-roma\" role=\"listitem\">\n\t\t\t\t<div class=\"elementor-post__text\">\n\t\t\t\t<h3 class=\"elementor-post__title\">\n\t\t\t<a href=\"https:\/\/www.centraldevacaciones.com\/blog\/no-dudes-en-visitar-el-lugar-eterno-la-ciudad-de-roma\/\" >\n\t\t\t\tNo dudes en visitar el lugar eterno, la ciudad de Roma\t\t\t<\/a>\n\t\t<\/h3>\n\t\t\t\t<\/div>\n\t\t\t\t<\/article>\n\t\t\t\t<article class=\"elementor-post elementor-grid-item post-3800 post type-post status-publish format-standard hentry category-europa category-ideas-escapadas category-ideas-viajes-invierno category-ideas-viajes-verano category-ideas-viajes-low-cost category-rutas-por-europa category-viajes-por-europa\" role=\"listitem\">\n\t\t\t\t<div class=\"elementor-post__text\">\n\t\t\t\t<h3 class=\"elementor-post__title\">\n\t\t\t<a href=\"https:\/\/www.centraldevacaciones.com\/blog\/los-destinos-turisticos-mas-baratos-de-europa\/\" >\n\t\t\t\tLos destinos tur\u00edsticos m\u00e1s baratos de Europa\t\t\t<\/a>\n\t\t<\/h3>\n\t\t\t\t<\/div>\n\t\t\t\t<\/article>\n\t\t\t\t<article class=\"elementor-post elementor-grid-item post-3797 post type-post status-publish format-standard hentry category-ideas-escapadas category-europa category-hoteles-2 category-ideas-viajes-invierno category-ideas-viajes-verano category-rutas-por-europa category-viajes-por-europa tag-finlandia\" role=\"listitem\">\n\t\t\t\t<div class=\"elementor-post__text\">\n\t\t\t\t<h3 class=\"elementor-post__title\">\n\t\t\t<a href=\"https:\/\/www.centraldevacaciones.com\/blog\/hoteles-en-helsinki-finlandia\/\" >\n\t\t\t\tHoteles en Finlandia y Helsinki.\t\t\t<\/a>\n\t\t<\/h3>\n\t\t\t\t<\/div>\n\t\t\t\t<\/article>\n\t\t\t\t<article class=\"elementor-post elementor-grid-item post-3795 post type-post status-publish format-standard hentry category-ideas-escapadas category-espana category-europa category-ideas-viajes-invierno category-ideas-viajes-verano category-rutas-por-espana category-viajes-por-europa tag-canarias tag-islas\" role=\"listitem\">\n\t\t\t\t<div class=\"elementor-post__text\">\n\t\t\t\t<h3 class=\"elementor-post__title\">\n\t\t\t<a href=\"https:\/\/www.centraldevacaciones.com\/blog\/todo-acerca-de-la-isla-el-hierro-historia-cultura-y-sitios-turisticos\/\" >\n\t\t\t\tTodo acerca de la Isla El Hierro, historia, cultura y sitios Tur\u00edsticos\t\t\t<\/a>\n\t\t<\/h3>\n\t\t\t\t<\/div>\n\t\t\t\t<\/article>\n\t\t\t\t<article class=\"elementor-post elementor-grid-item post-3791 post type-post status-publish format-standard hentry category-europa category-ideas-escapadas category-ideas-viajes-invierno category-ideas-viajes-verano category-rutas-por-europa category-viajes-por-europa tag-irlanda\" role=\"listitem\">\n\t\t\t\t<div class=\"elementor-post__text\">\n\t\t\t\t<h3 class=\"elementor-post__title\">\n\t\t\t<a href=\"https:\/\/www.centraldevacaciones.com\/blog\/recorriendo-el-imponente-rio-shannon-de-irlanda\/\" >\n\t\t\t\tRecorriendo el imponente rio Shannon de Irlanda\t\t\t<\/a>\n\t\t<\/h3>\n\t\t\t\t<\/div>\n\t\t\t\t<\/article>\n\t\t\t\t<article class=\"elementor-post elementor-grid-item post-3588 post type-post status-publish format-standard hentry category-europa category-ideas-escapadas category-ideas-viajes-invierno category-ideas-viajes-verano category-rutas-por-europa category-viajes-por-europa tag-dublin tag-irlanda\" role=\"listitem\">\n\t\t\t\t<div class=\"elementor-post__text\">\n\t\t\t\t<h3 class=\"elementor-post__title\">\n\t\t\t<a href=\"https:\/\/www.centraldevacaciones.com\/blog\/vacaciones-en-dublin\/\" >\n\t\t\t\tVacaciones en Dubl\u00edn\t\t\t<\/a>\n\t\t<\/h3>\n\t\t\t\t<\/div>\n\t\t\t\t<\/article>\n\t\t\t\t<article class=\"elementor-post elementor-grid-item post-3802 post type-post status-publish format-standard hentry category-ideas-escapadas category-europa category-ideas-viajes-invierno category-rutas-por-europa category-viajes-por-europa tag-londres tag-museos\" role=\"listitem\">\n\t\t\t\t<div class=\"elementor-post__text\">\n\t\t\t\t<h3 class=\"elementor-post__title\">\n\t\t\t<a href=\"https:\/\/www.centraldevacaciones.com\/blog\/un-homenaje-al-arte-moderno-en-londres\/\" >\n\t\t\t\tUn homenaje al Arte Moderno en Londres\t\t\t<\/a>\n\t\t<\/h3>\n\t\t\t\t<\/div>\n\t\t\t\t<\/article>\n\t\t\t\t<article class=\"elementor-post elementor-grid-item post-3789 post type-post status-publish format-standard hentry category-ideas-viajes-verano category-ideas-viajes-de-novios category-mexico category-riviera-maya tag-cancun\" role=\"listitem\">\n\t\t\t\t<div class=\"elementor-post__text\">\n\t\t\t\t<h3 class=\"elementor-post__title\">\n\t\t\t<a href=\"https:\/\/www.centraldevacaciones.com\/blog\/los-mejores-restaurantes-de-cancun\/\" >\n\t\t\t\tLos mejores restaurantes de Canc\u00fan\t\t\t<\/a>\n\t\t<\/h3>\n\t\t\t\t<\/div>\n\t\t\t\t<\/article>\n\t\t\t\t<article class=\"elementor-post elementor-grid-item post-3786 post type-post status-publish format-standard hentry category-ideas-viajes-de-novios category-ideas-viajes-verano category-mexico category-riviera-maya\" role=\"listitem\">\n\t\t\t\t<div class=\"elementor-post__text\">\n\t\t\t\t<h3 class=\"elementor-post__title\">\n\t\t\t<a href=\"https:\/\/www.centraldevacaciones.com\/blog\/turismo-arqueologico-en-cancun\/\" >\n\t\t\t\tTurismo arqueol\u00f3gico en Canc\u00fan\t\t\t<\/a>\n\t\t<\/h3>\n\t\t\t\t<\/div>\n\t\t\t\t<\/article>\n\t\t\t\t<article class=\"elementor-post elementor-grid-item post-3782 post type-post status-publish format-standard hentry category-ideas-viajes-verano category-ideas-viajes-de-novios category-mexico category-riviera-maya tag-cancun\" role=\"listitem\">\n\t\t\t\t<div class=\"elementor-post__text\">\n\t\t\t\t<h3 class=\"elementor-post__title\">\n\t\t\t<a href=\"https:\/\/www.centraldevacaciones.com\/blog\/las-mejores-discotecas-y-bares-de-todo-cancun\/\" >\n\t\t\t\tLas mejores discotecas y bares de todo Canc\u00fan\t\t\t<\/a>\n\t\t<\/h3>\n\t\t\t\t<\/div>\n\t\t\t\t<\/article>\n\t\t\t\t<article class=\"elementor-post elementor-grid-item post-3780 post type-post status-publish format-standard hentry category-ideas-viajes-de-novios category-ideas-viajes-verano category-mexico category-riviera-maya tag-cancun\" role=\"listitem\">\n\t\t\t\t<div class=\"elementor-post__text\">\n\t\t\t\t<h3 class=\"elementor-post__title\">\n\t\t\t<a href=\"https:\/\/www.centraldevacaciones.com\/blog\/visita-la-divertida-ciudad-de-cancun-en-el-pais-de-mexico\/\" >\n\t\t\t\tVisita la divertida ciudad de Canc\u00fan en el pa\u00eds de M\u00e9xico\t\t\t<\/a>\n\t\t<\/h3>\n\t\t\t\t<\/div>\n\t\t\t\t<\/article>\n\t\t\t\t<article class=\"elementor-post elementor-grid-item post-3778 post type-post status-publish format-standard hentry category-ideas-viajes-verano category-ideas-viajes-de-novios category-mexico category-rutas-por-sudamerica\" role=\"listitem\">\n\t\t\t\t<div class=\"elementor-post__text\">\n\t\t\t\t<h3 class=\"elementor-post__title\">\n\t\t\t<a href=\"https:\/\/www.centraldevacaciones.com\/blog\/el-palacio-nacional-de-mexico\/\" >\n\t\t\t\tEl Palacio Nacional de Mexico\t\t\t<\/a>\n\t\t<\/h3>\n\t\t\t\t<\/div>\n\t\t\t\t<\/article>\n\t\t\t\t<article class=\"elementor-post elementor-grid-item post-3776 post type-post status-publish format-standard hentry category-ideas-viajes-verano category-ideas-viajes-de-novios category-mexico category-riviera-maya tag-museo\" role=\"listitem\">\n\t\t\t\t<div class=\"elementor-post__text\">\n\t\t\t\t<h3 class=\"elementor-post__title\">\n\t\t\t<a href=\"https:\/\/www.centraldevacaciones.com\/blog\/el-museo-subacuatico-de-arte-en-cancun\/\" >\n\t\t\t\tEl Museo Subacu\u00e1tico de Arte en Canc\u00fan\t\t\t<\/a>\n\t\t<\/h3>\n\t\t\t\t<\/div>\n\t\t\t\t<\/article>\n\t\t\t\t<article class=\"elementor-post elementor-grid-item post-3774 post type-post status-publish format-standard has-post-thumbnail hentry category-ideas-viajes-de-novios category-ideas-viajes-verano category-mexico tag-museos\" role=\"listitem\">\n\t\t\t\t<a class=\"elementor-post__thumbnail__link\" href=\"https:\/\/www.centraldevacaciones.com\/blog\/el-museo-nacional-de-antropologia-de-mexico\/\" tabindex=\"-1\" >\n\t\t\t<div class=\"elementor-post__thumbnail\"><img loading=\"lazy\" decoding=\"async\" width=\"300\" height=\"200\" src=\"https:\/\/www.centraldevacaciones.com\/blog\/wp-content\/uploads\/2015\/12\/tulum-ruinas-300x200.jpg\" class=\"attachment-medium size-medium wp-image-2493\" alt=\"tulum ruinas\" srcset=\"https:\/\/www.centraldevacaciones.com\/blog\/wp-content\/uploads\/2015\/12\/tulum-ruinas-300x200.jpg 300w, https:\/\/www.centraldevacaciones.com\/blog\/wp-content\/uploads\/2015\/12\/tulum-ruinas-768x512.jpg 768w, https:\/\/www.centraldevacaciones.com\/blog\/wp-content\/uploads\/2015\/12\/tulum-ruinas-1024x682.jpg 1024w, https:\/\/www.centraldevacaciones.com\/blog\/wp-content\/uploads\/2015\/12\/tulum-ruinas.jpg 1280w\" sizes=\"(max-width: 300px) 100vw, 300px\" \/><\/div>\n\t\t<\/a>\n\t\t\t\t<div class=\"elementor-post__text\">\n\t\t\t\t<h3 class=\"elementor-post__title\">\n\t\t\t<a href=\"https:\/\/www.centraldevacaciones.com\/blog\/el-museo-nacional-de-antropologia-de-mexico\/\" >\n\t\t\t\tEl Museo Nacional de Antropolog\u00eda de M\u00e9xico\t\t\t<\/a>\n\t\t<\/h3>\n\t\t\t\t<\/div>\n\t\t\t\t<\/article>\n\t\t\t\t<article class=\"elementor-post elementor-grid-item post-3772 post type-post status-publish format-standard has-post-thumbnail hentry category-ideas-viajes-de-novios category-ideas-viajes-verano category-mexico category-riviera-maya category-rutas-por-sudamerica\" role=\"listitem\">\n\t\t\t\t<a class=\"elementor-post__thumbnail__link\" href=\"https:\/\/www.centraldevacaciones.com\/blog\/los-mejores-sitios-turisticos-en-mexico\/\" tabindex=\"-1\" >\n\t\t\t<div class=\"elementor-post__thumbnail\"><img loading=\"lazy\" decoding=\"async\" width=\"300\" height=\"153\" src=\"https:\/\/www.centraldevacaciones.com\/blog\/wp-content\/uploads\/2013\/10\/tulum-300x153.jpg\" class=\"attachment-medium size-medium wp-image-190\" alt=\"\" srcset=\"https:\/\/www.centraldevacaciones.com\/blog\/wp-content\/uploads\/2013\/10\/tulum-300x153.jpg 300w, https:\/\/www.centraldevacaciones.com\/blog\/wp-content\/uploads\/2013\/10\/tulum.jpg 314w\" sizes=\"(max-width: 300px) 100vw, 300px\" \/><\/div>\n\t\t<\/a>\n\t\t\t\t<div class=\"elementor-post__text\">\n\t\t\t\t<h3 class=\"elementor-post__title\">\n\t\t\t<a href=\"https:\/\/www.centraldevacaciones.com\/blog\/los-mejores-sitios-turisticos-en-mexico\/\" >\n\t\t\t\tLos mejores sitios tur\u00edsticos en M\u00e9xico\t\t\t<\/a>\n\t\t<\/h3>\n\t\t\t\t<\/div>\n\t\t\t\t<\/article>\n\t\t\t\t<article class=\"elementor-post elementor-grid-item post-3767 post type-post status-publish format-standard has-post-thumbnail hentry category-ideas-viajes-de-novios category-ideas-viajes-verano category-mexico category-rutas-por-sudamerica\" role=\"listitem\">\n\t\t\t\t<a class=\"elementor-post__thumbnail__link\" href=\"https:\/\/www.centraldevacaciones.com\/blog\/el-centro-historico-de-la-ciudad-de-mexico\/\" tabindex=\"-1\" >\n\t\t\t<div class=\"elementor-post__thumbnail\"><img loading=\"lazy\" decoding=\"async\" width=\"300\" height=\"225\" src=\"https:\/\/www.centraldevacaciones.com\/blog\/wp-content\/uploads\/2015\/12\/catedral-metropolitana-de-mexico-altar-del-perdon-01-300x225.jpg\" class=\"attachment-medium size-medium wp-image-2570\" alt=\"catedral mexico\" srcset=\"https:\/\/www.centraldevacaciones.com\/blog\/wp-content\/uploads\/2015\/12\/catedral-metropolitana-de-mexico-altar-del-perdon-01-300x225.jpg 300w, https:\/\/www.centraldevacaciones.com\/blog\/wp-content\/uploads\/2015\/12\/catedral-metropolitana-de-mexico-altar-del-perdon-01-768x576.jpg 768w, https:\/\/www.centraldevacaciones.com\/blog\/wp-content\/uploads\/2015\/12\/catedral-metropolitana-de-mexico-altar-del-perdon-01.jpg 1024w\" sizes=\"(max-width: 300px) 100vw, 300px\" \/><\/div>\n\t\t<\/a>\n\t\t\t\t<div class=\"elementor-post__text\">\n\t\t\t\t<h3 class=\"elementor-post__title\">\n\t\t\t<a href=\"https:\/\/www.centraldevacaciones.com\/blog\/el-centro-historico-de-la-ciudad-de-mexico\/\" >\n\t\t\t\tEl Centro Hist\u00f3rico de la Ciudad de M\u00e9xico\t\t\t<\/a>\n\t\t<\/h3>\n\t\t\t\t<\/div>\n\t\t\t\t<\/article>\n\t\t\t\t<article class=\"elementor-post elementor-grid-item post-2492 post type-post status-publish format-standard has-post-thumbnail hentry category-caribe category-ideas-viajes-lujo category-ideas-viajes-de-novios category-ideas-viajes-verano category-mexico category-riviera-maya tag-tulum\" role=\"listitem\">\n\t\t\t\t<a class=\"elementor-post__thumbnail__link\" href=\"https:\/\/www.centraldevacaciones.com\/blog\/ruinas-tulum\/\" tabindex=\"-1\" >\n\t\t\t<div class=\"elementor-post__thumbnail\"><img loading=\"lazy\" decoding=\"async\" width=\"300\" height=\"200\" src=\"https:\/\/www.centraldevacaciones.com\/blog\/wp-content\/uploads\/2015\/12\/tulum-ruinas-300x200.jpg\" class=\"attachment-medium size-medium wp-image-2493\" alt=\"tulum ruinas\" srcset=\"https:\/\/www.centraldevacaciones.com\/blog\/wp-content\/uploads\/2015\/12\/tulum-ruinas-300x200.jpg 300w, https:\/\/www.centraldevacaciones.com\/blog\/wp-content\/uploads\/2015\/12\/tulum-ruinas-768x512.jpg 768w, https:\/\/www.centraldevacaciones.com\/blog\/wp-content\/uploads\/2015\/12\/tulum-ruinas-1024x682.jpg 1024w, https:\/\/www.centraldevacaciones.com\/blog\/wp-content\/uploads\/2015\/12\/tulum-ruinas.jpg 1280w\" sizes=\"(max-width: 300px) 100vw, 300px\" \/><\/div>\n\t\t<\/a>\n\t\t\t\t<div class=\"elementor-post__text\">\n\t\t\t\t<h3 class=\"elementor-post__title\">\n\t\t\t<a href=\"https:\/\/www.centraldevacaciones.com\/blog\/ruinas-tulum\/\" >\n\t\t\t\tVisitar las ruinas de Tulum\t\t\t<\/a>\n\t\t<\/h3>\n\t\t\t\t<\/div>\n\t\t\t\t<\/article>\n\t\t\t\t<article class=\"elementor-post elementor-grid-item post-3285 post type-post status-publish format-standard has-post-thumbnail hentry category-ideas-viajes-verano category-caribe category-mexico category-rutas-por-sudamerica tag-parques-tematicos\" role=\"listitem\">\n\t\t\t\t<a class=\"elementor-post__thumbnail__link\" href=\"https:\/\/www.centraldevacaciones.com\/blog\/mejores-parques-tematicos-de-mexico\/\" tabindex=\"-1\" >\n\t\t\t<div class=\"elementor-post__thumbnail\"><img loading=\"lazy\" decoding=\"async\" width=\"300\" height=\"146\" src=\"https:\/\/www.centraldevacaciones.com\/blog\/wp-content\/uploads\/2016\/10\/xcaret-300x146.png\" class=\"attachment-medium size-medium wp-image-3756\" alt=\"xcaret mexico\" srcset=\"https:\/\/www.centraldevacaciones.com\/blog\/wp-content\/uploads\/2016\/10\/xcaret-300x146.png 300w, https:\/\/www.centraldevacaciones.com\/blog\/wp-content\/uploads\/2016\/10\/xcaret-768x374.png 768w, https:\/\/www.centraldevacaciones.com\/blog\/wp-content\/uploads\/2016\/10\/xcaret-1024x498.png 1024w, https:\/\/www.centraldevacaciones.com\/blog\/wp-content\/uploads\/2016\/10\/xcaret.png 1761w\" sizes=\"(max-width: 300px) 100vw, 300px\" \/><\/div>\n\t\t<\/a>\n\t\t\t\t<div class=\"elementor-post__text\">\n\t\t\t\t<h3 class=\"elementor-post__title\">\n\t\t\t<a href=\"https:\/\/www.centraldevacaciones.com\/blog\/mejores-parques-tematicos-de-mexico\/\" >\n\t\t\t\tMejores parques tem\u00e1ticos de M\u00e9xico\t\t\t<\/a>\n\t\t<\/h3>\n\t\t\t\t<\/div>\n\t\t\t\t<\/article>\n\t\t\t\t<article class=\"elementor-post elementor-grid-item post-3763 post type-post status-publish format-standard has-post-thumbnail hentry category-ideas-viajes-verano category-ideas-viajes-de-novios category-mexico tag-museos\" role=\"listitem\">\n\t\t\t\t<a class=\"elementor-post__thumbnail__link\" href=\"https:\/\/www.centraldevacaciones.com\/blog\/el-museo-frida-kahlo\/\" tabindex=\"-1\" >\n\t\t\t<div class=\"elementor-post__thumbnail\"><img loading=\"lazy\" decoding=\"async\" width=\"210\" height=\"300\" src=\"https:\/\/www.centraldevacaciones.com\/blog\/wp-content\/uploads\/2017\/07\/Cuadro-Kalo-210x300.jpg\" class=\"attachment-medium size-medium wp-image-3764\" alt=\"Cuadro Kalo\" srcset=\"https:\/\/www.centraldevacaciones.com\/blog\/wp-content\/uploads\/2017\/07\/Cuadro-Kalo-210x300.jpg 210w, https:\/\/www.centraldevacaciones.com\/blog\/wp-content\/uploads\/2017\/07\/Cuadro-Kalo.jpg 620w\" sizes=\"(max-width: 210px) 100vw, 210px\" \/><\/div>\n\t\t<\/a>\n\t\t\t\t<div class=\"elementor-post__text\">\n\t\t\t\t<h3 class=\"elementor-post__title\">\n\t\t\t<a href=\"https:\/\/www.centraldevacaciones.com\/blog\/el-museo-frida-kahlo\/\" >\n\t\t\t\tEl Museo Frida Kahlo\t\t\t<\/a>\n\t\t<\/h3>\n\t\t\t\t<\/div>\n\t\t\t\t<\/article>\n\t\t\t\t<article class=\"elementor-post elementor-grid-item post-3747 post type-post status-publish format-standard has-post-thumbnail hentry category-enlaces-utiles-viajes-turismo category-vacaciones\" role=\"listitem\">\n\t\t\t\t<a class=\"elementor-post__thumbnail__link\" href=\"https:\/\/www.centraldevacaciones.com\/blog\/las-mejores-meriendas-o-snacks-que-puedes-llevar-contigo-en-un-viaje-por-avion\/\" tabindex=\"-1\" >\n\t\t\t<div class=\"elementor-post__thumbnail\"><img loading=\"lazy\" decoding=\"async\" width=\"300\" height=\"225\" src=\"https:\/\/www.centraldevacaciones.com\/blog\/wp-content\/uploads\/2017\/07\/StockSnap_SM6YDMJ40A-300x225.jpg\" class=\"attachment-medium size-medium wp-image-3748\" alt=\"pi\u00f1as en la playa\" srcset=\"https:\/\/www.centraldevacaciones.com\/blog\/wp-content\/uploads\/2017\/07\/StockSnap_SM6YDMJ40A-300x225.jpg 300w, https:\/\/www.centraldevacaciones.com\/blog\/wp-content\/uploads\/2017\/07\/StockSnap_SM6YDMJ40A-768x576.jpg 768w, https:\/\/www.centraldevacaciones.com\/blog\/wp-content\/uploads\/2017\/07\/StockSnap_SM6YDMJ40A-1024x767.jpg 1024w\" sizes=\"(max-width: 300px) 100vw, 300px\" \/><\/div>\n\t\t<\/a>\n\t\t\t\t<div class=\"elementor-post__text\">\n\t\t\t\t<h3 class=\"elementor-post__title\">\n\t\t\t<a href=\"https:\/\/www.centraldevacaciones.com\/blog\/las-mejores-meriendas-o-snacks-que-puedes-llevar-contigo-en-un-viaje-por-avion\/\" >\n\t\t\t\tLas mejores meriendas o snacks que puedes llevar contigo en un viaje por avi\u00f3n\t\t\t<\/a>\n\t\t<\/h3>\n\t\t\t\t<\/div>\n\t\t\t\t<\/article>\n\t\t\t\t<article class=\"elementor-post elementor-grid-item post-2571 post type-post status-publish format-standard has-post-thumbnail hentry category-ideas-viajes-verano category-caribe category-ideas-viajes-de-novios category-mexico tag-volcanes\" role=\"listitem\">\n\t\t\t\t<a class=\"elementor-post__thumbnail__link\" href=\"https:\/\/www.centraldevacaciones.com\/blog\/la-belleza-natural-mexicana\/\" tabindex=\"-1\" >\n\t\t\t<div class=\"elementor-post__thumbnail\"><img loading=\"lazy\" decoding=\"async\" width=\"300\" height=\"84\" src=\"https:\/\/www.centraldevacaciones.com\/blog\/wp-content\/uploads\/2015\/12\/Nevado_de_Toluca_Peak_December_2005-300x84.jpg\" class=\"attachment-medium size-medium wp-image-3761\" alt=\"\" srcset=\"https:\/\/www.centraldevacaciones.com\/blog\/wp-content\/uploads\/2015\/12\/Nevado_de_Toluca_Peak_December_2005-300x84.jpg 300w, https:\/\/www.centraldevacaciones.com\/blog\/wp-content\/uploads\/2015\/12\/Nevado_de_Toluca_Peak_December_2005-768x215.jpg 768w, https:\/\/www.centraldevacaciones.com\/blog\/wp-content\/uploads\/2015\/12\/Nevado_de_Toluca_Peak_December_2005-1024x286.jpg 1024w, https:\/\/www.centraldevacaciones.com\/blog\/wp-content\/uploads\/2015\/12\/Nevado_de_Toluca_Peak_December_2005.jpg 1920w\" sizes=\"(max-width: 300px) 100vw, 300px\" \/><\/div>\n\t\t<\/a>\n\t\t\t\t<div class=\"elementor-post__text\">\n\t\t\t\t<h3 class=\"elementor-post__title\">\n\t\t\t<a href=\"https:\/\/www.centraldevacaciones.com\/blog\/la-belleza-natural-mexicana\/\" >\n\t\t\t\tLa belleza natural mexicana\t\t\t<\/a>\n\t\t<\/h3>\n\t\t\t\t<\/div>\n\t\t\t\t<\/article>\n\t\t\t\t<article class=\"elementor-post elementor-grid-item post-3151 post type-post status-publish format-standard has-post-thumbnail hentry category-europa category-ideas-escapadas category-ideas-viajes-invierno category-ideas-viajes-verano category-rutas-por-europa category-viajes-por-europa tag-praga tag-republica-checa\" role=\"listitem\">\n\t\t\t\t<a class=\"elementor-post__thumbnail__link\" href=\"https:\/\/www.centraldevacaciones.com\/blog\/conoce-los-lugares-mas-interesantes-para-visitar-en-republica-checa-y-praga\/\" tabindex=\"-1\" >\n\t\t\t<div class=\"elementor-post__thumbnail\"><img loading=\"lazy\" decoding=\"async\" width=\"300\" height=\"169\" src=\"https:\/\/www.centraldevacaciones.com\/blog\/wp-content\/uploads\/2016\/08\/prague-1168302_640-300x169.jpg\" class=\"attachment-medium size-medium wp-image-3751\" alt=\"praga\" srcset=\"https:\/\/www.centraldevacaciones.com\/blog\/wp-content\/uploads\/2016\/08\/prague-1168302_640-300x169.jpg 300w, https:\/\/www.centraldevacaciones.com\/blog\/wp-content\/uploads\/2016\/08\/prague-1168302_640.jpg 640w\" sizes=\"(max-width: 300px) 100vw, 300px\" \/><\/div>\n\t\t<\/a>\n\t\t\t\t<div class=\"elementor-post__text\">\n\t\t\t\t<h3 class=\"elementor-post__title\">\n\t\t\t<a href=\"https:\/\/www.centraldevacaciones.com\/blog\/conoce-los-lugares-mas-interesantes-para-visitar-en-republica-checa-y-praga\/\" >\n\t\t\t\tConoce los lugares m\u00e1s interesantes para visitar en Rep\u00fablica Checa y Praga\t\t\t<\/a>\n\t\t<\/h3>\n\t\t\t\t<\/div>\n\t\t\t\t<\/article>\n\t\t\t\t<article class=\"elementor-post elementor-grid-item post-3420 post type-post status-publish format-standard has-post-thumbnail hentry category-europa category-ideas-escapadas category-ideas-viajes-invierno category-ideas-viajes-verano category-rutas-por-europa category-viajes-por-europa tag-belgica tag-bruselas\" role=\"listitem\">\n\t\t\t\t<a class=\"elementor-post__thumbnail__link\" href=\"https:\/\/www.centraldevacaciones.com\/blog\/viajes-a-belgica\/\" tabindex=\"-1\" >\n\t\t\t<div class=\"elementor-post__thumbnail\"><img loading=\"lazy\" decoding=\"async\" width=\"300\" height=\"223\" src=\"https:\/\/www.centraldevacaciones.com\/blog\/wp-content\/uploads\/2017\/01\/bruselas-1-300x223.jpg\" class=\"attachment-medium size-medium wp-image-3421\" alt=\"Bruselas\" srcset=\"https:\/\/www.centraldevacaciones.com\/blog\/wp-content\/uploads\/2017\/01\/bruselas-1-300x223.jpg 300w, https:\/\/www.centraldevacaciones.com\/blog\/wp-content\/uploads\/2017\/01\/bruselas-1-768x571.jpg 768w, https:\/\/www.centraldevacaciones.com\/blog\/wp-content\/uploads\/2017\/01\/bruselas-1-1024x762.jpg 1024w, https:\/\/www.centraldevacaciones.com\/blog\/wp-content\/uploads\/2017\/01\/bruselas-1.jpg 1280w\" sizes=\"(max-width: 300px) 100vw, 300px\" \/><\/div>\n\t\t<\/a>\n\t\t\t\t<div class=\"elementor-post__text\">\n\t\t\t\t<h3 class=\"elementor-post__title\">\n\t\t\t<a href=\"https:\/\/www.centraldevacaciones.com\/blog\/viajes-a-belgica\/\" >\n\t\t\t\tViajes a B\u00e9lgica\t\t\t<\/a>\n\t\t<\/h3>\n\t\t\t\t<\/div>\n\t\t\t\t<\/article>\n\t\t\t\t<article class=\"elementor-post elementor-grid-item post-3724 post type-post status-publish format-standard hentry category-ideas-viajes-verano category-rutas-por-sudamerica category-viajes-por-sudamerica tag-ecuador tag-quito\" role=\"listitem\">\n\t\t\t\t<div class=\"elementor-post__text\">\n\t\t\t\t<h3 class=\"elementor-post__title\">\n\t\t\t<a href=\"https:\/\/www.centraldevacaciones.com\/blog\/quito-una-ciudad-con-aires-coloniales\/\" >\n\t\t\t\tQuito, una ciudad con Aires Coloniales\t\t\t<\/a>\n\t\t<\/h3>\n\t\t\t\t<\/div>\n\t\t\t\t<\/article>\n\t\t\t\t<article class=\"elementor-post elementor-grid-item post-3731 post type-post status-publish format-standard hentry category-europa category-ideas-escapadas category-rutas-por-europa category-viajes-por-europa tag-austria\" role=\"listitem\">\n\t\t\t\t<div class=\"elementor-post__text\">\n\t\t\t\t<h3 class=\"elementor-post__title\">\n\t\t\t<a href=\"https:\/\/www.centraldevacaciones.com\/blog\/hallstatt-un-lugar-de-fantasia\/\" >\n\t\t\t\tHALLSTATT: UN LUGAR DE FANTASIA\t\t\t<\/a>\n\t\t<\/h3>\n\t\t\t\t<\/div>\n\t\t\t\t<\/article>\n\t\t\t\t<article class=\"elementor-post elementor-grid-item post-3717 post type-post status-publish format-standard hentry category-ideas-viajes-invierno category-ideas-viajes-de-novios category-ideas-viajes-verano category-rutas-por-sudamerica category-viajes-por-sudamerica tag-argentina\" role=\"listitem\">\n\t\t\t\t<div class=\"elementor-post__text\">\n\t\t\t\t<h3 class=\"elementor-post__title\">\n\t\t\t<a href=\"https:\/\/www.centraldevacaciones.com\/blog\/un-paseo-ecologico-por-las-cataratas-del-iguazu\/\" >\n\t\t\t\tUn paseo ecol\u00f3gico por las Cataratas del Iguaz\u00fa\t\t\t<\/a>\n\t\t<\/h3>\n\t\t\t\t<\/div>\n\t\t\t\t<\/article>\n\t\t\t\t<article class=\"elementor-post elementor-grid-item post-2210 post type-post status-publish format-standard has-post-thumbnail hentry category-ideas-viajes-de-novios category-estados-unidos category-ideas-viajes-lujo category-rutas-por-america category-rutas-por-estados-unidos category-rutas-por-sudamerica\" role=\"listitem\">\n\t\t\t\t<a class=\"elementor-post__thumbnail__link\" href=\"https:\/\/www.centraldevacaciones.com\/blog\/viajando-a-traves-de-america\/\" tabindex=\"-1\" >\n\t\t\t<div class=\"elementor-post__thumbnail\"><img loading=\"lazy\" decoding=\"async\" width=\"228\" height=\"300\" src=\"https:\/\/www.centraldevacaciones.com\/blog\/wp-content\/uploads\/2015\/12\/new-york-228x300.jpg\" class=\"attachment-medium size-medium wp-image-2541\" alt=\"new york\" srcset=\"https:\/\/www.centraldevacaciones.com\/blog\/wp-content\/uploads\/2015\/12\/new-york-228x300.jpg 228w, https:\/\/www.centraldevacaciones.com\/blog\/wp-content\/uploads\/2015\/12\/new-york-768x1010.jpg 768w, https:\/\/www.centraldevacaciones.com\/blog\/wp-content\/uploads\/2015\/12\/new-york-778x1024.jpg 778w, https:\/\/www.centraldevacaciones.com\/blog\/wp-content\/uploads\/2015\/12\/new-york.jpg 1398w\" sizes=\"(max-width: 228px) 100vw, 228px\" \/><\/div>\n\t\t<\/a>\n\t\t\t\t<div class=\"elementor-post__text\">\n\t\t\t\t<h3 class=\"elementor-post__title\">\n\t\t\t<a href=\"https:\/\/www.centraldevacaciones.com\/blog\/viajando-a-traves-de-america\/\" >\n\t\t\t\tViajando a trav\u00e9s de Am\u00e9rica\t\t\t<\/a>\n\t\t<\/h3>\n\t\t\t\t<\/div>\n\t\t\t\t<\/article>\n\t\t\t\t<article class=\"elementor-post elementor-grid-item post-3721 post type-post status-publish format-standard has-post-thumbnail hentry category-ideas-viajes-verano category-rutas-por-sudamerica category-viajes-por-sudamerica tag-venezuela\" role=\"listitem\">\n\t\t\t\t<a class=\"elementor-post__thumbnail__link\" href=\"https:\/\/www.centraldevacaciones.com\/blog\/medanos-de-coro-hermoso-desierto-para-admirar-y-disfrutar\/\" tabindex=\"-1\" >\n\t\t\t<div class=\"elementor-post__thumbnail\"><img loading=\"lazy\" decoding=\"async\" width=\"300\" height=\"283\" src=\"https:\/\/www.centraldevacaciones.com\/blog\/wp-content\/uploads\/2017\/06\/Falcon_medanos-300x283.jpg\" class=\"attachment-medium size-medium wp-image-3722\" alt=\"Falcon medanos\" srcset=\"https:\/\/www.centraldevacaciones.com\/blog\/wp-content\/uploads\/2017\/06\/Falcon_medanos-300x283.jpg 300w, https:\/\/www.centraldevacaciones.com\/blog\/wp-content\/uploads\/2017\/06\/Falcon_medanos.jpg 765w\" sizes=\"(max-width: 300px) 100vw, 300px\" \/><\/div>\n\t\t<\/a>\n\t\t\t\t<div class=\"elementor-post__text\">\n\t\t\t\t<h3 class=\"elementor-post__title\">\n\t\t\t<a href=\"https:\/\/www.centraldevacaciones.com\/blog\/medanos-de-coro-hermoso-desierto-para-admirar-y-disfrutar\/\" >\n\t\t\t\tM\u00e9danos de Coro, hermoso desierto para admirar y disfrutar\t\t\t<\/a>\n\t\t<\/h3>\n\t\t\t\t<\/div>\n\t\t\t\t<\/article>\n\t\t\t\t<article class=\"elementor-post elementor-grid-item post-3709 post type-post status-publish format-standard has-post-thumbnail hentry category-ideas-escapadas category-europa category-hoteles-2 category-ideas-viajes-invierno category-ideas-viajes-lujo category-rutas-por-europa category-viajes-por-europa tag-estocolmo tag-suecia\" role=\"listitem\">\n\t\t\t\t<a class=\"elementor-post__thumbnail__link\" href=\"https:\/\/www.centraldevacaciones.com\/blog\/hoteles-en-estocolmo\/\" tabindex=\"-1\" >\n\t\t\t<div class=\"elementor-post__thumbnail\"><img loading=\"lazy\" decoding=\"async\" width=\"205\" height=\"300\" src=\"https:\/\/www.centraldevacaciones.com\/blog\/wp-content\/uploads\/2017\/06\/Stockholm-205x300.jpg\" class=\"attachment-medium size-medium wp-image-3710\" alt=\"Stockholm\" srcset=\"https:\/\/www.centraldevacaciones.com\/blog\/wp-content\/uploads\/2017\/06\/Stockholm-205x300.jpg 205w, https:\/\/www.centraldevacaciones.com\/blog\/wp-content\/uploads\/2017\/06\/Stockholm-768x1122.jpg 768w, https:\/\/www.centraldevacaciones.com\/blog\/wp-content\/uploads\/2017\/06\/Stockholm-701x1024.jpg 701w, https:\/\/www.centraldevacaciones.com\/blog\/wp-content\/uploads\/2017\/06\/Stockholm.jpg 800w\" sizes=\"(max-width: 205px) 100vw, 205px\" \/><\/div>\n\t\t<\/a>\n\t\t\t\t<div class=\"elementor-post__text\">\n\t\t\t\t<h3 class=\"elementor-post__title\">\n\t\t\t<a href=\"https:\/\/www.centraldevacaciones.com\/blog\/hoteles-en-estocolmo\/\" >\n\t\t\t\tHoteles en Estocolmo\t\t\t<\/a>\n\t\t<\/h3>\n\t\t\t\t<\/div>\n\t\t\t\t<\/article>\n\t\t\t\t<article class=\"elementor-post elementor-grid-item post-3585 post type-post status-publish format-standard has-post-thumbnail hentry category-europa category-ideas-escapadas category-ideas-viajes-invierno category-ideas-viajes-verano category-ideas-viajes-low-cost category-rutas-por-europa category-viajes-por-europa tag-londres tag-reino-unido\" role=\"listitem\">\n\t\t\t\t<a class=\"elementor-post__thumbnail__link\" href=\"https:\/\/www.centraldevacaciones.com\/blog\/turismo-en-londres\/\" tabindex=\"-1\" >\n\t\t\t<div class=\"elementor-post__thumbnail\"><img loading=\"lazy\" decoding=\"async\" width=\"300\" height=\"200\" src=\"https:\/\/www.centraldevacaciones.com\/blog\/wp-content\/uploads\/2014\/11\/lond7b-300x200.jpg\" class=\"attachment-medium size-medium wp-image-1365\" alt=\"\" srcset=\"https:\/\/www.centraldevacaciones.com\/blog\/wp-content\/uploads\/2014\/11\/lond7b-300x200.jpg 300w, https:\/\/www.centraldevacaciones.com\/blog\/wp-content\/uploads\/2014\/11\/lond7b.jpg 500w\" sizes=\"(max-width: 300px) 100vw, 300px\" \/><\/div>\n\t\t<\/a>\n\t\t\t\t<div class=\"elementor-post__text\">\n\t\t\t\t<h3 class=\"elementor-post__title\">\n\t\t\t<a href=\"https:\/\/www.centraldevacaciones.com\/blog\/turismo-en-londres\/\" >\n\t\t\t\tTurismo en Londres\t\t\t<\/a>\n\t\t<\/h3>\n\t\t\t\t<\/div>\n\t\t\t\t<\/article>\n\t\t\t\t<article class=\"elementor-post elementor-grid-item post-232 post type-post status-publish format-standard has-post-thumbnail hentry category-enlaces-utiles-viajes-turismo category-europa category-ideas-escapadas category-viajes-por-europa tag-disneyland tag-paris\" role=\"listitem\">\n\t\t\t\t<a class=\"elementor-post__thumbnail__link\" href=\"https:\/\/www.centraldevacaciones.com\/blog\/viajar-con-ninos\/\" tabindex=\"-1\" >\n\t\t\t<div class=\"elementor-post__thumbnail\"><img loading=\"lazy\" decoding=\"async\" width=\"300\" height=\"225\" src=\"https:\/\/www.centraldevacaciones.com\/blog\/wp-content\/uploads\/2015\/01\/DisneyFB-e1421087429888-300x225.jpg\" class=\"attachment-medium size-medium wp-image-1813\" alt=\"Eurodisney\" srcset=\"https:\/\/www.centraldevacaciones.com\/blog\/wp-content\/uploads\/2015\/01\/DisneyFB-e1421087429888-300x225.jpg 300w, https:\/\/www.centraldevacaciones.com\/blog\/wp-content\/uploads\/2015\/01\/DisneyFB-e1421087429888.jpg 367w\" sizes=\"(max-width: 300px) 100vw, 300px\" \/><\/div>\n\t\t<\/a>\n\t\t\t\t<div class=\"elementor-post__text\">\n\t\t\t\t<h3 class=\"elementor-post__title\">\n\t\t\t<a href=\"https:\/\/www.centraldevacaciones.com\/blog\/viajar-con-ninos\/\" >\n\t\t\t\tViajar con Ni\u00f1os. Vacaciones con ni\u00f1os peque\u00f1os\t\t\t<\/a>\n\t\t<\/h3>\n\t\t\t\t<\/div>\n\t\t\t\t<\/article>\n\t\t\t\t<article class=\"elementor-post elementor-grid-item post-1921 post type-post status-publish format-standard has-post-thumbnail hentry category-caribe category-ideas-viajes-de-novios category-ideas-viajes-verano category-rutas-por-sudamerica category-viajes-por-sudamerica tag-puerto-rico\" role=\"listitem\">\n\t\t\t\t<a class=\"elementor-post__thumbnail__link\" href=\"https:\/\/www.centraldevacaciones.com\/blog\/un-destino-sin-igual-san-juan-de-puerto-rico\/\" tabindex=\"-1\" >\n\t\t\t<div class=\"elementor-post__thumbnail\"><img loading=\"lazy\" decoding=\"async\" width=\"300\" height=\"192\" src=\"https:\/\/www.centraldevacaciones.com\/blog\/wp-content\/uploads\/2017\/02\/Puerto_Rico_01-300x192.jpg\" class=\"attachment-medium size-medium wp-image-3715\" alt=\"Puerto Rico\" srcset=\"https:\/\/www.centraldevacaciones.com\/blog\/wp-content\/uploads\/2017\/02\/Puerto_Rico_01-300x192.jpg 300w, https:\/\/www.centraldevacaciones.com\/blog\/wp-content\/uploads\/2017\/02\/Puerto_Rico_01-768x491.jpg 768w, https:\/\/www.centraldevacaciones.com\/blog\/wp-content\/uploads\/2017\/02\/Puerto_Rico_01-1024x654.jpg 1024w, https:\/\/www.centraldevacaciones.com\/blog\/wp-content\/uploads\/2017\/02\/Puerto_Rico_01.jpg 1920w\" sizes=\"(max-width: 300px) 100vw, 300px\" \/><\/div>\n\t\t<\/a>\n\t\t\t\t<div class=\"elementor-post__text\">\n\t\t\t\t<h3 class=\"elementor-post__title\">\n\t\t\t<a href=\"https:\/\/www.centraldevacaciones.com\/blog\/un-destino-sin-igual-san-juan-de-puerto-rico\/\" >\n\t\t\t\tUN DESTINO SIN IGUAL, SAN JUAN DE PUERTO RICO\t\t\t<\/a>\n\t\t<\/h3>\n\t\t\t\t<\/div>\n\t\t\t\t<\/article>\n\t\t\t\t<article class=\"elementor-post elementor-grid-item post-3698 post type-post status-publish format-standard has-post-thumbnail hentry category-estados-unidos category-ideas-viajes-verano category-rutas-por-estados-unidos tag-new-york tag-nueva-york\" role=\"listitem\">\n\t\t\t\t<a class=\"elementor-post__thumbnail__link\" href=\"https:\/\/www.centraldevacaciones.com\/blog\/viajar-a-nueva-york-en-verano\/\" tabindex=\"-1\" >\n\t\t\t<div class=\"elementor-post__thumbnail\"><img loading=\"lazy\" decoding=\"async\" width=\"228\" height=\"300\" src=\"https:\/\/www.centraldevacaciones.com\/blog\/wp-content\/uploads\/2015\/12\/new-york-228x300.jpg\" class=\"attachment-medium size-medium wp-image-2541\" alt=\"new york\" srcset=\"https:\/\/www.centraldevacaciones.com\/blog\/wp-content\/uploads\/2015\/12\/new-york-228x300.jpg 228w, https:\/\/www.centraldevacaciones.com\/blog\/wp-content\/uploads\/2015\/12\/new-york-768x1010.jpg 768w, https:\/\/www.centraldevacaciones.com\/blog\/wp-content\/uploads\/2015\/12\/new-york-778x1024.jpg 778w, https:\/\/www.centraldevacaciones.com\/blog\/wp-content\/uploads\/2015\/12\/new-york.jpg 1398w\" sizes=\"(max-width: 228px) 100vw, 228px\" \/><\/div>\n\t\t<\/a>\n\t\t\t\t<div class=\"elementor-post__text\">\n\t\t\t\t<h3 class=\"elementor-post__title\">\n\t\t\t<a href=\"https:\/\/www.centraldevacaciones.com\/blog\/viajar-a-nueva-york-en-verano\/\" >\n\t\t\t\tViajar a Nueva York en Verano\t\t\t<\/a>\n\t\t<\/h3>\n\t\t\t\t<\/div>\n\t\t\t\t<\/article>\n\t\t\t\t<article class=\"elementor-post elementor-grid-item post-2736 post type-post status-publish format-standard has-post-thumbnail hentry category-ideas-escapadas category-europa category-ideas-viajes-de-novios category-rutas-por-europa category-viajes-por-europa tag-paris\" role=\"listitem\">\n\t\t\t\t<a class=\"elementor-post__thumbnail__link\" href=\"https:\/\/www.centraldevacaciones.com\/blog\/paris-y-sus-encantos-para-los-enamorados\/\" tabindex=\"-1\" >\n\t\t\t<div class=\"elementor-post__thumbnail\"><img loading=\"lazy\" decoding=\"async\" width=\"300\" height=\"200\" src=\"https:\/\/www.centraldevacaciones.com\/blog\/wp-content\/uploads\/2016\/02\/paris-843229_960_720-300x200.jpg\" class=\"attachment-medium size-medium wp-image-2738\" alt=\"Paris al aterdecer\" srcset=\"https:\/\/www.centraldevacaciones.com\/blog\/wp-content\/uploads\/2016\/02\/paris-843229_960_720-300x200.jpg 300w, https:\/\/www.centraldevacaciones.com\/blog\/wp-content\/uploads\/2016\/02\/paris-843229_960_720-768x512.jpg 768w, https:\/\/www.centraldevacaciones.com\/blog\/wp-content\/uploads\/2016\/02\/paris-843229_960_720.jpg 960w\" sizes=\"(max-width: 300px) 100vw, 300px\" \/><\/div>\n\t\t<\/a>\n\t\t\t\t<div class=\"elementor-post__text\">\n\t\t\t\t<h3 class=\"elementor-post__title\">\n\t\t\t<a href=\"https:\/\/www.centraldevacaciones.com\/blog\/paris-y-sus-encantos-para-los-enamorados\/\" >\n\t\t\t\tParis y sus encantos para los enamorados.\t\t\t<\/a>\n\t\t<\/h3>\n\t\t\t\t<\/div>\n\t\t\t\t<\/article>\n\t\t\t\t<article class=\"elementor-post elementor-grid-item post-2326 post type-post status-publish format-standard has-post-thumbnail hentry category-europa category-ideas-escapadas category-ideas-viajes-verano category-rutas-por-europa category-viajes-por-europa tag-croacia\" role=\"listitem\">\n\t\t\t\t<a class=\"elementor-post__thumbnail__link\" href=\"https:\/\/www.centraldevacaciones.com\/blog\/turismo-en-croacia\/\" tabindex=\"-1\" >\n\t\t\t<div class=\"elementor-post__thumbnail\"><img loading=\"lazy\" decoding=\"async\" width=\"300\" height=\"120\" src=\"https:\/\/www.centraldevacaciones.com\/blog\/wp-content\/uploads\/2017\/05\/1_dubrovnik_pano-300x120.jpg\" class=\"attachment-medium size-medium wp-image-3694\" alt=\"dubrovnik\" srcset=\"https:\/\/www.centraldevacaciones.com\/blog\/wp-content\/uploads\/2017\/05\/1_dubrovnik_pano-300x120.jpg 300w, https:\/\/www.centraldevacaciones.com\/blog\/wp-content\/uploads\/2017\/05\/1_dubrovnik_pano-768x307.jpg 768w, https:\/\/www.centraldevacaciones.com\/blog\/wp-content\/uploads\/2017\/05\/1_dubrovnik_pano.jpg 1000w\" sizes=\"(max-width: 300px) 100vw, 300px\" \/><\/div>\n\t\t<\/a>\n\t\t\t\t<div class=\"elementor-post__text\">\n\t\t\t\t<h3 class=\"elementor-post__title\">\n\t\t\t<a href=\"https:\/\/www.centraldevacaciones.com\/blog\/turismo-en-croacia\/\" >\n\t\t\t\tTurismo en Croacia\t\t\t<\/a>\n\t\t<\/h3>\n\t\t\t\t<\/div>\n\t\t\t\t<\/article>\n\t\t\t\t<article class=\"elementor-post elementor-grid-item post-3668 post type-post status-publish format-standard has-post-thumbnail hentry category-ideas-escapadas category-europa category-ideas-viajes-verano category-islas-paradisiacas category-rutas-por-europa category-viajes-por-europa tag-grecia\" role=\"listitem\">\n\t\t\t\t<a class=\"elementor-post__thumbnail__link\" href=\"https:\/\/www.centraldevacaciones.com\/blog\/islas-griegas-delos\/\" tabindex=\"-1\" >\n\t\t\t<div class=\"elementor-post__thumbnail\"><img loading=\"lazy\" decoding=\"async\" width=\"225\" height=\"300\" src=\"https:\/\/www.centraldevacaciones.com\/blog\/wp-content\/uploads\/2017\/04\/chloe-chavanon-Btm99n1Ll6w-unsplash-1-225x300.jpg\" class=\"attachment-medium size-medium wp-image-158022\" alt=\"\" srcset=\"https:\/\/www.centraldevacaciones.com\/blog\/wp-content\/uploads\/2017\/04\/chloe-chavanon-Btm99n1Ll6w-unsplash-1-225x300.jpg 225w, https:\/\/www.centraldevacaciones.com\/blog\/wp-content\/uploads\/2017\/04\/chloe-chavanon-Btm99n1Ll6w-unsplash-1-768x1024.jpg 768w, https:\/\/www.centraldevacaciones.com\/blog\/wp-content\/uploads\/2017\/04\/chloe-chavanon-Btm99n1Ll6w-unsplash-1-1152x1536.jpg 1152w, https:\/\/www.centraldevacaciones.com\/blog\/wp-content\/uploads\/2017\/04\/chloe-chavanon-Btm99n1Ll6w-unsplash-1-1536x2048.jpg 1536w, https:\/\/www.centraldevacaciones.com\/blog\/wp-content\/uploads\/2017\/04\/chloe-chavanon-Btm99n1Ll6w-unsplash-1-scaled.jpg 1920w\" sizes=\"(max-width: 225px) 100vw, 225px\" \/><\/div>\n\t\t<\/a>\n\t\t\t\t<div class=\"elementor-post__text\">\n\t\t\t\t<h3 class=\"elementor-post__title\">\n\t\t\t<a href=\"https:\/\/www.centraldevacaciones.com\/blog\/islas-griegas-delos\/\" >\n\t\t\t\tIslas Griegas: Delos\t\t\t<\/a>\n\t\t<\/h3>\n\t\t\t\t<\/div>\n\t\t\t\t<\/article>\n\t\t\t\t<article class=\"elementor-post elementor-grid-item post-3666 post type-post status-publish format-standard hentry category-europa category-ideas-escapadas category-ideas-viajes-verano category-islas-paradisiacas category-rutas-por-europa category-viajes-por-europa tag-creta tag-grecia\" role=\"listitem\">\n\t\t\t\t<div class=\"elementor-post__text\">\n\t\t\t\t<h3 class=\"elementor-post__title\">\n\t\t\t<a href=\"https:\/\/www.centraldevacaciones.com\/blog\/isalas-griegas-creta\/\" >\n\t\t\t\tIsalas Griegas: Creta\t\t\t<\/a>\n\t\t<\/h3>\n\t\t\t\t<\/div>\n\t\t\t\t<\/article>\n\t\t\t\t<article class=\"elementor-post elementor-grid-item post-3663 post type-post status-publish format-standard hentry category-europa category-ideas-escapadas category-ideas-viajes-verano category-islas-paradisiacas category-rutas-por-europa category-viajes-por-europa tag-grecia\" role=\"listitem\">\n\t\t\t\t<div class=\"elementor-post__text\">\n\t\t\t\t<h3 class=\"elementor-post__title\">\n\t\t\t<a href=\"https:\/\/www.centraldevacaciones.com\/blog\/islas-griegas-hidra\/\" >\n\t\t\t\tIslas Griegas: Hidra\t\t\t<\/a>\n\t\t<\/h3>\n\t\t\t\t<\/div>\n\t\t\t\t<\/article>\n\t\t\t\t<article class=\"elementor-post elementor-grid-item post-3661 post type-post status-publish format-standard hentry category-europa category-ideas-escapadas category-ideas-viajes-verano category-islas-paradisiacas category-viajes-por-europa tag-grecia\" role=\"listitem\">\n\t\t\t\t<div class=\"elementor-post__text\">\n\t\t\t\t<h3 class=\"elementor-post__title\">\n\t\t\t<a href=\"https:\/\/www.centraldevacaciones.com\/blog\/islas-griegas-tassos\/\" >\n\t\t\t\tIslas Griegas: Tassos\t\t\t<\/a>\n\t\t<\/h3>\n\t\t\t\t<\/div>\n\t\t\t\t<\/article>\n\t\t\t\t<article class=\"elementor-post elementor-grid-item post-3659 post type-post status-publish format-standard hentry category-ideas-viajes-de-novios category-ideas-viajes-verano category-rutas-por-sudamerica category-viajes-por-sudamerica tag-venezuela\" role=\"listitem\">\n\t\t\t\t<div class=\"elementor-post__text\">\n\t\t\t\t<h3 class=\"elementor-post__title\">\n\t\t\t<a href=\"https:\/\/www.centraldevacaciones.com\/blog\/el-salto-angel-la-magia-de-la-caida-de-agua-mas-grande-del-mundo\/\" >\n\t\t\t\tEl Salto \u00c1ngel, la magia de la ca\u00edda de agua m\u00e1s grande del mundo\t\t\t<\/a>\n\t\t<\/h3>\n\t\t\t\t<\/div>\n\t\t\t\t<\/article>\n\t\t\t\t<article class=\"elementor-post elementor-grid-item post-3655 post type-post status-publish format-standard hentry category-ideas-viajes-verano category-rutas-por-sudamerica category-viajes-por-sudamerica tag-bogota tag-colombia\" role=\"listitem\">\n\t\t\t\t<div class=\"elementor-post__text\">\n\t\t\t\t<h3 class=\"elementor-post__title\">\n\t\t\t<a href=\"https:\/\/www.centraldevacaciones.com\/blog\/la-esplendida-ciudad-de-bogota\/\" >\n\t\t\t\tLa espl\u00e9ndida ciudad de Bogot\u00e1\t\t\t<\/a>\n\t\t<\/h3>\n\t\t\t\t<\/div>\n\t\t\t\t<\/article>\n\t\t\t\t<article class=\"elementor-post elementor-grid-item post-3651 post type-post status-publish format-standard hentry category-ideas-viajes-verano category-mexico\" role=\"listitem\">\n\t\t\t\t<div class=\"elementor-post__text\">\n\t\t\t\t<h3 class=\"elementor-post__title\">\n\t\t\t<a href=\"https:\/\/www.centraldevacaciones.com\/blog\/cabo-san-lucas-en-mexico-te-da-la-bienvenida\/\" >\n\t\t\t\tCabo San Lucas en M\u00e9xico te da la bienvenida\t\t\t<\/a>\n\t\t<\/h3>\n\t\t\t\t<\/div>\n\t\t\t\t<\/article>\n\t\t\t\t<article class=\"elementor-post elementor-grid-item post-358 post type-post status-publish format-standard hentry category-caribe category-vacaciones\" role=\"listitem\">\n\t\t\t\t<div class=\"elementor-post__text\">\n\t\t\t\t<h3 class=\"elementor-post__title\">\n\t\t\t<a href=\"https:\/\/www.centraldevacaciones.com\/blog\/promocion-lunas-de-miel-temporada-2017\/\" >\n\t\t\t\tPromoci\u00f3n viajes de Lunas de Miel. Temporada 2017\t\t\t<\/a>\n\t\t<\/h3>\n\t\t\t\t<\/div>\n\t\t\t\t<\/article>\n\t\t\t\t<article class=\"elementor-post elementor-grid-item post-3646 post type-post status-publish format-standard hentry category-ideas-viajes-de-novios category-rutas-por-asia category-viajes-por-asia tag-china\" role=\"listitem\">\n\t\t\t\t<div class=\"elementor-post__text\">\n\t\t\t\t<h3 class=\"elementor-post__title\">\n\t\t\t<a href=\"https:\/\/www.centraldevacaciones.com\/blog\/monte-everest-una-experiencia-realmente-extrema\/\" >\n\t\t\t\tMonte Everest, una experiencia realmente extrema\t\t\t<\/a>\n\t\t<\/h3>\n\t\t\t\t<\/div>\n\t\t\t\t<\/article>\n\t\t\t\t<article class=\"elementor-post elementor-grid-item post-1614 post type-post status-publish format-standard hentry category-ideas-escapadas category-espana category-europa category-ideas-viajes-verano category-rutas-por-espana tag-alicante\" role=\"listitem\">\n\t\t\t\t<div class=\"elementor-post__text\">\n\t\t\t\t<h3 class=\"elementor-post__title\">\n\t\t\t<a href=\"https:\/\/www.centraldevacaciones.com\/blog\/las-mejores-playas-de-alicante-el-paraiso-del-mediterraneo\/\" >\n\t\t\t\tLas mejores playas de alicante, El para\u00edso del Mediterr\u00e1neo\t\t\t<\/a>\n\t\t<\/h3>\n\t\t\t\t<\/div>\n\t\t\t\t<\/article>\n\t\t\t\t<article class=\"elementor-post elementor-grid-item post-2264 post type-post status-publish format-standard hentry category-ideas-escapadas category-espana category-europa category-ideas-viajes-invierno category-ideas-viajes-verano category-rutas-por-espana tag-granada\" role=\"listitem\">\n\t\t\t\t<div class=\"elementor-post__text\">\n\t\t\t\t<h3 class=\"elementor-post__title\">\n\t\t\t<a href=\"https:\/\/www.centraldevacaciones.com\/blog\/vacaciones-en-granada\/\" >\n\t\t\t\tVacaciones en Granada\t\t\t<\/a>\n\t\t<\/h3>\n\t\t\t\t<\/div>\n\t\t\t\t<\/article>\n\t\t\t\t<article class=\"elementor-post elementor-grid-item post-2044 post type-post status-publish format-standard hentry category-ideas-escapadas category-espana category-europa category-rutas-por-europa category-viajes-por-europa\" role=\"listitem\">\n\t\t\t\t<div class=\"elementor-post__text\">\n\t\t\t\t<h3 class=\"elementor-post__title\">\n\t\t\t<a href=\"https:\/\/www.centraldevacaciones.com\/blog\/escapate-a-cordoba-en-mayo\/\" >\n\t\t\t\tEsc\u00e1pate a C\u00f3rdoba en Mayo\t\t\t<\/a>\n\t\t<\/h3>\n\t\t\t\t<\/div>\n\t\t\t\t<\/article>\n\t\t\t\t<article class=\"elementor-post elementor-grid-item post-3640 post type-post status-publish format-standard hentry category-ideas-escapadas category-ideas-viajes-de-novios category-ideas-viajes-verano category-islas-paradisiacas category-vacaciones\" role=\"listitem\">\n\t\t\t\t<div class=\"elementor-post__text\">\n\t\t\t\t<h3 class=\"elementor-post__title\">\n\t\t\t<a href=\"https:\/\/www.centraldevacaciones.com\/blog\/un-paraiso-llamado-hawai\/\" >\n\t\t\t\tUn para\u00edso llamado Haw\u00e1ii\t\t\t<\/a>\n\t\t<\/h3>\n\t\t\t\t<\/div>\n\t\t\t\t<\/article>\n\t\t\t\t<article class=\"elementor-post elementor-grid-item post-3631 post type-post status-publish format-standard hentry category-ideas-viajes-verano category-ideas-viajes-low-cost category-rutas-por-asia category-vacaciones category-viajes category-viajes-por-asia\" role=\"listitem\">\n\t\t\t\t<div class=\"elementor-post__text\">\n\t\t\t\t<h3 class=\"elementor-post__title\">\n\t\t\t<a href=\"https:\/\/www.centraldevacaciones.com\/blog\/la-increible-catedral-de-yakarta\/\" >\n\t\t\t\tLa Incre\u00edble Catedral de Yakarta\t\t\t<\/a>\n\t\t<\/h3>\n\t\t\t\t<\/div>\n\t\t\t\t<\/article>\n\t\t\t\t<article class=\"elementor-post elementor-grid-item post-2308 post type-post status-publish format-standard hentry category-espana category-europa category-ideas-escapadas category-ideas-viajes-verano category-ideas-viajes-low-cost category-rutas-por-espana category-rutas-por-europa category-viajes-por-europa\" role=\"listitem\">\n\t\t\t\t<div class=\"elementor-post__text\">\n\t\t\t\t<h3 class=\"elementor-post__title\">\n\t\t\t<a href=\"https:\/\/www.centraldevacaciones.com\/blog\/turismo-en-castilla-leon\/\" >\n\t\t\t\tTurismo en Castilla Le\u00f3n\t\t\t<\/a>\n\t\t<\/h3>\n\t\t\t\t<\/div>\n\t\t\t\t<\/article>\n\t\t\t\t<article class=\"elementor-post elementor-grid-item post-3087 post type-post status-publish format-standard hentry category-ideas-escapadas category-europa category-ideas-viajes-invierno category-ideas-viajes-lujo category-ideas-viajes-de-novios category-rutas-por-europa category-viajes-por-europa tag-austria tag-viena\" role=\"listitem\">\n\t\t\t\t<div class=\"elementor-post__text\">\n\t\t\t\t<h3 class=\"elementor-post__title\">\n\t\t\t<a href=\"https:\/\/www.centraldevacaciones.com\/blog\/turismo-en-austria\/\" >\n\t\t\t\tTurismo en Austria\t\t\t<\/a>\n\t\t<\/h3>\n\t\t\t\t<\/div>\n\t\t\t\t<\/article>\n\t\t\t\t<article class=\"elementor-post elementor-grid-item post-3620 post type-post status-publish format-standard hentry category-ideas-escapadas category-ideas-viajes-low-cost category-viajes\" role=\"listitem\">\n\t\t\t\t<div class=\"elementor-post__text\">\n\t\t\t\t<h3 class=\"elementor-post__title\">\n\t\t\t<a href=\"https:\/\/www.centraldevacaciones.com\/blog\/templos-iglesias\/\" >\n\t\t\t\tLos Templos e Iglesias donde rezar suele ser mucho m\u00e1s fascinante\t\t\t<\/a>\n\t\t<\/h3>\n\t\t\t\t<\/div>\n\t\t\t\t<\/article>\n\t\t\t\t<article class=\"elementor-post elementor-grid-item post-3613 post type-post status-publish format-standard hentry category-ideas-escapadas category-ideas-viajes-invierno category-ideas-viajes-de-novios category-ideas-viajes-verano category-mexico category-viajes-por-centroamerica tag-gastronomia\" role=\"listitem\">\n\t\t\t\t<div class=\"elementor-post__text\">\n\t\t\t\t<h3 class=\"elementor-post__title\">\n\t\t\t<a href=\"https:\/\/www.centraldevacaciones.com\/blog\/san-luis-potosi-enchiladas-tamales-y-puro-sabor\/\" >\n\t\t\t\tSan Luis Potos\u00ed: enchiladas, tamales y puro sabor\t\t\t<\/a>\n\t\t<\/h3>\n\t\t\t\t<\/div>\n\t\t\t\t<\/article>\n\t\t\t\t<article class=\"elementor-post elementor-grid-item post-3610 post type-post status-publish format-standard hentry category-ideas-escapadas category-ideas-viajes-verano category-mexico category-rutas-por-america category-rutas-por-sudamerica category-viajes-por-centroamerica\" role=\"listitem\">\n\t\t\t\t<div class=\"elementor-post__text\">\n\t\t\t\t<h3 class=\"elementor-post__title\">\n\t\t\t<a href=\"https:\/\/www.centraldevacaciones.com\/blog\/reserva-de-la-biosfera-el-triunfo-en-chiapas\/\" >\n\t\t\t\tReserva de la Biosfera: El Triunfo en Chiapas\t\t\t<\/a>\n\t\t<\/h3>\n\t\t\t\t<\/div>\n\t\t\t\t<\/article>\n\t\t\t\t<article class=\"elementor-post elementor-grid-item post-3607 post type-post status-publish format-standard hentry category-ideas-viajes-de-novios category-ideas-viajes-verano category-mexico category-rutas-por-america category-rutas-por-sudamerica\" role=\"listitem\">\n\t\t\t\t<div class=\"elementor-post__text\">\n\t\t\t\t<h3 class=\"elementor-post__title\">\n\t\t\t<a href=\"https:\/\/www.centraldevacaciones.com\/blog\/lugares-historicos-emblematicos-de-mexico\/\" >\n\t\t\t\tLugares hist\u00f3ricos emblem\u00e1ticos de M\u00e9xico\t\t\t<\/a>\n\t\t<\/h3>\n\t\t\t\t<\/div>\n\t\t\t\t<\/article>\n\t\t\t\t<article class=\"elementor-post elementor-grid-item post-3600 post type-post status-publish format-standard has-post-thumbnail hentry category-ideas-escapadas category-europa category-ideas-viajes-invierno category-ideas-viajes-de-novios category-ideas-viajes-low-cost category-rutas-por-europa category-viajes-por-europa tag-serbia\" role=\"listitem\">\n\t\t\t\t<a class=\"elementor-post__thumbnail__link\" href=\"https:\/\/www.centraldevacaciones.com\/blog\/belgrado-una-de-las-capitales-olvidadas-de-europa\/\" tabindex=\"-1\" >\n\t\t\t<div class=\"elementor-post__thumbnail\"><img loading=\"lazy\" decoding=\"async\" width=\"300\" height=\"161\" src=\"https:\/\/www.centraldevacaciones.com\/blog\/wp-content\/uploads\/2017\/03\/belgrado-300x161.png\" class=\"attachment-medium size-medium wp-image-3605\" alt=\"belgrado Serbia\" srcset=\"https:\/\/www.centraldevacaciones.com\/blog\/wp-content\/uploads\/2017\/03\/belgrado-300x161.png 300w, https:\/\/www.centraldevacaciones.com\/blog\/wp-content\/uploads\/2017\/03\/belgrado-768x413.png 768w, https:\/\/www.centraldevacaciones.com\/blog\/wp-content\/uploads\/2017\/03\/belgrado-1024x551.png 1024w, https:\/\/www.centraldevacaciones.com\/blog\/wp-content\/uploads\/2017\/03\/belgrado.png 1069w\" sizes=\"(max-width: 300px) 100vw, 300px\" \/><\/div>\n\t\t<\/a>\n\t\t\t\t<div class=\"elementor-post__text\">\n\t\t\t\t<h3 class=\"elementor-post__title\">\n\t\t\t<a href=\"https:\/\/www.centraldevacaciones.com\/blog\/belgrado-una-de-las-capitales-olvidadas-de-europa\/\" >\n\t\t\t\tBelgrado, una de las capitales olvidadas de Europa\t\t\t<\/a>\n\t\t<\/h3>\n\t\t\t\t<\/div>\n\t\t\t\t<\/article>\n\t\t\t\t<article class=\"elementor-post elementor-grid-item post-2153 post type-post status-publish format-standard has-post-thumbnail hentry category-ideas-escapadas category-ideas-viajes-invierno category-ideas-viajes-verano category-ideas-viajes-low-cost category-islas-paradisiacas category-vacaciones\" role=\"listitem\">\n\t\t\t\t<a class=\"elementor-post__thumbnail__link\" href=\"https:\/\/www.centraldevacaciones.com\/blog\/los-paises-mas-simpaticos-y-felices-del-mundo\/\" tabindex=\"-1\" >\n\t\t\t<div class=\"elementor-post__thumbnail\"><img loading=\"lazy\" decoding=\"async\" width=\"300\" height=\"198\" src=\"https:\/\/www.centraldevacaciones.com\/blog\/wp-content\/uploads\/2017\/03\/simle-300x198.jpg\" class=\"attachment-medium size-medium wp-image-21592\" alt=\"los paises mas felices del mundo\" srcset=\"https:\/\/www.centraldevacaciones.com\/blog\/wp-content\/uploads\/2017\/03\/simle-300x198.jpg 300w, https:\/\/www.centraldevacaciones.com\/blog\/wp-content\/uploads\/2017\/03\/simle-1024x677.jpg 1024w, https:\/\/www.centraldevacaciones.com\/blog\/wp-content\/uploads\/2017\/03\/simle-768x507.jpg 768w, https:\/\/www.centraldevacaciones.com\/blog\/wp-content\/uploads\/2017\/03\/simle-1536x1015.jpg 1536w, https:\/\/www.centraldevacaciones.com\/blog\/wp-content\/uploads\/2017\/03\/simle-2048x1353.jpg 2048w\" sizes=\"(max-width: 300px) 100vw, 300px\" \/><\/div>\n\t\t<\/a>\n\t\t\t\t<div class=\"elementor-post__text\">\n\t\t\t\t<h3 class=\"elementor-post__title\">\n\t\t\t<a href=\"https:\/\/www.centraldevacaciones.com\/blog\/los-paises-mas-simpaticos-y-felices-del-mundo\/\" >\n\t\t\t\tLos 10 pa\u00edses m\u00e1s simp\u00e1ticos y felices del Mundo.\t\t\t<\/a>\n\t\t<\/h3>\n\t\t\t\t<\/div>\n\t\t\t\t<\/article>\n\t\t\t\t<article class=\"elementor-post elementor-grid-item post-1138 post type-post status-publish format-standard hentry category-europa category-ideas-escapadas category-ideas-viajes-low-cost category-rutas-por-europa category-viajes-por-europa tag-estambul tag-ofertas-turquia\" role=\"listitem\">\n\t\t\t\t<div class=\"elementor-post__text\">\n\t\t\t\t<h3 class=\"elementor-post__title\">\n\t\t\t<a href=\"https:\/\/www.centraldevacaciones.com\/blog\/estambul-la-ciudad-maravilla\/\" >\n\t\t\t\tEstambul, la ciudad maravilla\t\t\t<\/a>\n\t\t<\/h3>\n\t\t\t\t<\/div>\n\t\t\t\t<\/article>\n\t\t\t\t<article class=\"elementor-post elementor-grid-item post-2674 post type-post status-publish format-standard has-post-thumbnail hentry category-europa category-ideas-viajes-lujo category-ideas-viajes-de-novios category-ideas-viajes-verano category-rutas-por-europa category-vacaciones category-viajes-por-europa tag-cruceros\" role=\"listitem\">\n\t\t\t\t<a class=\"elementor-post__thumbnail__link\" href=\"https:\/\/www.centraldevacaciones.com\/blog\/top-de-los-mejores-destinos-para-coger-cruceros-en-el-mediterraneo\/\" tabindex=\"-1\" >\n\t\t\t<div class=\"elementor-post__thumbnail\"><img loading=\"lazy\" decoding=\"async\" width=\"300\" height=\"209\" src=\"https:\/\/www.centraldevacaciones.com\/blog\/wp-content\/uploads\/2013\/10\/BARCELOBAVAROBEACH-300x209.jpg\" class=\"attachment-medium size-medium wp-image-184\" alt=\"\" srcset=\"https:\/\/www.centraldevacaciones.com\/blog\/wp-content\/uploads\/2013\/10\/BARCELOBAVAROBEACH-300x209.jpg 300w, https:\/\/www.centraldevacaciones.com\/blog\/wp-content\/uploads\/2013\/10\/BARCELOBAVAROBEACH.jpg 349w\" sizes=\"(max-width: 300px) 100vw, 300px\" \/><\/div>\n\t\t<\/a>\n\t\t\t\t<div class=\"elementor-post__text\">\n\t\t\t\t<h3 class=\"elementor-post__title\">\n\t\t\t<a href=\"https:\/\/www.centraldevacaciones.com\/blog\/top-de-los-mejores-destinos-para-coger-cruceros-en-el-mediterraneo\/\" >\n\t\t\t\tTop de los mejores destinos para coger cruceros en el Mediterr\u00e1neo.\t\t\t<\/a>\n\t\t<\/h3>\n\t\t\t\t<\/div>\n\t\t\t\t<\/article>\n\t\t\t\t<article class=\"elementor-post elementor-grid-item post-1664 post type-post status-publish format-standard hentry category-europa category-ideas-escapadas category-ideas-viajes-lujo category-ideas-viajes-de-novios category-viajes-por-europa tag-florencia tag-italia\" role=\"listitem\">\n\t\t\t\t<div class=\"elementor-post__text\">\n\t\t\t\t<h3 class=\"elementor-post__title\">\n\t\t\t<a href=\"https:\/\/www.centraldevacaciones.com\/blog\/florencia-una-ciudad-italiana-con-mucho-que-ofrecer\/\" >\n\t\t\t\tFlorencia una ciudad italiana con mucho que ofrecer\t\t\t<\/a>\n\t\t<\/h3>\n\t\t\t\t<\/div>\n\t\t\t\t<\/article>\n\t\t\t\t<article class=\"elementor-post elementor-grid-item post-3596 post type-post status-publish format-standard hentry category-ideas-viajes-verano category-mexico category-riviera-maya category-rutas-por-america category-rutas-por-sudamerica category-viajes-por-centroamerica category-viajes-por-sudamerica\" role=\"listitem\">\n\t\t\t\t<div class=\"elementor-post__text\">\n\t\t\t\t<h3 class=\"elementor-post__title\">\n\t\t\t<a href=\"https:\/\/www.centraldevacaciones.com\/blog\/ciudades-mas-impactantes-de-mexico\/\" >\n\t\t\t\tCiudades m\u00e1s impactantes de M\u00e9xico\t\t\t<\/a>\n\t\t<\/h3>\n\t\t\t\t<\/div>\n\t\t\t\t<\/article>\n\t\t\t\t<article class=\"elementor-post elementor-grid-item post-3593 post type-post status-publish format-standard hentry category-ideas-viajes-invierno category-ideas-viajes-verano category-mexico category-rutas-por-america category-rutas-por-sudamerica category-viajes-por-centroamerica category-viajes-por-sudamerica\" role=\"listitem\">\n\t\t\t\t<div class=\"elementor-post__text\">\n\t\t\t\t<h3 class=\"elementor-post__title\">\n\t\t\t<a href=\"https:\/\/www.centraldevacaciones.com\/blog\/yaxchilan-y-bonampak-en-chiapas\/\" >\n\t\t\t\tYaxchil\u00e1n y Bonampak en Chiapas\t\t\t<\/a>\n\t\t<\/h3>\n\t\t\t\t<\/div>\n\t\t\t\t<\/article>\n\t\t\t\t<article class=\"elementor-post elementor-grid-item post-3590 post type-post status-publish format-standard has-post-thumbnail hentry category-ideas-viajes-invierno category-ideas-viajes-verano category-mexico category-rutas-por-sudamerica category-viajes-por-centroamerica category-viajes-por-sudamerica\" role=\"listitem\">\n\t\t\t\t<a class=\"elementor-post__thumbnail__link\" href=\"https:\/\/www.centraldevacaciones.com\/blog\/zona-arqueologica-de-palenque-un-lugar-que-ver\/\" tabindex=\"-1\" >\n\t\t\t<div class=\"elementor-post__thumbnail\"><img loading=\"lazy\" decoding=\"async\" width=\"300\" height=\"260\" src=\"https:\/\/www.centraldevacaciones.com\/blog\/wp-content\/uploads\/2017\/02\/zona-arqueologica-de-bonampak-300x260.jpg\" class=\"attachment-medium size-medium wp-image-11172\" alt=\"\" srcset=\"https:\/\/www.centraldevacaciones.com\/blog\/wp-content\/uploads\/2017\/02\/zona-arqueologica-de-bonampak-300x260.jpg 300w, https:\/\/www.centraldevacaciones.com\/blog\/wp-content\/uploads\/2017\/02\/zona-arqueologica-de-bonampak.jpg 485w\" sizes=\"(max-width: 300px) 100vw, 300px\" \/><\/div>\n\t\t<\/a>\n\t\t\t\t<div class=\"elementor-post__text\">\n\t\t\t\t<h3 class=\"elementor-post__title\">\n\t\t\t<a href=\"https:\/\/www.centraldevacaciones.com\/blog\/zona-arqueologica-de-palenque-un-lugar-que-ver\/\" >\n\t\t\t\tZona arqueol\u00f3gica de Palenque: un lugar que ver\t\t\t<\/a>\n\t\t<\/h3>\n\t\t\t\t<\/div>\n\t\t\t\t<\/article>\n\t\t\t\t<article class=\"elementor-post elementor-grid-item post-3583 post type-post status-publish format-standard hentry category-europa category-ideas-escapadas category-ideas-viajes-invierno category-ideas-viajes-low-cost category-rutas-por-europa category-viajes-por-europa\" role=\"listitem\">\n\t\t\t\t<div class=\"elementor-post__text\">\n\t\t\t\t<h3 class=\"elementor-post__title\">\n\t\t\t<a href=\"https:\/\/www.centraldevacaciones.com\/blog\/increibles-destinos-en-eslovenia\/\" >\n\t\t\t\tIncre\u00edbles destinos en Eslovenia\t\t\t<\/a>\n\t\t<\/h3>\n\t\t\t\t<\/div>\n\t\t\t\t<\/article>\n\t\t\t\t<article class=\"elementor-post elementor-grid-item post-3577 post type-post status-publish format-standard hentry category-europa category-ideas-escapadas category-ideas-viajes-verano category-ideas-viajes-low-cost category-rutas-por-europa category-viajes-por-europa\" role=\"listitem\">\n\t\t\t\t<div class=\"elementor-post__text\">\n\t\t\t\t<h3 class=\"elementor-post__title\">\n\t\t\t<a href=\"https:\/\/www.centraldevacaciones.com\/blog\/el-exotico-castillo-de-turku-en-finlandia\/\" >\n\t\t\t\tEl ex\u00f3tico Castillo de Turku en Finlandia\t\t\t<\/a>\n\t\t<\/h3>\n\t\t\t\t<\/div>\n\t\t\t\t<\/article>\n\t\t\t\t<article class=\"elementor-post elementor-grid-item post-3575 post type-post status-publish format-standard hentry category-espana category-europa category-ideas-escapadas category-ideas-viajes-invierno category-ideas-viajes-verano category-ideas-viajes-low-cost category-rutas-por-espana category-viajes-por-europa\" role=\"listitem\">\n\t\t\t\t<div class=\"elementor-post__text\">\n\t\t\t\t<h3 class=\"elementor-post__title\">\n\t\t\t<a href=\"https:\/\/www.centraldevacaciones.com\/blog\/el-alcazar-de-segovia\/\" >\n\t\t\t\tEl Alc\u00e1zar de Segovia\t\t\t<\/a>\n\t\t<\/h3>\n\t\t\t\t<\/div>\n\t\t\t\t<\/article>\n\t\t\t\t<article class=\"elementor-post elementor-grid-item post-3573 post type-post status-publish format-standard hentry category-ideas-viajes-verano category-mexico category-rutas-por-america category-viajes-por-centroamerica category-viajes-por-sudamerica\" role=\"listitem\">\n\t\t\t\t<div class=\"elementor-post__text\">\n\t\t\t\t<h3 class=\"elementor-post__title\">\n\t\t\t<a href=\"https:\/\/www.centraldevacaciones.com\/blog\/chihuahua-una-ciudad-para-quedarse\/\" >\n\t\t\t\tChihuahua una ciudad para quedarse\t\t\t<\/a>\n\t\t<\/h3>\n\t\t\t\t<\/div>\n\t\t\t\t<\/article>\n\t\t\t\t<article class=\"elementor-post elementor-grid-item post-3570 post type-post status-publish format-standard hentry category-estados-unidos category-rutas-por-america category-rutas-por-estados-unidos category-vacaciones category-viajes-por-norte-america tag-california\" role=\"listitem\">\n\t\t\t\t<div class=\"elementor-post__text\">\n\t\t\t\t<h3 class=\"elementor-post__title\">\n\t\t\t<a href=\"https:\/\/www.centraldevacaciones.com\/blog\/el-golden-gate\/\" >\n\t\t\t\tEl Golden Gate\t\t\t<\/a>\n\t\t<\/h3>\n\t\t\t\t<\/div>\n\t\t\t\t<\/article>\n\t\t\t\t<article class=\"elementor-post elementor-grid-item post-3568 post type-post status-publish format-standard hentry category-ideas-viajes-verano category-estados-unidos category-ideas-viajes-invierno category-rutas-por-america category-rutas-por-estados-unidos category-viajes-por-norte-america\" role=\"listitem\">\n\t\t\t\t<div class=\"elementor-post__text\">\n\t\t\t\t<h3 class=\"elementor-post__title\">\n\t\t\t<a href=\"https:\/\/www.centraldevacaciones.com\/blog\/parque-nacional-militar-de-gettysburg-pensilvania\/\" >\n\t\t\t\tParque Nacional Militar de Gettysburg Pensilvania\t\t\t<\/a>\n\t\t<\/h3>\n\t\t\t\t<\/div>\n\t\t\t\t<\/article>\n\t\t\t\t<article class=\"elementor-post elementor-grid-item post-3565 post type-post status-publish format-standard hentry category-ideas-escapadas category-europa category-hoteles-2 category-ideas-viajes-invierno category-ideas-viajes-de-novios category-ideas-viajes-verano category-rutas-por-europa category-viajes-por-europa tag-dinamarca\" role=\"listitem\">\n\t\t\t\t<div class=\"elementor-post__text\">\n\t\t\t\t<h3 class=\"elementor-post__title\">\n\t\t\t<a href=\"https:\/\/www.centraldevacaciones.com\/blog\/hoteles-en-dinamarca\/\" >\n\t\t\t\tHoteles en Dinamarca\t\t\t<\/a>\n\t\t<\/h3>\n\t\t\t\t<\/div>\n\t\t\t\t<\/article>\n\t\t\t\t<\/div>\n\t\t\n\t\t\t\t\t\t<\/div>\n\t\t\t\t<\/div>\n\t\t\t\t\t<\/div>\n\t\t<\/div>\n\t\t\t\t\t<\/div>\n\t\t<\/section>\n\t\t\t\t<\/div>\n\t\t","protected":false},"excerpt":{"rendered":"","protected":false},"author":3,"featured_media":185305,"parent":0,"menu_order":0,"comment_status":"closed","ping_status":"closed","template":"","meta":{"_acf_changed":false,"footnotes":""},"class_list":["post-185317","page","type-page","status-publish","has-post-thumbnail","hentry"],"acf":[],"_links":{"self":[{"href":"https:\/\/www.centraldevacaciones.com\/blog\/wp-json\/wp\/v2\/pages\/185317","targetHints":{"allow":["GET"]}}],"collection":[{"href":"https:\/\/www.centraldevacaciones.com\/blog\/wp-json\/wp\/v2\/pages"}],"about":[{"href":"https:\/\/www.centraldevacaciones.com\/blog\/wp-json\/wp\/v2\/types\/page"}],"author":[{"embeddable":true,"href":"https:\/\/www.centraldevacaciones.com\/blog\/wp-json\/wp\/v2\/users\/3"}],"replies":[{"embeddable":true,"href":"https:\/\/www.centraldevacaciones.com\/blog\/wp-json\/wp\/v2\/comments?post=185317"}],"version-history":[{"count":7,"href":"https:\/\/www.centraldevacaciones.com\/blog\/wp-json\/wp\/v2\/pages\/185317\/revisions"}],"predecessor-version":[{"id":187840,"href":"https:\/\/www.centraldevacaciones.com\/blog\/wp-json\/wp\/v2\/pages\/185317\/revisions\/187840"}],"wp:featuredmedia":[{"embeddable":true,"href":"https:\/\/www.centraldevacaciones.com\/blog\/wp-json\/wp\/v2\/media\/185305"}],"wp:attachment":[{"href":"https:\/\/www.centraldevacaciones.com\/blog\/wp-json\/wp\/v2\/media?parent=185317"}],"curies":[{"name":"wp","href":"https:\/\/api.w.org\/{rel}","templated":true}]}}